{"id":830,"date":"2021-02-23T20:59:14","date_gmt":"2021-02-23T19:59:14","guid":{"rendered":"https:\/\/ctalker.org\/?page_id=830"},"modified":"2024-12-10T00:55:08","modified_gmt":"2024-12-09T23:55:08","slug":"rolunk","status":"publish","type":"page","link":"https:\/\/ctalker.org\/rs\/rolunk\/","title":{"rendered":"O NAMA"},"content":{"rendered":"\t\t<div data-elementor-type=\"wp-page\" data-elementor-id=\"830\" class=\"elementor elementor-830\">\n\t\t\t\t\t\t<section class=\"elementor-section elementor-top-section elementor-element elementor-element-08ac77f elementor-section-boxed elementor-section-height-default elementor-section-height-default\" data-id=\"08ac77f\" data-element_type=\"section\" data-e-type=\"section\">\n\t\t\t\t\t\t<div class=\"elementor-container elementor-column-gap-default\">\n\t\t\t\t\t<div class=\"elementor-column elementor-col-100 elementor-top-column elementor-element elementor-element-11a5a3b\" data-id=\"11a5a3b\" data-element_type=\"column\" data-e-type=\"column\">\n\t\t\t<div class=\"elementor-widget-wrap elementor-element-populated\">\n\t\t\t\t\t\t<div class=\"elementor-element elementor-element-9ab6990 elementor-widget elementor-widget-text-editor\" data-id=\"9ab6990\" data-element_type=\"widget\" data-e-type=\"widget\" data-widget_type=\"text-editor.default\">\n\t\t\t\t\t\t\t\t\t<h3 style=\"text-align: center;\"><span style=\"color: #444444; font-family: Arial, sans-serif; font-size: 24pt; font-style: normal; font-variant-ligatures: normal; font-variant-caps: normal; font-weight: 400; letter-spacing: -0.7px; text-align: center;\">Az egyes\u00fclet audiovizu\u00e1lis produkci\u00f3k megval\u00f3s\u00edt\u00e1s\u00e1val szerepet v\u00e1llal szoci\u00e1lis, m\u0171v\u00e9szeti k\u00e9rd\u00e9sek megv\u00e1laszol\u00e1s\u00e1ban. T\u00e1mogatja a k\u00f6z\u00f6ss\u00e9g\u00e9rt tenni akar\u00f3 civilek \u00e9s alkot\u00f3tev\u00e9kenys\u00e9get folytat\u00f3 m\u0171v\u00e9szek munk\u00e1j\u00e1t. \u00c9rt\u00e9kmeg\u0151rz\u0151 \u00e9s \u00e9rt\u00e9kteremt\u0151 szerepet igyekszik bet\u00f6lteni.<\/span><\/h3>\t\t\t\t\t\t\t\t<\/div>\n\t\t\t\t\t<\/div>\n\t\t<\/div>\n\t\t\t\t\t<\/div>\n\t\t<\/section>\n\t\t\t\t<section class=\"elementor-section elementor-top-section elementor-element elementor-element-aa8f26e elementor-section-boxed elementor-section-height-default elementor-section-height-default\" data-id=\"aa8f26e\" data-element_type=\"section\" data-e-type=\"section\">\n\t\t\t\t\t\t<div class=\"elementor-container elementor-column-gap-default\">\n\t\t\t\t\t<div class=\"elementor-column elementor-col-100 elementor-top-column elementor-element elementor-element-858f2c0\" data-id=\"858f2c0\" data-element_type=\"column\" data-e-type=\"column\">\n\t\t\t<div class=\"elementor-widget-wrap elementor-element-populated\">\n\t\t\t\t\t\t<div class=\"elementor-element elementor-element-bd213d9 elementor-widget__width-initial elementor-widget elementor-widget-text-editor\" data-id=\"bd213d9\" data-element_type=\"widget\" data-e-type=\"widget\" data-widget_type=\"text-editor.default\">\n\t\t\t\t\t\t\t\t\t<h4><span style=\"font-size: 18pt;\"><strong>Sz\u00e1sz Csongor<\/strong><\/span><\/h4><p style=\"text-align: left;\"><span style=\"font-size: 12pt;\">kett\u0151s identit\u00e1s\u00fa filmk\u00e9sz\u00edt\u0151, <\/span><span style=\"font-size: 12pt;\">kutat\u00f3, szak\u00edr\u00f3 \u00e9s szerkeszt\u0151- riporter arra v\u00e1llalkozott, hogy a kort\u00e1rs dokumentumfilmes p\u00e1lya bizonyos perif\u00e9ri\u00e1j\u00e1n, nagy lelkesed\u00e9ssel v\u00e9gezze \u00e9rt\u00e9k\u0151rz\u0151 \u00e9s \u00e9rt\u00e9kteremt\u0151 tev\u00e9kenys\u00e9g\u00e9t.<\/span><\/p><p><img fetchpriority=\"high\" decoding=\"async\" decoding=async data-opt-id=576769050  class=\"size-medium wp-image-1013 alignright\" src=\"https:\/\/mladjxeqsxgv.i.optimole.com\/cb:B3zE.b136\/w:300\/h:300\/q:mauto\/f:best\/https:\/\/ctalker.org\/wp-content\/uploads\/2021\/03\/csongor-600x600-1.jpg\" alt=\"\" width=\"300\" height=\"300\" srcset=\"https:\/\/mladjxeqsxgv.i.optimole.com\/cb:B3zE.b136\/w:600\/h:600\/q:mauto\/f:best\/https:\/\/ctalker.org\/wp-content\/uploads\/2021\/03\/csongor-600x600-1.jpg 600w, https:\/\/mladjxeqsxgv.i.optimole.com\/cb:B3zE.b136\/w:300\/h:300\/q:mauto\/f:best\/https:\/\/ctalker.org\/wp-content\/uploads\/2021\/03\/csongor-600x600-1.jpg 300w, https:\/\/mladjxeqsxgv.i.optimole.com\/cb:B3zE.b136\/w:150\/h:150\/q:mauto\/f:best\/https:\/\/ctalker.org\/wp-content\/uploads\/2021\/03\/csongor-600x600-1.jpg 150w, https:\/\/mladjxeqsxgv.i.optimole.com\/cb:B3zE.b136\/w:600\/h:600\/q:mauto\/f:best\/dpr:2\/https:\/\/ctalker.org\/wp-content\/uploads\/2021\/03\/csongor-600x600-1.jpg 2x\" sizes=\"(max-width: 300px) 100vw, 300px\" \/><\/p><p style=\"text-align: left;\"><span style=\"font-size: 12pt;\">2003 \u00f3ta nemzetk\u00f6zi koprodukci\u00f3ban dokumentumfilmen mutatja be \u00c9szak-B\u00e1cska, azaz Vajdas\u00e1g kultur\u00e1lis \u00f6r\u00f6ks\u00e9g\u00e9t. H\u00e1rom jelent\u0151sebb rendez\u00e9s\u00e9t t\u00f6bb \u00e9ves kutat\u00f3munka \u00e9s alkot\u00f3folyamat k\u00eds\u00e9rte. Kutat\u00e1si ter\u00fclete a filmm\u0171v\u00e9szet, a kort\u00e1rs szociografikus dokumentumfilm \u00e9s a vajdas\u00e1gi filmkult\u00fara.<\/span><\/p><p><span style=\"font-size: 12pt;\">Jelenleg a Musk\u00e1tli, a Vajdas\u00e1g vir\u00e1gai c\u00edm\u0171 film vet\u00edt\u00e9ssel egybek\u00f6t\u00f6tt besz\u00e9lget\u00e9seit szervezi \u00e9s t\u00f6bb folyamatban l\u00e9v\u0151 alkot\u00e1s t\u00e1rsszerz\u0151je, rendez\u0151je. Id\u0151nk\u00e9nt a Filmvil\u00e1g Foly\u00f3iratban \u00e9s a Tiszat\u00e1j online-on jelennek meg \u00edr\u00e1sai \u00e9s szerepet v\u00e1llal a vajdas\u00e1gi Tank\u00f6nyvp\u00f3tl\u00f3 oktat\u00e1si seg\u00e9danyagok elk\u00e9sz\u00edt\u00e9s\u00e9ben. Megjelent publik\u00e1ci\u00f3ja az \u00daj M\u0171v\u00e9szetben \u00e9s tanulm\u00e1nya a H\u00edd Foly\u00f3iratban. Az \u00dajvid\u00e9ki R\u00e1di\u00f3ban most indul\u00f3 \u201eKurbli\u201d c\u00edm\u0171 m\u0171sora a r\u00e1di\u00f3 filmkult\u00far\u00e1t \u00e1pol\u00f3 hagyom\u00e1ny\u00e1t igyekszik p\u00f3tolni. A 2018-ban Szabadk\u00e1n l\u00e9trehozott Ctalker Kultur\u00e1lis Alkot\u00f3csoporttal m\u0171v\u00e9szeti \u00e9s szoci\u00e1lis projekteket t\u00e1mogatnak. Fontosnak tartja a fiatalok filmm\u0171v\u00e9szeti oktat\u00e1s\u00e1t. \u00dagy v\u00e9li, van t\u00f6rt\u00e9nelme a vajdas\u00e1gi filmkult\u00far\u00e1nak amire lehet \u00e9p\u00edteni, az egyes\u00fclet\u00e9vel pedig ezekre a potenci\u00e1lis lehet\u0151s\u00e9gekre keresnek megold\u00e1sokat.<\/span><\/p><p><span style=\"font-size: 12pt;\">\u00d6nk\u00e9ntes alapon filmklubot vezet \u00e9s elv\u00e1llalta a 2020-ban alap\u00edtott szabadkai Radio Plac magyar szerkeszt\u0151s\u00e9g\u00e9nek ir\u00e1ny\u00edt\u00e1s\u00e1t.<\/span><\/p>\t\t\t\t\t\t\t\t<\/div>\n\t\t<div class=\"elementor-element elementor-element-cbcb8dd e-grid e-con-full e-con e-parent\" data-id=\"cbcb8dd\" data-element_type=\"container\" data-e-type=\"container\">\n\t\t\t\t<div class=\"elementor-element elementor-element-212bbb9 elementor-widget elementor-widget-text-editor\" data-id=\"212bbb9\" data-element_type=\"widget\" data-e-type=\"widget\" data-widget_type=\"text-editor.default\">\n\t\t\t\t\t\t\t\t\t<h5><span style=\"font-size: 14pt;\"><strong>V\u00c1LOGATOTT FILMOGR\u00c1FIA<\/strong><\/span><\/h5><ul><li><span style=\"font-size: 12pt;\">2016-2020\u00a0<a href=\"https:\/\/www.youtube.com\/watch?v=HhbGthyK55w\" rel=\"noreferrer\" data-ss1616193102=\"1\">Musk\u00e1tli, a Vajdas\u00e1g vir\u00e1gai<\/a><\/span><br \/><span style=\"font-size: 12pt;\">zen\u00e9s dokumentumfilm, 76 perc<\/span><br \/><span style=\"font-size: 12pt;\">(rendez\u0151\/riporter\/v\u00e1g\u00f3\/operat\u0151r\/co-producer)<\/span><\/li><li><span style=\"font-size: 12pt;\">2008\u20132013 P\u00e1linkafilm, Extraktum Vitalis<\/span><br \/><span style=\"font-size: 12pt;\">fikci\u00f3s dokumentumfilm, 62 perc<\/span><br \/><span style=\"font-size: 12pt;\">(rendez\u0151\/riporter\/v\u00e1g\u00f3\/operat\u0151r\/co-producer)<\/span><\/li><li><span style=\"font-size: 12pt;\">2003\u20132008\u00a0<a href=\"http:\/\/youtu.be\/VfA59Y9I0fI\" rel=\"noreferrer\" data-ss1616193102=\"1\">Matuska<\/a><\/span><br \/><span style=\"font-size: 12pt;\">t\u00f6rt\u00e9nelmi dokumentumfilm, 78 perc<\/span><br \/><span style=\"font-size: 12pt;\">(rendez\u0151\/riporter\/v\u00e1g\u00f3\/operat\u0151r\/co-producer)<\/span><\/li><\/ul>\t\t\t\t\t\t\t\t<\/div>\n\t\t\t\t<div class=\"elementor-element elementor-element-d3039a3 elementor-widget elementor-widget-text-editor\" data-id=\"d3039a3\" data-element_type=\"widget\" data-e-type=\"widget\" data-widget_type=\"text-editor.default\">\n\t\t\t\t\t\t\t\t\t<p><span style=\"font-size: 14pt;\"><strong>T\u00d6BBSZ\u00d6R\u00d6S F\u0150D\u00cdJAS ALKOT\u00c1S<\/strong><\/span><\/p><ul><li><span style=\"font-size: 12pt;\">2006 ICWIP<\/span><span style=\"font-size: 12pt;\"> <a href=\"http:\/\/youtu.be\/iCEo5EdMvHg\" rel=\"noreferrer\" data-ss1616193102=\"1\">imagefilm <\/a><\/span><span style=\"font-size: 12pt;\">\u00e9s\u00a0<a href=\"https:\/\/youtu.be\/zCwObUi_5cU\" rel=\"noreferrer\" data-ss1616193102=\"1\">ismeretterjeszt\u0151 dokumentumfilm<\/a><br \/><\/span><span style=\"font-size: 12pt;\">(rendez\u0151\/operat\u0151r\/szerkeszt\u0151\/riporter)<br \/><\/span><\/li><li><span style=\"font-size: 12pt;\">2004 Elt\u00f6r\u00f6tt a heged\u0171m &#8211; <\/span><span style=\"font-size: 12pt;\">hossz\u00fa dokumentumfilm <\/span><span style=\"font-size: 12pt;\">(operat\u0151r)<\/span><\/li><li><span style=\"font-size: 12pt;\">2003 \u00c1ramsz\u00fcnet <\/span><span style=\"font-size: 12pt;\">kisj\u00e1t\u00e9kfilm &#8211; <\/span><span style=\"font-size: 12pt;\">(operat\u0151r)<\/span><\/li><li><span style=\"font-size: 12pt;\">35. Budapesti F\u00fcggetlenfilm Szemle &#8211; legjobb kisj\u00e1t\u00e9kfilm d\u00edja; <\/span><\/li><li><span style=\"font-size: 12pt;\">Miami International Shortfilm <\/span><span style=\"font-size: 12pt;\">Festival best 20 shorts<\/span><\/li><\/ul>\t\t\t\t\t\t\t\t<\/div>\n\t\t\t\t<\/div>\n\t\t\t\t\t<\/div>\n\t\t<\/div>\n\t\t\t\t\t<\/div>\n\t\t<\/section>\n\t\t\t\t<section class=\"elementor-section elementor-top-section elementor-element elementor-element-fb21f82 elementor-section-boxed elementor-section-height-default elementor-section-height-default\" data-id=\"fb21f82\" data-element_type=\"section\" data-e-type=\"section\">\n\t\t\t\t\t\t<div class=\"elementor-container elementor-column-gap-default\">\n\t\t\t\t\t<div class=\"elementor-column elementor-col-100 elementor-top-column elementor-element elementor-element-8a959c9\" data-id=\"8a959c9\" data-element_type=\"column\" data-e-type=\"column\">\n\t\t\t<div class=\"elementor-widget-wrap elementor-element-populated\">\n\t\t\t\t\t\t<div class=\"elementor-element elementor-element-9e69e14 elementor-widget-divider--view-line elementor-widget elementor-widget-divider\" data-id=\"9e69e14\" data-element_type=\"widget\" data-e-type=\"widget\" data-widget_type=\"divider.default\">\n\t\t\t\t\t\t\t<div class=\"elementor-divider\">\n\t\t\t<span class=\"elementor-divider-separator\">\n\t\t\t\t\t\t<\/span>\n\t\t<\/div>\n\t\t\t\t\t\t<\/div>\n\t\t\t\t\t<\/div>\n\t\t<\/div>\n\t\t\t\t\t<\/div>\n\t\t<\/section>\n\t\t\t\t<section class=\"elementor-section elementor-top-section elementor-element elementor-element-ea47c10 elementor-section-boxed elementor-section-height-default elementor-section-height-default\" data-id=\"ea47c10\" data-element_type=\"section\" data-e-type=\"section\">\n\t\t\t\t\t\t<div class=\"elementor-container elementor-column-gap-default\">\n\t\t\t\t\t<div class=\"elementor-column elementor-col-100 elementor-top-column elementor-element elementor-element-f978fd7\" data-id=\"f978fd7\" data-element_type=\"column\" data-e-type=\"column\">\n\t\t\t<div class=\"elementor-widget-wrap elementor-element-populated\">\n\t\t\t\t\t\t<div class=\"elementor-element elementor-element-1f838ed elementor-widget elementor-widget-text-editor\" data-id=\"1f838ed\" data-element_type=\"widget\" data-e-type=\"widget\" data-widget_type=\"text-editor.default\">\n\t\t\t\t\t\t\t\t\t<p><img decoding=\"async\" decoding=async data-opt-id=193097771  class=\"size-medium wp-image-1039 alignleft\" src=\"https:\/\/mladjxeqsxgv.i.optimole.com\/cb:B3zE.b136\/w:261\/h:300\/q:mauto\/f:best\/https:\/\/ctalker.org\/wp-content\/uploads\/2021\/03\/20210210101725_cilapamerglumicafotogyulabezzegsajt-e1616229662292.png\" alt=\"\" width=\"261\" height=\"300\" srcset=\"https:\/\/mladjxeqsxgv.i.optimole.com\/cb:B3zE.b136\/w:511\/h:588\/q:mauto\/f:best\/https:\/\/ctalker.org\/wp-content\/uploads\/2021\/03\/20210210101725_cilapamerglumicafotogyulabezzegsajt-e1616229662292.png 511w, https:\/\/mladjxeqsxgv.i.optimole.com\/cb:B3zE.b136\/w:261\/h:300\/q:mauto\/f:best\/https:\/\/ctalker.org\/wp-content\/uploads\/2021\/03\/20210210101725_cilapamerglumicafotogyulabezzegsajt-e1616229662292.png 261w, https:\/\/mladjxeqsxgv.i.optimole.com\/cb:B3zE.b136\/w:511\/h:588\/q:mauto\/f:best\/dpr:2\/https:\/\/ctalker.org\/wp-content\/uploads\/2021\/03\/20210210101725_cilapamerglumicafotogyulabezzegsajt-e1616229662292.png 2x\" sizes=\"(max-width: 261px) 100vw, 261px\" \/><\/p><p><strong><span style=\"font-size: 18pt;\">P\u00e1mer Csilla<\/span><\/strong><\/p><p><span style=\"font-family: arial, helvetica, sans-serif;\">1988-ban sz\u00fclettem. 2011-ben szereztem meg a sz\u00edn\u00e9sz alapk\u00e9pz\u00e9s (BA)diplom\u00e1t az \u00dajvid\u00e9ki M\u0171v\u00e9szeti Akad\u00e9mia Dr\u00e1ma Tansz\u00e9k\u00e9nek Magyar Nyelv\u0171 Sz\u00edn\u00e9sztagozat\u00e1n, majd 2012-ben Mesteri diplom\u00e1t (MA). Szerepeltem a Vajdas\u00e1gi Tanyasz\u00ednh\u00e1z el\u0151ad\u00e1saiban (2008- 2011). J\u00e1tszottam a Zentai Magyar Kamarasz\u00ednh\u00e1z, a szabadkai Kosztol\u00e1nyi Dezs\u0151 Sz\u00ednh\u00e1z illetve ap\u00e9csi B\u00f3bita B\u00e1bsz\u00ednh\u00e1z el\u0151ad\u00e1s\u00e1ban, valamint m\u00e1s f\u00fcggetlen produkci\u00f3kba. 2011 \u00f3ta tagja vagyok a Szabadkai N\u00e9psz\u00ednh\u00e1z Magyar T\u00e1rsulat\u00e1nak. Szerepeltem az \u00fajvid\u00e9ki RTV (\u00dcnnepi tril\u00f3gia, Harapd meg a nyelved!) sorozat\u00e1ban. Tagja vagyok a Szab-way sz\u00ednh\u00e1zi szervezetnek, ahol el\u0151ad\u00e1sokat \u00e9s zen\u00e9s irodalmi esteket hozunk l\u00e9tre, valamit alap\u00edt\u00f3 tagja a Ctalker Kultutr\u00e1lis Alkot\u00f3csoportnak. 2018. \u00f3ta a Ki\u0161 sz\u00ednh\u00e1zi m\u0171helyt vezetem Szabadk\u00e1n k\u00f6z\u00e9piskol\u00e1sok r\u00e9sz\u00e9re.<\/span><\/p>\t\t\t\t\t\t\t\t<\/div>\n\t\t<div class=\"elementor-element elementor-element-371a89c e-grid e-con-full e-con e-parent\" data-id=\"371a89c\" data-element_type=\"container\" data-e-type=\"container\">\n\t\t\t\t<div class=\"elementor-element elementor-element-9fe354c elementor-widget elementor-widget-text-editor\" data-id=\"9fe354c\" data-element_type=\"widget\" data-e-type=\"widget\" data-widget_type=\"text-editor.default\">\n\t\t\t\t\t\t\t\t\t<p><strong><span style=\"font-size: 14pt;\">F\u0150BB SZEREPEK<\/span><\/strong><\/p><ul><li><span style=\"font-family: arial, helvetica, sans-serif; font-size: 12pt;\">Anton Pavlovics Csehov: Csereszny\u00e9skert (\u00c1nya), <\/span><br \/><span style=\"font-family: arial, helvetica, sans-serif; font-size: 12pt;\">Rendez\u0151: B\u00e9rczes L\u00e1szl\u00f3<\/span><\/li><li><span style=\"font-family: arial, helvetica, sans-serif; font-size: 12pt;\">Zal\u00e1n-Andri\u0107: Aska \u00e9s a farkas &#8211; musical (Aska), <\/span><br \/><span style=\"font-family: arial, helvetica, sans-serif; font-size: 12pt;\">Rendez\u0151: Herny\u00e1k Gy\u00f6rgy<\/span><\/li><li><span style=\"font-family: arial, helvetica, sans-serif; font-size: 12pt;\">Tasn\u00e1di Istv\u00e1n: Tapasztalt asszony (n\u0151), <\/span><br \/><span style=\"font-family: arial, helvetica, sans-serif; font-size: 12pt;\">Rendez\u0151: Tasn\u00e1i Istv\u00e1n<\/span><\/li><li><span style=\"font-family: arial, helvetica, sans-serif; font-size: 12pt;\">Szirmai-Bakonyi-G\u00e1bor: M\u00e1gn\u00e1s Miska (Marcsa), <\/span><br \/><span style=\"font-family: arial, helvetica, sans-serif; font-size: 12pt;\">Rendez\u0151: Mezei Zolt\u00e1n<\/span><\/li><li><span style=\"font-family: arial, helvetica, sans-serif; font-size: 12pt;\">Kosztol\u00e1nyi-Gyarmati: \u00c9des Anna (Tat\u00e1rn\u00e9, Katica, Stefi), <\/span><br \/><span style=\"font-family: arial, helvetica, sans-serif; font-size: 12pt;\">Rendez\u0151: Czajlik J\u00f3zsef<\/span><\/li><li><span style=\"font-family: arial, helvetica, sans-serif; font-size: 12pt;\">Alfredson-Danielsson: Picasso kalandjai (n\u0151), <\/span><br \/><span style=\"font-family: arial, helvetica, sans-serif; font-size: 12pt;\">Rendez\u0151: Edvin Liveric<\/span><\/li><li><span style=\"font-family: arial, helvetica, sans-serif; font-size: 12pt;\">Schiller: Rabl\u00f3k \u00e9s gyilkosok (Am\u00e1lia, Kozinszki), <\/span><br \/><span style=\"font-family: arial, helvetica, sans-serif; font-size: 12pt;\">Rendez\u0151: G\u00e1sp\u00e1r Ildik\u00f3<\/span><\/li><li><span style=\"font-family: arial, helvetica, sans-serif; font-size: 12pt;\">Peter Shaffer: Amadeus (Constanze), <\/span><br \/><span style=\"font-family: arial, helvetica, sans-serif; font-size: 12pt;\">Rendez\u0151: B\u00e9res Attila<\/span><\/li><li><span style=\"font-family: arial, helvetica, sans-serif; font-size: 12pt;\">H\u00e1y J\u00e1nos: Kemping (n\u0151), <\/span><br \/><span style=\"font-family: arial, helvetica, sans-serif; font-size: 12pt;\">Rendez\u0151: Pels\u0151czy R\u00e9ka<\/span><\/li><li><span style=\"font-family: arial, helvetica, sans-serif; font-size: 12pt;\">Sz\u00e9p Ern\u0151: Lila \u00e1k\u00e1c (T\u00f3th Manci), <\/span><br \/><span style=\"font-family: arial, helvetica, sans-serif; font-size: 12pt;\">Rendez\u0151: Sebesty\u00e9n Aba<\/span><\/li><li><span style=\"font-family: arial, helvetica, sans-serif; font-size: 12pt;\">Somogyi Gyula &#8211; Eisemann Mih\u00e1ly &#8211; Z\u00e1gon Istv\u00e1n: Fekete P\u00e9ter (Claire), <\/span><br \/><span style=\"font-family: arial, helvetica, sans-serif; font-size: 12pt;\">Rendez\u0151: Mezei Zolt\u00e1n<\/span><\/li><\/ul>\t\t\t\t\t\t\t\t<\/div>\n\t\t\t\t<div class=\"elementor-element elementor-element-21f92be elementor-widget elementor-widget-text-editor\" data-id=\"21f92be\" data-element_type=\"widget\" data-e-type=\"widget\" data-widget_type=\"text-editor.default\">\n\t\t\t\t\t\t\t\t\t<p><strong><span style=\"font-size: 14pt;\">D\u00cdJAK<\/span><\/strong><\/p><ul><li><span style=\"font-size: 12pt;\">2013 &#8211; Szabadkai N\u00e9psz\u00ednh\u00e1z Magyar T\u00e1rsulat\u00e1nak, \u00e9vad sz\u00edn\u00e9szn\u0151je d\u00edj<\/span><\/li><li><span style=\"font-size: 12pt;\">2014 &#8211; Szabadkai N\u00e9psz\u00ednh\u00e1z Magyar T\u00e1rsulat\u00e1nak, \u00e9vad sz\u00edn\u00e9szn\u0151je d\u00edj<\/span><br \/><span style=\"font-size: 12pt;\">Kisv\u00e1rdai Hat\u00e1ron T\u00fali Magyar Sz\u00ednh\u00e1zak Fesztiv\u00e1lja, Tepl\u00e1nszky Kati-d\u00edj<\/span><\/li><li><span style=\"font-size: 12pt;\">2015 &#8211; Szabadkai N\u00e9psz\u00ednh\u00e1z Magyar T\u00e1rsulat\u00e1nak, a legjobb n\u0151i epiz\u00f3dszerep\u00e9rt j\u00e1r\u00f3 d\u00edj<\/span><\/li><li><span style=\"font-size: 12pt;\">2019 &#8211; Szabadkai N\u00e9psz\u00ednh\u00e1z Magyar T\u00e1rsulat\u00e1nak, \u00e9vad sz\u00edn\u00e9szn\u0151je d\u00edj<\/span><\/li><li><span style=\"font-size: 12pt;\">Kisv\u00e1rdai Hat\u00e1ron T\u00fali Magyar Sz\u00ednh\u00e1zak Fesztiv\u00e1lja (legjobb p\u00e1ros\u00e1nak j\u00e1r\u00f3 d\u00edj)<\/span><\/li><li><span style=\"font-size: 12pt;\">Pataki Gy\u0171r\u0171 d\u00edj (az \u00e9vad legjobb vajdas\u00e1gi magyar sz\u00edn\u00e9sz\u00e9nek j\u00e1r\u00f3 d\u00edj)<\/span><\/li><\/ul>\t\t\t\t\t\t\t\t<\/div>\n\t\t\t\t<\/div>\n\t\t\t\t<div class=\"elementor-element elementor-element-2e56e80 elementor-widget-divider--view-line elementor-widget elementor-widget-divider\" data-id=\"2e56e80\" data-element_type=\"widget\" data-e-type=\"widget\" data-widget_type=\"divider.default\">\n\t\t\t\t\t\t\t<div class=\"elementor-divider\">\n\t\t\t<span class=\"elementor-divider-separator\">\n\t\t\t\t\t\t<\/span>\n\t\t<\/div>\n\t\t\t\t\t\t<\/div>\n\t\t\t\t\t<\/div>\n\t\t<\/div>\n\t\t\t\t\t<\/div>\n\t\t<\/section>\n\t\t\t\t<section class=\"elementor-section elementor-top-section elementor-element elementor-element-5d33620 elementor-section-full_width elementor-section-height-default elementor-section-height-default\" data-id=\"5d33620\" data-element_type=\"section\" data-e-type=\"section\">\n\t\t\t\t\t\t<div class=\"elementor-container elementor-column-gap-default\">\n\t\t\t\t\t<div class=\"elementor-column elementor-col-100 elementor-top-column elementor-element elementor-element-b87d16c\" data-id=\"b87d16c\" data-element_type=\"column\" data-e-type=\"column\">\n\t\t\t<div class=\"elementor-widget-wrap elementor-element-populated\">\n\t\t\t\t\t\t<section class=\"elementor-section elementor-inner-section elementor-element elementor-element-8f2c167 elementor-section-boxed elementor-section-height-default elementor-section-height-default\" data-id=\"8f2c167\" data-element_type=\"section\" data-e-type=\"section\">\n\t\t\t\t\t\t<div class=\"elementor-container elementor-column-gap-default\">\n\t\t\t\t\t<div class=\"elementor-column elementor-col-100 elementor-inner-column elementor-element elementor-element-8e6bdca\" data-id=\"8e6bdca\" data-element_type=\"column\" data-e-type=\"column\">\n\t\t\t<div class=\"elementor-widget-wrap elementor-element-populated\">\n\t\t\t\t\t\t<div class=\"elementor-element elementor-element-4b560d0 elementor-widget elementor-widget-text-editor\" data-id=\"4b560d0\" data-element_type=\"widget\" data-e-type=\"widget\" data-widget_type=\"text-editor.default\">\n\t\t\t\t\t\t\t\t\t<p><img decoding=\"async\" decoding=async data-opt-id=1652107750  class=\" wp-image-1064 alignright\" src=\"https:\/\/mladjxeqsxgv.i.optimole.com\/cb:B3zE.b136\/w:auto\/h:auto\/q:mauto\/f:best\/https:\/\/ctalker.org\/wp-content\/uploads\/2021\/03\/faki.jpg\" alt=\"\" width=\"279\" height=\"209\" srcset=\"https:\/\/mladjxeqsxgv.i.optimole.com\/cb:B3zE.b136\/w:250\/h:187\/q:mauto\/f:best\/https:\/\/ctalker.org\/wp-content\/uploads\/2021\/03\/faki.jpg 250w, https:\/\/mladjxeqsxgv.i.optimole.com\/cb:B3zE.b136\/w:250\/h:187\/q:mauto\/f:best\/dpr:2\/https:\/\/ctalker.org\/wp-content\/uploads\/2021\/03\/faki.jpg 2x\" sizes=\"(max-width: 279px) 100vw, 279px\" \/><span style=\"font-size: 18pt;\"><strong>Tak\u00e1cs Tibor Faki\u200b<\/strong><\/span><\/p><p>Tak\u00e1cs Tibor Faki a szabadkai, alternat\u00edv m\u0171v\u00e9szeti sz\u00ednt\u00e9r \u00e9l\u0151 legend\u00e1ja. Autodidakta zen\u00e9szk\u00e9nt \u00e9s k\u00e9pz\u0151m\u0171v\u00e9szk\u00e9nt a nyolcvanas \u00e9vek m\u00e1sodik fel\u00e9t\u0151l van jelen a vajdas\u00e1gi alternat\u00edv, k\u00eds\u00e9rleti \u00e9s \u00faj m\u0171v\u00e9szeti t\u00f6rekv\u00e9sek mellett l\u00e1ndzs\u00e1t t\u00f6r\u0151k k\u00fczd\u0151ter\u00e9n. T\u00f6bb kort\u00e1rs sz\u00ednh\u00e1zi, zenei \u00e9s akci\u00f3m\u0171v\u00e9szeti csoport akt\u00edv tagja.<\/p>\t\t\t\t\t\t\t\t<\/div>\n\t\t\t\t\t<\/div>\n\t\t<\/div>\n\t\t\t\t\t<\/div>\n\t\t<\/section>\n\t\t\t\t\t<\/div>\n\t\t<\/div>\n\t\t\t\t\t<\/div>\n\t\t<\/section>\n\t\t\t\t<\/div>\n\t\t","protected":false},"excerpt":{"rendered":"<p>Az egyes\u00fclet audiovizu\u00e1lis produkci\u00f3k megval\u00f3s\u00edt\u00e1s\u00e1val szerepet v\u00e1llal szoci\u00e1lis, m\u0171v\u00e9szeti k\u00e9rd\u00e9sek megv\u00e1laszol\u00e1s\u00e1ban. T\u00e1mogatja a k\u00f6z\u00f6ss\u00e9g\u00e9rt tenni akar\u00f3 civilek \u00e9s alkot\u00f3tev\u00e9kenys\u00e9get folytat\u00f3 m\u0171v\u00e9szek munk\u00e1j\u00e1t. \u00c9rt\u00e9kmeg\u0151rz\u0151 \u00e9s \u00e9rt\u00e9kteremt\u0151 szerepet igyekszik bet\u00f6lteni. Sz\u00e1sz Csongor kett\u0151s identit\u00e1s\u00fa filmk\u00e9sz\u00edt\u0151, kutat\u00f3,&#46;&#46;&#46;<\/p>\n","protected":false},"author":1,"featured_media":0,"parent":0,"menu_order":0,"comment_status":"closed","ping_status":"closed","template":"elementor_theme","meta":{"rop_custom_images_group":[],"rop_custom_messages_group":[],"rop_publish_now":"initial","rop_publish_now_accounts":[],"rop_publish_now_history":[],"rop_publish_now_status":"pending","_themeisle_gutenberg_block_has_review":false,"footnotes":""},"class_list":["post-830","page","type-page","status-publish","hentry"],"featured_image_src":null,"featured_image_src_square":null,"_links":{"self":[{"href":"https:\/\/ctalker.org\/rs\/wp-json\/wp\/v2\/pages\/830","targetHints":{"allow":["GET"]}}],"collection":[{"href":"https:\/\/ctalker.org\/rs\/wp-json\/wp\/v2\/pages"}],"about":[{"href":"https:\/\/ctalker.org\/rs\/wp-json\/wp\/v2\/types\/page"}],"author":[{"embeddable":true,"href":"https:\/\/ctalker.org\/rs\/wp-json\/wp\/v2\/users\/1"}],"replies":[{"embeddable":true,"href":"https:\/\/ctalker.org\/rs\/wp-json\/wp\/v2\/comments?post=830"}],"version-history":[{"count":279,"href":"https:\/\/ctalker.org\/rs\/wp-json\/wp\/v2\/pages\/830\/revisions"}],"predecessor-version":[{"id":4092,"href":"https:\/\/ctalker.org\/rs\/wp-json\/wp\/v2\/pages\/830\/revisions\/4092"}],"wp:attachment":[{"href":"https:\/\/ctalker.org\/rs\/wp-json\/wp\/v2\/media?parent=830"}],"curies":[{"name":"wp","href":"https:\/\/api.w.org\/{rel}","templated":true}]}}