{"id":670,"date":"2021-02-12T21:08:23","date_gmt":"2021-02-12T20:08:23","guid":{"rendered":"https:\/\/ctalker.org\/?page_id=670"},"modified":"2025-03-20T21:31:04","modified_gmt":"2025-03-20T20:31:04","slug":"zene","status":"publish","type":"page","link":"https:\/\/ctalker.org\/rs\/zene\/","title":{"rendered":"MUZIKA"},"content":{"rendered":"<p><strong>Sunroot by L\u00e1szl\u00f3 Lenkes &#038; Tibor Tak\u00e1cs\u200b<\/strong><\/p>\n<p>\u201eEl\u00e9ldeg\u00e9lhet az ember a f\u00f6ld alatt egy ideig, \u00e1m gy\u00f6kereket verni csak a nap fel\u00e9 n\u00e9zve lehet. \u00c9s a t\u0171z\u0151 nap is csak egy ideig eg\u00e9szs\u00e9ges, azt\u00e1n n\u00e9lk\u00fcl\u00f6zhetetlen a gy\u00f6kerek \u00e1ltal sz\u00edvott nedvess\u00e9g. Mik\u00f6zben a gy\u00f6kerek \u00e1lland\u00f3 t\u00f6rt\u00e9nelmi bambul\u00e1s\u00e1t\u00f3l k\u00f6nnyen figyelmen k\u00edv\u00fcl marad a nap. Csak sz\u00e9tfel\u00e9 terjedve lehets\u00e9ges ma el\u0151rehaladni. Ha ki\u00e1sol, el\u0151b\u00fajok m\u00e1shol, ha j\u00f3csk\u00e1n le\u00e1sol, akkor is velem tal\u00e1lkozol. Ahol bel\u00e9m v\u00e1gsz, \u00e9n ott folytat\u00f3dom.\u201d \u2013 A csics\u00f3kaember<\/p>\n<p><img data-opt-id=1453176925  fetchpriority=\"high\" decoding=\"async\" class=\"\" src=\"https:\/\/mladjxeqsxgv.i.optimole.com\/cb:B3zE.b136\/w:auto\/h:auto\/q:mauto\/f:best\/https:\/\/ctalker.org\/wp-content\/uploads\/2021\/03\/sunroot.jpg\" sizes=\"(max-width: 700px) 100vw, 700px\" srcset=\"https:\/\/mladjxeqsxgv.i.optimole.com\/cb:B3zE.b136\/w:auto\/h:auto\/q:mauto\/f:best\/https:\/\/ctalker.org\/wp-content\/uploads\/2021\/03\/sunroot.jpg 700w, https:\/\/mladjxeqsxgv.i.optimole.com\/cb:B3zE.b136\/w:300\/h:300\/q:mauto\/f:best\/https:\/\/ctalker.org\/wp-content\/uploads\/2021\/03\/sunroot.jpg 300w, https:\/\/mladjxeqsxgv.i.optimole.com\/cb:B3zE.b136\/w:150\/h:150\/q:mauto\/rt:fill\/g:ce\/f:best\/https:\/\/ctalker.org\/wp-content\/uploads\/2021\/03\/sunroot.jpg 150w\" alt=\"\" width=\"459\" height=\"459\" \/><\/p>\n<p>Ketten \u00edrtuk ezt a lemezt. &#8222;De mindketten eleve t\u00f6bben voltunk, s ez m\u00e1r sz\u00e9p kis mennyis\u00e9g.&#8220;<\/p>\n<p>Tak\u00e1cs Tibor Faki a szabadkai, alternat\u00edv m\u0171v\u00e9szeti sz\u00ednt\u00e9r \u00e9l\u0151 legend\u00e1ja. Autodidakta zen\u00e9szk\u00e9nt \u00e9s k\u00e9pz\u0151m\u0171v\u00e9szk\u00e9nt a nyolcvanas \u00e9vek m\u00e1sodik fel\u00e9t\u0151l van jelen a vajdas\u00e1gi alternat\u00edv, k\u00eds\u00e9rleti \u00e9s \u00faj m\u0171v\u00e9szeti t\u00f6rekv\u00e9sek mellett l\u00e1ndzs\u00e1t t\u00f6r\u0151k k\u00fczd\u0151ter\u00e9n. T\u00f6bb kort\u00e1rs sz\u00ednh\u00e1zi, zenei \u00e9s akci\u00f3m\u0171v\u00e9szeti csoport akt\u00edv tagja.<br \/>\nLenkes L\u00e1szl\u00f3 a kilencvenes \u00e9vek v\u00e9ge \u00f3ta akt\u00edv a vajdas\u00e1gi underground zenei sz\u00ednt\u00e9ren. A k\u00e9tezres \u00e9vek m\u00e1sodik fel\u00e9t\u0151l k\u00eds\u00e9rleti, szabad improvizat\u00edv zen\u00e9vel is foglalkozik.<br \/>\nAz album egy m\u00e1rcius eleji, szombati napon r\u00f6gz\u00edtett, szabad improvizat\u00edv j\u00e1t\u00e9kb\u00f3l sz\u00fcletett anyag. Egyetlen c\u00e9l\u00a0vez\u00e9relte a k\u00e9t zen\u00e9szt az anyag felv\u00e9tele sor\u00e1n: a l\u00e9tez\u0151 legszabadabb improvizat\u00edv zen\u00e9l\u00e9s \u00f6r\u00f6me. A szerzem\u00e9nyek egy-egy folyamatos, ad hoc improviz\u00e1ci\u00f3b\u00f3l szerkesztett fragmentumok, mindenf\u00e9le el\u0151re megbesz\u00e9lt konkr\u00e9tum n\u00e9lk\u00fcl. Az eredm\u00e9ny egy free improv hibrid. Egy vajdas\u00e1gi csics\u00f3kalemez.<\/p>\n<p>A felv\u00e9tel Lenkes L\u00e1szl\u00f3 h\u00e1zi st\u00fadi\u00f3j\u00e1ban k\u00e9sz\u00fclt T\u00f6r\u00f6kbecs\u00e9n, 2020. m\u00e1rcius\u00e1ban. A bor\u00edt\u00f3k\u00e9pen Tak\u00e1cs Tibor Faki festm\u00e9ny\u00e9nek r\u00e9szlete l\u00e1that\u00f3.<\/p>\n<p>Tak\u00e1cs Tibor Faki \u2013 szaxofon, klarin\u00e9t<br \/>\nLenkes L\u00e1szl\u00f3 \u2013 git\u00e1r<\/p>\n<p><a href=\"https:\/\/laszlolenkes.bandcamp.com\/releases\" target=\"_blank\" rel=\"noopener\">https:\/\/laszlolenkes.bandcamp.com\/releases<\/a><\/p>\n<p><img data-opt-id=2110851820  fetchpriority=\"high\" decoding=\"async\" src=\"https:\/\/mladjxeqsxgv.i.optimole.com\/cb:B3zE.b136\/w:auto\/h:auto\/q:mauto\/f:best\/https:\/\/ctalker.org\/wp-content\/uploads\/2021\/06\/The_Funambulists-resized.jpg\" sizes=\"(max-width: 800px) 100vw, 800px\" srcset=\"https:\/\/mladjxeqsxgv.i.optimole.com\/cb:B3zE.b136\/w:auto\/h:auto\/q:mauto\/f:best\/https:\/\/ctalker.org\/wp-content\/uploads\/2021\/06\/The_Funambulists-resized.jpg 800w, https:\/\/mladjxeqsxgv.i.optimole.com\/cb:B3zE.b136\/w:300\/h:300\/q:mauto\/f:best\/https:\/\/ctalker.org\/wp-content\/uploads\/2021\/06\/The_Funambulists-resized.jpg 300w, https:\/\/mladjxeqsxgv.i.optimole.com\/cb:B3zE.b136\/w:150\/h:150\/q:mauto\/rt:fill\/g:ce\/f:best\/https:\/\/ctalker.org\/wp-content\/uploads\/2021\/06\/The_Funambulists-resized.jpg 150w, https:\/\/mladjxeqsxgv.i.optimole.com\/cb:B3zE.b136\/w:768\/h:771\/q:mauto\/f:best\/https:\/\/ctalker.org\/wp-content\/uploads\/2021\/06\/The_Funambulists-resized.jpg 768w\" alt=\"The_Funambulists\" width=\"800\" height=\"803\" \/><br \/>\n<strong>The Funambulists<\/strong><\/p>\n<p>As several improvisational musicians have put it before, free improvising is like walking on a tightrope, with or without a safety net below, in risk of falling down really hurting yourself badly, or most of the time, making it through successfully without any heavier damage done. It\u2019s like tightrope walking of the most intense level \u2013 also called funambulism. So here we are. The Funambulists are three non-academic improvisers from Subotica, Vojvodina, Serbia walking on tightropes above different areas of free music, rock, free jazz, noise etc. &#8211; making the freest music they are able to. Three musicians, active for more than two decades in local and regional rock and experimental music scenes, heading together as a trio from the summer of 2020 on an adventurous journey of improvisation and jazz.<\/p>\n<p>Tibor Tak\u00e1cs Faki \u2013 reeds<br \/>\nL\u00e1szl\u00f3 Lenkes \u2013 guitar<br \/>\nGoran Grubi\u0161i\u0107 \u2013 drums<\/p>\n<h3>credits<\/h3>\n<p>released June 11, 2021<\/p>\n<p>The Funambulists on YouTube<br \/>\n<a href=\"https:\/\/www.youtube.com\/watch?v=u0meXg_WOy0&#038;t=54s\" rel=\"nofollow ugc\">www.youtube.com\/watch?v=u0meXg_WOy0&#038;t=54s<\/a>\u00a0https:\/\/thefunambulists.bandcamp.com\/releases<!-- Created with Elementor --><\/p>\n","protected":false},"excerpt":{"rendered":"<p>Sunroot by L\u00e1szl\u00f3 Lenkes &#038; Tibor Tak\u00e1cs\u200b \u201eEl\u00e9ldeg\u00e9lhet az ember a f\u00f6ld alatt egy ideig, \u00e1m gy\u00f6kereket verni csak a nap fel\u00e9 n\u00e9zve lehet. \u00c9s a t\u0171z\u0151 nap is csak egy ideig eg\u00e9szs\u00e9ges, azt\u00e1n&#46;&#46;&#46;<\/p>\n","protected":false},"author":1,"featured_media":0,"parent":0,"menu_order":0,"comment_status":"closed","ping_status":"closed","template":"","meta":{"rop_custom_images_group":[],"rop_custom_messages_group":[],"rop_publish_now":"initial","rop_publish_now_accounts":[],"rop_publish_now_history":[],"rop_publish_now_status":"pending","_themeisle_gutenberg_block_has_review":false,"footnotes":""},"class_list":["post-670","page","type-page","status-publish","hentry"],"featured_image_src":null,"featured_image_src_square":null,"_links":{"self":[{"href":"https:\/\/ctalker.org\/rs\/wp-json\/wp\/v2\/pages\/670","targetHints":{"allow":["GET"]}}],"collection":[{"href":"https:\/\/ctalker.org\/rs\/wp-json\/wp\/v2\/pages"}],"about":[{"href":"https:\/\/ctalker.org\/rs\/wp-json\/wp\/v2\/types\/page"}],"author":[{"embeddable":true,"href":"https:\/\/ctalker.org\/rs\/wp-json\/wp\/v2\/users\/1"}],"replies":[{"embeddable":true,"href":"https:\/\/ctalker.org\/rs\/wp-json\/wp\/v2\/comments?post=670"}],"version-history":[{"count":38,"href":"https:\/\/ctalker.org\/rs\/wp-json\/wp\/v2\/pages\/670\/revisions"}],"predecessor-version":[{"id":4292,"href":"https:\/\/ctalker.org\/rs\/wp-json\/wp\/v2\/pages\/670\/revisions\/4292"}],"wp:attachment":[{"href":"https:\/\/ctalker.org\/rs\/wp-json\/wp\/v2\/media?parent=670"}],"curies":[{"name":"wp","href":"https:\/\/api.w.org\/{rel}","templated":true}]}}