{"id":331,"date":"2020-01-13T11:08:58","date_gmt":"2020-01-13T11:08:58","guid":{"rendered":"https:\/\/demosites.io\/web-agency\/?page_id=5"},"modified":"2025-12-01T23:58:54","modified_gmt":"2025-12-01T22:58:54","slug":"home","status":"publish","type":"page","link":"https:\/\/ctalker.org\/en\/home\/","title":{"rendered":"Home"},"content":{"rendered":"\t\t<div data-elementor-type=\"wp-page\" data-elementor-id=\"331\" class=\"elementor elementor-331\">\n\t\t\t\t\t\t<section class=\"elementor-section elementor-top-section elementor-element elementor-element-fc35bd9 elementor-section-boxed elementor-section-height-default elementor-section-height-default\" data-id=\"fc35bd9\" data-element_type=\"section\" data-e-type=\"section\" data-settings=\"{&quot;background_background&quot;:&quot;classic&quot;}\">\n\t\t\t\t\t\t<div class=\"elementor-container elementor-column-gap-default\">\n\t\t\t\t\t<div class=\"elementor-column elementor-col-100 elementor-top-column elementor-element elementor-element-34d5b3a\" data-id=\"34d5b3a\" data-element_type=\"column\" data-e-type=\"column\">\n\t\t\t<div class=\"elementor-widget-wrap elementor-element-populated\">\n\t\t\t\t<div class=\"elementor-element elementor-element-f7d14b3 e-flex e-con-boxed e-con e-parent\" data-id=\"f7d14b3\" data-element_type=\"container\" data-e-type=\"container\">\n\t\t\t\t\t<div class=\"e-con-inner\">\n\t\t\t\t<div class=\"elementor-element elementor-element-7edfa0a elementor-widget elementor-widget-image\" data-id=\"7edfa0a\" data-element_type=\"widget\" data-e-type=\"widget\" data-widget_type=\"image.default\">\n\t\t\t\t\t\t\t\t\t\t\t\t\t\t\t\t<a href=\"https:\/\/ctalker.org\/?page_id=461\">\n\t\t\t\t\t\t\t<img data-opt-id=1271433371  fetchpriority=\"high\" decoding=\"async\" width=\"1920\" height=\"1080\" src=\"https:\/\/mladjxeqsxgv.i.optimole.com\/cb:B3zE.b136\/w:1920\/h:1080\/q:mauto\/f:best\/https:\/\/ctalker.org\/wp-content\/uploads\/2023\/07\/AA070603.04_01_47_10.Still006.jpg\" class=\"attachment-medium_large size-medium_large wp-image-2706 no-lazy\" alt=\"\" srcset=\"https:\/\/mladjxeqsxgv.i.optimole.com\/cb:B3zE.b136\/w:1920\/h:1080\/q:mauto\/f:best\/https:\/\/ctalker.org\/wp-content\/uploads\/2023\/07\/AA070603.04_01_47_10.Still006.jpg 1920w, https:\/\/mladjxeqsxgv.i.optimole.com\/cb:B3zE.b136\/w:300\/h:169\/q:mauto\/f:best\/https:\/\/ctalker.org\/wp-content\/uploads\/2023\/07\/AA070603.04_01_47_10.Still006.jpg 300w, https:\/\/mladjxeqsxgv.i.optimole.com\/cb:B3zE.b136\/w:1024\/h:576\/q:mauto\/f:best\/https:\/\/ctalker.org\/wp-content\/uploads\/2023\/07\/AA070603.04_01_47_10.Still006.jpg 1024w, https:\/\/mladjxeqsxgv.i.optimole.com\/cb:B3zE.b136\/w:768\/h:432\/q:mauto\/f:best\/https:\/\/ctalker.org\/wp-content\/uploads\/2023\/07\/AA070603.04_01_47_10.Still006.jpg 768w, https:\/\/mladjxeqsxgv.i.optimole.com\/cb:B3zE.b136\/w:1536\/h:864\/q:mauto\/f:best\/https:\/\/ctalker.org\/wp-content\/uploads\/2023\/07\/AA070603.04_01_47_10.Still006.jpg 1536w, https:\/\/mladjxeqsxgv.i.optimole.com\/cb:B3zE.b136\/w:1920\/h:1080\/q:mauto\/f:best\/dpr:2\/https:\/\/ctalker.org\/wp-content\/uploads\/2023\/07\/AA070603.04_01_47_10.Still006.jpg 2x\" sizes=\"(max-width: 1000px) 100vw, 1000px\" \/>\t\t\t\t\t\t\t\t<\/a>\n\t\t\t\t\t\t\t\t\t\t\t\t\t\t\t<\/div>\n\t\t\t\t\t<\/div>\n\t\t\t\t<\/div>\n\t\t\t\t<div class=\"elementor-element elementor-element-8d67ef6 elementor-widget elementor-widget-text-editor\" data-id=\"8d67ef6\" data-element_type=\"widget\" data-e-type=\"widget\" data-widget_type=\"text-editor.default\">\n\t\t\t\t\t\t\t\t\t<p>Online dokumentumfilm-sorozat a Csantav\u00e9r-i Bell\u00e1nyi Ferencr\u0151l. A filmben a 99 \u00e9ves k\u00e9s\u00e9lez\u0151 mester \u00e9s m\u0171k\u00f6sz\u00f6r\u0171s, valamint aut\u00f3s oktat\u00f3, sof\u0151r \u00e9s motoros mes\u00e9l \u00e9vsz\u00e1zados Vajdas\u00e1g-i \u00e9let\u00e9r\u0151l, gyerekkor\u00e1t\u00f3l napjainkig. A XX. sz\u00e1zadot \u00e1tsz\u00f6v\u0151 t\u00f6rt\u00e9netek visszany\u00falnak az els\u0151 vil\u00e1gh\u00e1bor\u00faig. <br \/>A Csantav\u00e9rre telep\u00fclt k\u00e9s\u00e9lez\u0151 &#8211; m\u0171k\u00f6sz\u00f6r\u0171s Bell\u00e1nyi csal\u00e1d lesz\u00e1rmazottja, Ferenc a motoroz\u00e1s \u00fatt\u00f6r\u0151j\u00e9nek sz\u00e1m\u00edtott a faluban. A film forgat\u00e1sa 2016-18 k\u00f6z\u00f6tt zajlott. A h\u00e9tr\u0151l-h\u00e9tre megjelen\u0151 \u00fajabb epiz\u00f3dok a ctalker.org honlapon <a href=\"https:\/\/ctalker.org\/?page_id=461\">visszan\u00e9zhet\u0151ek<\/a>.<\/p>\t\t\t\t\t\t\t\t<\/div>\n\t\t\t\t<div class=\"elementor-element elementor-element-b2948c4 elementor-widget elementor-widget-spacer\" data-id=\"b2948c4\" data-element_type=\"widget\" data-e-type=\"widget\" data-widget_type=\"spacer.default\">\n\t\t\t\t\t\t\t<div class=\"elementor-spacer\">\n\t\t\t<div class=\"elementor-spacer-inner\"><\/div>\n\t\t<\/div>\n\t\t\t\t\t\t<\/div>\n\t\t\t\t<div class=\"elementor-element elementor-element-9cbb1dd elementor-widget elementor-widget-obfx-posts-grid\" data-id=\"9cbb1dd\" data-element_type=\"widget\" data-e-type=\"widget\" data-widget_type=\"obfx-posts-grid.default\">\n\t\t\t\t<div class=\"elementor-widget-container\">\n\t\t\t\t\t<div class=\"obfx-grid\"><div class=\"obfx-grid-container obfx-grid-desktop-3\"><div class=\"obfx-grid-wrapper\"><article class=\"obfx-grid-col\"><div class=\"obfx-grid-col-image\" style=\"\"><a href=\"https:\/\/ctalker.org\/en\/2026\/04\/15\/kurbli-filmklub-shih-ching-tsou-a-balkezes-lany\/\" title=\"Kurbli Filmklub-Shih-Ching Tsou: A balkezes l\u00e1ny\"><img data-opt-id=575947811  fetchpriority=\"high\" decoding=\"async\" width=\"1200\" height=\"675\" src=\"https:\/\/mladjxeqsxgv.i.optimole.com\/cb:B3zE.b136\/w:auto\/h:auto\/q:mauto\/f:best\/https:\/\/ctalker.org\/wp-content\/uploads\/2026\/04\/671480163_10243541158885981_3472758485748955406_n.jpg\" class=\"img-responsive no-lazy wp-post-image\" alt=\"671480163_10243541158885981_3472758485748955406_n\" srcset=\"https:\/\/mladjxeqsxgv.i.optimole.com\/cb:B3zE.b136\/w:1200\/h:675\/q:mauto\/f:best\/https:\/\/ctalker.org\/wp-content\/uploads\/2026\/04\/671480163_10243541158885981_3472758485748955406_n.jpg 1200w, https:\/\/mladjxeqsxgv.i.optimole.com\/cb:B3zE.b136\/w:300\/h:169\/q:mauto\/f:best\/https:\/\/ctalker.org\/wp-content\/uploads\/2026\/04\/671480163_10243541158885981_3472758485748955406_n.jpg 300w, https:\/\/mladjxeqsxgv.i.optimole.com\/cb:B3zE.b136\/w:1024\/h:576\/q:mauto\/f:best\/https:\/\/ctalker.org\/wp-content\/uploads\/2026\/04\/671480163_10243541158885981_3472758485748955406_n.jpg 1024w, https:\/\/mladjxeqsxgv.i.optimole.com\/cb:B3zE.b136\/w:768\/h:432\/q:mauto\/f:best\/https:\/\/ctalker.org\/wp-content\/uploads\/2026\/04\/671480163_10243541158885981_3472758485748955406_n.jpg 768w, https:\/\/mladjxeqsxgv.i.optimole.com\/cb:B3zE.b136\/w:1200\/h:675\/q:mauto\/f:best\/dpr:2\/https:\/\/ctalker.org\/wp-content\/uploads\/2026\/04\/671480163_10243541158885981_3472758485748955406_n.jpg 2x\" sizes=\"(max-width: 1000px) 100vw, 1000px\" \/><\/a><\/div><div class=\"obfx-grid-col-content\">\t\t\t<h2 class=\"entry-title obfx-grid-title\">\n\t\t\t\t\t\t\t<a href=\"https:\/\/ctalker.org\/en\/2026\/04\/15\/kurbli-filmklub-shih-ching-tsou-a-balkezes-lany\/\" title=\"Kurbli Filmklub-Shih-Ching Tsou: A balkezes l\u00e1ny\">\n\t\t\t\t\tKurbli Filmklub-Shih-Ching Tsou: A balkezes l\u00e1ny\t\t\t\t<\/a>\n\t\t\t\t\t\t\t<\/h2>\n\t\t\t\t\t\t\t<div class=\"entry-meta obfx-grid-meta\">\n\n\t\t\t\t\t\t\t\t\t\t\t\t\t<span class=\"obfx-grid-date\">\n\t\t\t\t\t\t\t\t\t<i class=\"fas fa-calendar\"><\/i>15-04-2026\t\t\t\t\t\t\t\t<\/span>\n\t\t\t\t\t\t\t\t\t\t\t<span class=\"obfx-grid-categories\">\n\t\t\t\t<i class=\"fas fa-bookmark\"><\/i>\t\t\t\t\t<span class=\"obfx-grid-categories-item\">\n\t\t\t\t\t\t<a href=\"https:\/\/ctalker.org\/en\/category\/kurbli\/\"\n\t\t\t\t\t\t   title=\"Kurbli\">\n\t\t\t\t\t\t\tKurbli\t\t\t\t\t\t<\/a>\n\t\t\t\t\t<\/span>\n\t\t\t\t\t\t\t\t<\/span>\n\t\t\t\n\t\t\t\t<\/div>\n\t\t\t\t\t\t\t<div class=\"entry-content obfx-grid-content\">\n\t\t\t\t2026.04.15.\/Szabadka Shih-Ching Tsou: A balkezes l\u00e1ny\u00a0(Left handed girl), 2025, taiwani iPhone j\u00e1t\u00e9kfilm, 108 p.&hellip;\t\t\t<\/div>\n\t\t\t<\/div><\/article><\/div><div class=\"obfx-grid-wrapper\"><article class=\"obfx-grid-col\"><div class=\"obfx-grid-col-image\" style=\"\"><a href=\"https:\/\/ctalker.org\/en\/2026\/04\/08\/kurbli-filmklub-shane-carruth-feltoro-szinek\/\" title=\"Kurbli Filmklub-Shane Carruth: Felt\u00f6r\u0151 sz\u00ednek\"><img data-opt-id=293780732  decoding=\"async\" width=\"1500\" height=\"746\" src=\"https:\/\/mladjxeqsxgv.i.optimole.com\/cb:B3zE.b136\/w:auto\/h:auto\/q:mauto\/f:best\/https:\/\/ctalker.org\/wp-content\/uploads\/2026\/04\/544.jpg\" class=\"img-responsive no-lazy wp-post-image\" alt=\"544\" srcset=\"https:\/\/mladjxeqsxgv.i.optimole.com\/cb:B3zE.b136\/w:1500\/h:746\/q:mauto\/f:best\/https:\/\/ctalker.org\/wp-content\/uploads\/2026\/04\/544.jpg 1500w, https:\/\/mladjxeqsxgv.i.optimole.com\/cb:B3zE.b136\/w:300\/h:149\/q:mauto\/f:best\/https:\/\/ctalker.org\/wp-content\/uploads\/2026\/04\/544.jpg 300w, https:\/\/mladjxeqsxgv.i.optimole.com\/cb:B3zE.b136\/w:1024\/h:509\/q:mauto\/f:best\/https:\/\/ctalker.org\/wp-content\/uploads\/2026\/04\/544.jpg 1024w, https:\/\/mladjxeqsxgv.i.optimole.com\/cb:B3zE.b136\/w:768\/h:382\/q:mauto\/f:best\/https:\/\/ctalker.org\/wp-content\/uploads\/2026\/04\/544.jpg 768w, https:\/\/mladjxeqsxgv.i.optimole.com\/cb:B3zE.b136\/w:1500\/h:746\/q:mauto\/f:best\/dpr:2\/https:\/\/ctalker.org\/wp-content\/uploads\/2026\/04\/544.jpg 2x\" sizes=\"(max-width: 1000px) 100vw, 1000px\" \/><\/a><\/div><div class=\"obfx-grid-col-content\">\t\t\t<h2 class=\"entry-title obfx-grid-title\">\n\t\t\t\t\t\t\t<a href=\"https:\/\/ctalker.org\/en\/2026\/04\/08\/kurbli-filmklub-shane-carruth-feltoro-szinek\/\" title=\"Kurbli Filmklub-Shane Carruth: Felt\u00f6r\u0151 sz\u00ednek\">\n\t\t\t\t\tKurbli Filmklub-Shane Carruth: Felt\u00f6r\u0151 sz\u00ednek\t\t\t\t<\/a>\n\t\t\t\t\t\t\t<\/h2>\n\t\t\t\t\t\t\t<div class=\"entry-meta obfx-grid-meta\">\n\n\t\t\t\t\t\t\t\t\t\t\t\t\t<span class=\"obfx-grid-date\">\n\t\t\t\t\t\t\t\t\t<i class=\"fas fa-calendar\"><\/i>08-04-2026\t\t\t\t\t\t\t\t<\/span>\n\t\t\t\t\t\t\t\t\t\t\t<span class=\"obfx-grid-categories\">\n\t\t\t\t<i class=\"fas fa-bookmark\"><\/i>\t\t\t\t\t<span class=\"obfx-grid-categories-item\">\n\t\t\t\t\t\t<a href=\"https:\/\/ctalker.org\/en\/category\/kurbli\/\"\n\t\t\t\t\t\t   title=\"Kurbli\">\n\t\t\t\t\t\t\tKurbli\t\t\t\t\t\t<\/a>\n\t\t\t\t\t<\/span>\n\t\t\t\t\t\t\t\t<\/span>\n\t\t\t\n\t\t\t\t<\/div>\n\t\t\t\t\t\t\t<div class=\"entry-content obfx-grid-content\">\n\t\t\t\t2026.04.08.\/Szabadka Shane Carruth: Felt\u00f6r\u0151 sz\u00ednek, 2013, k\u00f6lt\u0151i sci-fi, 96 p. Shane Carruth matematikus Sundance&hellip;\t\t\t<\/div>\n\t\t\t<\/div><\/article><\/div><div class=\"obfx-grid-wrapper\"><article class=\"obfx-grid-col\"><div class=\"obfx-grid-col-image\" style=\"\"><a href=\"https:\/\/ctalker.org\/en\/2026\/04\/01\/kurbli-filmklub-ruben-ostland-lavina\/\" title=\"Kurbli Filmklub-Ruben \u00d6stland:\u00a0LAVINA\"><img data-opt-id=945552596  loading=\"lazy\" decoding=\"async\" width=\"570\" height=\"338\" src=\"https:\/\/mladjxeqsxgv.i.optimole.com\/cb:B3zE.b136\/w:auto\/h:auto\/q:mauto\/f:best\/https:\/\/ctalker.org\/wp-content\/uploads\/2026\/04\/658368718_10243377102824682_5092023319088272038_n.jpg\" class=\"img-responsive no-lazy wp-post-image\" alt=\"658368718_10243377102824682_5092023319088272038_n\" srcset=\"https:\/\/mladjxeqsxgv.i.optimole.com\/cb:B3zE.b136\/w:570\/h:338\/q:mauto\/f:best\/https:\/\/ctalker.org\/wp-content\/uploads\/2026\/04\/658368718_10243377102824682_5092023319088272038_n.jpg 570w, https:\/\/mladjxeqsxgv.i.optimole.com\/cb:B3zE.b136\/w:300\/h:178\/q:mauto\/f:best\/https:\/\/ctalker.org\/wp-content\/uploads\/2026\/04\/658368718_10243377102824682_5092023319088272038_n.jpg 300w, https:\/\/mladjxeqsxgv.i.optimole.com\/cb:B3zE.b136\/w:570\/h:338\/q:mauto\/f:best\/dpr:2\/https:\/\/ctalker.org\/wp-content\/uploads\/2026\/04\/658368718_10243377102824682_5092023319088272038_n.jpg 2x\" sizes=\"(max-width: 570px) 100vw, 570px\" \/><\/a><\/div><div class=\"obfx-grid-col-content\">\t\t\t<h2 class=\"entry-title obfx-grid-title\">\n\t\t\t\t\t\t\t<a href=\"https:\/\/ctalker.org\/en\/2026\/04\/01\/kurbli-filmklub-ruben-ostland-lavina\/\" title=\"Kurbli Filmklub-Ruben \u00d6stland:\u00a0LAVINA\">\n\t\t\t\t\tKurbli Filmklub-Ruben \u00d6stland:\u00a0LAVINA\t\t\t\t<\/a>\n\t\t\t\t\t\t\t<\/h2>\n\t\t\t\t\t\t\t<div class=\"entry-meta obfx-grid-meta\">\n\n\t\t\t\t\t\t\t\t\t\t\t\t\t<span class=\"obfx-grid-date\">\n\t\t\t\t\t\t\t\t\t<i class=\"fas fa-calendar\"><\/i>01-04-2026\t\t\t\t\t\t\t\t<\/span>\n\t\t\t\t\t\t\t\t\t\t\t<span class=\"obfx-grid-categories\">\n\t\t\t\t<i class=\"fas fa-bookmark\"><\/i>\t\t\t\t\t<span class=\"obfx-grid-categories-item\">\n\t\t\t\t\t\t<a href=\"https:\/\/ctalker.org\/en\/category\/kurbli\/\"\n\t\t\t\t\t\t   title=\"Kurbli\">\n\t\t\t\t\t\t\tKurbli\t\t\t\t\t\t<\/a>\n\t\t\t\t\t<\/span>\n\t\t\t\t\t\t\t\t<\/span>\n\t\t\t\n\t\t\t\t<\/div>\n\t\t\t\t\t\t\t<div class=\"entry-content obfx-grid-content\">\n\t\t\t\t2026.04.01.\/Szabadka Ruben \u00d6stland:\u00a0LAVINA, 2014, sv\u00e9d szat\u00edra, 118 perc Az \u00f6szt\u00f6neim \u00e1ldozata vagyok!\u00a0\u2013 hangs\u00falyozza a&hellip;\t\t\t<\/div>\n\t\t\t<\/div><\/article><\/div><div class=\"obfx-grid-wrapper\"><article class=\"obfx-grid-col\"><div class=\"obfx-grid-col-image\" style=\"\"><a href=\"https:\/\/ctalker.org\/en\/2026\/03\/31\/aprilisi-kurbli-musor-3\/\" title=\"\u00c1prilisi Kurbli m\u0171sor\"><img data-opt-id=586866524  loading=\"lazy\" decoding=\"async\" width=\"1414\" height=\"2000\" src=\"https:\/\/mladjxeqsxgv.i.optimole.com\/cb:B3zE.b136\/w:auto\/h:auto\/q:mauto\/f:best\/https:\/\/ctalker.org\/wp-content\/uploads\/2026\/04\/2026-4-1.pdf-6.jpg\" class=\"img-responsive no-lazy wp-post-image\" alt=\"2026 (4) (1).pdf (6)\" \/><\/a><\/div><div class=\"obfx-grid-col-content\">\t\t\t<h2 class=\"entry-title obfx-grid-title\">\n\t\t\t\t\t\t\t<a href=\"https:\/\/ctalker.org\/en\/2026\/03\/31\/aprilisi-kurbli-musor-3\/\" title=\"\u00c1prilisi Kurbli m\u0171sor\">\n\t\t\t\t\t\u00c1prilisi Kurbli m\u0171sor\t\t\t\t<\/a>\n\t\t\t\t\t\t\t<\/h2>\n\t\t\t\t\t\t\t<div class=\"entry-meta obfx-grid-meta\">\n\n\t\t\t\t\t\t\t\t\t\t\t\t\t<span class=\"obfx-grid-date\">\n\t\t\t\t\t\t\t\t\t<i class=\"fas fa-calendar\"><\/i>31-03-2026\t\t\t\t\t\t\t\t<\/span>\n\t\t\t\t\t\t\t\t\t\t\t<span class=\"obfx-grid-categories\">\n\t\t\t\t<i class=\"fas fa-bookmark\"><\/i>\t\t\t\t\t<span class=\"obfx-grid-categories-item\">\n\t\t\t\t\t\t<a href=\"https:\/\/ctalker.org\/en\/category\/kurbli\/\"\n\t\t\t\t\t\t   title=\"Kurbli\">\n\t\t\t\t\t\t\tKurbli\t\t\t\t\t\t<\/a>\n\t\t\t\t\t<\/span>\n\t\t\t\t\t\t\t\t<\/span>\n\t\t\t\n\t\t\t\t<\/div>\n\t\t\t\t\t\t\t<div class=\"entry-content obfx-grid-content\">\n\t\t\t\t\t\t\t<\/div>\n\t\t\t<\/div><\/article><\/div><div class=\"obfx-grid-wrapper\"><article class=\"obfx-grid-col\"><div class=\"obfx-grid-col-image\" style=\"\"><a href=\"https:\/\/ctalker.org\/en\/2026\/03\/27\/kurbli-filmklub-janisch-attila-kozonsegtalalkozo\/\" title=\"Kurbli Filmklub: Janisch Attila k\u00f6z\u00f6ns\u00e9gtal\u00e1lkoz\u00f3\"><img data-opt-id=98241692  loading=\"lazy\" decoding=\"async\" width=\"2560\" height=\"1920\" src=\"https:\/\/mladjxeqsxgv.i.optimole.com\/cb:B3zE.b136\/w:auto\/h:auto\/q:mauto\/f:best\/https:\/\/ctalker.org\/wp-content\/uploads\/2026\/04\/IMG_20260325_204122-scaled.jpg\" class=\"img-responsive no-lazy wp-post-image\" alt=\"IMG_20260325_204122\" srcset=\"https:\/\/mladjxeqsxgv.i.optimole.com\/cb:B3zE.b136\/w:1440\/h:1080\/q:mauto\/f:best\/https:\/\/ctalker.org\/wp-content\/uploads\/2026\/04\/IMG_20260325_204122-scaled.jpg 2560w, https:\/\/mladjxeqsxgv.i.optimole.com\/cb:B3zE.b136\/w:300\/h:225\/q:mauto\/f:best\/https:\/\/ctalker.org\/wp-content\/uploads\/2026\/04\/IMG_20260325_204122-scaled.jpg 300w, https:\/\/mladjxeqsxgv.i.optimole.com\/cb:B3zE.b136\/w:1024\/h:768\/q:mauto\/f:best\/https:\/\/ctalker.org\/wp-content\/uploads\/2026\/04\/IMG_20260325_204122-scaled.jpg 1024w, https:\/\/mladjxeqsxgv.i.optimole.com\/cb:B3zE.b136\/w:768\/h:576\/q:mauto\/f:best\/https:\/\/ctalker.org\/wp-content\/uploads\/2026\/04\/IMG_20260325_204122-scaled.jpg 768w, https:\/\/mladjxeqsxgv.i.optimole.com\/cb:B3zE.b136\/w:1440\/h:1080\/q:mauto\/f:best\/https:\/\/ctalker.org\/wp-content\/uploads\/2026\/04\/IMG_20260325_204122-scaled.jpg 1536w, https:\/\/mladjxeqsxgv.i.optimole.com\/cb:B3zE.b136\/w:1440\/h:1080\/q:mauto\/f:best\/https:\/\/ctalker.org\/wp-content\/uploads\/2026\/04\/IMG_20260325_204122-scaled.jpg 2048w, https:\/\/mladjxeqsxgv.i.optimole.com\/cb:B3zE.b136\/w:1440\/h:1080\/q:mauto\/f:best\/dpr:2\/https:\/\/ctalker.org\/wp-content\/uploads\/2026\/04\/IMG_20260325_204122-scaled.jpg 2x\" sizes=\"(max-width: 1000px) 100vw, 1000px\" \/><\/a><\/div><div class=\"obfx-grid-col-content\">\t\t\t<h2 class=\"entry-title obfx-grid-title\">\n\t\t\t\t\t\t\t<a href=\"https:\/\/ctalker.org\/en\/2026\/03\/27\/kurbli-filmklub-janisch-attila-kozonsegtalalkozo\/\" title=\"Kurbli Filmklub: Janisch Attila k\u00f6z\u00f6ns\u00e9gtal\u00e1lkoz\u00f3\">\n\t\t\t\t\tKurbli Filmklub: Janisch Attila k\u00f6z\u00f6ns\u00e9gtal\u00e1lkoz\u00f3\t\t\t\t<\/a>\n\t\t\t\t\t\t\t<\/h2>\n\t\t\t\t\t\t\t<div class=\"entry-meta obfx-grid-meta\">\n\n\t\t\t\t\t\t\t\t\t\t\t\t\t<span class=\"obfx-grid-date\">\n\t\t\t\t\t\t\t\t\t<i class=\"fas fa-calendar\"><\/i>27-03-2026\t\t\t\t\t\t\t\t<\/span>\n\t\t\t\t\t\t\t\t\t\t\t<span class=\"obfx-grid-categories\">\n\t\t\t\t<i class=\"fas fa-bookmark\"><\/i>\t\t\t\t\t<span class=\"obfx-grid-categories-item\">\n\t\t\t\t\t\t<a href=\"https:\/\/ctalker.org\/en\/category\/kurbli\/\"\n\t\t\t\t\t\t   title=\"Kurbli\">\n\t\t\t\t\t\t\tKurbli\t\t\t\t\t\t<\/a>\n\t\t\t\t\t<\/span>\n\t\t\t\t\t\t\t\t<\/span>\n\t\t\t\n\t\t\t\t<\/div>\n\t\t\t\t\t\t\t<div class=\"entry-content obfx-grid-content\">\n\t\t\t\t2026.03.25.\/Szabadka A hivatalos k\u00f6lt\u00f6z\u00e9st egybehoztuk a filmrendez\u0151 l\u00e1togat\u00e1s\u00e1val, hogy \u00faj helysz\u00ednen, \u00faj lend\u00fcletet vegyen&hellip;\t\t\t<\/div>\n\t\t\t<\/div><\/article><\/div><div class=\"obfx-grid-wrapper\"><article class=\"obfx-grid-col\"><div class=\"obfx-grid-col-image\" style=\"\"><a href=\"https:\/\/ctalker.org\/en\/2026\/03\/26\/kurbli-filmklub-janisch-attila-a-pannon-radioban\/\" title=\"Kurbli Filmklub: Janisch Attila a Pannon R\u00e1di\u00f3ban\"><img data-opt-id=1413664489  loading=\"lazy\" decoding=\"async\" width=\"472\" height=\"351\" src=\"https:\/\/mladjxeqsxgv.i.optimole.com\/cb:B3zE.b136\/w:auto\/h:auto\/q:mauto\/f:best\/https:\/\/ctalker.org\/wp-content\/uploads\/2026\/04\/656893518_1650076619837971_2857260421711879592_n-e1776794284303.jpg\" class=\"img-responsive no-lazy wp-post-image\" alt=\"656893518_1650076619837971_2857260421711879592_n\" srcset=\"https:\/\/mladjxeqsxgv.i.optimole.com\/cb:B3zE.b136\/w:472\/h:351\/q:mauto\/f:best\/https:\/\/ctalker.org\/wp-content\/uploads\/2026\/04\/656893518_1650076619837971_2857260421711879592_n-e1776794284303.jpg 472w, https:\/\/mladjxeqsxgv.i.optimole.com\/cb:B3zE.b136\/w:300\/h:223\/q:mauto\/f:best\/https:\/\/ctalker.org\/wp-content\/uploads\/2026\/04\/656893518_1650076619837971_2857260421711879592_n-e1776794284303.jpg 300w, https:\/\/mladjxeqsxgv.i.optimole.com\/cb:B3zE.b136\/w:472\/h:351\/q:mauto\/f:best\/dpr:2\/https:\/\/ctalker.org\/wp-content\/uploads\/2026\/04\/656893518_1650076619837971_2857260421711879592_n-e1776794284303.jpg 2x\" sizes=\"(max-width: 472px) 100vw, 472px\" \/><\/a><\/div><div class=\"obfx-grid-col-content\">\t\t\t<h2 class=\"entry-title obfx-grid-title\">\n\t\t\t\t\t\t\t<a href=\"https:\/\/ctalker.org\/en\/2026\/03\/26\/kurbli-filmklub-janisch-attila-a-pannon-radioban\/\" title=\"Kurbli Filmklub: Janisch Attila a Pannon R\u00e1di\u00f3ban\">\n\t\t\t\t\tKurbli Filmklub: Janisch Attila a Pannon R\u00e1di\u00f3ban\t\t\t\t<\/a>\n\t\t\t\t\t\t\t<\/h2>\n\t\t\t\t\t\t\t<div class=\"entry-meta obfx-grid-meta\">\n\n\t\t\t\t\t\t\t\t\t\t\t\t\t<span class=\"obfx-grid-date\">\n\t\t\t\t\t\t\t\t\t<i class=\"fas fa-calendar\"><\/i>26-03-2026\t\t\t\t\t\t\t\t<\/span>\n\t\t\t\t\t\t\t\t\t\t\t<span class=\"obfx-grid-categories\">\n\t\t\t\t<i class=\"fas fa-bookmark\"><\/i>\t\t\t\t\t<span class=\"obfx-grid-categories-item\">\n\t\t\t\t\t\t<a href=\"https:\/\/ctalker.org\/en\/category\/kurbli\/\"\n\t\t\t\t\t\t   title=\"Kurbli\">\n\t\t\t\t\t\t\tKurbli\t\t\t\t\t\t<\/a>\n\t\t\t\t\t<\/span>\n\t\t\t\t\t\t\t\t<\/span>\n\t\t\t\n\t\t\t\t<\/div>\n\t\t\t\t\t\t\t<div class=\"entry-content obfx-grid-content\">\n\t\t\t\t2026.03.25.\/Szabadka &#8220;A Pressz\u00f3 vend\u00e9ge volt Janisch Attila, Bal\u00e1zs B\u00e9la-d\u00edjas filmrendez\u0151, akivel k\u00fcl\u00f6nleges hangulat\u00fa filmjeir\u0151l&hellip;\t\t\t<\/div>\n\t\t\t<\/div><\/article><\/div><div class=\"obfx-grid-wrapper\"><article class=\"obfx-grid-col\"><div class=\"obfx-grid-col-image\" style=\"\"><a href=\"https:\/\/ctalker.org\/en\/2026\/03\/25\/kurbli-filmklub-janisch-attila\/\" title=\"Kurbli Filmklub-Janisch Attila: \u00c1rny\u00e9k a havon filmvet\u00edt\u00e9s \u00e9s k\u00f6z\u00f6ns\u00e9gtal\u00e1lkoz\u00f3\"><img data-opt-id=195571206  loading=\"lazy\" decoding=\"async\" width=\"720\" height=\"422\" src=\"https:\/\/mladjxeqsxgv.i.optimole.com\/cb:B3zE.b136\/w:auto\/h:auto\/q:mauto\/f:best\/https:\/\/ctalker.org\/wp-content\/uploads\/2026\/04\/657670323_10243237429652940_1340291588614813535_n.jpg\" class=\"img-responsive no-lazy wp-post-image\" alt=\"657670323_10243237429652940_1340291588614813535_n\" srcset=\"https:\/\/mladjxeqsxgv.i.optimole.com\/cb:B3zE.b136\/w:720\/h:422\/q:mauto\/f:best\/https:\/\/ctalker.org\/wp-content\/uploads\/2026\/04\/657670323_10243237429652940_1340291588614813535_n.jpg 720w, https:\/\/mladjxeqsxgv.i.optimole.com\/cb:B3zE.b136\/w:300\/h:176\/q:mauto\/f:best\/https:\/\/ctalker.org\/wp-content\/uploads\/2026\/04\/657670323_10243237429652940_1340291588614813535_n.jpg 300w, https:\/\/mladjxeqsxgv.i.optimole.com\/cb:B3zE.b136\/w:720\/h:422\/q:mauto\/f:best\/dpr:2\/https:\/\/ctalker.org\/wp-content\/uploads\/2026\/04\/657670323_10243237429652940_1340291588614813535_n.jpg 2x\" sizes=\"(max-width: 720px) 100vw, 720px\" \/><\/a><\/div><div class=\"obfx-grid-col-content\">\t\t\t<h2 class=\"entry-title obfx-grid-title\">\n\t\t\t\t\t\t\t<a href=\"https:\/\/ctalker.org\/en\/2026\/03\/25\/kurbli-filmklub-janisch-attila\/\" title=\"Kurbli Filmklub-Janisch Attila: \u00c1rny\u00e9k a havon filmvet\u00edt\u00e9s \u00e9s k\u00f6z\u00f6ns\u00e9gtal\u00e1lkoz\u00f3\">\n\t\t\t\t\tKurbli Filmklub-Janisch Attila: \u00c1rny\u00e9k a havon filmvet\u00edt\u00e9s \u00e9s k\u00f6z\u00f6ns\u00e9gtal\u00e1lkoz\u00f3\t\t\t\t<\/a>\n\t\t\t\t\t\t\t<\/h2>\n\t\t\t\t\t\t\t<div class=\"entry-meta obfx-grid-meta\">\n\n\t\t\t\t\t\t\t\t\t\t\t\t\t<span class=\"obfx-grid-date\">\n\t\t\t\t\t\t\t\t\t<i class=\"fas fa-calendar\"><\/i>25-03-2026\t\t\t\t\t\t\t\t<\/span>\n\t\t\t\t\t\t\t\t\t\t\t<span class=\"obfx-grid-categories\">\n\t\t\t\t<i class=\"fas fa-bookmark\"><\/i>\t\t\t\t\t<span class=\"obfx-grid-categories-item\">\n\t\t\t\t\t\t<a href=\"https:\/\/ctalker.org\/en\/category\/kurbli\/\"\n\t\t\t\t\t\t   title=\"Kurbli\">\n\t\t\t\t\t\t\tKurbli\t\t\t\t\t\t<\/a>\n\t\t\t\t\t<\/span>\n\t\t\t\t\t\t\t\t<\/span>\n\t\t\t\n\t\t\t\t<\/div>\n\t\t\t\t\t\t\t<div class=\"entry-content obfx-grid-content\">\n\t\t\t\t2026.03.25.\/Szabadka Janisch Attila: \u00c1rny\u00e9k a havon, 1992, magyar krimi-thriller 72 perc A krimin\u00e1lis zs\u00e1nerelemekkel&hellip;\t\t\t<\/div>\n\t\t\t<\/div><\/article><\/div><div class=\"obfx-grid-wrapper\"><article class=\"obfx-grid-col\"><div class=\"obfx-grid-col-image\" style=\"\"><a href=\"https:\/\/ctalker.org\/en\/2026\/03\/19\/ku-7\/\" title=\"Kurbli Filmklub: K\u00d6LT\u00d6Z\u00dcNK\"><img data-opt-id=751541874  loading=\"lazy\" decoding=\"async\" width=\"1780\" height=\"1540\" src=\"https:\/\/mladjxeqsxgv.i.optimole.com\/cb:B3zE.b136\/w:auto\/h:auto\/q:mauto\/f:best\/https:\/\/ctalker.org\/wp-content\/uploads\/2026\/04\/IMG_20260318_225811_1-scaled-e1776777987725.jpg\" class=\"img-responsive no-lazy wp-post-image\" alt=\"IMG_20260318_225811_1\" srcset=\"https:\/\/mladjxeqsxgv.i.optimole.com\/cb:B3zE.b136\/w:1248\/h:1080\/q:mauto\/f:best\/https:\/\/ctalker.org\/wp-content\/uploads\/2026\/04\/IMG_20260318_225811_1-scaled-e1776777987725.jpg 1780w, https:\/\/mladjxeqsxgv.i.optimole.com\/cb:B3zE.b136\/w:300\/h:260\/q:mauto\/f:best\/https:\/\/ctalker.org\/wp-content\/uploads\/2026\/04\/IMG_20260318_225811_1-scaled-e1776777987725.jpg 300w, https:\/\/mladjxeqsxgv.i.optimole.com\/cb:B3zE.b136\/w:1024\/h:886\/q:mauto\/f:best\/https:\/\/ctalker.org\/wp-content\/uploads\/2026\/04\/IMG_20260318_225811_1-scaled-e1776777987725.jpg 1024w, https:\/\/mladjxeqsxgv.i.optimole.com\/cb:B3zE.b136\/w:768\/h:664\/q:mauto\/f:best\/https:\/\/ctalker.org\/wp-content\/uploads\/2026\/04\/IMG_20260318_225811_1-scaled-e1776777987725.jpg 768w, https:\/\/mladjxeqsxgv.i.optimole.com\/cb:B3zE.b136\/w:1248\/h:1080\/q:mauto\/f:best\/https:\/\/ctalker.org\/wp-content\/uploads\/2026\/04\/IMG_20260318_225811_1-scaled-e1776777987725.jpg 1536w, https:\/\/mladjxeqsxgv.i.optimole.com\/cb:B3zE.b136\/w:1248\/h:1080\/q:mauto\/f:best\/dpr:2\/https:\/\/ctalker.org\/wp-content\/uploads\/2026\/04\/IMG_20260318_225811_1-scaled-e1776777987725.jpg 2x\" sizes=\"(max-width: 1000px) 100vw, 1000px\" \/><\/a><\/div><div class=\"obfx-grid-col-content\">\t\t\t<h2 class=\"entry-title obfx-grid-title\">\n\t\t\t\t\t\t\t<a href=\"https:\/\/ctalker.org\/en\/2026\/03\/19\/ku-7\/\" title=\"Kurbli Filmklub: K\u00d6LT\u00d6Z\u00dcNK\">\n\t\t\t\t\tKurbli Filmklub: K\u00d6LT\u00d6Z\u00dcNK\t\t\t\t<\/a>\n\t\t\t\t\t\t\t<\/h2>\n\t\t\t\t\t\t\t<div class=\"entry-meta obfx-grid-meta\">\n\n\t\t\t\t\t\t\t\t\t\t\t\t\t<span class=\"obfx-grid-date\">\n\t\t\t\t\t\t\t\t\t<i class=\"fas fa-calendar\"><\/i>19-03-2026\t\t\t\t\t\t\t\t<\/span>\n\t\t\t\t\t\t\t\t\t\t\t<span class=\"obfx-grid-categories\">\n\t\t\t\t<i class=\"fas fa-bookmark\"><\/i>\t\t\t\t\t<span class=\"obfx-grid-categories-item\">\n\t\t\t\t\t\t<a href=\"https:\/\/ctalker.org\/en\/category\/kurbli\/\"\n\t\t\t\t\t\t   title=\"Kurbli\">\n\t\t\t\t\t\t\tKurbli\t\t\t\t\t\t<\/a>\n\t\t\t\t\t<\/span>\n\t\t\t\t\t\t\t\t<\/span>\n\t\t\t\n\t\t\t\t<\/div>\n\t\t\t\t\t\t\t<div class=\"entry-content obfx-grid-content\">\n\t\t\t\t\u00dagy alakultak a k\u00f6r\u00fclm\u00e9nyek, hogy a vet\u00edt\u00e9seinknek otthont ad\u00f3 helysz\u00ednt elhagyjuk \u00e9s a m\u00e1rcius&hellip;\t\t\t<\/div>\n\t\t\t<\/div><\/article><\/div><div class=\"obfx-grid-wrapper\"><article class=\"obfx-grid-col\"><div class=\"obfx-grid-col-image\" style=\"\"><a href=\"https:\/\/ctalker.org\/en\/2026\/03\/18\/kurbli-filmklub-luis-bunuel-tristana\/\" title=\"Kurbli Filmklub-Luis\u00a0Bu\u00f1uel: Tristana\"><img data-opt-id=1846621001  loading=\"lazy\" decoding=\"async\" width=\"296\" height=\"170\" src=\"https:\/\/mladjxeqsxgv.i.optimole.com\/cb:B3zE.b136\/w:auto\/h:auto\/q:mauto\/f:best\/https:\/\/ctalker.org\/wp-content\/uploads\/2026\/04\/images-1.jpg\" class=\"img-responsive no-lazy wp-post-image\" alt=\"images (1)\" srcset=\"https:\/\/mladjxeqsxgv.i.optimole.com\/cb:B3zE.b136\/w:296\/h:170\/q:mauto\/f:best\/https:\/\/ctalker.org\/wp-content\/uploads\/2026\/04\/images-1.jpg 296w, https:\/\/mladjxeqsxgv.i.optimole.com\/cb:B3zE.b136\/w:296\/h:170\/q:mauto\/f:best\/dpr:2\/https:\/\/ctalker.org\/wp-content\/uploads\/2026\/04\/images-1.jpg 2x\" sizes=\"(max-width: 296px) 100vw, 296px\" \/><\/a><\/div><div class=\"obfx-grid-col-content\">\t\t\t<h2 class=\"entry-title obfx-grid-title\">\n\t\t\t\t\t\t\t<a href=\"https:\/\/ctalker.org\/en\/2026\/03\/18\/kurbli-filmklub-luis-bunuel-tristana\/\" title=\"Kurbli Filmklub-Luis\u00a0Bu\u00f1uel: Tristana\">\n\t\t\t\t\tKurbli Filmklub-Luis\u00a0Bu\u00f1uel: Tristana\t\t\t\t<\/a>\n\t\t\t\t\t\t\t<\/h2>\n\t\t\t\t\t\t\t<div class=\"entry-meta obfx-grid-meta\">\n\n\t\t\t\t\t\t\t\t\t\t\t\t\t<span class=\"obfx-grid-date\">\n\t\t\t\t\t\t\t\t\t<i class=\"fas fa-calendar\"><\/i>18-03-2026\t\t\t\t\t\t\t\t<\/span>\n\t\t\t\t\t\t\t\t\t\t\t<span class=\"obfx-grid-categories\">\n\t\t\t\t<i class=\"fas fa-bookmark\"><\/i>\t\t\t\t\t<span class=\"obfx-grid-categories-item\">\n\t\t\t\t\t\t<a href=\"https:\/\/ctalker.org\/en\/category\/kurbli\/\"\n\t\t\t\t\t\t   title=\"Kurbli\">\n\t\t\t\t\t\t\tKurbli\t\t\t\t\t\t<\/a>\n\t\t\t\t\t<\/span>\n\t\t\t\t\t\t\t\t<\/span>\n\t\t\t\n\t\t\t\t<\/div>\n\t\t\t\t\t\t\t<div class=\"entry-content obfx-grid-content\">\n\t\t\t\t2026.03.18.\/Szabadka Luis\u00a0Bu\u00f1uel Tristana, 1969, spanyol szat\u00edra, 95 perc Luis\u00a0Bu\u00f1uel\u00a0a filmm\u0171v\u00e9szet egyik legnagyobb szerz\u0151je \u2013&hellip;\t\t\t<\/div>\n\t\t\t<\/div><\/article><\/div><div class=\"obfx-grid-wrapper\"><article class=\"obfx-grid-col\"><div class=\"obfx-grid-col-image\" style=\"\"><a href=\"https:\/\/ctalker.org\/en\/2026\/03\/11\/ku-6\/\" title=\"Kurbli Filmklub-Sean Price Williams: \u00c9des kelet\"><img data-opt-id=753023658  loading=\"lazy\" decoding=\"async\" width=\"1200\" height=\"900\" src=\"https:\/\/mladjxeqsxgv.i.optimole.com\/cb:B3zE.b136\/w:auto\/h:auto\/q:mauto\/f:best\/https:\/\/ctalker.org\/wp-content\/uploads\/2026\/04\/649635577_10242921700879918_6189953081001538774_n.jpg\" class=\"img-responsive no-lazy wp-post-image\" alt=\"649635577_10242921700879918_6189953081001538774_n\" srcset=\"https:\/\/mladjxeqsxgv.i.optimole.com\/cb:B3zE.b136\/w:1200\/h:900\/q:mauto\/f:best\/https:\/\/ctalker.org\/wp-content\/uploads\/2026\/04\/649635577_10242921700879918_6189953081001538774_n.jpg 1200w, https:\/\/mladjxeqsxgv.i.optimole.com\/cb:B3zE.b136\/w:300\/h:225\/q:mauto\/f:best\/https:\/\/ctalker.org\/wp-content\/uploads\/2026\/04\/649635577_10242921700879918_6189953081001538774_n.jpg 300w, https:\/\/mladjxeqsxgv.i.optimole.com\/cb:B3zE.b136\/w:1024\/h:768\/q:mauto\/f:best\/https:\/\/ctalker.org\/wp-content\/uploads\/2026\/04\/649635577_10242921700879918_6189953081001538774_n.jpg 1024w, https:\/\/mladjxeqsxgv.i.optimole.com\/cb:B3zE.b136\/w:768\/h:576\/q:mauto\/f:best\/https:\/\/ctalker.org\/wp-content\/uploads\/2026\/04\/649635577_10242921700879918_6189953081001538774_n.jpg 768w, https:\/\/mladjxeqsxgv.i.optimole.com\/cb:B3zE.b136\/w:1200\/h:900\/q:mauto\/f:best\/dpr:2\/https:\/\/ctalker.org\/wp-content\/uploads\/2026\/04\/649635577_10242921700879918_6189953081001538774_n.jpg 2x\" sizes=\"(max-width: 1000px) 100vw, 1000px\" \/><\/a><\/div><div class=\"obfx-grid-col-content\">\t\t\t<h2 class=\"entry-title obfx-grid-title\">\n\t\t\t\t\t\t\t<a href=\"https:\/\/ctalker.org\/en\/2026\/03\/11\/ku-6\/\" title=\"Kurbli Filmklub-Sean Price Williams: \u00c9des kelet\">\n\t\t\t\t\tKurbli Filmklub-Sean Price Williams: \u00c9des kelet\t\t\t\t<\/a>\n\t\t\t\t\t\t\t<\/h2>\n\t\t\t\t\t\t\t<div class=\"entry-meta obfx-grid-meta\">\n\n\t\t\t\t\t\t\t\t\t\t\t\t\t<span class=\"obfx-grid-date\">\n\t\t\t\t\t\t\t\t\t<i class=\"fas fa-calendar\"><\/i>11-03-2026\t\t\t\t\t\t\t\t<\/span>\n\t\t\t\t\t\t\t\t\t\t\t<span class=\"obfx-grid-categories\">\n\t\t\t\t<i class=\"fas fa-bookmark\"><\/i>\t\t\t\t\t<span class=\"obfx-grid-categories-item\">\n\t\t\t\t\t\t<a href=\"https:\/\/ctalker.org\/en\/category\/kurbli\/\"\n\t\t\t\t\t\t   title=\"Kurbli\">\n\t\t\t\t\t\t\tKurbli\t\t\t\t\t\t<\/a>\n\t\t\t\t\t<\/span>\n\t\t\t\t\t\t\t\t<\/span>\n\t\t\t\n\t\t\t\t<\/div>\n\t\t\t\t\t\t\t<div class=\"entry-content obfx-grid-content\">\n\t\t\t\t2026.03.11.\/Szabadka Sean Price Williams \u00c9des kelet (The Sweat East), 2023, amerikai szat\u00edra, 104 perc&hellip;\t\t\t<\/div>\n\t\t\t<\/div><\/article><\/div><div class=\"obfx-grid-wrapper\"><article class=\"obfx-grid-col\"><div class=\"obfx-grid-col-image\" style=\"\"><a href=\"https:\/\/ctalker.org\/en\/2026\/03\/04\/ku-5\/\" title=\"Kurbli Filmklub-Roy Andersson: Egy galamb le\u00fclt egy \u00e1gra, hogy t\u0171n\u0151dj\u00f6n a l\u00e9tez\u00e9sr\u0151l\"><img data-opt-id=1671610415  loading=\"lazy\" decoding=\"async\" width=\"1200\" height=\"675\" src=\"https:\/\/mladjxeqsxgv.i.optimole.com\/cb:B3zE.b136\/w:auto\/h:auto\/q:mauto\/f:best\/https:\/\/ctalker.org\/wp-content\/uploads\/2026\/04\/645882825_10242808287724660_2562632419585647559_n.jpg\" class=\"img-responsive no-lazy wp-post-image\" alt=\"645882825_10242808287724660_2562632419585647559_n\" srcset=\"https:\/\/mladjxeqsxgv.i.optimole.com\/cb:B3zE.b136\/w:1200\/h:675\/q:mauto\/f:best\/https:\/\/ctalker.org\/wp-content\/uploads\/2026\/04\/645882825_10242808287724660_2562632419585647559_n.jpg 1200w, https:\/\/mladjxeqsxgv.i.optimole.com\/cb:B3zE.b136\/w:300\/h:169\/q:mauto\/f:best\/https:\/\/ctalker.org\/wp-content\/uploads\/2026\/04\/645882825_10242808287724660_2562632419585647559_n.jpg 300w, https:\/\/mladjxeqsxgv.i.optimole.com\/cb:B3zE.b136\/w:1024\/h:576\/q:mauto\/f:best\/https:\/\/ctalker.org\/wp-content\/uploads\/2026\/04\/645882825_10242808287724660_2562632419585647559_n.jpg 1024w, https:\/\/mladjxeqsxgv.i.optimole.com\/cb:B3zE.b136\/w:768\/h:432\/q:mauto\/f:best\/https:\/\/ctalker.org\/wp-content\/uploads\/2026\/04\/645882825_10242808287724660_2562632419585647559_n.jpg 768w, https:\/\/mladjxeqsxgv.i.optimole.com\/cb:B3zE.b136\/w:1200\/h:675\/q:mauto\/f:best\/dpr:2\/https:\/\/ctalker.org\/wp-content\/uploads\/2026\/04\/645882825_10242808287724660_2562632419585647559_n.jpg 2x\" sizes=\"(max-width: 1000px) 100vw, 1000px\" \/><\/a><\/div><div class=\"obfx-grid-col-content\">\t\t\t<h2 class=\"entry-title obfx-grid-title\">\n\t\t\t\t\t\t\t<a href=\"https:\/\/ctalker.org\/en\/2026\/03\/04\/ku-5\/\" title=\"Kurbli Filmklub-Roy Andersson: Egy galamb le\u00fclt egy \u00e1gra, hogy t\u0171n\u0151dj\u00f6n a l\u00e9tez\u00e9sr\u0151l\">\n\t\t\t\t\tKurbli Filmklub-Roy Andersson: Egy galamb le\u00fclt egy \u00e1gra, hogy t\u0171n\u0151dj\u00f6n a l\u00e9tez\u00e9sr\u0151l\t\t\t\t<\/a>\n\t\t\t\t\t\t\t<\/h2>\n\t\t\t\t\t\t\t<div class=\"entry-meta obfx-grid-meta\">\n\n\t\t\t\t\t\t\t\t\t\t\t\t\t<span class=\"obfx-grid-date\">\n\t\t\t\t\t\t\t\t\t<i class=\"fas fa-calendar\"><\/i>04-03-2026\t\t\t\t\t\t\t\t<\/span>\n\t\t\t\t\t\t\t\t\t\t\t<span class=\"obfx-grid-categories\">\n\t\t\t\t<i class=\"fas fa-bookmark\"><\/i>\t\t\t\t\t<span class=\"obfx-grid-categories-item\">\n\t\t\t\t\t\t<a href=\"https:\/\/ctalker.org\/en\/category\/kurbli\/\"\n\t\t\t\t\t\t   title=\"Kurbli\">\n\t\t\t\t\t\t\tKurbli\t\t\t\t\t\t<\/a>\n\t\t\t\t\t<\/span>\n\t\t\t\t\t\t\t\t<\/span>\n\t\t\t\n\t\t\t\t<\/div>\n\t\t\t\t\t\t\t<div class=\"entry-content obfx-grid-content\">\n\t\t\t\t2026.03.04.\/Szabadka Roy Andersson: Egy galamb le\u00fclt egy \u00e1gra, hogy t\u0171n\u0151dj\u00f6n a l\u00e9tez\u00e9sr\u0151l (En duva&hellip;\t\t\t<\/div>\n\t\t\t<\/div><\/article><\/div><div class=\"obfx-grid-wrapper\"><article class=\"obfx-grid-col\"><div class=\"obfx-grid-col-image\" style=\"\"><a href=\"https:\/\/ctalker.org\/en\/2026\/03\/01\/marciusi-kurbli-filmklub\/\" title=\"M\u00e1rciusi Kurbli m\u0171sor\"><img data-opt-id=1204108093  loading=\"lazy\" decoding=\"async\" width=\"1414\" height=\"2000\" src=\"https:\/\/mladjxeqsxgv.i.optimole.com\/cb:B3zE.b136\/w:auto\/h:auto\/q:mauto\/f:best\/https:\/\/ctalker.org\/wp-content\/uploads\/2026\/04\/644453639_1324764273021473_2069525229060790000_n.jpg\" class=\"img-responsive no-lazy wp-post-image\" alt=\"644453639_1324764273021473_2069525229060790000_n\" srcset=\"https:\/\/mladjxeqsxgv.i.optimole.com\/cb:B3zE.b136\/w:763\/h:1080\/q:mauto\/f:best\/https:\/\/ctalker.org\/wp-content\/uploads\/2026\/04\/644453639_1324764273021473_2069525229060790000_n.jpg 1414w, https:\/\/mladjxeqsxgv.i.optimole.com\/cb:B3zE.b136\/w:212\/h:300\/q:mauto\/f:best\/https:\/\/ctalker.org\/wp-content\/uploads\/2026\/04\/644453639_1324764273021473_2069525229060790000_n.jpg 212w, https:\/\/mladjxeqsxgv.i.optimole.com\/cb:B3zE.b136\/w:724\/h:1024\/q:mauto\/f:best\/https:\/\/ctalker.org\/wp-content\/uploads\/2026\/04\/644453639_1324764273021473_2069525229060790000_n.jpg 724w, https:\/\/mladjxeqsxgv.i.optimole.com\/cb:B3zE.b136\/w:763\/h:1080\/q:mauto\/f:best\/https:\/\/ctalker.org\/wp-content\/uploads\/2026\/04\/644453639_1324764273021473_2069525229060790000_n.jpg 768w, https:\/\/mladjxeqsxgv.i.optimole.com\/cb:B3zE.b136\/w:763\/h:1080\/q:mauto\/f:best\/https:\/\/ctalker.org\/wp-content\/uploads\/2026\/04\/644453639_1324764273021473_2069525229060790000_n.jpg 1086w, https:\/\/mladjxeqsxgv.i.optimole.com\/cb:B3zE.b136\/w:763\/h:1080\/q:mauto\/f:best\/dpr:2\/https:\/\/ctalker.org\/wp-content\/uploads\/2026\/04\/644453639_1324764273021473_2069525229060790000_n.jpg 2x\" sizes=\"(max-width: 1000px) 100vw, 1000px\" \/><\/a><\/div><div class=\"obfx-grid-col-content\">\t\t\t<h2 class=\"entry-title obfx-grid-title\">\n\t\t\t\t\t\t\t<a href=\"https:\/\/ctalker.org\/en\/2026\/03\/01\/marciusi-kurbli-filmklub\/\" title=\"M\u00e1rciusi Kurbli m\u0171sor\">\n\t\t\t\t\tM\u00e1rciusi Kurbli m\u0171sor\t\t\t\t<\/a>\n\t\t\t\t\t\t\t<\/h2>\n\t\t\t\t\t\t\t<div class=\"entry-meta obfx-grid-meta\">\n\n\t\t\t\t\t\t\t\t\t\t\t\t\t<span class=\"obfx-grid-date\">\n\t\t\t\t\t\t\t\t\t<i class=\"fas fa-calendar\"><\/i>01-03-2026\t\t\t\t\t\t\t\t<\/span>\n\t\t\t\t\t\t\t\t\t\t\t<span class=\"obfx-grid-categories\">\n\t\t\t\t<i class=\"fas fa-bookmark\"><\/i>\t\t\t\t\t<span class=\"obfx-grid-categories-item\">\n\t\t\t\t\t\t<a href=\"https:\/\/ctalker.org\/en\/category\/kurbli\/\"\n\t\t\t\t\t\t   title=\"Kurbli\">\n\t\t\t\t\t\t\tKurbli\t\t\t\t\t\t<\/a>\n\t\t\t\t\t<\/span>\n\t\t\t\t\t\t\t\t<\/span>\n\t\t\t\n\t\t\t\t<\/div>\n\t\t\t\t\t\t\t<div class=\"entry-content obfx-grid-content\">\n\t\t\t\t&nbsp;M \u00c1 R C I U S-i&nbsp;Kurbli Filmklub &nbsp;Tavaszi lend\u00fclettel sz\u00e1ll\u00edtjuk a filmm\u0171v\u00e9szet remekm\u0171veit&nbsp;&hellip;\t\t\t<\/div>\n\t\t\t<\/div><\/article><\/div>\t\t\t\t<div class=\"obfx-grid-pagination\">\n\t\t\t\t\t\t\t\t\t\t<nav class=\"pagination\">\n\t\t\t\t\t\t<span aria-current=\"page\" class=\"page-numbers current\">1<\/span>\n<a class=\"page-numbers\" href=\"https:\/\/ctalker.org\/en\/wp-json\/wp\/v2\/pages\/331\/page\/2\/\">2<\/a>\n<a class=\"page-numbers\" href=\"https:\/\/ctalker.org\/en\/wp-json\/wp\/v2\/pages\/331\/page\/3\/\">3<\/a>\n<a class=\"page-numbers\" href=\"https:\/\/ctalker.org\/en\/wp-json\/wp\/v2\/pages\/331\/page\/4\/\">4<\/a>\n<span class=\"page-numbers dots\">&hellip;<\/span>\n<a class=\"page-numbers\" href=\"https:\/\/ctalker.org\/en\/wp-json\/wp\/v2\/pages\/331\/page\/21\/\">21<\/a>\n<a class=\"next page-numbers\" href=\"https:\/\/ctalker.org\/en\/wp-json\/wp\/v2\/pages\/331\/page\/2\/\">Next<\/a>\t\t\t\t\t<\/nav>\n\t\t\t\t<\/div>\n\t\t\t\t<\/div><!-- .obfx-grid-container --><\/div><!-- .obfx-grid -->\t\t\t\t<\/div>\n\t\t\t\t<\/div>\n\t\t\t\t\t<\/div>\n\t\t<\/div>\n\t\t\t\t\t<\/div>\n\t\t<\/section>\n\t\t\t\t<\/div>\n\t\t","protected":false},"excerpt":{"rendered":"<p>Online dokumentumfilm-sorozat a Csantav\u00e9r-i Bell\u00e1nyi Ferencr\u0151l. A filmben a 99 \u00e9ves k\u00e9s\u00e9lez\u0151 mester \u00e9s m\u0171k\u00f6sz\u00f6r\u0171s, valamint aut\u00f3s oktat\u00f3, sof\u0151r \u00e9s motoros mes\u00e9l \u00e9vsz\u00e1zados Vajdas\u00e1g-i \u00e9let\u00e9r\u0151l, gyerekkor\u00e1t\u00f3l napjainkig. A XX. sz\u00e1zadot \u00e1tsz\u00f6v\u0151 t\u00f6rt\u00e9netek visszany\u00falnak az&#46;&#46;&#46;<\/p>\n","protected":false},"author":1,"featured_media":0,"parent":0,"menu_order":0,"comment_status":"closed","ping_status":"closed","template":"elementor_theme","meta":{"rop_custom_images_group":[],"rop_custom_messages_group":[],"rop_publish_now":"initial","rop_publish_now_accounts":[],"rop_publish_now_history":[],"rop_publish_now_status":"pending","_themeisle_gutenberg_block_has_review":false,"footnotes":""},"class_list":["post-331","page","type-page","status-publish","hentry"],"featured_image_src":null,"featured_image_src_square":null,"_links":{"self":[{"href":"https:\/\/ctalker.org\/en\/wp-json\/wp\/v2\/pages\/331","targetHints":{"allow":["GET"]}}],"collection":[{"href":"https:\/\/ctalker.org\/en\/wp-json\/wp\/v2\/pages"}],"about":[{"href":"https:\/\/ctalker.org\/en\/wp-json\/wp\/v2\/types\/page"}],"author":[{"embeddable":true,"href":"https:\/\/ctalker.org\/en\/wp-json\/wp\/v2\/users\/1"}],"replies":[{"embeddable":true,"href":"https:\/\/ctalker.org\/en\/wp-json\/wp\/v2\/comments?post=331"}],"version-history":[{"count":414,"href":"https:\/\/ctalker.org\/en\/wp-json\/wp\/v2\/pages\/331\/revisions"}],"predecessor-version":[{"id":4679,"href":"https:\/\/ctalker.org\/en\/wp-json\/wp\/v2\/pages\/331\/revisions\/4679"}],"wp:attachment":[{"href":"https:\/\/ctalker.org\/en\/wp-json\/wp\/v2\/media?parent=331"}],"curies":[{"name":"wp","href":"https:\/\/api.w.org\/{rel}","templated":true}]}}