{"id":1517,"date":"2021-10-17T22:29:53","date_gmt":"2021-10-17T21:29:53","guid":{"rendered":"https:\/\/ctalker.org\/?page_id=1517"},"modified":"2021-10-22T03:10:40","modified_gmt":"2021-10-22T02:10:40","slug":"elementor-1517","status":"publish","type":"page","link":"https:\/\/ctalker.org\/en\/elementor-1517\/","title":{"rendered":"Kurbli Filmklub"},"content":{"rendered":"\t\t<div data-elementor-type=\"wp-page\" data-elementor-id=\"1517\" class=\"elementor elementor-1517\">\n\t\t\t\t\t\t<section class=\"elementor-section elementor-top-section elementor-element elementor-element-7d368633 elementor-section-boxed elementor-section-height-default elementor-section-height-default\" data-id=\"7d368633\" data-element_type=\"section\" data-e-type=\"section\">\n\t\t\t\t\t\t<div class=\"elementor-container elementor-column-gap-default\">\n\t\t\t\t\t<div class=\"elementor-column elementor-col-100 elementor-top-column elementor-element elementor-element-1635fe31\" data-id=\"1635fe31\" data-element_type=\"column\" data-e-type=\"column\">\n\t\t\t<div class=\"elementor-widget-wrap elementor-element-populated\">\n\t\t\t\t\t\t<div class=\"elementor-element elementor-element-da3da91 elementor-widget elementor-widget-spacer\" data-id=\"da3da91\" data-element_type=\"widget\" data-e-type=\"widget\" data-widget_type=\"spacer.default\">\n\t\t\t\t\t\t\t<div class=\"elementor-spacer\">\n\t\t\t<div class=\"elementor-spacer-inner\"><\/div>\n\t\t<\/div>\n\t\t\t\t\t\t<\/div>\n\t\t\t\t<div class=\"elementor-element elementor-element-096363c elementor-widget elementor-widget-obfx-posts-grid\" data-id=\"096363c\" data-element_type=\"widget\" data-e-type=\"widget\" data-widget_type=\"obfx-posts-grid.default\">\n\t\t\t\t<div class=\"elementor-widget-container\">\n\t\t\t\t\t<div class=\"obfx-grid\"><div class=\"obfx-grid-container obfx-grid-desktop-3\"><div class=\"obfx-grid-wrapper\"><article class=\"obfx-grid-col\"><div class=\"obfx-grid-col-image\" style=\"\"><a href=\"https:\/\/ctalker.org\/en\/2026\/04\/15\/kurbli-filmklub-shih-ching-tsou-a-balkezes-lany\/\" title=\"Kurbli Filmklub-Shih-Ching Tsou: A balkezes l\u00e1ny\"><img data-opt-id=575947811  fetchpriority=\"high\" decoding=\"async\" width=\"1200\" height=\"675\" src=\"https:\/\/mladjxeqsxgv.i.optimole.com\/cb:B3zE.b136\/w:auto\/h:auto\/q:mauto\/f:best\/https:\/\/ctalker.org\/wp-content\/uploads\/2026\/04\/671480163_10243541158885981_3472758485748955406_n.jpg\" class=\"img-responsive no-lazy wp-post-image\" alt=\"671480163_10243541158885981_3472758485748955406_n\" srcset=\"https:\/\/mladjxeqsxgv.i.optimole.com\/cb:B3zE.b136\/w:1200\/h:675\/q:mauto\/f:best\/https:\/\/ctalker.org\/wp-content\/uploads\/2026\/04\/671480163_10243541158885981_3472758485748955406_n.jpg 1200w, https:\/\/mladjxeqsxgv.i.optimole.com\/cb:B3zE.b136\/w:300\/h:169\/q:mauto\/f:best\/https:\/\/ctalker.org\/wp-content\/uploads\/2026\/04\/671480163_10243541158885981_3472758485748955406_n.jpg 300w, https:\/\/mladjxeqsxgv.i.optimole.com\/cb:B3zE.b136\/w:1024\/h:576\/q:mauto\/f:best\/https:\/\/ctalker.org\/wp-content\/uploads\/2026\/04\/671480163_10243541158885981_3472758485748955406_n.jpg 1024w, https:\/\/mladjxeqsxgv.i.optimole.com\/cb:B3zE.b136\/w:768\/h:432\/q:mauto\/f:best\/https:\/\/ctalker.org\/wp-content\/uploads\/2026\/04\/671480163_10243541158885981_3472758485748955406_n.jpg 768w, https:\/\/mladjxeqsxgv.i.optimole.com\/cb:B3zE.b136\/w:1200\/h:675\/q:mauto\/f:best\/dpr:2\/https:\/\/ctalker.org\/wp-content\/uploads\/2026\/04\/671480163_10243541158885981_3472758485748955406_n.jpg 2x\" sizes=\"(max-width: 1000px) 100vw, 1000px\" \/><\/a><\/div><div class=\"obfx-grid-col-content\">\t\t\t<h2 class=\"entry-title obfx-grid-title\">\n\t\t\t\t\t\t\t<a href=\"https:\/\/ctalker.org\/en\/2026\/04\/15\/kurbli-filmklub-shih-ching-tsou-a-balkezes-lany\/\" title=\"Kurbli Filmklub-Shih-Ching Tsou: A balkezes l\u00e1ny\">\n\t\t\t\t\tKurbli Filmklub-Shih-Ching Tsou: A balkezes l\u00e1ny\t\t\t\t<\/a>\n\t\t\t\t\t\t\t<\/h2>\n\t\t\t\t\t\t\t<div class=\"entry-meta obfx-grid-meta\">\n\n\t\t\t\t\t\t\t\t\t\t\t\t\t<span class=\"obfx-grid-author\">\n\t\t\t\t\t\t\t\t\t<i class=\"fas fa-user\"><\/i>Kari\t\t\t\t\t\t\t\t<\/span>\n\t\t\t\t\t\t\t\t\t\t\t\t\t\t\t\t<span class=\"obfx-grid-date\">\n\t\t\t\t\t\t\t\t\t<i class=\"fas fa-calendar\"><\/i>15-04-2026\t\t\t\t\t\t\t\t<\/span>\n\t\t\t\t\t\t\t\t\n\t\t\t\t<\/div>\n\t\t\t\t\t\t\t<div class=\"entry-content obfx-grid-content\">\n\t\t\t\t2026.04.15.\/Szabadka Shih-Ching Tsou: A balkezes l\u00e1ny\u00a0(Left handed girl), 2025, taiwani iPhone j\u00e1t\u00e9kfilm, 108 p. Shih-Ching Tsou\u00a0rendez\u0151n\u0151 tajvani filmj\u00e9nek vil\u00e1gpremierje a 2025-\u00f6s Cannes-i Filmfesztiv\u00e1l Kritikusok Hete szekci\u00f3ban volt \u00c9l\u00e9nk \u00e9s sz\u00edvhez&hellip;\t\t\t<\/div>\n\t\t\t<\/div><\/article><\/div><div class=\"obfx-grid-wrapper\"><article class=\"obfx-grid-col\"><div class=\"obfx-grid-col-image\" style=\"\"><a href=\"https:\/\/ctalker.org\/en\/2026\/04\/08\/kurbli-filmklub-shane-carruth-feltoro-szinek\/\" title=\"Kurbli Filmklub-Shane Carruth: Felt\u00f6r\u0151 sz\u00ednek\"><img data-opt-id=293780732  fetchpriority=\"high\" decoding=\"async\" width=\"1500\" height=\"746\" src=\"https:\/\/mladjxeqsxgv.i.optimole.com\/cb:B3zE.b136\/w:auto\/h:auto\/q:mauto\/f:best\/https:\/\/ctalker.org\/wp-content\/uploads\/2026\/04\/544.jpg\" class=\"img-responsive no-lazy wp-post-image\" alt=\"544\" srcset=\"https:\/\/mladjxeqsxgv.i.optimole.com\/cb:B3zE.b136\/w:1500\/h:746\/q:mauto\/f:best\/https:\/\/ctalker.org\/wp-content\/uploads\/2026\/04\/544.jpg 1500w, https:\/\/mladjxeqsxgv.i.optimole.com\/cb:B3zE.b136\/w:300\/h:149\/q:mauto\/f:best\/https:\/\/ctalker.org\/wp-content\/uploads\/2026\/04\/544.jpg 300w, https:\/\/mladjxeqsxgv.i.optimole.com\/cb:B3zE.b136\/w:1024\/h:509\/q:mauto\/f:best\/https:\/\/ctalker.org\/wp-content\/uploads\/2026\/04\/544.jpg 1024w, https:\/\/mladjxeqsxgv.i.optimole.com\/cb:B3zE.b136\/w:768\/h:382\/q:mauto\/f:best\/https:\/\/ctalker.org\/wp-content\/uploads\/2026\/04\/544.jpg 768w, https:\/\/mladjxeqsxgv.i.optimole.com\/cb:B3zE.b136\/w:1500\/h:746\/q:mauto\/f:best\/dpr:2\/https:\/\/ctalker.org\/wp-content\/uploads\/2026\/04\/544.jpg 2x\" sizes=\"(max-width: 1000px) 100vw, 1000px\" \/><\/a><\/div><div class=\"obfx-grid-col-content\">\t\t\t<h2 class=\"entry-title obfx-grid-title\">\n\t\t\t\t\t\t\t<a href=\"https:\/\/ctalker.org\/en\/2026\/04\/08\/kurbli-filmklub-shane-carruth-feltoro-szinek\/\" title=\"Kurbli Filmklub-Shane Carruth: Felt\u00f6r\u0151 sz\u00ednek\">\n\t\t\t\t\tKurbli Filmklub-Shane Carruth: Felt\u00f6r\u0151 sz\u00ednek\t\t\t\t<\/a>\n\t\t\t\t\t\t\t<\/h2>\n\t\t\t\t\t\t\t<div class=\"entry-meta obfx-grid-meta\">\n\n\t\t\t\t\t\t\t\t\t\t\t\t\t<span class=\"obfx-grid-author\">\n\t\t\t\t\t\t\t\t\t<i class=\"fas fa-user\"><\/i>Kari\t\t\t\t\t\t\t\t<\/span>\n\t\t\t\t\t\t\t\t\t\t\t\t\t\t\t\t<span class=\"obfx-grid-date\">\n\t\t\t\t\t\t\t\t\t<i class=\"fas fa-calendar\"><\/i>08-04-2026\t\t\t\t\t\t\t\t<\/span>\n\t\t\t\t\t\t\t\t\n\t\t\t\t<\/div>\n\t\t\t\t\t\t\t<div class=\"entry-content obfx-grid-content\">\n\t\t\t\t2026.04.08.\/Szabadka Shane Carruth: Felt\u00f6r\u0151 sz\u00ednek, 2013, k\u00f6lt\u0151i sci-fi, 96 p. Shane Carruth matematikus Sundance f\u0151d\u00edjas\u00a0Tal\u00e1lm\u00e1ny (Primer, 2004)\u00a0c\u00edm\u0171 k\u00fcl\u00f6n\u00f6s id\u0151utaz\u00f3s filmj\u00e9nek felbontott narr\u00e1ci\u00f3ja, Ritter Gy\u00f6rgy kritikus szerint\u00a0elbizonytalan\u00edtotta n\u00e9z\u0151it M\u00e1sodik misztikus sci-fi&hellip;\t\t\t<\/div>\n\t\t\t<\/div><\/article><\/div><div class=\"obfx-grid-wrapper\"><article class=\"obfx-grid-col\"><div class=\"obfx-grid-col-image\" style=\"\"><a href=\"https:\/\/ctalker.org\/en\/2026\/04\/01\/kurbli-filmklub-ruben-ostland-lavina\/\" title=\"Kurbli Filmklub-Ruben \u00d6stland:\u00a0LAVINA\"><img data-opt-id=945552596  decoding=\"async\" width=\"570\" height=\"338\" src=\"https:\/\/mladjxeqsxgv.i.optimole.com\/cb:B3zE.b136\/w:auto\/h:auto\/q:mauto\/f:best\/https:\/\/ctalker.org\/wp-content\/uploads\/2026\/04\/658368718_10243377102824682_5092023319088272038_n.jpg\" class=\"img-responsive no-lazy wp-post-image\" alt=\"658368718_10243377102824682_5092023319088272038_n\" srcset=\"https:\/\/mladjxeqsxgv.i.optimole.com\/cb:B3zE.b136\/w:570\/h:338\/q:mauto\/f:best\/https:\/\/ctalker.org\/wp-content\/uploads\/2026\/04\/658368718_10243377102824682_5092023319088272038_n.jpg 570w, https:\/\/mladjxeqsxgv.i.optimole.com\/cb:B3zE.b136\/w:300\/h:178\/q:mauto\/f:best\/https:\/\/ctalker.org\/wp-content\/uploads\/2026\/04\/658368718_10243377102824682_5092023319088272038_n.jpg 300w, https:\/\/mladjxeqsxgv.i.optimole.com\/cb:B3zE.b136\/w:570\/h:338\/q:mauto\/f:best\/dpr:2\/https:\/\/ctalker.org\/wp-content\/uploads\/2026\/04\/658368718_10243377102824682_5092023319088272038_n.jpg 2x\" sizes=\"(max-width: 570px) 100vw, 570px\" \/><\/a><\/div><div class=\"obfx-grid-col-content\">\t\t\t<h2 class=\"entry-title obfx-grid-title\">\n\t\t\t\t\t\t\t<a href=\"https:\/\/ctalker.org\/en\/2026\/04\/01\/kurbli-filmklub-ruben-ostland-lavina\/\" title=\"Kurbli Filmklub-Ruben \u00d6stland:\u00a0LAVINA\">\n\t\t\t\t\tKurbli Filmklub-Ruben \u00d6stland:\u00a0LAVINA\t\t\t\t<\/a>\n\t\t\t\t\t\t\t<\/h2>\n\t\t\t\t\t\t\t<div class=\"entry-meta obfx-grid-meta\">\n\n\t\t\t\t\t\t\t\t\t\t\t\t\t<span class=\"obfx-grid-author\">\n\t\t\t\t\t\t\t\t\t<i class=\"fas fa-user\"><\/i>Kari\t\t\t\t\t\t\t\t<\/span>\n\t\t\t\t\t\t\t\t\t\t\t\t\t\t\t\t<span class=\"obfx-grid-date\">\n\t\t\t\t\t\t\t\t\t<i class=\"fas fa-calendar\"><\/i>01-04-2026\t\t\t\t\t\t\t\t<\/span>\n\t\t\t\t\t\t\t\t\n\t\t\t\t<\/div>\n\t\t\t\t\t\t\t<div class=\"entry-content obfx-grid-content\">\n\t\t\t\t2026.04.01.\/Szabadka Ruben \u00d6stland:\u00a0LAVINA, 2014, sv\u00e9d szat\u00edra, 118 perc Az \u00f6szt\u00f6neim \u00e1ldozata vagyok!\u00a0\u2013 hangs\u00falyozza a film egy zokogva el\u0151adott mondat\u00e1t Rudas D\u00f3ra publicista. Egy m\u00e1sik Filmvil\u00e1gos, Paz\u00e1r Sarolta szerint\u00a0Ruben \u00d6stlund\u00a0Lavin\u00e1ja letisztult&hellip;\t\t\t<\/div>\n\t\t\t<\/div><\/article><\/div><div class=\"obfx-grid-wrapper\"><article class=\"obfx-grid-col\"><div class=\"obfx-grid-col-image\" style=\"\"><a href=\"https:\/\/ctalker.org\/en\/2026\/03\/31\/aprilisi-kurbli-musor-3\/\" title=\"\u00c1prilisi Kurbli m\u0171sor\"><img data-opt-id=586866524  loading=\"lazy\" decoding=\"async\" width=\"1414\" height=\"2000\" src=\"https:\/\/mladjxeqsxgv.i.optimole.com\/cb:B3zE.b136\/w:auto\/h:auto\/q:mauto\/f:best\/https:\/\/ctalker.org\/wp-content\/uploads\/2026\/04\/2026-4-1.pdf-6.jpg\" class=\"img-responsive no-lazy wp-post-image\" alt=\"2026 (4) (1).pdf (6)\" \/><\/a><\/div><div class=\"obfx-grid-col-content\">\t\t\t<h2 class=\"entry-title obfx-grid-title\">\n\t\t\t\t\t\t\t<a href=\"https:\/\/ctalker.org\/en\/2026\/03\/31\/aprilisi-kurbli-musor-3\/\" title=\"\u00c1prilisi Kurbli m\u0171sor\">\n\t\t\t\t\t\u00c1prilisi Kurbli m\u0171sor\t\t\t\t<\/a>\n\t\t\t\t\t\t\t<\/h2>\n\t\t\t\t\t\t\t<div class=\"entry-meta obfx-grid-meta\">\n\n\t\t\t\t\t\t\t\t\t\t\t\t\t<span class=\"obfx-grid-author\">\n\t\t\t\t\t\t\t\t\t<i class=\"fas fa-user\"><\/i>Kari\t\t\t\t\t\t\t\t<\/span>\n\t\t\t\t\t\t\t\t\t\t\t\t\t\t\t\t<span class=\"obfx-grid-date\">\n\t\t\t\t\t\t\t\t\t<i class=\"fas fa-calendar\"><\/i>31-03-2026\t\t\t\t\t\t\t\t<\/span>\n\t\t\t\t\t\t\t\t\n\t\t\t\t<\/div>\n\t\t\t\t\t\t\t<div class=\"entry-content obfx-grid-content\">\n\t\t\t\t\t\t\t<\/div>\n\t\t\t<\/div><\/article><\/div><div class=\"obfx-grid-wrapper\"><article class=\"obfx-grid-col\"><div class=\"obfx-grid-col-image\" style=\"\"><a href=\"https:\/\/ctalker.org\/en\/2026\/03\/27\/kurbli-filmklub-janisch-attila-kozonsegtalalkozo\/\" title=\"Kurbli Filmklub: Janisch Attila k\u00f6z\u00f6ns\u00e9gtal\u00e1lkoz\u00f3\"><img data-opt-id=98241692  loading=\"lazy\" decoding=\"async\" width=\"2560\" height=\"1920\" src=\"https:\/\/mladjxeqsxgv.i.optimole.com\/cb:B3zE.b136\/w:auto\/h:auto\/q:mauto\/f:best\/https:\/\/ctalker.org\/wp-content\/uploads\/2026\/04\/IMG_20260325_204122-scaled.jpg\" class=\"img-responsive no-lazy wp-post-image\" alt=\"IMG_20260325_204122\" srcset=\"https:\/\/mladjxeqsxgv.i.optimole.com\/cb:B3zE.b136\/w:1440\/h:1080\/q:mauto\/f:best\/https:\/\/ctalker.org\/wp-content\/uploads\/2026\/04\/IMG_20260325_204122-scaled.jpg 2560w, https:\/\/mladjxeqsxgv.i.optimole.com\/cb:B3zE.b136\/w:300\/h:225\/q:mauto\/f:best\/https:\/\/ctalker.org\/wp-content\/uploads\/2026\/04\/IMG_20260325_204122-scaled.jpg 300w, https:\/\/mladjxeqsxgv.i.optimole.com\/cb:B3zE.b136\/w:1024\/h:768\/q:mauto\/f:best\/https:\/\/ctalker.org\/wp-content\/uploads\/2026\/04\/IMG_20260325_204122-scaled.jpg 1024w, https:\/\/mladjxeqsxgv.i.optimole.com\/cb:B3zE.b136\/w:768\/h:576\/q:mauto\/f:best\/https:\/\/ctalker.org\/wp-content\/uploads\/2026\/04\/IMG_20260325_204122-scaled.jpg 768w, https:\/\/mladjxeqsxgv.i.optimole.com\/cb:B3zE.b136\/w:1440\/h:1080\/q:mauto\/f:best\/https:\/\/ctalker.org\/wp-content\/uploads\/2026\/04\/IMG_20260325_204122-scaled.jpg 1536w, https:\/\/mladjxeqsxgv.i.optimole.com\/cb:B3zE.b136\/w:1440\/h:1080\/q:mauto\/f:best\/https:\/\/ctalker.org\/wp-content\/uploads\/2026\/04\/IMG_20260325_204122-scaled.jpg 2048w, https:\/\/mladjxeqsxgv.i.optimole.com\/cb:B3zE.b136\/w:1440\/h:1080\/q:mauto\/f:best\/dpr:2\/https:\/\/ctalker.org\/wp-content\/uploads\/2026\/04\/IMG_20260325_204122-scaled.jpg 2x\" sizes=\"(max-width: 1000px) 100vw, 1000px\" \/><\/a><\/div><div class=\"obfx-grid-col-content\">\t\t\t<h2 class=\"entry-title obfx-grid-title\">\n\t\t\t\t\t\t\t<a href=\"https:\/\/ctalker.org\/en\/2026\/03\/27\/kurbli-filmklub-janisch-attila-kozonsegtalalkozo\/\" title=\"Kurbli Filmklub: Janisch Attila k\u00f6z\u00f6ns\u00e9gtal\u00e1lkoz\u00f3\">\n\t\t\t\t\tKurbli Filmklub: Janisch Attila k\u00f6z\u00f6ns\u00e9gtal\u00e1lkoz\u00f3\t\t\t\t<\/a>\n\t\t\t\t\t\t\t<\/h2>\n\t\t\t\t\t\t\t<div class=\"entry-meta obfx-grid-meta\">\n\n\t\t\t\t\t\t\t\t\t\t\t\t\t<span class=\"obfx-grid-author\">\n\t\t\t\t\t\t\t\t\t<i class=\"fas fa-user\"><\/i>Kari\t\t\t\t\t\t\t\t<\/span>\n\t\t\t\t\t\t\t\t\t\t\t\t\t\t\t\t<span class=\"obfx-grid-date\">\n\t\t\t\t\t\t\t\t\t<i class=\"fas fa-calendar\"><\/i>27-03-2026\t\t\t\t\t\t\t\t<\/span>\n\t\t\t\t\t\t\t\t\n\t\t\t\t<\/div>\n\t\t\t\t\t\t\t<div class=\"entry-content obfx-grid-content\">\n\t\t\t\t2026.03.25.\/Szabadka A hivatalos k\u00f6lt\u00f6z\u00e9st egybehoztuk a filmrendez\u0151 l\u00e1togat\u00e1s\u00e1val, hogy \u00faj helysz\u00ednen, \u00faj lend\u00fcletet vegyen a filmklub. Janisch Attila n\u00e9h\u00e1ny h\u00f3nappal ezel\u0151tt m\u00e1r megtisztelt a jelenl\u00e9t\u00e9vel, egy nagyon tartalmas est\u00e9t t\u00f6lthett\u00fcnk&hellip;\t\t\t<\/div>\n\t\t\t<\/div><\/article><\/div><div class=\"obfx-grid-wrapper\"><article class=\"obfx-grid-col\"><div class=\"obfx-grid-col-image\" style=\"\"><a href=\"https:\/\/ctalker.org\/en\/2026\/03\/26\/kurbli-filmklub-janisch-attila-a-pannon-radioban\/\" title=\"Kurbli Filmklub: Janisch Attila a Pannon R\u00e1di\u00f3ban\"><img data-opt-id=1413664489  loading=\"lazy\" decoding=\"async\" width=\"472\" height=\"351\" src=\"https:\/\/mladjxeqsxgv.i.optimole.com\/cb:B3zE.b136\/w:auto\/h:auto\/q:mauto\/f:best\/https:\/\/ctalker.org\/wp-content\/uploads\/2026\/04\/656893518_1650076619837971_2857260421711879592_n-e1776794284303.jpg\" class=\"img-responsive no-lazy wp-post-image\" alt=\"656893518_1650076619837971_2857260421711879592_n\" srcset=\"https:\/\/mladjxeqsxgv.i.optimole.com\/cb:B3zE.b136\/w:472\/h:351\/q:mauto\/f:best\/https:\/\/ctalker.org\/wp-content\/uploads\/2026\/04\/656893518_1650076619837971_2857260421711879592_n-e1776794284303.jpg 472w, https:\/\/mladjxeqsxgv.i.optimole.com\/cb:B3zE.b136\/w:300\/h:223\/q:mauto\/f:best\/https:\/\/ctalker.org\/wp-content\/uploads\/2026\/04\/656893518_1650076619837971_2857260421711879592_n-e1776794284303.jpg 300w, https:\/\/mladjxeqsxgv.i.optimole.com\/cb:B3zE.b136\/w:472\/h:351\/q:mauto\/f:best\/dpr:2\/https:\/\/ctalker.org\/wp-content\/uploads\/2026\/04\/656893518_1650076619837971_2857260421711879592_n-e1776794284303.jpg 2x\" sizes=\"(max-width: 472px) 100vw, 472px\" \/><\/a><\/div><div class=\"obfx-grid-col-content\">\t\t\t<h2 class=\"entry-title obfx-grid-title\">\n\t\t\t\t\t\t\t<a href=\"https:\/\/ctalker.org\/en\/2026\/03\/26\/kurbli-filmklub-janisch-attila-a-pannon-radioban\/\" title=\"Kurbli Filmklub: Janisch Attila a Pannon R\u00e1di\u00f3ban\">\n\t\t\t\t\tKurbli Filmklub: Janisch Attila a Pannon R\u00e1di\u00f3ban\t\t\t\t<\/a>\n\t\t\t\t\t\t\t<\/h2>\n\t\t\t\t\t\t\t<div class=\"entry-meta obfx-grid-meta\">\n\n\t\t\t\t\t\t\t\t\t\t\t\t\t<span class=\"obfx-grid-author\">\n\t\t\t\t\t\t\t\t\t<i class=\"fas fa-user\"><\/i>Kari\t\t\t\t\t\t\t\t<\/span>\n\t\t\t\t\t\t\t\t\t\t\t\t\t\t\t\t<span class=\"obfx-grid-date\">\n\t\t\t\t\t\t\t\t\t<i class=\"fas fa-calendar\"><\/i>26-03-2026\t\t\t\t\t\t\t\t<\/span>\n\t\t\t\t\t\t\t\t\n\t\t\t\t<\/div>\n\t\t\t\t\t\t\t<div class=\"entry-content obfx-grid-content\">\n\t\t\t\t2026.03.25.\/Szabadka &#8220;A Pressz\u00f3 vend\u00e9ge volt Janisch Attila, Bal\u00e1zs B\u00e9la-d\u00edjas filmrendez\u0151, akivel k\u00fcl\u00f6nleges hangulat\u00fa filmjeir\u0151l \u00e9s egyedi l\u00e1t\u00e1sm\u00f3dj\u00e1r\u00f3l besz\u00e9lgett\u00fcnk. Sz\u00f3 esett t\u00f6bbek k\u00f6z\u00f6tt a \u00c1rny\u00e9k a havon c\u00edm\u0171 krimi-thrillerr\u0151l, amely els\u0151&hellip;\t\t\t<\/div>\n\t\t\t<\/div><\/article><\/div><div class=\"obfx-grid-wrapper\"><article class=\"obfx-grid-col\"><div class=\"obfx-grid-col-image\" style=\"\"><a href=\"https:\/\/ctalker.org\/en\/2026\/03\/25\/kurbli-filmklub-janisch-attila\/\" title=\"Kurbli Filmklub-Janisch Attila: \u00c1rny\u00e9k a havon filmvet\u00edt\u00e9s \u00e9s k\u00f6z\u00f6ns\u00e9gtal\u00e1lkoz\u00f3\"><img data-opt-id=195571206  loading=\"lazy\" decoding=\"async\" width=\"720\" height=\"422\" src=\"https:\/\/mladjxeqsxgv.i.optimole.com\/cb:B3zE.b136\/w:auto\/h:auto\/q:mauto\/f:best\/https:\/\/ctalker.org\/wp-content\/uploads\/2026\/04\/657670323_10243237429652940_1340291588614813535_n.jpg\" class=\"img-responsive no-lazy wp-post-image\" alt=\"657670323_10243237429652940_1340291588614813535_n\" srcset=\"https:\/\/mladjxeqsxgv.i.optimole.com\/cb:B3zE.b136\/w:720\/h:422\/q:mauto\/f:best\/https:\/\/ctalker.org\/wp-content\/uploads\/2026\/04\/657670323_10243237429652940_1340291588614813535_n.jpg 720w, https:\/\/mladjxeqsxgv.i.optimole.com\/cb:B3zE.b136\/w:300\/h:176\/q:mauto\/f:best\/https:\/\/ctalker.org\/wp-content\/uploads\/2026\/04\/657670323_10243237429652940_1340291588614813535_n.jpg 300w, https:\/\/mladjxeqsxgv.i.optimole.com\/cb:B3zE.b136\/w:720\/h:422\/q:mauto\/f:best\/dpr:2\/https:\/\/ctalker.org\/wp-content\/uploads\/2026\/04\/657670323_10243237429652940_1340291588614813535_n.jpg 2x\" sizes=\"(max-width: 720px) 100vw, 720px\" \/><\/a><\/div><div class=\"obfx-grid-col-content\">\t\t\t<h2 class=\"entry-title obfx-grid-title\">\n\t\t\t\t\t\t\t<a href=\"https:\/\/ctalker.org\/en\/2026\/03\/25\/kurbli-filmklub-janisch-attila\/\" title=\"Kurbli Filmklub-Janisch Attila: \u00c1rny\u00e9k a havon filmvet\u00edt\u00e9s \u00e9s k\u00f6z\u00f6ns\u00e9gtal\u00e1lkoz\u00f3\">\n\t\t\t\t\tKurbli Filmklub-Janisch Attila: \u00c1rny\u00e9k a havon filmvet\u00edt\u00e9s \u00e9s k\u00f6z\u00f6ns\u00e9gtal\u00e1lkoz\u00f3\t\t\t\t<\/a>\n\t\t\t\t\t\t\t<\/h2>\n\t\t\t\t\t\t\t<div class=\"entry-meta obfx-grid-meta\">\n\n\t\t\t\t\t\t\t\t\t\t\t\t\t<span class=\"obfx-grid-author\">\n\t\t\t\t\t\t\t\t\t<i class=\"fas fa-user\"><\/i>Kari\t\t\t\t\t\t\t\t<\/span>\n\t\t\t\t\t\t\t\t\t\t\t\t\t\t\t\t<span class=\"obfx-grid-date\">\n\t\t\t\t\t\t\t\t\t<i class=\"fas fa-calendar\"><\/i>25-03-2026\t\t\t\t\t\t\t\t<\/span>\n\t\t\t\t\t\t\t\t\n\t\t\t\t<\/div>\n\t\t\t\t\t\t\t<div class=\"entry-content obfx-grid-content\">\n\t\t\t\t2026.03.25.\/Szabadka Janisch Attila: \u00c1rny\u00e9k a havon, 1992, magyar krimi-thriller 72 perc A krimin\u00e1lis zs\u00e1nerelemekkel artisztikusan oper\u00e1l\u00f3 magyar fekete filmek vil\u00e1gv\u00e9gehangulat\u00fa alkot\u00e1sai a rendszerv\u00e1lt\u00e1s \u00e9veinek magas m\u0171v\u00e9szi sz\u00ednvonal\u00fa dokumentumai Elembertelenedett helysz\u00ednei&hellip;\t\t\t<\/div>\n\t\t\t<\/div><\/article><\/div><div class=\"obfx-grid-wrapper\"><article class=\"obfx-grid-col\"><div class=\"obfx-grid-col-image\" style=\"\"><a href=\"https:\/\/ctalker.org\/en\/2026\/03\/19\/ku-7\/\" title=\"Kurbli Filmklub: K\u00d6LT\u00d6Z\u00dcNK\"><img data-opt-id=751541874  loading=\"lazy\" decoding=\"async\" width=\"1780\" height=\"1540\" src=\"https:\/\/mladjxeqsxgv.i.optimole.com\/cb:B3zE.b136\/w:auto\/h:auto\/q:mauto\/f:best\/https:\/\/ctalker.org\/wp-content\/uploads\/2026\/04\/IMG_20260318_225811_1-scaled-e1776777987725.jpg\" class=\"img-responsive no-lazy wp-post-image\" alt=\"IMG_20260318_225811_1\" srcset=\"https:\/\/mladjxeqsxgv.i.optimole.com\/cb:B3zE.b136\/w:1248\/h:1080\/q:mauto\/f:best\/https:\/\/ctalker.org\/wp-content\/uploads\/2026\/04\/IMG_20260318_225811_1-scaled-e1776777987725.jpg 1780w, https:\/\/mladjxeqsxgv.i.optimole.com\/cb:B3zE.b136\/w:300\/h:260\/q:mauto\/f:best\/https:\/\/ctalker.org\/wp-content\/uploads\/2026\/04\/IMG_20260318_225811_1-scaled-e1776777987725.jpg 300w, https:\/\/mladjxeqsxgv.i.optimole.com\/cb:B3zE.b136\/w:1024\/h:886\/q:mauto\/f:best\/https:\/\/ctalker.org\/wp-content\/uploads\/2026\/04\/IMG_20260318_225811_1-scaled-e1776777987725.jpg 1024w, https:\/\/mladjxeqsxgv.i.optimole.com\/cb:B3zE.b136\/w:768\/h:664\/q:mauto\/f:best\/https:\/\/ctalker.org\/wp-content\/uploads\/2026\/04\/IMG_20260318_225811_1-scaled-e1776777987725.jpg 768w, https:\/\/mladjxeqsxgv.i.optimole.com\/cb:B3zE.b136\/w:1248\/h:1080\/q:mauto\/f:best\/https:\/\/ctalker.org\/wp-content\/uploads\/2026\/04\/IMG_20260318_225811_1-scaled-e1776777987725.jpg 1536w, https:\/\/mladjxeqsxgv.i.optimole.com\/cb:B3zE.b136\/w:1248\/h:1080\/q:mauto\/f:best\/dpr:2\/https:\/\/ctalker.org\/wp-content\/uploads\/2026\/04\/IMG_20260318_225811_1-scaled-e1776777987725.jpg 2x\" sizes=\"(max-width: 1000px) 100vw, 1000px\" \/><\/a><\/div><div class=\"obfx-grid-col-content\">\t\t\t<h2 class=\"entry-title obfx-grid-title\">\n\t\t\t\t\t\t\t<a href=\"https:\/\/ctalker.org\/en\/2026\/03\/19\/ku-7\/\" title=\"Kurbli Filmklub: K\u00d6LT\u00d6Z\u00dcNK\">\n\t\t\t\t\tKurbli Filmklub: K\u00d6LT\u00d6Z\u00dcNK\t\t\t\t<\/a>\n\t\t\t\t\t\t\t<\/h2>\n\t\t\t\t\t\t\t<div class=\"entry-meta obfx-grid-meta\">\n\n\t\t\t\t\t\t\t\t\t\t\t\t\t<span class=\"obfx-grid-author\">\n\t\t\t\t\t\t\t\t\t<i class=\"fas fa-user\"><\/i>Kari\t\t\t\t\t\t\t\t<\/span>\n\t\t\t\t\t\t\t\t\t\t\t\t\t\t\t\t<span class=\"obfx-grid-date\">\n\t\t\t\t\t\t\t\t\t<i class=\"fas fa-calendar\"><\/i>19-03-2026\t\t\t\t\t\t\t\t<\/span>\n\t\t\t\t\t\t\t\t\n\t\t\t\t<\/div>\n\t\t\t\t\t\t\t<div class=\"entry-content obfx-grid-content\">\n\t\t\t\t\u00dagy alakultak a k\u00f6r\u00fclm\u00e9nyek, hogy a vet\u00edt\u00e9seinknek otthont ad\u00f3 helysz\u00ednt elhagyjuk \u00e9s a m\u00e1rcius utols\u00f3 mozij\u00e1t, Janisch Attila k\u00f6z\u00f6ns\u00e9gtal\u00e1lkoz\u00f3j\u00e1val, m\u00e1r az \u00faj sz\u00ednhelyen mutatjuk be. K\u00f6sz\u00f6nj\u00fck az elm\u00falt \u00f6t \u00e9vet,&hellip;\t\t\t<\/div>\n\t\t\t<\/div><\/article><\/div><div class=\"obfx-grid-wrapper\"><article class=\"obfx-grid-col\"><div class=\"obfx-grid-col-image\" style=\"\"><a href=\"https:\/\/ctalker.org\/en\/2026\/03\/18\/kurbli-filmklub-luis-bunuel-tristana\/\" title=\"Kurbli Filmklub-Luis\u00a0Bu\u00f1uel: Tristana\"><img data-opt-id=1846621001  loading=\"lazy\" decoding=\"async\" width=\"296\" height=\"170\" src=\"https:\/\/mladjxeqsxgv.i.optimole.com\/cb:B3zE.b136\/w:auto\/h:auto\/q:mauto\/f:best\/https:\/\/ctalker.org\/wp-content\/uploads\/2026\/04\/images-1.jpg\" class=\"img-responsive no-lazy wp-post-image\" alt=\"images (1)\" srcset=\"https:\/\/mladjxeqsxgv.i.optimole.com\/cb:B3zE.b136\/w:296\/h:170\/q:mauto\/f:best\/https:\/\/ctalker.org\/wp-content\/uploads\/2026\/04\/images-1.jpg 296w, https:\/\/mladjxeqsxgv.i.optimole.com\/cb:B3zE.b136\/w:296\/h:170\/q:mauto\/f:best\/dpr:2\/https:\/\/ctalker.org\/wp-content\/uploads\/2026\/04\/images-1.jpg 2x\" sizes=\"(max-width: 296px) 100vw, 296px\" \/><\/a><\/div><div class=\"obfx-grid-col-content\">\t\t\t<h2 class=\"entry-title obfx-grid-title\">\n\t\t\t\t\t\t\t<a href=\"https:\/\/ctalker.org\/en\/2026\/03\/18\/kurbli-filmklub-luis-bunuel-tristana\/\" title=\"Kurbli Filmklub-Luis\u00a0Bu\u00f1uel: Tristana\">\n\t\t\t\t\tKurbli Filmklub-Luis\u00a0Bu\u00f1uel: Tristana\t\t\t\t<\/a>\n\t\t\t\t\t\t\t<\/h2>\n\t\t\t\t\t\t\t<div class=\"entry-meta obfx-grid-meta\">\n\n\t\t\t\t\t\t\t\t\t\t\t\t\t<span class=\"obfx-grid-author\">\n\t\t\t\t\t\t\t\t\t<i class=\"fas fa-user\"><\/i>Kari\t\t\t\t\t\t\t\t<\/span>\n\t\t\t\t\t\t\t\t\t\t\t\t\t\t\t\t<span class=\"obfx-grid-date\">\n\t\t\t\t\t\t\t\t\t<i class=\"fas fa-calendar\"><\/i>18-03-2026\t\t\t\t\t\t\t\t<\/span>\n\t\t\t\t\t\t\t\t\n\t\t\t\t<\/div>\n\t\t\t\t\t\t\t<div class=\"entry-content obfx-grid-content\">\n\t\t\t\t2026.03.18.\/Szabadka Luis\u00a0Bu\u00f1uel Tristana, 1969, spanyol szat\u00edra, 95 perc Luis\u00a0Bu\u00f1uel\u00a0a filmm\u0171v\u00e9szet egyik legnagyobb szerz\u0151je \u2013 n\u00e1lam benne van az els\u0151 5-ben \u2013\u00a0a\u00a0modernit\u00e1s irracionalit\u00e1s\u00e1t jelen\u00edti meg A&nbsp;Tristana&nbsp;a k\u00e9s\u0151i Bu\u00f1uel-korszak kifejezetten borzongat\u00f3&nbsp;t\u00e1rsadalmi szat\u00edr\u00e1ja,&hellip;\t\t\t<\/div>\n\t\t\t<\/div><\/article><\/div><div class=\"obfx-grid-wrapper\"><article class=\"obfx-grid-col\"><div class=\"obfx-grid-col-image\" style=\"\"><a href=\"https:\/\/ctalker.org\/en\/2026\/03\/11\/ku-6\/\" title=\"Kurbli Filmklub-Sean Price Williams: \u00c9des kelet\"><img data-opt-id=753023658  loading=\"lazy\" decoding=\"async\" width=\"1200\" height=\"900\" src=\"https:\/\/mladjxeqsxgv.i.optimole.com\/cb:B3zE.b136\/w:auto\/h:auto\/q:mauto\/f:best\/https:\/\/ctalker.org\/wp-content\/uploads\/2026\/04\/649635577_10242921700879918_6189953081001538774_n.jpg\" class=\"img-responsive no-lazy wp-post-image\" alt=\"649635577_10242921700879918_6189953081001538774_n\" srcset=\"https:\/\/mladjxeqsxgv.i.optimole.com\/cb:B3zE.b136\/w:1200\/h:900\/q:mauto\/f:best\/https:\/\/ctalker.org\/wp-content\/uploads\/2026\/04\/649635577_10242921700879918_6189953081001538774_n.jpg 1200w, https:\/\/mladjxeqsxgv.i.optimole.com\/cb:B3zE.b136\/w:300\/h:225\/q:mauto\/f:best\/https:\/\/ctalker.org\/wp-content\/uploads\/2026\/04\/649635577_10242921700879918_6189953081001538774_n.jpg 300w, https:\/\/mladjxeqsxgv.i.optimole.com\/cb:B3zE.b136\/w:1024\/h:768\/q:mauto\/f:best\/https:\/\/ctalker.org\/wp-content\/uploads\/2026\/04\/649635577_10242921700879918_6189953081001538774_n.jpg 1024w, https:\/\/mladjxeqsxgv.i.optimole.com\/cb:B3zE.b136\/w:768\/h:576\/q:mauto\/f:best\/https:\/\/ctalker.org\/wp-content\/uploads\/2026\/04\/649635577_10242921700879918_6189953081001538774_n.jpg 768w, https:\/\/mladjxeqsxgv.i.optimole.com\/cb:B3zE.b136\/w:1200\/h:900\/q:mauto\/f:best\/dpr:2\/https:\/\/ctalker.org\/wp-content\/uploads\/2026\/04\/649635577_10242921700879918_6189953081001538774_n.jpg 2x\" sizes=\"(max-width: 1000px) 100vw, 1000px\" \/><\/a><\/div><div class=\"obfx-grid-col-content\">\t\t\t<h2 class=\"entry-title obfx-grid-title\">\n\t\t\t\t\t\t\t<a href=\"https:\/\/ctalker.org\/en\/2026\/03\/11\/ku-6\/\" title=\"Kurbli Filmklub-Sean Price Williams: \u00c9des kelet\">\n\t\t\t\t\tKurbli Filmklub-Sean Price Williams: \u00c9des kelet\t\t\t\t<\/a>\n\t\t\t\t\t\t\t<\/h2>\n\t\t\t\t\t\t\t<div class=\"entry-meta obfx-grid-meta\">\n\n\t\t\t\t\t\t\t\t\t\t\t\t\t<span class=\"obfx-grid-author\">\n\t\t\t\t\t\t\t\t\t<i class=\"fas fa-user\"><\/i>Kari\t\t\t\t\t\t\t\t<\/span>\n\t\t\t\t\t\t\t\t\t\t\t\t\t\t\t\t<span class=\"obfx-grid-date\">\n\t\t\t\t\t\t\t\t\t<i class=\"fas fa-calendar\"><\/i>11-03-2026\t\t\t\t\t\t\t\t<\/span>\n\t\t\t\t\t\t\t\t\n\t\t\t\t<\/div>\n\t\t\t\t\t\t\t<div class=\"entry-content obfx-grid-content\">\n\t\t\t\t2026.03.11.\/Szabadka Sean Price Williams \u00c9des kelet (The Sweat East), 2023, amerikai szat\u00edra, 104 perc A 16 mm-es filmre forgott\u00a0\u00c9des kelet\u00a0epizodikus picaresque road movie, amely a kort\u00e1rs amerikai t\u00e1rsadalom ideol\u00f3giai sz\u00e9ttagolts\u00e1g\u00e1t&hellip;\t\t\t<\/div>\n\t\t\t<\/div><\/article><\/div><div class=\"obfx-grid-wrapper\"><article class=\"obfx-grid-col\"><div class=\"obfx-grid-col-image\" style=\"\"><a href=\"https:\/\/ctalker.org\/en\/2026\/03\/04\/ku-5\/\" title=\"Kurbli Filmklub-Roy Andersson: Egy galamb le\u00fclt egy \u00e1gra, hogy t\u0171n\u0151dj\u00f6n a l\u00e9tez\u00e9sr\u0151l\"><img data-opt-id=1671610415  loading=\"lazy\" decoding=\"async\" width=\"1200\" height=\"675\" src=\"https:\/\/mladjxeqsxgv.i.optimole.com\/cb:B3zE.b136\/w:auto\/h:auto\/q:mauto\/f:best\/https:\/\/ctalker.org\/wp-content\/uploads\/2026\/04\/645882825_10242808287724660_2562632419585647559_n.jpg\" class=\"img-responsive no-lazy wp-post-image\" alt=\"645882825_10242808287724660_2562632419585647559_n\" srcset=\"https:\/\/mladjxeqsxgv.i.optimole.com\/cb:B3zE.b136\/w:1200\/h:675\/q:mauto\/f:best\/https:\/\/ctalker.org\/wp-content\/uploads\/2026\/04\/645882825_10242808287724660_2562632419585647559_n.jpg 1200w, https:\/\/mladjxeqsxgv.i.optimole.com\/cb:B3zE.b136\/w:300\/h:169\/q:mauto\/f:best\/https:\/\/ctalker.org\/wp-content\/uploads\/2026\/04\/645882825_10242808287724660_2562632419585647559_n.jpg 300w, https:\/\/mladjxeqsxgv.i.optimole.com\/cb:B3zE.b136\/w:1024\/h:576\/q:mauto\/f:best\/https:\/\/ctalker.org\/wp-content\/uploads\/2026\/04\/645882825_10242808287724660_2562632419585647559_n.jpg 1024w, https:\/\/mladjxeqsxgv.i.optimole.com\/cb:B3zE.b136\/w:768\/h:432\/q:mauto\/f:best\/https:\/\/ctalker.org\/wp-content\/uploads\/2026\/04\/645882825_10242808287724660_2562632419585647559_n.jpg 768w, https:\/\/mladjxeqsxgv.i.optimole.com\/cb:B3zE.b136\/w:1200\/h:675\/q:mauto\/f:best\/dpr:2\/https:\/\/ctalker.org\/wp-content\/uploads\/2026\/04\/645882825_10242808287724660_2562632419585647559_n.jpg 2x\" sizes=\"(max-width: 1000px) 100vw, 1000px\" \/><\/a><\/div><div class=\"obfx-grid-col-content\">\t\t\t<h2 class=\"entry-title obfx-grid-title\">\n\t\t\t\t\t\t\t<a href=\"https:\/\/ctalker.org\/en\/2026\/03\/04\/ku-5\/\" title=\"Kurbli Filmklub-Roy Andersson: Egy galamb le\u00fclt egy \u00e1gra, hogy t\u0171n\u0151dj\u00f6n a l\u00e9tez\u00e9sr\u0151l\">\n\t\t\t\t\tKurbli Filmklub-Roy Andersson: Egy galamb le\u00fclt egy \u00e1gra, hogy t\u0171n\u0151dj\u00f6n a l\u00e9tez\u00e9sr\u0151l\t\t\t\t<\/a>\n\t\t\t\t\t\t\t<\/h2>\n\t\t\t\t\t\t\t<div class=\"entry-meta obfx-grid-meta\">\n\n\t\t\t\t\t\t\t\t\t\t\t\t\t<span class=\"obfx-grid-author\">\n\t\t\t\t\t\t\t\t\t<i class=\"fas fa-user\"><\/i>Kari\t\t\t\t\t\t\t\t<\/span>\n\t\t\t\t\t\t\t\t\t\t\t\t\t\t\t\t<span class=\"obfx-grid-date\">\n\t\t\t\t\t\t\t\t\t<i class=\"fas fa-calendar\"><\/i>04-03-2026\t\t\t\t\t\t\t\t<\/span>\n\t\t\t\t\t\t\t\t\n\t\t\t\t<\/div>\n\t\t\t\t\t\t\t<div class=\"entry-content obfx-grid-content\">\n\t\t\t\t2026.03.04.\/Szabadka Roy Andersson: Egy galamb le\u00fclt egy \u00e1gra, hogy t\u0171n\u0151dj\u00f6n a l\u00e9tez\u00e9sr\u0151l (En duva satt p\u00e5 en gren och funderade p\u00e5 tillvaron), sv\u00e9d-n\u00e9met-norv\u00e9g-francia szat\u00edra, 101p., 2014. Roy Andersson sv\u00e9d rendez\u0151&nbsp;Living&nbsp;tril\u00f3gi\u00e1ja&hellip;\t\t\t<\/div>\n\t\t\t<\/div><\/article><\/div><div class=\"obfx-grid-wrapper\"><article class=\"obfx-grid-col\"><div class=\"obfx-grid-col-image\" style=\"\"><a href=\"https:\/\/ctalker.org\/en\/2026\/03\/01\/marciusi-kurbli-filmklub\/\" title=\"M\u00e1rciusi Kurbli m\u0171sor\"><img data-opt-id=1204108093  loading=\"lazy\" decoding=\"async\" width=\"1414\" height=\"2000\" src=\"https:\/\/mladjxeqsxgv.i.optimole.com\/cb:B3zE.b136\/w:auto\/h:auto\/q:mauto\/f:best\/https:\/\/ctalker.org\/wp-content\/uploads\/2026\/04\/644453639_1324764273021473_2069525229060790000_n.jpg\" class=\"img-responsive no-lazy wp-post-image\" alt=\"644453639_1324764273021473_2069525229060790000_n\" srcset=\"https:\/\/mladjxeqsxgv.i.optimole.com\/cb:B3zE.b136\/w:763\/h:1080\/q:mauto\/f:best\/https:\/\/ctalker.org\/wp-content\/uploads\/2026\/04\/644453639_1324764273021473_2069525229060790000_n.jpg 1414w, https:\/\/mladjxeqsxgv.i.optimole.com\/cb:B3zE.b136\/w:212\/h:300\/q:mauto\/f:best\/https:\/\/ctalker.org\/wp-content\/uploads\/2026\/04\/644453639_1324764273021473_2069525229060790000_n.jpg 212w, https:\/\/mladjxeqsxgv.i.optimole.com\/cb:B3zE.b136\/w:724\/h:1024\/q:mauto\/f:best\/https:\/\/ctalker.org\/wp-content\/uploads\/2026\/04\/644453639_1324764273021473_2069525229060790000_n.jpg 724w, https:\/\/mladjxeqsxgv.i.optimole.com\/cb:B3zE.b136\/w:763\/h:1080\/q:mauto\/f:best\/https:\/\/ctalker.org\/wp-content\/uploads\/2026\/04\/644453639_1324764273021473_2069525229060790000_n.jpg 768w, https:\/\/mladjxeqsxgv.i.optimole.com\/cb:B3zE.b136\/w:763\/h:1080\/q:mauto\/f:best\/https:\/\/ctalker.org\/wp-content\/uploads\/2026\/04\/644453639_1324764273021473_2069525229060790000_n.jpg 1086w, https:\/\/mladjxeqsxgv.i.optimole.com\/cb:B3zE.b136\/w:763\/h:1080\/q:mauto\/f:best\/dpr:2\/https:\/\/ctalker.org\/wp-content\/uploads\/2026\/04\/644453639_1324764273021473_2069525229060790000_n.jpg 2x\" sizes=\"(max-width: 1000px) 100vw, 1000px\" \/><\/a><\/div><div class=\"obfx-grid-col-content\">\t\t\t<h2 class=\"entry-title obfx-grid-title\">\n\t\t\t\t\t\t\t<a href=\"https:\/\/ctalker.org\/en\/2026\/03\/01\/marciusi-kurbli-filmklub\/\" title=\"M\u00e1rciusi Kurbli m\u0171sor\">\n\t\t\t\t\tM\u00e1rciusi Kurbli m\u0171sor\t\t\t\t<\/a>\n\t\t\t\t\t\t\t<\/h2>\n\t\t\t\t\t\t\t<div class=\"entry-meta obfx-grid-meta\">\n\n\t\t\t\t\t\t\t\t\t\t\t\t\t<span class=\"obfx-grid-author\">\n\t\t\t\t\t\t\t\t\t<i class=\"fas fa-user\"><\/i>Kari\t\t\t\t\t\t\t\t<\/span>\n\t\t\t\t\t\t\t\t\t\t\t\t\t\t\t\t<span class=\"obfx-grid-date\">\n\t\t\t\t\t\t\t\t\t<i class=\"fas fa-calendar\"><\/i>01-03-2026\t\t\t\t\t\t\t\t<\/span>\n\t\t\t\t\t\t\t\t\n\t\t\t\t<\/div>\n\t\t\t\t\t\t\t<div class=\"entry-content obfx-grid-content\">\n\t\t\t\t&nbsp;M \u00c1 R C I U S-i&nbsp;Kurbli Filmklub &nbsp;Tavaszi lend\u00fclettel sz\u00e1ll\u00edtjuk a filmm\u0171v\u00e9szet remekm\u0171veit&nbsp; &nbsp;Folytatjuk az USA indie filmek vet\u00edt\u00e9s\u00e9t, de maradunk a klasszikusokn\u00e1l is! &nbsp;Janisch Attila, \u00fajra Szabadk\u00e1ra l\u00e1togat&hellip;\t\t\t<\/div>\n\t\t\t<\/div><\/article><\/div><div class=\"obfx-grid-wrapper\"><article class=\"obfx-grid-col\"><div class=\"obfx-grid-col-image\" style=\"\"><a href=\"https:\/\/ctalker.org\/en\/2026\/02\/27\/kurbli-filmklub-janisch-attila-meghivoja\/\" title=\"Kurbli Filmklub-Janisch Attila megh\u00edv\u00f3ja\"><img data-opt-id=839233313  loading=\"lazy\" decoding=\"async\" width=\"1250\" height=\"654\" src=\"https:\/\/mladjxeqsxgv.i.optimole.com\/cb:B3zE.b136\/w:auto\/h:auto\/q:mauto\/f:best\/https:\/\/ctalker.org\/wp-content\/uploads\/2026\/04\/janisch_L1A4282top_focuspointcut_600100010x314100010.jpg\" class=\"img-responsive no-lazy wp-post-image\" alt=\"janisch_L1A4282top_focuspointcut_600100010x314100010\" srcset=\"https:\/\/mladjxeqsxgv.i.optimole.com\/cb:B3zE.b136\/w:1250\/h:654\/q:mauto\/f:best\/https:\/\/ctalker.org\/wp-content\/uploads\/2026\/04\/janisch_L1A4282top_focuspointcut_600100010x314100010.jpg 1250w, https:\/\/mladjxeqsxgv.i.optimole.com\/cb:B3zE.b136\/w:300\/h:157\/q:mauto\/f:best\/https:\/\/ctalker.org\/wp-content\/uploads\/2026\/04\/janisch_L1A4282top_focuspointcut_600100010x314100010.jpg 300w, https:\/\/mladjxeqsxgv.i.optimole.com\/cb:B3zE.b136\/w:1024\/h:536\/q:mauto\/f:best\/https:\/\/ctalker.org\/wp-content\/uploads\/2026\/04\/janisch_L1A4282top_focuspointcut_600100010x314100010.jpg 1024w, https:\/\/mladjxeqsxgv.i.optimole.com\/cb:B3zE.b136\/w:768\/h:402\/q:mauto\/f:best\/https:\/\/ctalker.org\/wp-content\/uploads\/2026\/04\/janisch_L1A4282top_focuspointcut_600100010x314100010.jpg 768w, https:\/\/mladjxeqsxgv.i.optimole.com\/cb:B3zE.b136\/w:1250\/h:654\/q:mauto\/f:best\/dpr:2\/https:\/\/ctalker.org\/wp-content\/uploads\/2026\/04\/janisch_L1A4282top_focuspointcut_600100010x314100010.jpg 2x\" sizes=\"(max-width: 1000px) 100vw, 1000px\" \/><\/a><\/div><div class=\"obfx-grid-col-content\">\t\t\t<h2 class=\"entry-title obfx-grid-title\">\n\t\t\t\t\t\t\t<a href=\"https:\/\/ctalker.org\/en\/2026\/02\/27\/kurbli-filmklub-janisch-attila-meghivoja\/\" title=\"Kurbli Filmklub-Janisch Attila megh\u00edv\u00f3ja\">\n\t\t\t\t\tKurbli Filmklub-Janisch Attila megh\u00edv\u00f3ja\t\t\t\t<\/a>\n\t\t\t\t\t\t\t<\/h2>\n\t\t\t\t\t\t\t<div class=\"entry-meta obfx-grid-meta\">\n\n\t\t\t\t\t\t\t\t\t\t\t\t\t<span class=\"obfx-grid-author\">\n\t\t\t\t\t\t\t\t\t<i class=\"fas fa-user\"><\/i>Kari\t\t\t\t\t\t\t\t<\/span>\n\t\t\t\t\t\t\t\t\t\t\t\t\t\t\t\t<span class=\"obfx-grid-date\">\n\t\t\t\t\t\t\t\t\t<i class=\"fas fa-calendar\"><\/i>27-02-2026\t\t\t\t\t\t\t\t<\/span>\n\t\t\t\t\t\t\t\t\n\t\t\t\t<\/div>\n\t\t\t\t\t\t\t<div class=\"entry-content obfx-grid-content\">\n\t\t\t\t2026.02.27.\/Szabadka SZEM\u00c9LYES MEGH\u00cdV\u00d3 AZ \u00c1RNY\u00c9K A HAVON \u00c9S A L\u00c9LEGZETVISSZAFOJTVA VET\u00cdT\u00c9S\u00c9RE Mindazokat szeretettel v\u00e1rom a m\u00e1rcius 25-i vet\u00edt\u00e9sre, akikkel tavaly \u0151sszel a M\u00e1snap c\u00edm\u0171 filmem vet\u00edt\u00e9s\u00e9n tal\u00e1lkoztam. Nagyon \u00e9lveztem a&hellip;\t\t\t<\/div>\n\t\t\t<\/div><\/article><\/div><div class=\"obfx-grid-wrapper\"><article class=\"obfx-grid-col\"><div class=\"obfx-grid-col-image\" style=\"\"><a href=\"https:\/\/ctalker.org\/en\/2026\/02\/25\/kurbli-filmklub-feher-gyorgy-szurkulet\/\" title=\"Kurbli Filmklub: Feh\u00e9r Gy\u00f6rgy-Sz\u00fcrk\u00fclet\"><img data-opt-id=1706501078  loading=\"lazy\" decoding=\"async\" width=\"616\" height=\"371\" src=\"https:\/\/mladjxeqsxgv.i.optimole.com\/cb:B3zE.b136\/w:auto\/h:auto\/q:mauto\/f:best\/https:\/\/ctalker.org\/wp-content\/uploads\/2026\/02\/641540915_10242701189487271_6931886661726992459_n.jpg\" class=\"img-responsive no-lazy wp-post-image\" alt=\"641540915_10242701189487271_6931886661726992459_n\" srcset=\"https:\/\/mladjxeqsxgv.i.optimole.com\/cb:B3zE.b136\/w:616\/h:371\/q:mauto\/f:best\/https:\/\/ctalker.org\/wp-content\/uploads\/2026\/02\/641540915_10242701189487271_6931886661726992459_n.jpg 616w, https:\/\/mladjxeqsxgv.i.optimole.com\/cb:B3zE.b136\/w:300\/h:181\/q:mauto\/f:best\/https:\/\/ctalker.org\/wp-content\/uploads\/2026\/02\/641540915_10242701189487271_6931886661726992459_n.jpg 300w, https:\/\/mladjxeqsxgv.i.optimole.com\/cb:B3zE.b136\/w:616\/h:371\/q:mauto\/f:best\/dpr:2\/https:\/\/ctalker.org\/wp-content\/uploads\/2026\/02\/641540915_10242701189487271_6931886661726992459_n.jpg 2x\" sizes=\"(max-width: 616px) 100vw, 616px\" \/><\/a><\/div><div class=\"obfx-grid-col-content\">\t\t\t<h2 class=\"entry-title obfx-grid-title\">\n\t\t\t\t\t\t\t<a href=\"https:\/\/ctalker.org\/en\/2026\/02\/25\/kurbli-filmklub-feher-gyorgy-szurkulet\/\" title=\"Kurbli Filmklub: Feh\u00e9r Gy\u00f6rgy-Sz\u00fcrk\u00fclet\">\n\t\t\t\t\tKurbli Filmklub: Feh\u00e9r Gy\u00f6rgy-Sz\u00fcrk\u00fclet\t\t\t\t<\/a>\n\t\t\t\t\t\t\t<\/h2>\n\t\t\t\t\t\t\t<div class=\"entry-meta obfx-grid-meta\">\n\n\t\t\t\t\t\t\t\t\t\t\t\t\t<span class=\"obfx-grid-author\">\n\t\t\t\t\t\t\t\t\t<i class=\"fas fa-user\"><\/i>Kari\t\t\t\t\t\t\t\t<\/span>\n\t\t\t\t\t\t\t\t\t\t\t\t\t\t\t\t<span class=\"obfx-grid-date\">\n\t\t\t\t\t\t\t\t\t<i class=\"fas fa-calendar\"><\/i>25-02-2026\t\t\t\t\t\t\t\t<\/span>\n\t\t\t\t\t\t\t\t\n\t\t\t\t<\/div>\n\t\t\t\t\t\t\t<div class=\"entry-content obfx-grid-content\">\n\t\t\t\t2026.02.25.\/Szabadka Feh\u00e9r Gy\u00f6rgy: Sz\u00fcrk\u00fclet, 1990, magyar krimi-noir, 77 p. A magyar \u201efekete sz\u00e9ria\u201d k\u00f6zponti m\u0171ve a rendszerv\u00e1lt\u00e1s idej\u00e9n. A&nbsp;Sz\u00fcrk\u00fclet&nbsp;a k\u00e9s\u0151 K\u00e1d\u00e1r-kor v\u00e9g\u00e9nek, illetve a rendszerv\u00e1lt\u00e1s k\u00f6r\u00fcli kultur\u00e1lis v\u00e1kuumnak egyik legs\u0171r\u0171bb&hellip;\t\t\t<\/div>\n\t\t\t<\/div><\/article><\/div><div class=\"obfx-grid-wrapper\"><article class=\"obfx-grid-col\"><div class=\"obfx-grid-col-image\" style=\"\"><a href=\"https:\/\/ctalker.org\/en\/2026\/02\/18\/kurbli-filmklub-jean-luc-godard-a-megvetes\/\" title=\"Kurbli Filmklub: Jean-Luc Godard-A megvet\u00e9s\"><img data-opt-id=950353725  loading=\"lazy\" decoding=\"async\" width=\"1000\" height=\"1231\" src=\"https:\/\/mladjxeqsxgv.i.optimole.com\/cb:B3zE.b136\/w:auto\/h:auto\/q:mauto\/f:best\/https:\/\/ctalker.org\/wp-content\/uploads\/2026\/02\/635753264_10242593420993126_2276480461652655310_n.jpg\" class=\"img-responsive no-lazy wp-post-image\" alt=\"635753264_10242593420993126_2276480461652655310_n\" srcset=\"https:\/\/mladjxeqsxgv.i.optimole.com\/cb:B3zE.b136\/w:877\/h:1080\/q:mauto\/f:best\/https:\/\/ctalker.org\/wp-content\/uploads\/2026\/02\/635753264_10242593420993126_2276480461652655310_n.jpg 1000w, https:\/\/mladjxeqsxgv.i.optimole.com\/cb:B3zE.b136\/w:244\/h:300\/q:mauto\/f:best\/https:\/\/ctalker.org\/wp-content\/uploads\/2026\/02\/635753264_10242593420993126_2276480461652655310_n.jpg 244w, https:\/\/mladjxeqsxgv.i.optimole.com\/cb:B3zE.b136\/w:832\/h:1024\/q:mauto\/f:best\/https:\/\/ctalker.org\/wp-content\/uploads\/2026\/02\/635753264_10242593420993126_2276480461652655310_n.jpg 832w, https:\/\/mladjxeqsxgv.i.optimole.com\/cb:B3zE.b136\/w:768\/h:945\/q:mauto\/f:best\/https:\/\/ctalker.org\/wp-content\/uploads\/2026\/02\/635753264_10242593420993126_2276480461652655310_n.jpg 768w, https:\/\/mladjxeqsxgv.i.optimole.com\/cb:B3zE.b136\/w:877\/h:1080\/q:mauto\/f:best\/dpr:2\/https:\/\/ctalker.org\/wp-content\/uploads\/2026\/02\/635753264_10242593420993126_2276480461652655310_n.jpg 2x\" sizes=\"(max-width: 1000px) 100vw, 1000px\" \/><\/a><\/div><div class=\"obfx-grid-col-content\">\t\t\t<h2 class=\"entry-title obfx-grid-title\">\n\t\t\t\t\t\t\t<a href=\"https:\/\/ctalker.org\/en\/2026\/02\/18\/kurbli-filmklub-jean-luc-godard-a-megvetes\/\" title=\"Kurbli Filmklub: Jean-Luc Godard-A megvet\u00e9s\">\n\t\t\t\t\tKurbli Filmklub: Jean-Luc Godard-A megvet\u00e9s\t\t\t\t<\/a>\n\t\t\t\t\t\t\t<\/h2>\n\t\t\t\t\t\t\t<div class=\"entry-meta obfx-grid-meta\">\n\n\t\t\t\t\t\t\t\t\t\t\t\t\t<span class=\"obfx-grid-author\">\n\t\t\t\t\t\t\t\t\t<i class=\"fas fa-user\"><\/i>Kari\t\t\t\t\t\t\t\t<\/span>\n\t\t\t\t\t\t\t\t\t\t\t\t\t\t\t\t<span class=\"obfx-grid-date\">\n\t\t\t\t\t\t\t\t\t<i class=\"fas fa-calendar\"><\/i>18-02-2026\t\t\t\t\t\t\t\t<\/span>\n\t\t\t\t\t\t\t\t\n\t\t\t\t<\/div>\n\t\t\t\t\t\t\t<div class=\"entry-content obfx-grid-content\">\n\t\t\t\t2026.02.18.\/Szabadka Jean-Luc Godard: A megvet\u00e9s (Contempt), 1963, olasz francia filmdr\u00e1ma, 81 p. Jean-Luc Godardra, \u00e9s\u00a0Brigitte Bardotra eml\u00e9kez\u00fcnk A megvet\u00e9s&nbsp;m\u0171v\u00e9szileg Bardot karrierj\u00e9nek egyik cs\u00facsa. Bardot&nbsp;az 1950-es \u00e9s 60-as \u00e9vek ikonikus francia&hellip;\t\t\t<\/div>\n\t\t\t<\/div><\/article><\/div><div class=\"obfx-grid-wrapper\"><article class=\"obfx-grid-col\"><div class=\"obfx-grid-col-image\" style=\"\"><a href=\"https:\/\/ctalker.org\/en\/2026\/02\/11\/kurbli-filmklub-sean-baker-tangerine\/\" title=\"Kurbli Filmklub: Sean Baker-Tangerine\"><img data-opt-id=588142258  loading=\"lazy\" decoding=\"async\" width=\"1440\" height=\"960\" src=\"https:\/\/mladjxeqsxgv.i.optimole.com\/cb:B3zE.b136\/w:auto\/h:auto\/q:mauto\/f:best\/https:\/\/ctalker.org\/wp-content\/uploads\/2026\/02\/631735942_10242506862189210_4663804436313886924_n.jpg\" class=\"img-responsive no-lazy wp-post-image\" alt=\"631735942_10242506862189210_4663804436313886924_n\" srcset=\"https:\/\/mladjxeqsxgv.i.optimole.com\/cb:B3zE.b136\/w:1440\/h:960\/q:mauto\/f:best\/https:\/\/ctalker.org\/wp-content\/uploads\/2026\/02\/631735942_10242506862189210_4663804436313886924_n.jpg 1440w, https:\/\/mladjxeqsxgv.i.optimole.com\/cb:B3zE.b136\/w:300\/h:200\/q:mauto\/f:best\/https:\/\/ctalker.org\/wp-content\/uploads\/2026\/02\/631735942_10242506862189210_4663804436313886924_n.jpg 300w, https:\/\/mladjxeqsxgv.i.optimole.com\/cb:B3zE.b136\/w:1024\/h:683\/q:mauto\/f:best\/https:\/\/ctalker.org\/wp-content\/uploads\/2026\/02\/631735942_10242506862189210_4663804436313886924_n.jpg 1024w, https:\/\/mladjxeqsxgv.i.optimole.com\/cb:B3zE.b136\/w:768\/h:512\/q:mauto\/f:best\/https:\/\/ctalker.org\/wp-content\/uploads\/2026\/02\/631735942_10242506862189210_4663804436313886924_n.jpg 768w, https:\/\/mladjxeqsxgv.i.optimole.com\/cb:B3zE.b136\/w:600\/h:400\/q:mauto\/f:best\/https:\/\/ctalker.org\/wp-content\/uploads\/2026\/02\/631735942_10242506862189210_4663804436313886924_n.jpg 600w, https:\/\/mladjxeqsxgv.i.optimole.com\/cb:B3zE.b136\/w:1440\/h:960\/q:mauto\/f:best\/dpr:2\/https:\/\/ctalker.org\/wp-content\/uploads\/2026\/02\/631735942_10242506862189210_4663804436313886924_n.jpg 2x\" sizes=\"(max-width: 1000px) 100vw, 1000px\" \/><\/a><\/div><div class=\"obfx-grid-col-content\">\t\t\t<h2 class=\"entry-title obfx-grid-title\">\n\t\t\t\t\t\t\t<a href=\"https:\/\/ctalker.org\/en\/2026\/02\/11\/kurbli-filmklub-sean-baker-tangerine\/\" title=\"Kurbli Filmklub: Sean Baker-Tangerine\">\n\t\t\t\t\tKurbli Filmklub: Sean Baker-Tangerine\t\t\t\t<\/a>\n\t\t\t\t\t\t\t<\/h2>\n\t\t\t\t\t\t\t<div class=\"entry-meta obfx-grid-meta\">\n\n\t\t\t\t\t\t\t\t\t\t\t\t\t<span class=\"obfx-grid-author\">\n\t\t\t\t\t\t\t\t\t<i class=\"fas fa-user\"><\/i>Kari\t\t\t\t\t\t\t\t<\/span>\n\t\t\t\t\t\t\t\t\t\t\t\t\t\t\t\t<span class=\"obfx-grid-date\">\n\t\t\t\t\t\t\t\t\t<i class=\"fas fa-calendar\"><\/i>11-02-2026\t\t\t\t\t\t\t\t<\/span>\n\t\t\t\t\t\t\t\t\n\t\t\t\t<\/div>\n\t\t\t\t\t\t\t<div class=\"entry-content obfx-grid-content\">\n\t\t\t\t2026.02.11.\/Szabadka Sean Baker: Tangerine, 2015, amerikai v\u00edgj\u00e1t\u00e9k-dr\u00e1ma, 88 p. A\u00a0Tangerine\u00a0Sean Baker els\u0151 Los Angelesben j\u00e1tsz\u00f3d\u00f3 filmje: egyszerre mikro-k\u00f6lts\u00e9gvet\u00e9s\u0171 haverkom\u00e9dia (buddy comedy), hiperre\u00e1lis v\u00e1rosi od\u00fcsszeia, kar\u00e1csonyi film \u00e9s egy ritk\u00e1n l\u00e1tott&hellip;\t\t\t<\/div>\n\t\t\t<\/div><\/article><\/div><div class=\"obfx-grid-wrapper\"><article class=\"obfx-grid-col\"><div class=\"obfx-grid-col-image\" style=\"\"><a href=\"https:\/\/ctalker.org\/en\/2026\/02\/04\/kurbli-filmklub-21\/\" title=\"Kurbli Filmklub: Alex van Warmerdam-Borgman\"><img data-opt-id=925172981  loading=\"lazy\" decoding=\"async\" width=\"1000\" height=\"1478\" src=\"https:\/\/mladjxeqsxgv.i.optimole.com\/cb:B3zE.b136\/w:auto\/h:auto\/q:mauto\/f:best\/https:\/\/ctalker.org\/wp-content\/uploads\/2026\/02\/627681885_10242393433233557_7239417837970001082_n.jpg\" class=\"img-responsive no-lazy wp-post-image\" alt=\"627681885_10242393433233557_7239417837970001082_n\" srcset=\"https:\/\/mladjxeqsxgv.i.optimole.com\/cb:B3zE.b136\/w:730\/h:1080\/q:mauto\/f:best\/https:\/\/ctalker.org\/wp-content\/uploads\/2026\/02\/627681885_10242393433233557_7239417837970001082_n.jpg 1000w, https:\/\/mladjxeqsxgv.i.optimole.com\/cb:B3zE.b136\/w:203\/h:300\/q:mauto\/f:best\/https:\/\/ctalker.org\/wp-content\/uploads\/2026\/02\/627681885_10242393433233557_7239417837970001082_n.jpg 203w, https:\/\/mladjxeqsxgv.i.optimole.com\/cb:B3zE.b136\/w:693\/h:1024\/q:mauto\/f:best\/https:\/\/ctalker.org\/wp-content\/uploads\/2026\/02\/627681885_10242393433233557_7239417837970001082_n.jpg 693w, https:\/\/mladjxeqsxgv.i.optimole.com\/cb:B3zE.b136\/w:730\/h:1080\/q:mauto\/f:best\/https:\/\/ctalker.org\/wp-content\/uploads\/2026\/02\/627681885_10242393433233557_7239417837970001082_n.jpg 768w, https:\/\/mladjxeqsxgv.i.optimole.com\/cb:B3zE.b136\/w:730\/h:1080\/q:mauto\/f:best\/dpr:2\/https:\/\/ctalker.org\/wp-content\/uploads\/2026\/02\/627681885_10242393433233557_7239417837970001082_n.jpg 2x\" sizes=\"(max-width: 1000px) 100vw, 1000px\" \/><\/a><\/div><div class=\"obfx-grid-col-content\">\t\t\t<h2 class=\"entry-title obfx-grid-title\">\n\t\t\t\t\t\t\t<a href=\"https:\/\/ctalker.org\/en\/2026\/02\/04\/kurbli-filmklub-21\/\" title=\"Kurbli Filmklub: Alex van Warmerdam-Borgman\">\n\t\t\t\t\tKurbli Filmklub: Alex van Warmerdam-Borgman\t\t\t\t<\/a>\n\t\t\t\t\t\t\t<\/h2>\n\t\t\t\t\t\t\t<div class=\"entry-meta obfx-grid-meta\">\n\n\t\t\t\t\t\t\t\t\t\t\t\t\t<span class=\"obfx-grid-author\">\n\t\t\t\t\t\t\t\t\t<i class=\"fas fa-user\"><\/i>Kari\t\t\t\t\t\t\t\t<\/span>\n\t\t\t\t\t\t\t\t\t\t\t\t\t\t\t\t<span class=\"obfx-grid-date\">\n\t\t\t\t\t\t\t\t\t<i class=\"fas fa-calendar\"><\/i>04-02-2026\t\t\t\t\t\t\t\t<\/span>\n\t\t\t\t\t\t\t\t\n\t\t\t\t<\/div>\n\t\t\t\t\t\t\t<div class=\"entry-content obfx-grid-content\">\n\t\t\t\t2026.02.04.\/Szabadka Alex van Warmerdam: Borgman, 2013, holland thriller, 113 perc A civiliz\u00e1ci\u00f3 fejl\u0151d\u00e9s\u00e9vel a meg\u00e9rt\u00e9s egyre kev\u00e9sb\u00e9 k\u00f6zvetlen tapasztalaton alapul, ink\u00e1bb elidegen\u00edt\u0151 magyar\u00e1zatokon kereszt\u00fcl t\u00f6rt\u00e9nik. A m\u00e1ss\u00e1g \u00e9rz\u00e9ki jelenl\u00e9t\u00e9t absztrakt&hellip;\t\t\t<\/div>\n\t\t\t<\/div><\/article><\/div><div class=\"obfx-grid-wrapper\"><article class=\"obfx-grid-col\"><div class=\"obfx-grid-col-image\" style=\"\"><a href=\"https:\/\/ctalker.org\/en\/2026\/02\/01\/febr\/\" title=\"FEBRU\u00c1RI Kurbli M\u0171sor\"><img data-opt-id=1756249453  loading=\"lazy\" decoding=\"async\" width=\"851\" height=\"315\" src=\"https:\/\/mladjxeqsxgv.i.optimole.com\/cb:B3zE.b136\/w:auto\/h:auto\/q:mauto\/f:best\/https:\/\/ctalker.org\/wp-content\/uploads\/2026\/02\/Nevtelen-terv.png\" class=\"img-responsive no-lazy wp-post-image\" alt=\"N\u00e9vtelen terv\" srcset=\"https:\/\/mladjxeqsxgv.i.optimole.com\/cb:B3zE.b136\/w:851\/h:315\/q:mauto\/f:best\/https:\/\/ctalker.org\/wp-content\/uploads\/2026\/02\/Nevtelen-terv.png 851w, https:\/\/mladjxeqsxgv.i.optimole.com\/cb:B3zE.b136\/w:300\/h:111\/q:mauto\/f:best\/https:\/\/ctalker.org\/wp-content\/uploads\/2026\/02\/Nevtelen-terv.png 300w, https:\/\/mladjxeqsxgv.i.optimole.com\/cb:B3zE.b136\/w:768\/h:284\/q:mauto\/f:best\/https:\/\/ctalker.org\/wp-content\/uploads\/2026\/02\/Nevtelen-terv.png 768w, https:\/\/mladjxeqsxgv.i.optimole.com\/cb:B3zE.b136\/w:851\/h:315\/q:mauto\/f:best\/dpr:2\/https:\/\/ctalker.org\/wp-content\/uploads\/2026\/02\/Nevtelen-terv.png 2x\" sizes=\"(max-width: 851px) 100vw, 851px\" \/><\/a><\/div><div class=\"obfx-grid-col-content\">\t\t\t<h2 class=\"entry-title obfx-grid-title\">\n\t\t\t\t\t\t\t<a href=\"https:\/\/ctalker.org\/en\/2026\/02\/01\/febr\/\" title=\"FEBRU\u00c1RI Kurbli M\u0171sor\">\n\t\t\t\t\tFEBRU\u00c1RI Kurbli M\u0171sor\t\t\t\t<\/a>\n\t\t\t\t\t\t\t<\/h2>\n\t\t\t\t\t\t\t<div class=\"entry-meta obfx-grid-meta\">\n\n\t\t\t\t\t\t\t\t\t\t\t\t\t<span class=\"obfx-grid-author\">\n\t\t\t\t\t\t\t\t\t<i class=\"fas fa-user\"><\/i>Kari\t\t\t\t\t\t\t\t<\/span>\n\t\t\t\t\t\t\t\t\t\t\t\t\t\t\t\t<span class=\"obfx-grid-date\">\n\t\t\t\t\t\t\t\t\t<i class=\"fas fa-calendar\"><\/i>01-02-2026\t\t\t\t\t\t\t\t<\/span>\n\t\t\t\t\t\t\t\t\n\t\t\t\t<\/div>\n\t\t\t\t\t\t\t<div class=\"entry-content obfx-grid-content\">\n\t\t\t\t\t\t\t<\/div>\n\t\t\t<\/div><\/article><\/div><div class=\"obfx-grid-wrapper\"><article class=\"obfx-grid-col\"><div class=\"obfx-grid-col-image\" style=\"\"><a href=\"https:\/\/ctalker.org\/en\/2026\/01\/28\/kurbli-filmklub-nyiri-kovacs-istvan-rovid-de-kemeny-eletem-vetiteskozonsegtalalkozo\/\" title=\"Kurbli Filmklub: Ny\u00edri Kov\u00e1cs Istv\u00e1n- R\u00f6vid, de kem\u00e9ny&#8230; \u00e9letem vet\u00edt\u00e9s+k\u00f6z\u00f6ns\u00e9gtal\u00e1lkoz\u00f3\"><img data-opt-id=596881875  loading=\"lazy\" decoding=\"async\" width=\"2017\" height=\"1373\" src=\"https:\/\/mladjxeqsxgv.i.optimole.com\/cb:B3zE.b136\/w:auto\/h:auto\/q:mauto\/f:best\/https:\/\/ctalker.org\/wp-content\/uploads\/2026\/02\/624256996_10236475003968324_4744117450449406334_n.jpg\" class=\"img-responsive no-lazy wp-post-image\" alt=\"624256996_10236475003968324_4744117450449406334_n\" srcset=\"https:\/\/mladjxeqsxgv.i.optimole.com\/cb:B3zE.b136\/w:1586\/h:1080\/q:mauto\/f:best\/https:\/\/ctalker.org\/wp-content\/uploads\/2026\/02\/624256996_10236475003968324_4744117450449406334_n.jpg 2017w, https:\/\/mladjxeqsxgv.i.optimole.com\/cb:B3zE.b136\/w:300\/h:204\/q:mauto\/f:best\/https:\/\/ctalker.org\/wp-content\/uploads\/2026\/02\/624256996_10236475003968324_4744117450449406334_n.jpg 300w, https:\/\/mladjxeqsxgv.i.optimole.com\/cb:B3zE.b136\/w:1024\/h:697\/q:mauto\/f:best\/https:\/\/ctalker.org\/wp-content\/uploads\/2026\/02\/624256996_10236475003968324_4744117450449406334_n.jpg 1024w, https:\/\/mladjxeqsxgv.i.optimole.com\/cb:B3zE.b136\/w:768\/h:523\/q:mauto\/f:best\/https:\/\/ctalker.org\/wp-content\/uploads\/2026\/02\/624256996_10236475003968324_4744117450449406334_n.jpg 768w, https:\/\/mladjxeqsxgv.i.optimole.com\/cb:B3zE.b136\/w:1536\/h:1046\/q:mauto\/f:best\/https:\/\/ctalker.org\/wp-content\/uploads\/2026\/02\/624256996_10236475003968324_4744117450449406334_n.jpg 1536w, https:\/\/mladjxeqsxgv.i.optimole.com\/cb:B3zE.b136\/w:1586\/h:1080\/q:mauto\/f:best\/dpr:2\/https:\/\/ctalker.org\/wp-content\/uploads\/2026\/02\/624256996_10236475003968324_4744117450449406334_n.jpg 2x\" sizes=\"(max-width: 1000px) 100vw, 1000px\" \/><\/a><\/div><div class=\"obfx-grid-col-content\">\t\t\t<h2 class=\"entry-title obfx-grid-title\">\n\t\t\t\t\t\t\t<a href=\"https:\/\/ctalker.org\/en\/2026\/01\/28\/kurbli-filmklub-nyiri-kovacs-istvan-rovid-de-kemeny-eletem-vetiteskozonsegtalalkozo\/\" title=\"Kurbli Filmklub: Ny\u00edri Kov\u00e1cs Istv\u00e1n- R\u00f6vid, de kem\u00e9ny&#8230; \u00e9letem vet\u00edt\u00e9s+k\u00f6z\u00f6ns\u00e9gtal\u00e1lkoz\u00f3\">\n\t\t\t\t\tKurbli Filmklub: Ny\u00edri Kov\u00e1cs Istv\u00e1n- R\u00f6vid, de kem\u00e9ny&#8230; \u00e9letem vet\u00edt\u00e9s+k\u00f6z\u00f6ns\u00e9gtal\u00e1lkoz\u00f3\t\t\t\t<\/a>\n\t\t\t\t\t\t\t<\/h2>\n\t\t\t\t\t\t\t<div class=\"entry-meta obfx-grid-meta\">\n\n\t\t\t\t\t\t\t\t\t\t\t\t\t<span class=\"obfx-grid-author\">\n\t\t\t\t\t\t\t\t\t<i class=\"fas fa-user\"><\/i>Kari\t\t\t\t\t\t\t\t<\/span>\n\t\t\t\t\t\t\t\t\t\t\t\t\t\t\t\t<span class=\"obfx-grid-date\">\n\t\t\t\t\t\t\t\t\t<i class=\"fas fa-calendar\"><\/i>28-01-2026\t\t\t\t\t\t\t\t<\/span>\n\t\t\t\t\t\t\t\t\n\t\t\t\t<\/div>\n\t\t\t\t\t\t\t<div class=\"entry-content obfx-grid-content\">\n\t\t\t\tSzabadka\/2026.01.28. Ny\u00edri Kov\u00e1cs Istv\u00e1n rendez\u0151 \u00e9s Kertai G\u00e1bor \u00edr\u00f3\u00a0R\u00f6vid, de kem\u00e9ny\u2026 \u00e9letem\u00a0c\u00edm\u0171, 2008-ban bemutatott f\u00fcggetlen magyar j\u00e1t\u00e9kfilmje feh\u00e9r holl\u00f3nak sz\u00e1m\u00edt a honi filmvil\u00e1gban A saj\u00e1tosan magyaros&nbsp;romantikus v\u00edgj\u00e1t\u00e9k&nbsp;ironikusan reflekt\u00e1l a szerelemre,&hellip;\t\t\t<\/div>\n\t\t\t<\/div><\/article><\/div><div class=\"obfx-grid-wrapper\"><article class=\"obfx-grid-col\"><div class=\"obfx-grid-col-image\" style=\"\"><a href=\"https:\/\/ctalker.org\/en\/2026\/01\/21\/kurbli-filmklub-20\/\" title=\"Kurbli Filmklub: Robert Bresson-Egy falusi pl\u00e9b\u00e1nos napl\u00f3ja\"><img data-opt-id=1286000649  loading=\"lazy\" decoding=\"async\" width=\"1280\" height=\"714\" src=\"https:\/\/mladjxeqsxgv.i.optimole.com\/cb:B3zE.b136\/w:auto\/h:auto\/q:mauto\/f:best\/https:\/\/ctalker.org\/wp-content\/uploads\/2026\/02\/616391716_10242203679729838_2107606468446508279_n.jpg\" class=\"img-responsive no-lazy wp-post-image\" alt=\"616391716_10242203679729838_2107606468446508279_n\" srcset=\"https:\/\/mladjxeqsxgv.i.optimole.com\/cb:B3zE.b136\/w:1280\/h:714\/q:mauto\/f:best\/https:\/\/ctalker.org\/wp-content\/uploads\/2026\/02\/616391716_10242203679729838_2107606468446508279_n.jpg 1280w, https:\/\/mladjxeqsxgv.i.optimole.com\/cb:B3zE.b136\/w:300\/h:167\/q:mauto\/f:best\/https:\/\/ctalker.org\/wp-content\/uploads\/2026\/02\/616391716_10242203679729838_2107606468446508279_n.jpg 300w, https:\/\/mladjxeqsxgv.i.optimole.com\/cb:B3zE.b136\/w:1024\/h:571\/q:mauto\/f:best\/https:\/\/ctalker.org\/wp-content\/uploads\/2026\/02\/616391716_10242203679729838_2107606468446508279_n.jpg 1024w, https:\/\/mladjxeqsxgv.i.optimole.com\/cb:B3zE.b136\/w:768\/h:428\/q:mauto\/f:best\/https:\/\/ctalker.org\/wp-content\/uploads\/2026\/02\/616391716_10242203679729838_2107606468446508279_n.jpg 768w, https:\/\/mladjxeqsxgv.i.optimole.com\/cb:B3zE.b136\/w:1280\/h:714\/q:mauto\/f:best\/dpr:2\/https:\/\/ctalker.org\/wp-content\/uploads\/2026\/02\/616391716_10242203679729838_2107606468446508279_n.jpg 2x\" sizes=\"(max-width: 1000px) 100vw, 1000px\" \/><\/a><\/div><div class=\"obfx-grid-col-content\">\t\t\t<h2 class=\"entry-title obfx-grid-title\">\n\t\t\t\t\t\t\t<a href=\"https:\/\/ctalker.org\/en\/2026\/01\/21\/kurbli-filmklub-20\/\" title=\"Kurbli Filmklub: Robert Bresson-Egy falusi pl\u00e9b\u00e1nos napl\u00f3ja\">\n\t\t\t\t\tKurbli Filmklub: Robert Bresson-Egy falusi pl\u00e9b\u00e1nos napl\u00f3ja\t\t\t\t<\/a>\n\t\t\t\t\t\t\t<\/h2>\n\t\t\t\t\t\t\t<div class=\"entry-meta obfx-grid-meta\">\n\n\t\t\t\t\t\t\t\t\t\t\t\t\t<span class=\"obfx-grid-author\">\n\t\t\t\t\t\t\t\t\t<i class=\"fas fa-user\"><\/i>Kari\t\t\t\t\t\t\t\t<\/span>\n\t\t\t\t\t\t\t\t\t\t\t\t\t\t\t\t<span class=\"obfx-grid-date\">\n\t\t\t\t\t\t\t\t\t<i class=\"fas fa-calendar\"><\/i>21-01-2026\t\t\t\t\t\t\t\t<\/span>\n\t\t\t\t\t\t\t\t\n\t\t\t\t<\/div>\n\t\t\t\t\t\t\t<div class=\"entry-content obfx-grid-content\">\n\t\t\t\tSzabadka\/2026.01.21. Robert Bresson: Egy falusi pl\u00e9b\u00e1nos napl\u00f3ja (\/Diary of a Country Priest), 1951, francia filmdr\u00e1ma, 95 p. Tarr B\u00e9la filmjei a l\u00e9t s\u00faly\u00e1t teszik \u00e1t\u00e9lhet\u0151v\u00e9; Tarkovszkij a transzcendens rem\u00e9ny\u00e9t keresi;&hellip;\t\t\t<\/div>\n\t\t\t<\/div><\/article><\/div><div class=\"obfx-grid-wrapper\"><article class=\"obfx-grid-col\"><div class=\"obfx-grid-col-image\" style=\"\"><a href=\"https:\/\/ctalker.org\/en\/2026\/01\/17\/kurbli-filmklub-tarr-belara-emlekezunk-satantango\/\" title=\"Kurbli Filmklub-Tarr B\u00e9l\u00e1ra eml\u00e9kez\u00fcnk\/S\u00e1t\u00e1ntang\u00f3\"><img data-opt-id=1221003990  loading=\"lazy\" decoding=\"async\" width=\"2048\" height=\"1280\" src=\"https:\/\/mladjxeqsxgv.i.optimole.com\/cb:B3zE.b136\/w:auto\/h:auto\/q:mauto\/f:best\/https:\/\/ctalker.org\/wp-content\/uploads\/2026\/02\/615967215_10242147488405090_1274621309835486707_n-1.jpg\" class=\"img-responsive no-lazy wp-post-image\" alt=\"615967215_10242147488405090_1274621309835486707_n\" srcset=\"https:\/\/mladjxeqsxgv.i.optimole.com\/cb:B3zE.b136\/w:1728\/h:1080\/q:mauto\/f:best\/https:\/\/ctalker.org\/wp-content\/uploads\/2026\/02\/615967215_10242147488405090_1274621309835486707_n-1.jpg 2048w, https:\/\/mladjxeqsxgv.i.optimole.com\/cb:B3zE.b136\/w:300\/h:188\/q:mauto\/f:best\/https:\/\/ctalker.org\/wp-content\/uploads\/2026\/02\/615967215_10242147488405090_1274621309835486707_n-1.jpg 300w, https:\/\/mladjxeqsxgv.i.optimole.com\/cb:B3zE.b136\/w:1024\/h:640\/q:mauto\/f:best\/https:\/\/ctalker.org\/wp-content\/uploads\/2026\/02\/615967215_10242147488405090_1274621309835486707_n-1.jpg 1024w, https:\/\/mladjxeqsxgv.i.optimole.com\/cb:B3zE.b136\/w:768\/h:480\/q:mauto\/f:best\/https:\/\/ctalker.org\/wp-content\/uploads\/2026\/02\/615967215_10242147488405090_1274621309835486707_n-1.jpg 768w, https:\/\/mladjxeqsxgv.i.optimole.com\/cb:B3zE.b136\/w:1536\/h:960\/q:mauto\/f:best\/https:\/\/ctalker.org\/wp-content\/uploads\/2026\/02\/615967215_10242147488405090_1274621309835486707_n-1.jpg 1536w, https:\/\/mladjxeqsxgv.i.optimole.com\/cb:B3zE.b136\/w:1728\/h:1080\/q:mauto\/f:best\/dpr:2\/https:\/\/ctalker.org\/wp-content\/uploads\/2026\/02\/615967215_10242147488405090_1274621309835486707_n-1.jpg 2x\" sizes=\"(max-width: 1000px) 100vw, 1000px\" \/><\/a><\/div><div class=\"obfx-grid-col-content\">\t\t\t<h2 class=\"entry-title obfx-grid-title\">\n\t\t\t\t\t\t\t<a href=\"https:\/\/ctalker.org\/en\/2026\/01\/17\/kurbli-filmklub-tarr-belara-emlekezunk-satantango\/\" title=\"Kurbli Filmklub-Tarr B\u00e9l\u00e1ra eml\u00e9kez\u00fcnk\/S\u00e1t\u00e1ntang\u00f3\">\n\t\t\t\t\tKurbli Filmklub-Tarr B\u00e9l\u00e1ra eml\u00e9kez\u00fcnk\/S\u00e1t\u00e1ntang\u00f3\t\t\t\t<\/a>\n\t\t\t\t\t\t\t<\/h2>\n\t\t\t\t\t\t\t<div class=\"entry-meta obfx-grid-meta\">\n\n\t\t\t\t\t\t\t\t\t\t\t\t\t<span class=\"obfx-grid-author\">\n\t\t\t\t\t\t\t\t\t<i class=\"fas fa-user\"><\/i>Kari\t\t\t\t\t\t\t\t<\/span>\n\t\t\t\t\t\t\t\t\t\t\t\t\t\t\t\t<span class=\"obfx-grid-date\">\n\t\t\t\t\t\t\t\t\t<i class=\"fas fa-calendar\"><\/i>17-01-2026\t\t\t\t\t\t\t\t<\/span>\n\t\t\t\t\t\t\t\t\n\t\t\t\t<\/div>\n\t\t\t\t\t\t\t<div class=\"entry-content obfx-grid-content\">\n\t\t\t\t2026.01.17.\/Szabadka 2026 janu\u00e1r 6-\u00e1n Tarr B\u00e9la elhunyt, a nemzetk\u00f6zi filmes avantgarde egyik legnagyobb alakja, aki 2026. janu\u00e1r 6-\u00e1n hunyt el 70 \u00e9ves kor\u00e1ban \u2014 a magyar \u00e9s vil\u00e1gfilm egyik megker\u00fclhetetlen&hellip;\t\t\t<\/div>\n\t\t\t<\/div><\/article><\/div><div class=\"obfx-grid-wrapper\"><article class=\"obfx-grid-col\"><div class=\"obfx-grid-col-image\" style=\"\"><a href=\"https:\/\/ctalker.org\/en\/2026\/01\/14\/2026-januari-kurbli-musor\/\" title=\"2026 Janu\u00e1ri Kurbli m\u0171sor\"><img data-opt-id=2058088418  loading=\"lazy\" decoding=\"async\" width=\"1414\" height=\"2000\" src=\"https:\/\/mladjxeqsxgv.i.optimole.com\/cb:B3zE.b136\/w:auto\/h:auto\/q:mauto\/f:best\/https:\/\/ctalker.org\/wp-content\/uploads\/2026\/02\/2026-1.jpg\" class=\"img-responsive no-lazy wp-post-image\" alt=\"2026 (1)\" srcset=\"https:\/\/mladjxeqsxgv.i.optimole.com\/cb:B3zE.b136\/w:763\/h:1080\/q:mauto\/f:best\/https:\/\/ctalker.org\/wp-content\/uploads\/2026\/02\/2026-1.jpg 1414w, https:\/\/mladjxeqsxgv.i.optimole.com\/cb:B3zE.b136\/w:212\/h:300\/q:mauto\/f:best\/https:\/\/ctalker.org\/wp-content\/uploads\/2026\/02\/2026-1.jpg 212w, https:\/\/mladjxeqsxgv.i.optimole.com\/cb:B3zE.b136\/w:724\/h:1024\/q:mauto\/f:best\/https:\/\/ctalker.org\/wp-content\/uploads\/2026\/02\/2026-1.jpg 724w, https:\/\/mladjxeqsxgv.i.optimole.com\/cb:B3zE.b136\/w:763\/h:1080\/q:mauto\/f:best\/https:\/\/ctalker.org\/wp-content\/uploads\/2026\/02\/2026-1.jpg 768w, https:\/\/mladjxeqsxgv.i.optimole.com\/cb:B3zE.b136\/w:763\/h:1080\/q:mauto\/f:best\/https:\/\/ctalker.org\/wp-content\/uploads\/2026\/02\/2026-1.jpg 1086w, https:\/\/mladjxeqsxgv.i.optimole.com\/cb:B3zE.b136\/w:763\/h:1080\/q:mauto\/f:best\/dpr:2\/https:\/\/ctalker.org\/wp-content\/uploads\/2026\/02\/2026-1.jpg 2x\" sizes=\"(max-width: 1000px) 100vw, 1000px\" \/><\/a><\/div><div class=\"obfx-grid-col-content\">\t\t\t<h2 class=\"entry-title obfx-grid-title\">\n\t\t\t\t\t\t\t<a href=\"https:\/\/ctalker.org\/en\/2026\/01\/14\/2026-januari-kurbli-musor\/\" title=\"2026 Janu\u00e1ri Kurbli m\u0171sor\">\n\t\t\t\t\t2026 Janu\u00e1ri Kurbli m\u0171sor\t\t\t\t<\/a>\n\t\t\t\t\t\t\t<\/h2>\n\t\t\t\t\t\t\t<div class=\"entry-meta obfx-grid-meta\">\n\n\t\t\t\t\t\t\t\t\t\t\t\t\t<span class=\"obfx-grid-author\">\n\t\t\t\t\t\t\t\t\t<i class=\"fas fa-user\"><\/i>Kari\t\t\t\t\t\t\t\t<\/span>\n\t\t\t\t\t\t\t\t\t\t\t\t\t\t\t\t<span class=\"obfx-grid-date\">\n\t\t\t\t\t\t\t\t\t<i class=\"fas fa-calendar\"><\/i>14-01-2026\t\t\t\t\t\t\t\t<\/span>\n\t\t\t\t\t\t\t\t\n\t\t\t\t<\/div>\n\t\t\t\t\t\t\t<div class=\"entry-content obfx-grid-content\">\n\t\t\t\t\t\t\t<\/div>\n\t\t\t<\/div><\/article><\/div><div class=\"obfx-grid-wrapper\"><article class=\"obfx-grid-col\"><div class=\"obfx-grid-col-image\" style=\"\"><a href=\"https:\/\/ctalker.org\/en\/2026\/01\/02\/kurbli-2025-os-evertekelo-es-2026-os-kitekintes\/\" title=\"KURBLI 2025-\u00f6s \u00c9V\u00c9RT\u00c9KEL\u0150 \u00e9s 2026-os KITEKINT\u00c9S\"><img data-opt-id=2001030519  loading=\"lazy\" decoding=\"async\" width=\"851\" height=\"315\" src=\"https:\/\/mladjxeqsxgv.i.optimole.com\/cb:B3zE.b136\/w:auto\/h:auto\/q:mauto\/f:best\/https:\/\/ctalker.org\/wp-content\/uploads\/2026\/01\/Nevtelen-terv-1.png\" class=\"img-responsive no-lazy wp-post-image\" alt=\"N\u00e9vtelen terv (1)\" srcset=\"https:\/\/mladjxeqsxgv.i.optimole.com\/cb:B3zE.b136\/w:851\/h:315\/q:mauto\/f:best\/https:\/\/ctalker.org\/wp-content\/uploads\/2026\/01\/Nevtelen-terv-1.png 851w, https:\/\/mladjxeqsxgv.i.optimole.com\/cb:B3zE.b136\/w:300\/h:111\/q:mauto\/f:best\/https:\/\/ctalker.org\/wp-content\/uploads\/2026\/01\/Nevtelen-terv-1.png 300w, https:\/\/mladjxeqsxgv.i.optimole.com\/cb:B3zE.b136\/w:768\/h:284\/q:mauto\/f:best\/https:\/\/ctalker.org\/wp-content\/uploads\/2026\/01\/Nevtelen-terv-1.png 768w, https:\/\/mladjxeqsxgv.i.optimole.com\/cb:B3zE.b136\/w:851\/h:315\/q:mauto\/f:best\/dpr:2\/https:\/\/ctalker.org\/wp-content\/uploads\/2026\/01\/Nevtelen-terv-1.png 2x\" sizes=\"(max-width: 851px) 100vw, 851px\" \/><\/a><\/div><div class=\"obfx-grid-col-content\">\t\t\t<h2 class=\"entry-title obfx-grid-title\">\n\t\t\t\t\t\t\t<a href=\"https:\/\/ctalker.org\/en\/2026\/01\/02\/kurbli-2025-os-evertekelo-es-2026-os-kitekintes\/\" title=\"KURBLI 2025-\u00f6s \u00c9V\u00c9RT\u00c9KEL\u0150 \u00e9s 2026-os KITEKINT\u00c9S\">\n\t\t\t\t\tKURBLI 2025-\u00f6s \u00c9V\u00c9RT\u00c9KEL\u0150 \u00e9s 2026-os KITEKINT\u00c9S\t\t\t\t<\/a>\n\t\t\t\t\t\t\t<\/h2>\n\t\t\t\t\t\t\t<div class=\"entry-meta obfx-grid-meta\">\n\n\t\t\t\t\t\t\t\t\t\t\t\t\t<span class=\"obfx-grid-author\">\n\t\t\t\t\t\t\t\t\t<i class=\"fas fa-user\"><\/i>Kari\t\t\t\t\t\t\t\t<\/span>\n\t\t\t\t\t\t\t\t\t\t\t\t\t\t\t\t<span class=\"obfx-grid-date\">\n\t\t\t\t\t\t\t\t\t<i class=\"fas fa-calendar\"><\/i>02-01-2026\t\t\t\t\t\t\t\t<\/span>\n\t\t\t\t\t\t\t\t\n\t\t\t\t<\/div>\n\t\t\t\t\t\t\t<div class=\"entry-content obfx-grid-content\">\n\t\t\t\t2026.01.02.\/Szabadka A KURBLI Filmklub 2025-ben folytatta \u00e9rt\u00e9k\u0151rz\u0151\u2013\u00e9rt\u00e9kteremt\u0151 tev\u00e9kenys\u00e9g\u00e9t. S\u0151t: ez eddigi legsikeresebb \u00e9ve. Sok volt a telt h\u00e1zas rendezv\u00e9ny. Programja szerepelt az \u00dajvid\u00e9ki Magyar R\u00e1di\u00f3ban, Kom\u00e1romi D\u00f3ra&nbsp;Metszetek&nbsp;c\u00edm\u0171 \u00e9s Horv\u00e1th Csaba&hellip;\t\t\t<\/div>\n\t\t\t<\/div><\/article><\/div><div class=\"obfx-grid-wrapper\"><article class=\"obfx-grid-col\"><div class=\"obfx-grid-col-image\" style=\"\"><a href=\"https:\/\/ctalker.org\/en\/2025\/12\/30\/kurbli-filmklub-palfi-gyorgy-h\/\" title=\"Kurbli Filmklub-P\u00e1lfi Gy\u00f6rgy: Final Cut-H\u00f6lgyeim \u00e9s Uraim\"><img data-opt-id=1657687207  loading=\"lazy\" decoding=\"async\" width=\"640\" height=\"480\" src=\"https:\/\/mladjxeqsxgv.i.optimole.com\/cb:B3zE.b136\/w:auto\/h:auto\/q:mauto\/f:best\/https:\/\/ctalker.org\/wp-content\/uploads\/2026\/02\/607331618_10241883885495182_2720329838103911982_n.jpg\" class=\"img-responsive no-lazy wp-post-image\" alt=\"607331618_10241883885495182_2720329838103911982_n\" srcset=\"https:\/\/mladjxeqsxgv.i.optimole.com\/cb:B3zE.b136\/w:640\/h:480\/q:mauto\/f:best\/https:\/\/ctalker.org\/wp-content\/uploads\/2026\/02\/607331618_10241883885495182_2720329838103911982_n.jpg 640w, https:\/\/mladjxeqsxgv.i.optimole.com\/cb:B3zE.b136\/w:300\/h:225\/q:mauto\/f:best\/https:\/\/ctalker.org\/wp-content\/uploads\/2026\/02\/607331618_10241883885495182_2720329838103911982_n.jpg 300w, https:\/\/mladjxeqsxgv.i.optimole.com\/cb:B3zE.b136\/w:640\/h:480\/q:mauto\/f:best\/dpr:2\/https:\/\/ctalker.org\/wp-content\/uploads\/2026\/02\/607331618_10241883885495182_2720329838103911982_n.jpg 2x\" sizes=\"(max-width: 640px) 100vw, 640px\" \/><\/a><\/div><div class=\"obfx-grid-col-content\">\t\t\t<h2 class=\"entry-title obfx-grid-title\">\n\t\t\t\t\t\t\t<a href=\"https:\/\/ctalker.org\/en\/2025\/12\/30\/kurbli-filmklub-palfi-gyorgy-h\/\" title=\"Kurbli Filmklub-P\u00e1lfi Gy\u00f6rgy: Final Cut-H\u00f6lgyeim \u00e9s Uraim\">\n\t\t\t\t\tKurbli Filmklub-P\u00e1lfi Gy\u00f6rgy: Final Cut-H\u00f6lgyeim \u00e9s Uraim\t\t\t\t<\/a>\n\t\t\t\t\t\t\t<\/h2>\n\t\t\t\t\t\t\t<div class=\"entry-meta obfx-grid-meta\">\n\n\t\t\t\t\t\t\t\t\t\t\t\t\t<span class=\"obfx-grid-author\">\n\t\t\t\t\t\t\t\t\t<i class=\"fas fa-user\"><\/i>Kari\t\t\t\t\t\t\t\t<\/span>\n\t\t\t\t\t\t\t\t\t\t\t\t\t\t\t\t<span class=\"obfx-grid-date\">\n\t\t\t\t\t\t\t\t\t<i class=\"fas fa-calendar\"><\/i>30-12-2025\t\t\t\t\t\t\t\t<\/span>\n\t\t\t\t\t\t\t\t\n\t\t\t\t<\/div>\n\t\t\t\t\t\t\t<div class=\"entry-content obfx-grid-content\">\n\t\t\t\t2025.12.30.\/Szabadka P\u00e1lfi Gy\u00f6rgy: Final Cut-H\u00f6lgyeim \u00e9s Uraim, 2012, magyar mont\u00e1zsfilm 80 p. P\u00e1lfi Gy\u00f6rgy\u00a0rendez\u0151 \u00e9s filmm\u0171v\u00e9szetis oszt\u00e1ly\u00e1nak k\u00f6z\u00f6s mont\u00e1zsfilmje megid\u00e9zi a mozi ir\u00e1nti szerelem els\u0151, gyermeki fell\u00e1ngol\u00e1s\u00e1t. Ikonikus filmt\u00f6rt\u00e9neti pillanatok&hellip;\t\t\t<\/div>\n\t\t\t<\/div><\/article><\/div><div class=\"obfx-grid-wrapper\"><article class=\"obfx-grid-col\"><div class=\"obfx-grid-col-image\" style=\"\"><a href=\"https:\/\/ctalker.org\/en\/2025\/12\/17\/kurbli-filmklub-steve-loveridge-matangi-maya-m-i-a\/\" title=\"Kurbli Filmklub: Steve Loveridge-Matangi \/ Maya \/ M.I.A.\"><img data-opt-id=1773051261  loading=\"lazy\" decoding=\"async\" width=\"870\" height=\"489\" src=\"https:\/\/mladjxeqsxgv.i.optimole.com\/cb:B3zE.b136\/w:auto\/h:auto\/q:mauto\/f:best\/https:\/\/ctalker.org\/wp-content\/uploads\/2025\/12\/598013661_10241698640024161_3688179744319774107_n.jpg\" class=\"img-responsive no-lazy wp-post-image\" alt=\"598013661_10241698640024161_3688179744319774107_n\" srcset=\"https:\/\/mladjxeqsxgv.i.optimole.com\/cb:B3zE.b136\/w:870\/h:489\/q:mauto\/f:best\/https:\/\/ctalker.org\/wp-content\/uploads\/2025\/12\/598013661_10241698640024161_3688179744319774107_n.jpg 870w, https:\/\/mladjxeqsxgv.i.optimole.com\/cb:B3zE.b136\/w:300\/h:169\/q:mauto\/f:best\/https:\/\/ctalker.org\/wp-content\/uploads\/2025\/12\/598013661_10241698640024161_3688179744319774107_n.jpg 300w, https:\/\/mladjxeqsxgv.i.optimole.com\/cb:B3zE.b136\/w:768\/h:432\/q:mauto\/f:best\/https:\/\/ctalker.org\/wp-content\/uploads\/2025\/12\/598013661_10241698640024161_3688179744319774107_n.jpg 768w, https:\/\/mladjxeqsxgv.i.optimole.com\/cb:B3zE.b136\/w:870\/h:489\/q:mauto\/f:best\/dpr:2\/https:\/\/ctalker.org\/wp-content\/uploads\/2025\/12\/598013661_10241698640024161_3688179744319774107_n.jpg 2x\" sizes=\"(max-width: 870px) 100vw, 870px\" \/><\/a><\/div><div class=\"obfx-grid-col-content\">\t\t\t<h2 class=\"entry-title obfx-grid-title\">\n\t\t\t\t\t\t\t<a href=\"https:\/\/ctalker.org\/en\/2025\/12\/17\/kurbli-filmklub-steve-loveridge-matangi-maya-m-i-a\/\" title=\"Kurbli Filmklub: Steve Loveridge-Matangi \/ Maya \/ M.I.A.\">\n\t\t\t\t\tKurbli Filmklub: Steve Loveridge-Matangi \/ Maya \/ M.I.A.\t\t\t\t<\/a>\n\t\t\t\t\t\t\t<\/h2>\n\t\t\t\t\t\t\t<div class=\"entry-meta obfx-grid-meta\">\n\n\t\t\t\t\t\t\t\t\t\t\t\t\t<span class=\"obfx-grid-author\">\n\t\t\t\t\t\t\t\t\t<i class=\"fas fa-user\"><\/i>Kari\t\t\t\t\t\t\t\t<\/span>\n\t\t\t\t\t\t\t\t\t\t\t\t\t\t\t\t<span class=\"obfx-grid-date\">\n\t\t\t\t\t\t\t\t\t<i class=\"fas fa-calendar\"><\/i>17-12-2025\t\t\t\t\t\t\t\t<\/span>\n\t\t\t\t\t\t\t\t\n\t\t\t\t<\/div>\n\t\t\t\t\t\t\t<div class=\"entry-content obfx-grid-content\">\n\t\t\t\t2025.12.17.\/Szabadka 2018, Steve Loveridge: Matangi \/ Maya \/ M.I.A., sri lankai-angol-amerikai dokumentumfilm, 95 p. \u201eA film az \u00e9nekesn\u0151,\u00a0M.I.A.\u00a0kor\u00e1bban nem l\u00e1tott priv\u00e1t felv\u00e9telei seg\u00edts\u00e9g\u00e9vel mutatja be a menek\u00fcltb\u0151l popszt\u00e1rr\u00e1 v\u00e1lt, nemzetk\u00f6zileg&hellip;\t\t\t<\/div>\n\t\t\t<\/div><\/article><\/div><div class=\"obfx-grid-wrapper\"><article class=\"obfx-grid-col\"><div class=\"obfx-grid-col-image\" style=\"\"><a href=\"https:\/\/ctalker.org\/en\/2025\/12\/10\/kurbli-filmklub-sopsits-arpad-cellovolde\/\" title=\"Kurbli Filmklub: Sopsits \u00c1rp\u00e1d-C\u00e9ll\u00f6v\u00f6lde\"><img data-opt-id=1982164337  loading=\"lazy\" decoding=\"async\" width=\"774\" height=\"466\" src=\"https:\/\/mladjxeqsxgv.i.optimole.com\/cb:B3zE.b136\/w:auto\/h:auto\/q:mauto\/f:best\/https:\/\/ctalker.org\/wp-content\/uploads\/2025\/12\/597823943_10241585836164135_1217305813920575482_n.jpg\" class=\"img-responsive no-lazy wp-post-image\" alt=\"597823943_10241585836164135_1217305813920575482_n\" srcset=\"https:\/\/mladjxeqsxgv.i.optimole.com\/cb:B3zE.b136\/w:774\/h:466\/q:mauto\/f:best\/https:\/\/ctalker.org\/wp-content\/uploads\/2025\/12\/597823943_10241585836164135_1217305813920575482_n.jpg 774w, https:\/\/mladjxeqsxgv.i.optimole.com\/cb:B3zE.b136\/w:300\/h:181\/q:mauto\/f:best\/https:\/\/ctalker.org\/wp-content\/uploads\/2025\/12\/597823943_10241585836164135_1217305813920575482_n.jpg 300w, https:\/\/mladjxeqsxgv.i.optimole.com\/cb:B3zE.b136\/w:768\/h:462\/q:mauto\/f:best\/https:\/\/ctalker.org\/wp-content\/uploads\/2025\/12\/597823943_10241585836164135_1217305813920575482_n.jpg 768w, https:\/\/mladjxeqsxgv.i.optimole.com\/cb:B3zE.b136\/w:774\/h:466\/q:mauto\/f:best\/dpr:2\/https:\/\/ctalker.org\/wp-content\/uploads\/2025\/12\/597823943_10241585836164135_1217305813920575482_n.jpg 2x\" sizes=\"(max-width: 774px) 100vw, 774px\" \/><\/a><\/div><div class=\"obfx-grid-col-content\">\t\t\t<h2 class=\"entry-title obfx-grid-title\">\n\t\t\t\t\t\t\t<a href=\"https:\/\/ctalker.org\/en\/2025\/12\/10\/kurbli-filmklub-sopsits-arpad-cellovolde\/\" title=\"Kurbli Filmklub: Sopsits \u00c1rp\u00e1d-C\u00e9ll\u00f6v\u00f6lde\">\n\t\t\t\t\tKurbli Filmklub: Sopsits \u00c1rp\u00e1d-C\u00e9ll\u00f6v\u00f6lde\t\t\t\t<\/a>\n\t\t\t\t\t\t\t<\/h2>\n\t\t\t\t\t\t\t<div class=\"entry-meta obfx-grid-meta\">\n\n\t\t\t\t\t\t\t\t\t\t\t\t\t<span class=\"obfx-grid-author\">\n\t\t\t\t\t\t\t\t\t<i class=\"fas fa-user\"><\/i>Kari\t\t\t\t\t\t\t\t<\/span>\n\t\t\t\t\t\t\t\t\t\t\t\t\t\t\t\t<span class=\"obfx-grid-date\">\n\t\t\t\t\t\t\t\t\t<i class=\"fas fa-calendar\"><\/i>10-12-2025\t\t\t\t\t\t\t\t<\/span>\n\t\t\t\t\t\t\t\t\n\t\t\t\t<\/div>\n\t\t\t\t\t\t\t<div class=\"entry-content obfx-grid-content\">\n\t\t\t\t2025.12.10.\/Szabadka 1990, Sopsits \u00c1rp\u00e1d: C\u00e9ll\u00f6v\u00f6lde, magyar j\u00e1t\u00e9kfilm, 85 p. \u00a0Sopsits \u00c1rp\u00e1dra (1952-2025) eml\u00e9kez\u00fcnk Sopsits \u00c1rp\u00e1d\u00a0C\u00e9ll\u00f6v\u00f6lde\u00a0(1989\/90) c\u00edm\u0171 els\u0151 j\u00e1t\u00e9kfilmje val\u00f3s b\u0171neseten alapszik. Sopsits r\u00e9szt vett a b\u00edr\u00f3s\u00e1gi t\u00e1rgyal\u00e1son \u00e9s besz\u00e9lt is&hellip;\t\t\t<\/div>\n\t\t\t<\/div><\/article><\/div><div class=\"obfx-grid-wrapper\"><article class=\"obfx-grid-col\"><div class=\"obfx-grid-col-image\" style=\"\"><a href=\"https:\/\/ctalker.org\/en\/2025\/12\/09\/kurbli-filmklub-telthazas-mediawave-filmvetitesek\/\" title=\"Kurbli Filmklub: Telth\u00e1zas MEDIAWAVE filmvet\u00edt\u00e9sek\"><img data-opt-id=645093762  loading=\"lazy\" decoding=\"async\" width=\"590\" height=\"443\" src=\"https:\/\/mladjxeqsxgv.i.optimole.com\/cb:B3zE.b136\/w:auto\/h:auto\/q:mauto\/f:best\/https:\/\/ctalker.org\/wp-content\/uploads\/2026\/01\/574073121_10235365090261175_6551993539527048983_n.jpg\" class=\"img-responsive no-lazy wp-post-image\" alt=\"574073121_10235365090261175_6551993539527048983_n\" srcset=\"https:\/\/mladjxeqsxgv.i.optimole.com\/cb:B3zE.b136\/w:590\/h:443\/q:mauto\/f:best\/https:\/\/ctalker.org\/wp-content\/uploads\/2026\/01\/574073121_10235365090261175_6551993539527048983_n.jpg 590w, https:\/\/mladjxeqsxgv.i.optimole.com\/cb:B3zE.b136\/w:300\/h:225\/q:mauto\/f:best\/https:\/\/ctalker.org\/wp-content\/uploads\/2026\/01\/574073121_10235365090261175_6551993539527048983_n.jpg 300w, https:\/\/mladjxeqsxgv.i.optimole.com\/cb:B3zE.b136\/w:590\/h:443\/q:mauto\/f:best\/dpr:2\/https:\/\/ctalker.org\/wp-content\/uploads\/2026\/01\/574073121_10235365090261175_6551993539527048983_n.jpg 2x\" sizes=\"(max-width: 590px) 100vw, 590px\" \/><\/a><\/div><div class=\"obfx-grid-col-content\">\t\t\t<h2 class=\"entry-title obfx-grid-title\">\n\t\t\t\t\t\t\t<a href=\"https:\/\/ctalker.org\/en\/2025\/12\/09\/kurbli-filmklub-telthazas-mediawave-filmvetitesek\/\" title=\"Kurbli Filmklub: Telth\u00e1zas MEDIAWAVE filmvet\u00edt\u00e9sek\">\n\t\t\t\t\tKurbli Filmklub: Telth\u00e1zas MEDIAWAVE filmvet\u00edt\u00e9sek\t\t\t\t<\/a>\n\t\t\t\t\t\t\t<\/h2>\n\t\t\t\t\t\t\t<div class=\"entry-meta obfx-grid-meta\">\n\n\t\t\t\t\t\t\t\t\t\t\t\t\t<span class=\"obfx-grid-author\">\n\t\t\t\t\t\t\t\t\t<i class=\"fas fa-user\"><\/i>Kari\t\t\t\t\t\t\t\t<\/span>\n\t\t\t\t\t\t\t\t\t\t\t\t\t\t\t\t<span class=\"obfx-grid-date\">\n\t\t\t\t\t\t\t\t\t<i class=\"fas fa-calendar\"><\/i>09-12-2025\t\t\t\t\t\t\t\t<\/span>\n\t\t\t\t\t\t\t\t\n\t\t\t\t<\/div>\n\t\t\t\t\t\t\t<div class=\"entry-content obfx-grid-content\">\n\t\t\t\t2025 okt\u00f3bere \u00e9s decembere k\u00f6z\u00f6tt h\u00e1rom alklaommal is fesztiv\u00e1l d\u00edjnyertes filmeket vet\u00edtett\u00fcnk! Egy\u00e9rtelm\u0171en a szezon legl\u00e1togatottabb est\u00e9i voltak! A Mediawave filmjei \u00e9kes bizony\u00edt\u00e9kai annak, hogy a filmm\u0171v\u00e9szet \u00e9l \u00e9s forog.\t\t\t<\/div>\n\t\t\t<\/div><\/article><\/div><div class=\"obfx-grid-wrapper\"><article class=\"obfx-grid-col\"><div class=\"obfx-grid-col-image\" style=\"\"><a href=\"https:\/\/ctalker.org\/en\/2025\/12\/03\/kurbli-filmklub-18\/\" title=\"Kurbli Filmklub: MEDIAWAVE\u00a02024 &#8211; d\u00edjnyertes r\u00f6vidfilmek\"><img data-opt-id=689509588  loading=\"lazy\" decoding=\"async\" width=\"225\" height=\"225\" src=\"https:\/\/mladjxeqsxgv.i.optimole.com\/cb:B3zE.b136\/w:auto\/h:auto\/q:mauto\/f:best\/https:\/\/ctalker.org\/wp-content\/uploads\/2025\/12\/images.jpg\" class=\"img-responsive no-lazy wp-post-image\" alt=\"images\" srcset=\"https:\/\/mladjxeqsxgv.i.optimole.com\/cb:B3zE.b136\/w:225\/h:225\/q:mauto\/f:best\/https:\/\/ctalker.org\/wp-content\/uploads\/2025\/12\/images.jpg 225w, https:\/\/mladjxeqsxgv.i.optimole.com\/cb:B3zE.b136\/w:150\/h:150\/q:mauto\/f:best\/https:\/\/ctalker.org\/wp-content\/uploads\/2025\/12\/images.jpg 150w, https:\/\/mladjxeqsxgv.i.optimole.com\/cb:B3zE.b136\/w:80\/h:80\/q:mauto\/f:best\/https:\/\/ctalker.org\/wp-content\/uploads\/2025\/12\/images.jpg 80w, https:\/\/mladjxeqsxgv.i.optimole.com\/cb:B3zE.b136\/w:225\/h:225\/q:mauto\/f:best\/dpr:2\/https:\/\/ctalker.org\/wp-content\/uploads\/2025\/12\/images.jpg 2x\" sizes=\"(max-width: 225px) 100vw, 225px\" \/><\/a><\/div><div class=\"obfx-grid-col-content\">\t\t\t<h2 class=\"entry-title obfx-grid-title\">\n\t\t\t\t\t\t\t<a href=\"https:\/\/ctalker.org\/en\/2025\/12\/03\/kurbli-filmklub-18\/\" title=\"Kurbli Filmklub: MEDIAWAVE\u00a02024 &#8211; d\u00edjnyertes r\u00f6vidfilmek\">\n\t\t\t\t\tKurbli Filmklub: MEDIAWAVE\u00a02024 &#8211; d\u00edjnyertes r\u00f6vidfilmek\t\t\t\t<\/a>\n\t\t\t\t\t\t\t<\/h2>\n\t\t\t\t\t\t\t<div class=\"entry-meta obfx-grid-meta\">\n\n\t\t\t\t\t\t\t\t\t\t\t\t\t<span class=\"obfx-grid-author\">\n\t\t\t\t\t\t\t\t\t<i class=\"fas fa-user\"><\/i>Kari\t\t\t\t\t\t\t\t<\/span>\n\t\t\t\t\t\t\t\t\t\t\t\t\t\t\t\t<span class=\"obfx-grid-date\">\n\t\t\t\t\t\t\t\t\t<i class=\"fas fa-calendar\"><\/i>03-12-2025\t\t\t\t\t\t\t\t<\/span>\n\t\t\t\t\t\t\t\t\n\t\t\t\t<\/div>\n\t\t\t\t\t\t\t<div class=\"entry-content obfx-grid-content\">\n\t\t\t\t2025.12.03.\/Szabadka A\u00a0MEDIAWAVE \u2013 F\u00e9ny\u00edr\u00f3k Fesztiv\u00e1lja\u00a0r\u00f6vidfilmjeinek harmadik, z\u00e1r\u00f3 vet\u00edt\u00e9s\u00e9re ker\u00fcl sor. A programban szlov\u00e1k\u2013cseh, \u00edr, finn, lengyel, \u00e9szt, magyar\u2013francia \u00e9s ir\u00e1ni r\u00f6vidfilmek szerepelnek. A humort \u00e9s a filozofikus szeml\u00e9letet sz\u00ednvonalasan \u00f6tv\u00f6z\u0151,&hellip;\t\t\t<\/div>\n\t\t\t<\/div><\/article><\/div><div class=\"obfx-grid-wrapper\"><article class=\"obfx-grid-col\"><div class=\"obfx-grid-col-image\" style=\"\"><a href=\"https:\/\/ctalker.org\/en\/2025\/12\/01\/decemberi-kurbli-musor-4\/\" title=\"Decemberi Kurbli m\u0171sor\"><img data-opt-id=1882431980  loading=\"lazy\" decoding=\"async\" width=\"1748\" height=\"1240\" src=\"https:\/\/mladjxeqsxgv.i.optimole.com\/cb:B3zE.b136\/w:auto\/h:auto\/q:mauto\/f:best\/https:\/\/ctalker.org\/wp-content\/uploads\/2025\/12\/Boldog-Karacsonyt-.jpg\" class=\"img-responsive no-lazy wp-post-image\" alt=\"Boldog Kar\u00e1csonyt, !\" srcset=\"https:\/\/mladjxeqsxgv.i.optimole.com\/cb:B3zE.b136\/w:1522\/h:1080\/q:mauto\/f:best\/https:\/\/ctalker.org\/wp-content\/uploads\/2025\/12\/Boldog-Karacsonyt-.jpg 1748w, https:\/\/mladjxeqsxgv.i.optimole.com\/cb:B3zE.b136\/w:300\/h:213\/q:mauto\/f:best\/https:\/\/ctalker.org\/wp-content\/uploads\/2025\/12\/Boldog-Karacsonyt-.jpg 300w, https:\/\/mladjxeqsxgv.i.optimole.com\/cb:B3zE.b136\/w:1024\/h:726\/q:mauto\/f:best\/https:\/\/ctalker.org\/wp-content\/uploads\/2025\/12\/Boldog-Karacsonyt-.jpg 1024w, https:\/\/mladjxeqsxgv.i.optimole.com\/cb:B3zE.b136\/w:768\/h:545\/q:mauto\/f:best\/https:\/\/ctalker.org\/wp-content\/uploads\/2025\/12\/Boldog-Karacsonyt-.jpg 768w, https:\/\/mladjxeqsxgv.i.optimole.com\/cb:B3zE.b136\/w:1521\/h:1080\/q:mauto\/f:best\/https:\/\/ctalker.org\/wp-content\/uploads\/2025\/12\/Boldog-Karacsonyt-.jpg 1536w, https:\/\/mladjxeqsxgv.i.optimole.com\/cb:B3zE.b136\/w:1522\/h:1080\/q:mauto\/f:best\/dpr:2\/https:\/\/ctalker.org\/wp-content\/uploads\/2025\/12\/Boldog-Karacsonyt-.jpg 2x\" sizes=\"(max-width: 1000px) 100vw, 1000px\" \/><\/a><\/div><div class=\"obfx-grid-col-content\">\t\t\t<h2 class=\"entry-title obfx-grid-title\">\n\t\t\t\t\t\t\t<a href=\"https:\/\/ctalker.org\/en\/2025\/12\/01\/decemberi-kurbli-musor-4\/\" title=\"Decemberi Kurbli m\u0171sor\">\n\t\t\t\t\tDecemberi Kurbli m\u0171sor\t\t\t\t<\/a>\n\t\t\t\t\t\t\t<\/h2>\n\t\t\t\t\t\t\t<div class=\"entry-meta obfx-grid-meta\">\n\n\t\t\t\t\t\t\t\t\t\t\t\t\t<span class=\"obfx-grid-author\">\n\t\t\t\t\t\t\t\t\t<i class=\"fas fa-user\"><\/i>Kari\t\t\t\t\t\t\t\t<\/span>\n\t\t\t\t\t\t\t\t\t\t\t\t\t\t\t\t<span class=\"obfx-grid-date\">\n\t\t\t\t\t\t\t\t\t<i class=\"fas fa-calendar\"><\/i>01-12-2025\t\t\t\t\t\t\t\t<\/span>\n\t\t\t\t\t\t\t\t\n\t\t\t\t<\/div>\n\t\t\t\t\t\t\t<div class=\"entry-content obfx-grid-content\">\n\t\t\t\t\u00cdnyenc \u00fcnnepi men\u00fcvel v\u00e1r a filmklub:\t\t\t<\/div>\n\t\t\t<\/div><\/article><\/div><div class=\"obfx-grid-wrapper\"><article class=\"obfx-grid-col\"><div class=\"obfx-grid-col-image\" style=\"\"><a href=\"https:\/\/ctalker.org\/en\/2025\/11\/19\/kurbli-filmklub-agnieszka-zwiefka-a-nema-fak\/\" title=\"Kurbli Filmklub: Agnieszka Zwiefka-A n\u00e9ma f\u00e1k\"><img data-opt-id=1201028225  loading=\"lazy\" decoding=\"async\" width=\"1000\" height=\"667\" src=\"https:\/\/mladjxeqsxgv.i.optimole.com\/cb:B3zE.b136\/w:auto\/h:auto\/q:mauto\/f:best\/https:\/\/ctalker.org\/wp-content\/uploads\/2026\/01\/582667417_10241291133036741_1481756493668328936_n.jpg\" class=\"img-responsive no-lazy wp-post-image\" alt=\"582667417_10241291133036741_1481756493668328936_n\" srcset=\"https:\/\/mladjxeqsxgv.i.optimole.com\/cb:B3zE.b136\/w:1000\/h:667\/q:mauto\/f:best\/https:\/\/ctalker.org\/wp-content\/uploads\/2026\/01\/582667417_10241291133036741_1481756493668328936_n.jpg 1000w, https:\/\/mladjxeqsxgv.i.optimole.com\/cb:B3zE.b136\/w:300\/h:200\/q:mauto\/f:best\/https:\/\/ctalker.org\/wp-content\/uploads\/2026\/01\/582667417_10241291133036741_1481756493668328936_n.jpg 300w, https:\/\/mladjxeqsxgv.i.optimole.com\/cb:B3zE.b136\/w:768\/h:512\/q:mauto\/f:best\/https:\/\/ctalker.org\/wp-content\/uploads\/2026\/01\/582667417_10241291133036741_1481756493668328936_n.jpg 768w, https:\/\/mladjxeqsxgv.i.optimole.com\/cb:B3zE.b136\/w:600\/h:400\/q:mauto\/f:best\/https:\/\/ctalker.org\/wp-content\/uploads\/2026\/01\/582667417_10241291133036741_1481756493668328936_n.jpg 600w, https:\/\/mladjxeqsxgv.i.optimole.com\/cb:B3zE.b136\/w:1000\/h:667\/q:mauto\/f:best\/dpr:2\/https:\/\/ctalker.org\/wp-content\/uploads\/2026\/01\/582667417_10241291133036741_1481756493668328936_n.jpg 2x\" sizes=\"(max-width: 1000px) 100vw, 1000px\" \/><\/a><\/div><div class=\"obfx-grid-col-content\">\t\t\t<h2 class=\"entry-title obfx-grid-title\">\n\t\t\t\t\t\t\t<a href=\"https:\/\/ctalker.org\/en\/2025\/11\/19\/kurbli-filmklub-agnieszka-zwiefka-a-nema-fak\/\" title=\"Kurbli Filmklub: Agnieszka Zwiefka-A n\u00e9ma f\u00e1k\">\n\t\t\t\t\tKurbli Filmklub: Agnieszka Zwiefka-A n\u00e9ma f\u00e1k\t\t\t\t<\/a>\n\t\t\t\t\t\t\t<\/h2>\n\t\t\t\t\t\t\t<div class=\"entry-meta obfx-grid-meta\">\n\n\t\t\t\t\t\t\t\t\t\t\t\t\t<span class=\"obfx-grid-author\">\n\t\t\t\t\t\t\t\t\t<i class=\"fas fa-user\"><\/i>Kari\t\t\t\t\t\t\t\t<\/span>\n\t\t\t\t\t\t\t\t\t\t\t\t\t\t\t\t<span class=\"obfx-grid-date\">\n\t\t\t\t\t\t\t\t\t<i class=\"fas fa-calendar\"><\/i>19-11-2025\t\t\t\t\t\t\t\t<\/span>\n\t\t\t\t\t\t\t\t\n\t\t\t\t<\/div>\n\t\t\t\t\t\t\t<div class=\"entry-content obfx-grid-content\">\n\t\t\t\t2025.11.19.\/Szabadka Agnieszka Zwiefka-A n\u00e9ma f\u00e1k (Silent trees), 2024, lengyel-d\u00e1n csal\u00e1di anim\u00e1ci\u00f3s dokumentumfilm, 85&#8242; M\u00e9g szerd\u00e1ig nagyban d\u00fcb\u00f6r\u00f6g Budapesten a\u00a022. Verzi\u00f3 Nemzetk\u00f6zi Emberi Jogi Dokumentumfilm Fesztiv\u00e1l\u00a0(Verzio International Human Rights Documentary Film&hellip;\t\t\t<\/div>\n\t\t\t<\/div><\/article><\/div><div class=\"obfx-grid-wrapper\"><article class=\"obfx-grid-col\"><div class=\"obfx-grid-col-image\" style=\"\"><a href=\"https:\/\/ctalker.org\/en\/2025\/11\/12\/kurbli-filmklub-mediawave-r\/\" title=\"Kurbli Filmklub: MEDIAWAVE r\u00f6vidfilm v\u00e1logat\u00e1s 2023-b\u00f3l\"><img data-opt-id=2135825041  loading=\"lazy\" decoding=\"async\" width=\"224\" height=\"224\" src=\"https:\/\/mladjxeqsxgv.i.optimole.com\/cb:B3zE.b136\/w:auto\/h:auto\/q:mauto\/f:best\/https:\/\/ctalker.org\/wp-content\/uploads\/2026\/01\/letoltes-1.jpg\" class=\"img-responsive no-lazy wp-post-image\" alt=\"let\u00f6lt\u00e9s\" srcset=\"https:\/\/mladjxeqsxgv.i.optimole.com\/cb:B3zE.b136\/w:224\/h:224\/q:mauto\/f:best\/https:\/\/ctalker.org\/wp-content\/uploads\/2026\/01\/letoltes-1.jpg 224w, https:\/\/mladjxeqsxgv.i.optimole.com\/cb:B3zE.b136\/w:150\/h:150\/q:mauto\/f:best\/https:\/\/ctalker.org\/wp-content\/uploads\/2026\/01\/letoltes-1.jpg 150w, https:\/\/mladjxeqsxgv.i.optimole.com\/cb:B3zE.b136\/w:80\/h:80\/q:mauto\/f:best\/https:\/\/ctalker.org\/wp-content\/uploads\/2026\/01\/letoltes-1.jpg 80w, https:\/\/mladjxeqsxgv.i.optimole.com\/cb:B3zE.b136\/w:224\/h:224\/q:mauto\/f:best\/dpr:2\/https:\/\/ctalker.org\/wp-content\/uploads\/2026\/01\/letoltes-1.jpg 2x\" sizes=\"(max-width: 224px) 100vw, 224px\" \/><\/a><\/div><div class=\"obfx-grid-col-content\">\t\t\t<h2 class=\"entry-title obfx-grid-title\">\n\t\t\t\t\t\t\t<a href=\"https:\/\/ctalker.org\/en\/2025\/11\/12\/kurbli-filmklub-mediawave-r\/\" title=\"Kurbli Filmklub: MEDIAWAVE r\u00f6vidfilm v\u00e1logat\u00e1s 2023-b\u00f3l\">\n\t\t\t\t\tKurbli Filmklub: MEDIAWAVE r\u00f6vidfilm v\u00e1logat\u00e1s 2023-b\u00f3l\t\t\t\t<\/a>\n\t\t\t\t\t\t\t<\/h2>\n\t\t\t\t\t\t\t<div class=\"entry-meta obfx-grid-meta\">\n\n\t\t\t\t\t\t\t\t\t\t\t\t\t<span class=\"obfx-grid-author\">\n\t\t\t\t\t\t\t\t\t<i class=\"fas fa-user\"><\/i>Kari\t\t\t\t\t\t\t\t<\/span>\n\t\t\t\t\t\t\t\t\t\t\t\t\t\t\t\t<span class=\"obfx-grid-date\">\n\t\t\t\t\t\t\t\t\t<i class=\"fas fa-calendar\"><\/i>12-11-2025\t\t\t\t\t\t\t\t<\/span>\n\t\t\t\t\t\t\t\t\n\t\t\t\t<\/div>\n\t\t\t\t\t\t\t<div class=\"entry-content obfx-grid-content\">\n\t\t\t\t2025.11.12.\/Szabadka MEDIAWAVE\u2013 F\u00e9ny\u00edr\u00f3k Fesztiv\u00e1lja r\u00f6vidfilmjeinek m\u00e1sodik vet\u00edt\u00e9s\u00e9n lengyel, g\u00f6r\u00f6g, sv\u00e9d, orosz, belga \u00e9s spanyol r\u00f6vidfilmek szerepelnek. A humort \u00e9s a filozofikus szeml\u00e9letet sz\u00ednvonalasan \u00f6tv\u00f6z\u0151, avantg\u00e1rd hagyom\u00e1nyokat \u00e1pol\u00f3 filmek k\u00fcl\u00f6n\u00f6sen inspir\u00e1l\u00f3&hellip;\t\t\t<\/div>\n\t\t\t<\/div><\/article><\/div><div class=\"obfx-grid-wrapper\"><article class=\"obfx-grid-col\"><div class=\"obfx-grid-col-image\" style=\"\"><a href=\"https:\/\/ctalker.org\/en\/2025\/11\/05\/kurbli-filmklub-leos-carax-holy-motors\/\" title=\"Kurbli Filmklub: Leos Carax-Holy Motors\"><img data-opt-id=367618237  loading=\"lazy\" decoding=\"async\" width=\"527\" height=\"716\" src=\"https:\/\/mladjxeqsxgv.i.optimole.com\/cb:B3zE.b136\/w:auto\/h:auto\/q:mauto\/f:best\/https:\/\/ctalker.org\/wp-content\/uploads\/2025\/12\/574108117_10241100980363043_5653698180214982381_n.jpg\" class=\"img-responsive no-lazy wp-post-image\" alt=\"574108117_10241100980363043_5653698180214982381_n\" srcset=\"https:\/\/mladjxeqsxgv.i.optimole.com\/cb:B3zE.b136\/w:527\/h:716\/q:mauto\/f:best\/https:\/\/ctalker.org\/wp-content\/uploads\/2025\/12\/574108117_10241100980363043_5653698180214982381_n.jpg 527w, https:\/\/mladjxeqsxgv.i.optimole.com\/cb:B3zE.b136\/w:221\/h:300\/q:mauto\/f:best\/https:\/\/ctalker.org\/wp-content\/uploads\/2025\/12\/574108117_10241100980363043_5653698180214982381_n.jpg 221w, https:\/\/mladjxeqsxgv.i.optimole.com\/cb:B3zE.b136\/w:527\/h:716\/q:mauto\/f:best\/dpr:2\/https:\/\/ctalker.org\/wp-content\/uploads\/2025\/12\/574108117_10241100980363043_5653698180214982381_n.jpg 2x\" sizes=\"(max-width: 527px) 100vw, 527px\" \/><\/a><\/div><div class=\"obfx-grid-col-content\">\t\t\t<h2 class=\"entry-title obfx-grid-title\">\n\t\t\t\t\t\t\t<a href=\"https:\/\/ctalker.org\/en\/2025\/11\/05\/kurbli-filmklub-leos-carax-holy-motors\/\" title=\"Kurbli Filmklub: Leos Carax-Holy Motors\">\n\t\t\t\t\tKurbli Filmklub: Leos Carax-Holy Motors\t\t\t\t<\/a>\n\t\t\t\t\t\t\t<\/h2>\n\t\t\t\t\t\t\t<div class=\"entry-meta obfx-grid-meta\">\n\n\t\t\t\t\t\t\t\t\t\t\t\t\t<span class=\"obfx-grid-author\">\n\t\t\t\t\t\t\t\t\t<i class=\"fas fa-user\"><\/i>Kari\t\t\t\t\t\t\t\t<\/span>\n\t\t\t\t\t\t\t\t\t\t\t\t\t\t\t\t<span class=\"obfx-grid-date\">\n\t\t\t\t\t\t\t\t\t<i class=\"fas fa-calendar\"><\/i>05-11-2025\t\t\t\t\t\t\t\t<\/span>\n\t\t\t\t\t\t\t\t\n\t\t\t\t<\/div>\n\t\t\t\t\t\t\t<div class=\"entry-content obfx-grid-content\">\n\t\t\t\tSzabadka\/2025.11.05. Leos Carax: Holy Motors, 2012, francia fantasy-dr\u00e1ma, 115 p. A\u00a0Holy Motors\u00a0egy sokr\u00e9teg\u0171 allegorikus m\u0171, amely a filmnyelv, az identit\u00e1s \u00e9s a m\u0171v\u00e9szet hat\u00e1rait feszegetve\u00a0m\u00e9ly filoz\u00f3fiai k\u00e9rd\u00e9seket vet fel\u00a0a modern&hellip;\t\t\t<\/div>\n\t\t\t<\/div><\/article><\/div><div class=\"obfx-grid-wrapper\"><article class=\"obfx-grid-col\"><div class=\"obfx-grid-col-image\" style=\"\"><a href=\"https:\/\/ctalker.org\/en\/2025\/10\/22\/kurbli-filmklub-19\/\" title=\"Kurbli Filmklub: Joshua Oppenheimer-Az \u00f6l\u00e9s aktusa\"><img data-opt-id=1515219303  loading=\"lazy\" decoding=\"async\" width=\"290\" height=\"173\" src=\"https:\/\/mladjxeqsxgv.i.optimole.com\/cb:B3zE.b136\/w:auto\/h:auto\/q:mauto\/f:best\/https:\/\/ctalker.org\/wp-content\/uploads\/2026\/01\/images.jpg\" class=\"img-responsive no-lazy wp-post-image\" alt=\"images\" srcset=\"https:\/\/mladjxeqsxgv.i.optimole.com\/cb:B3zE.b136\/w:290\/h:173\/q:mauto\/f:best\/https:\/\/ctalker.org\/wp-content\/uploads\/2026\/01\/images.jpg 290w, https:\/\/mladjxeqsxgv.i.optimole.com\/cb:B3zE.b136\/w:290\/h:173\/q:mauto\/f:best\/dpr:2\/https:\/\/ctalker.org\/wp-content\/uploads\/2026\/01\/images.jpg 2x\" sizes=\"(max-width: 290px) 100vw, 290px\" \/><\/a><\/div><div class=\"obfx-grid-col-content\">\t\t\t<h2 class=\"entry-title obfx-grid-title\">\n\t\t\t\t\t\t\t<a href=\"https:\/\/ctalker.org\/en\/2025\/10\/22\/kurbli-filmklub-19\/\" title=\"Kurbli Filmklub: Joshua Oppenheimer-Az \u00f6l\u00e9s aktusa\">\n\t\t\t\t\tKurbli Filmklub: Joshua Oppenheimer-Az \u00f6l\u00e9s aktusa\t\t\t\t<\/a>\n\t\t\t\t\t\t\t<\/h2>\n\t\t\t\t\t\t\t<div class=\"entry-meta obfx-grid-meta\">\n\n\t\t\t\t\t\t\t\t\t\t\t\t\t<span class=\"obfx-grid-author\">\n\t\t\t\t\t\t\t\t\t<i class=\"fas fa-user\"><\/i>Kari\t\t\t\t\t\t\t\t<\/span>\n\t\t\t\t\t\t\t\t\t\t\t\t\t\t\t\t<span class=\"obfx-grid-date\">\n\t\t\t\t\t\t\t\t\t<i class=\"fas fa-calendar\"><\/i>22-10-2025\t\t\t\t\t\t\t\t<\/span>\n\t\t\t\t\t\t\t\t\n\t\t\t\t<\/div>\n\t\t\t\t\t\t\t<div class=\"entry-content obfx-grid-content\">\n\t\t\t\t2025.01.22.\/Szabadka Joshua Oppenheimer: Az \u00f6l\u00e9s aktusa (The Act of Killing), 2012 amerikai dokumentumfilm, 115 p. Joshua Oppenheimer amerikai dokumentumfilm-rendez\u0151 kock\u00e1zatos v\u00e1llalkoz\u00e1sba kezdett. 2005 \u00e9s 2011 k\u00f6z\u00f6tt Indon\u00e9zi\u00e1ban forgatott, ahol ekkorra&hellip;\t\t\t<\/div>\n\t\t\t<\/div><\/article><\/div><div class=\"obfx-grid-wrapper\"><article class=\"obfx-grid-col\"><div class=\"obfx-grid-col-image\" style=\"\"><a href=\"https:\/\/ctalker.org\/en\/2025\/10\/10\/kurbli-filmklub-vajdasagi-magyar-mozgokep-napja-2\/\" title=\"Kurbli Filmklub-VAJDAS\u00c1GI MAGYAR MOZG\u00d3K\u00c9P NAPJA\"><img data-opt-id=149021555  loading=\"lazy\" decoding=\"async\" width=\"2048\" height=\"1536\" src=\"https:\/\/mladjxeqsxgv.i.optimole.com\/cb:B3zE.b136\/w:auto\/h:auto\/q:mauto\/f:best\/https:\/\/ctalker.org\/wp-content\/uploads\/2026\/01\/557602594_10235091676706007_569466880908783356_n.jpg\" class=\"img-responsive no-lazy wp-post-image\" alt=\"557602594_10235091676706007_569466880908783356_n\" srcset=\"https:\/\/mladjxeqsxgv.i.optimole.com\/cb:B3zE.b136\/w:1440\/h:1080\/q:mauto\/f:best\/https:\/\/ctalker.org\/wp-content\/uploads\/2026\/01\/557602594_10235091676706007_569466880908783356_n.jpg 2048w, https:\/\/mladjxeqsxgv.i.optimole.com\/cb:B3zE.b136\/w:300\/h:225\/q:mauto\/f:best\/https:\/\/ctalker.org\/wp-content\/uploads\/2026\/01\/557602594_10235091676706007_569466880908783356_n.jpg 300w, https:\/\/mladjxeqsxgv.i.optimole.com\/cb:B3zE.b136\/w:1024\/h:768\/q:mauto\/f:best\/https:\/\/ctalker.org\/wp-content\/uploads\/2026\/01\/557602594_10235091676706007_569466880908783356_n.jpg 1024w, https:\/\/mladjxeqsxgv.i.optimole.com\/cb:B3zE.b136\/w:768\/h:576\/q:mauto\/f:best\/https:\/\/ctalker.org\/wp-content\/uploads\/2026\/01\/557602594_10235091676706007_569466880908783356_n.jpg 768w, https:\/\/mladjxeqsxgv.i.optimole.com\/cb:B3zE.b136\/w:1440\/h:1080\/q:mauto\/f:best\/https:\/\/ctalker.org\/wp-content\/uploads\/2026\/01\/557602594_10235091676706007_569466880908783356_n.jpg 1536w, https:\/\/mladjxeqsxgv.i.optimole.com\/cb:B3zE.b136\/w:1440\/h:1080\/q:mauto\/f:best\/dpr:2\/https:\/\/ctalker.org\/wp-content\/uploads\/2026\/01\/557602594_10235091676706007_569466880908783356_n.jpg 2x\" sizes=\"(max-width: 1000px) 100vw, 1000px\" \/><\/a><\/div><div class=\"obfx-grid-col-content\">\t\t\t<h2 class=\"entry-title obfx-grid-title\">\n\t\t\t\t\t\t\t<a href=\"https:\/\/ctalker.org\/en\/2025\/10\/10\/kurbli-filmklub-vajdasagi-magyar-mozgokep-napja-2\/\" title=\"Kurbli Filmklub-VAJDAS\u00c1GI MAGYAR MOZG\u00d3K\u00c9P NAPJA\">\n\t\t\t\t\tKurbli Filmklub-VAJDAS\u00c1GI MAGYAR MOZG\u00d3K\u00c9P NAPJA\t\t\t\t<\/a>\n\t\t\t\t\t\t\t<\/h2>\n\t\t\t\t\t\t\t<div class=\"entry-meta obfx-grid-meta\">\n\n\t\t\t\t\t\t\t\t\t\t\t\t\t<span class=\"obfx-grid-author\">\n\t\t\t\t\t\t\t\t\t<i class=\"fas fa-user\"><\/i>Kari\t\t\t\t\t\t\t\t<\/span>\n\t\t\t\t\t\t\t\t\t\t\t\t\t\t\t\t<span class=\"obfx-grid-date\">\n\t\t\t\t\t\t\t\t\t<i class=\"fas fa-calendar\"><\/i>10-10-2025\t\t\t\t\t\t\t\t<\/span>\n\t\t\t\t\t\t\t\t\n\t\t\t\t<\/div>\n\t\t\t\t\t\t\t<div class=\"entry-content obfx-grid-content\">\n\t\t\t\t2025.10.08.\/Szabadka KMV-s di\u00e1kfilmek\u00a0\u00e9s Tolnai Szabolcs:\u00a0F\u00f6veny\u00f3ra! A 90-es \u00e9vekben t\u00f6bb \u00edzben is tan\u00faja voltam, amikor a magyarorsz\u00e1gi \u00e9rtelmis\u00e9giek a jugoszl\u00e1v \u00e9let\u00e9rz\u00e9st pr\u00f3b\u00e1lt\u00e1k meg\u00e9rteni, a vajdas\u00e1giak ilyenkor a h\u00edres szerb \u00edr\u00f3t, Danilo&hellip;\t\t\t<\/div>\n\t\t\t<\/div><\/article><\/div><div class=\"obfx-grid-wrapper\"><article class=\"obfx-grid-col\"><div class=\"obfx-grid-col-image\" style=\"\"><a href=\"https:\/\/ctalker.org\/en\/2025\/05\/01\/majusi-kurbli-musor-3\/\" title=\"M\u00e1jusi Kurbli m\u0171sor\"><img data-opt-id=1435920277  loading=\"lazy\" decoding=\"async\" width=\"1414\" height=\"2000\" src=\"https:\/\/mladjxeqsxgv.i.optimole.com\/cb:B3zE.b136\/w:auto\/h:auto\/q:mauto\/f:best\/https:\/\/ctalker.org\/wp-content\/uploads\/2025\/04\/2025jan-.jpg\" class=\"img-responsive no-lazy wp-post-image\" alt=\"2025jan-\" srcset=\"https:\/\/mladjxeqsxgv.i.optimole.com\/cb:B3zE.b136\/w:763\/h:1080\/q:mauto\/f:best\/https:\/\/ctalker.org\/wp-content\/uploads\/2025\/04\/2025jan-.jpg 1414w, https:\/\/mladjxeqsxgv.i.optimole.com\/cb:B3zE.b136\/w:212\/h:300\/q:mauto\/f:best\/https:\/\/ctalker.org\/wp-content\/uploads\/2025\/04\/2025jan-.jpg 212w, https:\/\/mladjxeqsxgv.i.optimole.com\/cb:B3zE.b136\/w:724\/h:1024\/q:mauto\/f:best\/https:\/\/ctalker.org\/wp-content\/uploads\/2025\/04\/2025jan-.jpg 724w, https:\/\/mladjxeqsxgv.i.optimole.com\/cb:B3zE.b136\/w:763\/h:1080\/q:mauto\/f:best\/https:\/\/ctalker.org\/wp-content\/uploads\/2025\/04\/2025jan-.jpg 768w, https:\/\/mladjxeqsxgv.i.optimole.com\/cb:B3zE.b136\/w:763\/h:1080\/q:mauto\/f:best\/https:\/\/ctalker.org\/wp-content\/uploads\/2025\/04\/2025jan-.jpg 1086w, https:\/\/mladjxeqsxgv.i.optimole.com\/cb:B3zE.b136\/w:763\/h:1080\/q:mauto\/f:best\/dpr:2\/https:\/\/ctalker.org\/wp-content\/uploads\/2025\/04\/2025jan-.jpg 2x\" sizes=\"(max-width: 1000px) 100vw, 1000px\" \/><\/a><\/div><div class=\"obfx-grid-col-content\">\t\t\t<h2 class=\"entry-title obfx-grid-title\">\n\t\t\t\t\t\t\t<a href=\"https:\/\/ctalker.org\/en\/2025\/05\/01\/majusi-kurbli-musor-3\/\" title=\"M\u00e1jusi Kurbli m\u0171sor\">\n\t\t\t\t\tM\u00e1jusi Kurbli m\u0171sor\t\t\t\t<\/a>\n\t\t\t\t\t\t\t<\/h2>\n\t\t\t\t\t\t\t<div class=\"entry-meta obfx-grid-meta\">\n\n\t\t\t\t\t\t\t\t\t\t\t\t\t<span class=\"obfx-grid-author\">\n\t\t\t\t\t\t\t\t\t<i class=\"fas fa-user\"><\/i>Kari\t\t\t\t\t\t\t\t<\/span>\n\t\t\t\t\t\t\t\t\t\t\t\t\t\t\t\t<span class=\"obfx-grid-date\">\n\t\t\t\t\t\t\t\t\t<i class=\"fas fa-calendar\"><\/i>01-05-2025\t\t\t\t\t\t\t\t<\/span>\n\t\t\t\t\t\t\t\t\n\t\t\t\t<\/div>\n\t\t\t\t\t\t\t<div class=\"entry-content obfx-grid-content\">\n\t\t\t\tA tavasz utols\u00f3 h\u00f3napj\u00e1ban a Kurblin is laz\u00edtunk kicsit, hogy k\u00f6nnyed\u00e9n induljunk neki a ny\u00e1rnak! M\u00e1jusban David Lynch egyik legismertebb filmj\u00e9vel kezd\u00fcnk, majd k\u00e9t k\u00f6nnyedebb v\u00edgj\u00e1t\u00e9kkal hangol\u00f3dunk a ny\u00e1rra. A&hellip;\t\t\t<\/div>\n\t\t\t<\/div><\/article><\/div><div class=\"obfx-grid-wrapper\"><article class=\"obfx-grid-col\"><div class=\"obfx-grid-col-image\" style=\"\"><a href=\"https:\/\/ctalker.org\/en\/2025\/04\/03\/kurbli-filmklub-david-lynch-utvesztoben-lost-highway\/\" title=\"Kurbli Filmklub: David Lynch-\u00datveszt\u0151ben \/Lost Highway\"><img data-opt-id=114951676  loading=\"lazy\" decoding=\"async\" width=\"1283\" height=\"662\" src=\"https:\/\/mladjxeqsxgv.i.optimole.com\/cb:B3zE.b136\/w:auto\/h:auto\/q:mauto\/f:best\/https:\/\/ctalker.org\/wp-content\/uploads\/2025\/05\/487455092_10237956437431435_6801991222105615088_n.jpg\" class=\"img-responsive no-lazy wp-post-image\" alt=\"487455092_10237956437431435_6801991222105615088_n\" srcset=\"https:\/\/mladjxeqsxgv.i.optimole.com\/cb:B3zE.b136\/w:1283\/h:662\/q:mauto\/f:best\/https:\/\/ctalker.org\/wp-content\/uploads\/2025\/05\/487455092_10237956437431435_6801991222105615088_n.jpg 1283w, https:\/\/mladjxeqsxgv.i.optimole.com\/cb:B3zE.b136\/w:300\/h:155\/q:mauto\/f:best\/https:\/\/ctalker.org\/wp-content\/uploads\/2025\/05\/487455092_10237956437431435_6801991222105615088_n.jpg 300w, https:\/\/mladjxeqsxgv.i.optimole.com\/cb:B3zE.b136\/w:1024\/h:528\/q:mauto\/f:best\/https:\/\/ctalker.org\/wp-content\/uploads\/2025\/05\/487455092_10237956437431435_6801991222105615088_n.jpg 1024w, https:\/\/mladjxeqsxgv.i.optimole.com\/cb:B3zE.b136\/w:768\/h:396\/q:mauto\/f:best\/https:\/\/ctalker.org\/wp-content\/uploads\/2025\/05\/487455092_10237956437431435_6801991222105615088_n.jpg 768w, https:\/\/mladjxeqsxgv.i.optimole.com\/cb:B3zE.b136\/w:1283\/h:662\/q:mauto\/f:best\/dpr:2\/https:\/\/ctalker.org\/wp-content\/uploads\/2025\/05\/487455092_10237956437431435_6801991222105615088_n.jpg 2x\" sizes=\"(max-width: 1000px) 100vw, 1000px\" \/><\/a><\/div><div class=\"obfx-grid-col-content\">\t\t\t<h2 class=\"entry-title obfx-grid-title\">\n\t\t\t\t\t\t\t<a href=\"https:\/\/ctalker.org\/en\/2025\/04\/03\/kurbli-filmklub-david-lynch-utvesztoben-lost-highway\/\" title=\"Kurbli Filmklub: David Lynch-\u00datveszt\u0151ben \/Lost Highway\">\n\t\t\t\t\tKurbli Filmklub: David Lynch-\u00datveszt\u0151ben \/Lost Highway\t\t\t\t<\/a>\n\t\t\t\t\t\t\t<\/h2>\n\t\t\t\t\t\t\t<div class=\"entry-meta obfx-grid-meta\">\n\n\t\t\t\t\t\t\t\t\t\t\t\t\t<span class=\"obfx-grid-author\">\n\t\t\t\t\t\t\t\t\t<i class=\"fas fa-user\"><\/i>Kari\t\t\t\t\t\t\t\t<\/span>\n\t\t\t\t\t\t\t\t\t\t\t\t\t\t\t\t<span class=\"obfx-grid-date\">\n\t\t\t\t\t\t\t\t\t<i class=\"fas fa-calendar\"><\/i>03-04-2025\t\t\t\t\t\t\t\t<\/span>\n\t\t\t\t\t\t\t\t\n\t\t\t\t<\/div>\n\t\t\t\t\t\t\t<div class=\"entry-content obfx-grid-content\">\n\t\t\t\tSzabadka\/2025.04.02. David Lynch: \u00datveszt\u0151ben (Lost Hughway), 1997, amerikai pszichothriller, 128 perc \u201eA magam m\u00f3dj\u00e1n szeretek eml\u00e9kezni, nem \u00fagy, ahogy t\u00f6rt\u00e9nt.\u201d \u2013\u00a0Fred Madison A vid\u00e9ki Amerik\u00e1b\u00f3l Lynch meg\u00e9rkezik a m\u00e9g sz\u00fcrre\u00e1lisabb&hellip;\t\t\t<\/div>\n\t\t\t<\/div><\/article><\/div><div class=\"obfx-grid-wrapper\"><article class=\"obfx-grid-col\"><div class=\"obfx-grid-col-image\" style=\"\"><a href=\"https:\/\/ctalker.org\/en\/2025\/03\/05\/kurbli-filmklub-david-lynch-blue-velvet\/\" title=\"Kurbli Filmklub: David Lynch-K\u00e9k b\u00e1rsony\"><img data-opt-id=863415211  loading=\"lazy\" decoding=\"async\" width=\"1920\" height=\"1080\" src=\"https:\/\/mladjxeqsxgv.i.optimole.com\/cb:B3zE.b136\/w:auto\/h:auto\/q:mauto\/f:best\/https:\/\/ctalker.org\/wp-content\/uploads\/2025\/05\/01-david-lynch-gq-18jan19-b.jpg\" class=\"img-responsive no-lazy wp-post-image\" alt=\"01-david-lynch-gq-18jan19-b\" srcset=\"https:\/\/mladjxeqsxgv.i.optimole.com\/cb:B3zE.b136\/w:1920\/h:1080\/q:mauto\/f:best\/https:\/\/ctalker.org\/wp-content\/uploads\/2025\/05\/01-david-lynch-gq-18jan19-b.jpg 1920w, https:\/\/mladjxeqsxgv.i.optimole.com\/cb:B3zE.b136\/w:300\/h:169\/q:mauto\/f:best\/https:\/\/ctalker.org\/wp-content\/uploads\/2025\/05\/01-david-lynch-gq-18jan19-b.jpg 300w, https:\/\/mladjxeqsxgv.i.optimole.com\/cb:B3zE.b136\/w:1024\/h:576\/q:mauto\/f:best\/https:\/\/ctalker.org\/wp-content\/uploads\/2025\/05\/01-david-lynch-gq-18jan19-b.jpg 1024w, https:\/\/mladjxeqsxgv.i.optimole.com\/cb:B3zE.b136\/w:768\/h:432\/q:mauto\/f:best\/https:\/\/ctalker.org\/wp-content\/uploads\/2025\/05\/01-david-lynch-gq-18jan19-b.jpg 768w, https:\/\/mladjxeqsxgv.i.optimole.com\/cb:B3zE.b136\/w:1536\/h:864\/q:mauto\/f:best\/https:\/\/ctalker.org\/wp-content\/uploads\/2025\/05\/01-david-lynch-gq-18jan19-b.jpg 1536w, https:\/\/mladjxeqsxgv.i.optimole.com\/cb:B3zE.b136\/w:1920\/h:1080\/q:mauto\/f:best\/dpr:2\/https:\/\/ctalker.org\/wp-content\/uploads\/2025\/05\/01-david-lynch-gq-18jan19-b.jpg 2x\" sizes=\"(max-width: 1000px) 100vw, 1000px\" \/><\/a><\/div><div class=\"obfx-grid-col-content\">\t\t\t<h2 class=\"entry-title obfx-grid-title\">\n\t\t\t\t\t\t\t<a href=\"https:\/\/ctalker.org\/en\/2025\/03\/05\/kurbli-filmklub-david-lynch-blue-velvet\/\" title=\"Kurbli Filmklub: David Lynch-K\u00e9k b\u00e1rsony\">\n\t\t\t\t\tKurbli Filmklub: David Lynch-K\u00e9k b\u00e1rsony\t\t\t\t<\/a>\n\t\t\t\t\t\t\t<\/h2>\n\t\t\t\t\t\t\t<div class=\"entry-meta obfx-grid-meta\">\n\n\t\t\t\t\t\t\t\t\t\t\t\t\t<span class=\"obfx-grid-author\">\n\t\t\t\t\t\t\t\t\t<i class=\"fas fa-user\"><\/i>Kari\t\t\t\t\t\t\t\t<\/span>\n\t\t\t\t\t\t\t\t\t\t\t\t\t\t\t\t<span class=\"obfx-grid-date\">\n\t\t\t\t\t\t\t\t\t<i class=\"fas fa-calendar\"><\/i>05-03-2025\t\t\t\t\t\t\t\t<\/span>\n\t\t\t\t\t\t\t\t\n\t\t\t\t<\/div>\n\t\t\t\t\t\t\t<div class=\"entry-content obfx-grid-content\">\n\t\t\t\tDavid Lynch: K\u00e9k b\u00e1rsony (Blue velvet), amerikai thriller, 1986, 120 p. Szabadka\/2025.03.05. A nagyk\u00f6z\u00f6ns\u00e9g sz\u00e1m\u00e1ra a\u00a0K\u00e9k b\u00e1rsonyban \u00e1llnak \u00f6ssze azok a stilisztikai \u00e9s tematikus elemek, amelyek Lynch hipnotikus vil\u00e1g\u00e1t jellemzik,&hellip;\t\t\t<\/div>\n\t\t\t<\/div><\/article><\/div><div class=\"obfx-grid-wrapper\"><article class=\"obfx-grid-col\"><div class=\"obfx-grid-col-image\" style=\"\"><a href=\"https:\/\/ctalker.org\/en\/2025\/01\/31\/kurbli-filmklub-szimler-balint-2025fekete-pont\/\" title=\"Kurbli Filmklub: Szimler B\u00e1lint-Fekete pont vet\u00edt\u00e9s+besz\u00e9lget\u00e9s M\u00e9sz\u00f6ly Ann\u00e1val\"><img data-opt-id=1795432589  loading=\"lazy\" decoding=\"async\" width=\"300\" height=\"168\" src=\"https:\/\/mladjxeqsxgv.i.optimole.com\/cb:B3zE.b136\/w:auto\/h:auto\/q:mauto\/f:best\/https:\/\/ctalker.org\/wp-content\/uploads\/2025\/02\/images.jpg\" class=\"img-responsive no-lazy wp-post-image\" alt=\"images\" srcset=\"https:\/\/mladjxeqsxgv.i.optimole.com\/cb:B3zE.b136\/w:300\/h:168\/q:mauto\/f:best\/https:\/\/ctalker.org\/wp-content\/uploads\/2025\/02\/images.jpg 300w, https:\/\/mladjxeqsxgv.i.optimole.com\/cb:B3zE.b136\/w:300\/h:168\/q:mauto\/f:best\/dpr:2\/https:\/\/ctalker.org\/wp-content\/uploads\/2025\/02\/images.jpg 2x\" sizes=\"(max-width: 300px) 100vw, 300px\" \/><\/a><\/div><div class=\"obfx-grid-col-content\">\t\t\t<h2 class=\"entry-title obfx-grid-title\">\n\t\t\t\t\t\t\t<a href=\"https:\/\/ctalker.org\/en\/2025\/01\/31\/kurbli-filmklub-szimler-balint-2025fekete-pont\/\" title=\"Kurbli Filmklub: Szimler B\u00e1lint-Fekete pont vet\u00edt\u00e9s+besz\u00e9lget\u00e9s M\u00e9sz\u00f6ly Ann\u00e1val\">\n\t\t\t\t\tKurbli Filmklub: Szimler B\u00e1lint-Fekete pont vet\u00edt\u00e9s+besz\u00e9lget\u00e9s M\u00e9sz\u00f6ly Ann\u00e1val\t\t\t\t<\/a>\n\t\t\t\t\t\t\t<\/h2>\n\t\t\t\t\t\t\t<div class=\"entry-meta obfx-grid-meta\">\n\n\t\t\t\t\t\t\t\t\t\t\t\t\t<span class=\"obfx-grid-author\">\n\t\t\t\t\t\t\t\t\t<i class=\"fas fa-user\"><\/i>Kari\t\t\t\t\t\t\t\t<\/span>\n\t\t\t\t\t\t\t\t\t\t\t\t\t\t\t\t<span class=\"obfx-grid-date\">\n\t\t\t\t\t\t\t\t\t<i class=\"fas fa-calendar\"><\/i>31-01-2025\t\t\t\t\t\t\t\t<\/span>\n\t\t\t\t\t\t\t\t\n\t\t\t\t<\/div>\n\t\t\t\t\t\t\t<div class=\"entry-content obfx-grid-content\">\n\t\t\t\tSzabadka\/2025.01.29. Szimler B\u00e1lint: Fekete pont, 2024, magyar filmdr\u00e1ma, 119 perc Az ut\u00f3bbi \u00e9vekben megjelent iskolafilmek (Pann\u00f3nia dics\u00e9rete, Magyar\u00e1zat mindenre, Elfogy a leveg\u0151, Nyersanyag) a magyar filmben is \u00fajabb korszakot nyitottak&hellip;\t\t\t<\/div>\n\t\t\t<\/div><\/article><\/div><div class=\"obfx-grid-wrapper\"><article class=\"obfx-grid-col\"><div class=\"obfx-grid-col-image\" style=\"\"><a href=\"https:\/\/ctalker.org\/en\/2024\/12\/04\/kurbli-filmklub-mike-leigh-hajra-boldogsag\/\" title=\"Kurbli Filmklub-Mike Leigh: Hajr\u00e1 boldogs\u00e1g!\"><img data-opt-id=856105220  loading=\"lazy\" decoding=\"async\" width=\"600\" height=\"400\" src=\"https:\/\/mladjxeqsxgv.i.optimole.com\/cb:B3zE.b136\/w:auto\/h:auto\/q:mauto\/f:best\/https:\/\/ctalker.org\/wp-content\/uploads\/2024\/12\/468175435_10236903967480344_6900995171138046860_n.jpg\" class=\"img-responsive no-lazy wp-post-image\" alt=\"468175435_10236903967480344_6900995171138046860_n\" srcset=\"https:\/\/mladjxeqsxgv.i.optimole.com\/cb:B3zE.b136\/w:600\/h:400\/q:mauto\/rt:fill\/g:ce\/f:best\/https:\/\/ctalker.org\/wp-content\/uploads\/2024\/12\/468175435_10236903967480344_6900995171138046860_n.jpg 600w, https:\/\/mladjxeqsxgv.i.optimole.com\/cb:B3zE.b136\/w:300\/h:200\/q:mauto\/rt:fill\/g:ce\/f:best\/https:\/\/ctalker.org\/wp-content\/uploads\/2024\/12\/468175435_10236903967480344_6900995171138046860_n.jpg 300w, https:\/\/mladjxeqsxgv.i.optimole.com\/cb:B3zE.b136\/w:600\/h:400\/q:mauto\/rt:fill\/g:ce\/f:best\/dpr:2\/https:\/\/ctalker.org\/wp-content\/uploads\/2024\/12\/468175435_10236903967480344_6900995171138046860_n.jpg 2x\" sizes=\"(max-width: 600px) 100vw, 600px\" \/><\/a><\/div><div class=\"obfx-grid-col-content\">\t\t\t<h2 class=\"entry-title obfx-grid-title\">\n\t\t\t\t\t\t\t<a href=\"https:\/\/ctalker.org\/en\/2024\/12\/04\/kurbli-filmklub-mike-leigh-hajra-boldogsag\/\" title=\"Kurbli Filmklub-Mike Leigh: Hajr\u00e1 boldogs\u00e1g!\">\n\t\t\t\t\tKurbli Filmklub-Mike Leigh: Hajr\u00e1 boldogs\u00e1g!\t\t\t\t<\/a>\n\t\t\t\t\t\t\t<\/h2>\n\t\t\t\t\t\t\t<div class=\"entry-meta obfx-grid-meta\">\n\n\t\t\t\t\t\t\t\t\t\t\t\t\t<span class=\"obfx-grid-author\">\n\t\t\t\t\t\t\t\t\t<i class=\"fas fa-user\"><\/i>Kari\t\t\t\t\t\t\t\t<\/span>\n\t\t\t\t\t\t\t\t\t\t\t\t\t\t\t\t<span class=\"obfx-grid-date\">\n\t\t\t\t\t\t\t\t\t<i class=\"fas fa-calendar\"><\/i>04-12-2024\t\t\t\t\t\t\t\t<\/span>\n\t\t\t\t\t\t\t\t\n\t\t\t\t<\/div>\n\t\t\t\t\t\t\t<div class=\"entry-content obfx-grid-content\">\n\t\t\t\tSzabadka\/2024.12.04. Mike Leigh:\u00a0Hajr\u00e1 boldogs\u00e1g!\u00a0(Happy-Go-Lucky), angol v\u00edgj\u00e1t\u00e9k, 2008 Az angol&nbsp;happy-go-lucky&nbsp;kifejez\u00e9s olyan vid\u00e1m,&nbsp;naivit\u00e1sig&nbsp;optimista, spont\u00e1n \u00e9s k\u00f6zvetlen szem\u00e9lyt \u00edr le, aki k\u00f6nnyed\u00e9n veszi az \u00e9let megpr\u00f3b\u00e1ltat\u00e1sait \u00e9s nem agg\u00f3dik t\u00fal sokat. Poppy \u00e9szak-londoni&hellip;\t\t\t<\/div>\n\t\t\t<\/div><\/article><\/div><div class=\"obfx-grid-wrapper\"><article class=\"obfx-grid-col\"><div class=\"obfx-grid-col-image\" style=\"\"><a href=\"https:\/\/ctalker.org\/en\/2024\/11\/30\/decemberi-kurbli-musor-3\/\" title=\"Decemberi Kurbli m\u0171sor\"><img data-opt-id=1386252574  loading=\"lazy\" decoding=\"async\" width=\"1414\" height=\"2000\" src=\"https:\/\/mladjxeqsxgv.i.optimole.com\/cb:B3zE.b136\/w:auto\/h:auto\/q:mauto\/f:best\/https:\/\/ctalker.org\/wp-content\/uploads\/2024\/12\/OKTOBER-2.jpg\" class=\"img-responsive no-lazy wp-post-image\" alt=\"OKT\u00d3BER (2)\" srcset=\"https:\/\/mladjxeqsxgv.i.optimole.com\/cb:B3zE.b136\/w:763\/h:1080\/q:mauto\/f:best\/https:\/\/ctalker.org\/wp-content\/uploads\/2024\/12\/OKTOBER-2.jpg 1414w, https:\/\/mladjxeqsxgv.i.optimole.com\/cb:B3zE.b136\/w:212\/h:300\/q:mauto\/f:best\/https:\/\/ctalker.org\/wp-content\/uploads\/2024\/12\/OKTOBER-2.jpg 212w, https:\/\/mladjxeqsxgv.i.optimole.com\/cb:B3zE.b136\/w:724\/h:1024\/q:mauto\/f:best\/https:\/\/ctalker.org\/wp-content\/uploads\/2024\/12\/OKTOBER-2.jpg 724w, https:\/\/mladjxeqsxgv.i.optimole.com\/cb:B3zE.b136\/w:763\/h:1080\/q:mauto\/f:best\/https:\/\/ctalker.org\/wp-content\/uploads\/2024\/12\/OKTOBER-2.jpg 768w, https:\/\/mladjxeqsxgv.i.optimole.com\/cb:B3zE.b136\/w:763\/h:1080\/q:mauto\/f:best\/https:\/\/ctalker.org\/wp-content\/uploads\/2024\/12\/OKTOBER-2.jpg 1086w, https:\/\/mladjxeqsxgv.i.optimole.com\/cb:B3zE.b136\/w:763\/h:1080\/q:mauto\/f:best\/dpr:2\/https:\/\/ctalker.org\/wp-content\/uploads\/2024\/12\/OKTOBER-2.jpg 2x\" sizes=\"(max-width: 1000px) 100vw, 1000px\" \/><\/a><\/div><div class=\"obfx-grid-col-content\">\t\t\t<h2 class=\"entry-title obfx-grid-title\">\n\t\t\t\t\t\t\t<a href=\"https:\/\/ctalker.org\/en\/2024\/11\/30\/decemberi-kurbli-musor-3\/\" title=\"Decemberi Kurbli m\u0171sor\">\n\t\t\t\t\tDecemberi Kurbli m\u0171sor\t\t\t\t<\/a>\n\t\t\t\t\t\t\t<\/h2>\n\t\t\t\t\t\t\t<div class=\"entry-meta obfx-grid-meta\">\n\n\t\t\t\t\t\t\t\t\t\t\t\t\t<span class=\"obfx-grid-author\">\n\t\t\t\t\t\t\t\t\t<i class=\"fas fa-user\"><\/i>Kari\t\t\t\t\t\t\t\t<\/span>\n\t\t\t\t\t\t\t\t\t\t\t\t\t\t\t\t<span class=\"obfx-grid-date\">\n\t\t\t\t\t\t\t\t\t<i class=\"fas fa-calendar\"><\/i>30-11-2024\t\t\t\t\t\t\t\t<\/span>\n\t\t\t\t\t\t\t\t\n\t\t\t\t<\/div>\n\t\t\t\t\t\t\t<div class=\"entry-content obfx-grid-content\">\n\t\t\t\tTartsatok vel\u00fcnk az \u00e9v utols\u00f3 h\u00f3napj\u00e1ban, mert igazi kedvess\u00e9gekkel k\u00e9sz\u00fcl\u00fcnk!\t\t\t<\/div>\n\t\t\t<\/div><\/article><\/div><div class=\"obfx-grid-wrapper\"><article class=\"obfx-grid-col\"><div class=\"obfx-grid-col-image\" style=\"\"><a href=\"https:\/\/ctalker.org\/en\/2024\/11\/27\/kurbli-filmklub-stanley-kubrick-barry-lyndon\/\" title=\"Kurbli Filmklub-Stanley Kubrick: Barry Lyndon\"><img data-opt-id=377216992  loading=\"lazy\" decoding=\"async\" width=\"1778\" height=\"1000\" src=\"https:\/\/mladjxeqsxgv.i.optimole.com\/cb:B3zE.b136\/w:auto\/h:auto\/q:mauto\/f:best\/https:\/\/ctalker.org\/wp-content\/uploads\/2024\/12\/468456175_10236854950694955_6553400528218407791_n.jpg\" class=\"img-responsive no-lazy wp-post-image\" alt=\"468456175_10236854950694955_6553400528218407791_n\" srcset=\"https:\/\/mladjxeqsxgv.i.optimole.com\/cb:B3zE.b136\/w:1778\/h:1000\/q:mauto\/f:best\/https:\/\/ctalker.org\/wp-content\/uploads\/2024\/12\/468456175_10236854950694955_6553400528218407791_n.jpg 1778w, https:\/\/mladjxeqsxgv.i.optimole.com\/cb:B3zE.b136\/w:300\/h:169\/q:mauto\/f:best\/https:\/\/ctalker.org\/wp-content\/uploads\/2024\/12\/468456175_10236854950694955_6553400528218407791_n.jpg 300w, https:\/\/mladjxeqsxgv.i.optimole.com\/cb:B3zE.b136\/w:1024\/h:576\/q:mauto\/f:best\/https:\/\/ctalker.org\/wp-content\/uploads\/2024\/12\/468456175_10236854950694955_6553400528218407791_n.jpg 1024w, https:\/\/mladjxeqsxgv.i.optimole.com\/cb:B3zE.b136\/w:768\/h:432\/q:mauto\/f:best\/https:\/\/ctalker.org\/wp-content\/uploads\/2024\/12\/468456175_10236854950694955_6553400528218407791_n.jpg 768w, https:\/\/mladjxeqsxgv.i.optimole.com\/cb:B3zE.b136\/w:1536\/h:864\/q:mauto\/f:best\/https:\/\/ctalker.org\/wp-content\/uploads\/2024\/12\/468456175_10236854950694955_6553400528218407791_n.jpg 1536w, https:\/\/mladjxeqsxgv.i.optimole.com\/cb:B3zE.b136\/w:1778\/h:1000\/q:mauto\/f:best\/dpr:2\/https:\/\/ctalker.org\/wp-content\/uploads\/2024\/12\/468456175_10236854950694955_6553400528218407791_n.jpg 2x\" sizes=\"(max-width: 1000px) 100vw, 1000px\" \/><\/a><\/div><div class=\"obfx-grid-col-content\">\t\t\t<h2 class=\"entry-title obfx-grid-title\">\n\t\t\t\t\t\t\t<a href=\"https:\/\/ctalker.org\/en\/2024\/11\/27\/kurbli-filmklub-stanley-kubrick-barry-lyndon\/\" title=\"Kurbli Filmklub-Stanley Kubrick: Barry Lyndon\">\n\t\t\t\t\tKurbli Filmklub-Stanley Kubrick: Barry Lyndon\t\t\t\t<\/a>\n\t\t\t\t\t\t\t<\/h2>\n\t\t\t\t\t\t\t<div class=\"entry-meta obfx-grid-meta\">\n\n\t\t\t\t\t\t\t\t\t\t\t\t\t<span class=\"obfx-grid-author\">\n\t\t\t\t\t\t\t\t\t<i class=\"fas fa-user\"><\/i>Kari\t\t\t\t\t\t\t\t<\/span>\n\t\t\t\t\t\t\t\t\t\t\t\t\t\t\t\t<span class=\"obfx-grid-date\">\n\t\t\t\t\t\t\t\t\t<i class=\"fas fa-calendar\"><\/i>27-11-2024\t\t\t\t\t\t\t\t<\/span>\n\t\t\t\t\t\t\t\t\n\t\t\t\t<\/div>\n\t\t\t\t\t\t\t<div class=\"entry-content obfx-grid-content\">\n\t\t\t\tSzabadka\/2024.11.27. Stanley Kubrick: Barry Lyndon, amerikai koszt\u00fcm\u00f6s t\u00f6rt\u00e9nelmi filmdr\u00e1ma, 1975 -\u00daj Hollywood rebellise- Soha nem volt m\u00e9g ekkora \u00e9lm\u00e9ny a film vizu\u00e1lis nyelv\u00e9t kieg\u00e9sz\u00edt\u0151, elbesz\u00e9l\u0151 narr\u00e1tort hallgatni &nbsp;\u201eAz \u0151s-elbesz\u00e9l\u0151k \u2013&hellip;\t\t\t<\/div>\n\t\t\t<\/div><\/article><\/div><div class=\"obfx-grid-wrapper\"><article class=\"obfx-grid-col\"><div class=\"obfx-grid-col-image\" style=\"\"><a href=\"https:\/\/ctalker.org\/en\/2024\/11\/22\/kurbli-filmklub-olah-kata-keskeny-ut-a-boldogsag-fele-vetites-beszelgetes-a-rendezovel\/\" title=\"Kurbli Filmklub: Ol\u00e1h Kata-Keskeny \u00fat a boldogs\u00e1g fel\u00e9, vet\u00edt\u00e9s + besz\u00e9lget\u00e9s a rendez\u0151vel\"><img data-opt-id=2083319767  loading=\"lazy\" decoding=\"async\" width=\"1920\" height=\"1080\" src=\"https:\/\/mladjxeqsxgv.i.optimole.com\/cb:B3zE.b136\/w:auto\/h:auto\/q:mauto\/f:best\/https:\/\/ctalker.org\/wp-content\/uploads\/2024\/11\/466132415_10236263742475119_7525937241263334715_n-1.jpg\" class=\"img-responsive no-lazy wp-post-image\" alt=\"466132415_10236263742475119_7525937241263334715_n\" srcset=\"https:\/\/mladjxeqsxgv.i.optimole.com\/cb:B3zE.b136\/w:1920\/h:1080\/q:mauto\/f:best\/https:\/\/ctalker.org\/wp-content\/uploads\/2024\/11\/466132415_10236263742475119_7525937241263334715_n-1.jpg 1920w, https:\/\/mladjxeqsxgv.i.optimole.com\/cb:B3zE.b136\/w:300\/h:169\/q:mauto\/f:best\/https:\/\/ctalker.org\/wp-content\/uploads\/2024\/11\/466132415_10236263742475119_7525937241263334715_n-1.jpg 300w, https:\/\/mladjxeqsxgv.i.optimole.com\/cb:B3zE.b136\/w:1024\/h:576\/q:mauto\/f:best\/https:\/\/ctalker.org\/wp-content\/uploads\/2024\/11\/466132415_10236263742475119_7525937241263334715_n-1.jpg 1024w, https:\/\/mladjxeqsxgv.i.optimole.com\/cb:B3zE.b136\/w:768\/h:432\/q:mauto\/f:best\/https:\/\/ctalker.org\/wp-content\/uploads\/2024\/11\/466132415_10236263742475119_7525937241263334715_n-1.jpg 768w, https:\/\/mladjxeqsxgv.i.optimole.com\/cb:B3zE.b136\/w:1536\/h:864\/q:mauto\/f:best\/https:\/\/ctalker.org\/wp-content\/uploads\/2024\/11\/466132415_10236263742475119_7525937241263334715_n-1.jpg 1536w, https:\/\/mladjxeqsxgv.i.optimole.com\/cb:B3zE.b136\/w:1920\/h:1080\/q:mauto\/f:best\/dpr:2\/https:\/\/ctalker.org\/wp-content\/uploads\/2024\/11\/466132415_10236263742475119_7525937241263334715_n-1.jpg 2x\" sizes=\"(max-width: 1000px) 100vw, 1000px\" \/><\/a><\/div><div class=\"obfx-grid-col-content\">\t\t\t<h2 class=\"entry-title obfx-grid-title\">\n\t\t\t\t\t\t\t<a href=\"https:\/\/ctalker.org\/en\/2024\/11\/22\/kurbli-filmklub-olah-kata-keskeny-ut-a-boldogsag-fele-vetites-beszelgetes-a-rendezovel\/\" title=\"Kurbli Filmklub: Ol\u00e1h Kata-Keskeny \u00fat a boldogs\u00e1g fel\u00e9, vet\u00edt\u00e9s + besz\u00e9lget\u00e9s a rendez\u0151vel\">\n\t\t\t\t\tKurbli Filmklub: Ol\u00e1h Kata-Keskeny \u00fat a boldogs\u00e1g fel\u00e9, vet\u00edt\u00e9s + besz\u00e9lget\u00e9s a rendez\u0151vel\t\t\t\t<\/a>\n\t\t\t\t\t\t\t<\/h2>\n\t\t\t\t\t\t\t<div class=\"entry-meta obfx-grid-meta\">\n\n\t\t\t\t\t\t\t\t\t\t\t\t\t<span class=\"obfx-grid-author\">\n\t\t\t\t\t\t\t\t\t<i class=\"fas fa-user\"><\/i>Kari\t\t\t\t\t\t\t\t<\/span>\n\t\t\t\t\t\t\t\t\t\t\t\t\t\t\t\t<span class=\"obfx-grid-date\">\n\t\t\t\t\t\t\t\t\t<i class=\"fas fa-calendar\"><\/i>22-11-2024\t\t\t\t\t\t\t\t<\/span>\n\t\t\t\t\t\t\t\t\n\t\t\t\t<\/div>\n\t\t\t\t\t\t\t<div class=\"entry-content obfx-grid-content\">\n\t\t\t\t2024.11.20.\/Szabadka Ol\u00e1h Kata:\u00a0Keskeny \u00fat a boldogs\u00e1g fel\u00e9, dokumentumfilm, 2023 LOGLINE K\u00e9t roma fi\u00fa, Gerg\u0151 \u00e9s L\u00e9n\u00e1rd \u00e1lma, hogy musicalt \u00edrjanak szerelm\u00fck t\u00f6rt\u00e9net\u00e9b\u0151l \u00e9s ne csak a forgat\u00f3k\u00f6nyvben, de az \u00e9let\u00fckben&hellip;\t\t\t<\/div>\n\t\t\t<\/div><\/article><\/div><div class=\"obfx-grid-wrapper\"><article class=\"obfx-grid-col\"><div class=\"obfx-grid-col-image\" style=\"\"><a href=\"https:\/\/ctalker.org\/en\/2024\/11\/19\/filmklubbositunk\/\" title=\"&#8220;Filmklubbos\u00edtunk&#8221;\"><img data-opt-id=540826723  loading=\"lazy\" decoding=\"async\" width=\"2048\" height=\"1536\" src=\"https:\/\/mladjxeqsxgv.i.optimole.com\/cb:B3zE.b136\/w:auto\/h:auto\/q:mauto\/f:best\/https:\/\/ctalker.org\/wp-content\/uploads\/2024\/11\/467812781_958846579613246_3404351910726462072_n.jpg\" class=\"img-responsive no-lazy wp-post-image\" alt=\"467812781_958846579613246_3404351910726462072_n\" srcset=\"https:\/\/mladjxeqsxgv.i.optimole.com\/cb:B3zE.b136\/w:1440\/h:1080\/q:mauto\/f:best\/https:\/\/ctalker.org\/wp-content\/uploads\/2024\/11\/467812781_958846579613246_3404351910726462072_n.jpg 2048w, https:\/\/mladjxeqsxgv.i.optimole.com\/cb:B3zE.b136\/w:300\/h:225\/q:mauto\/f:best\/https:\/\/ctalker.org\/wp-content\/uploads\/2024\/11\/467812781_958846579613246_3404351910726462072_n.jpg 300w, https:\/\/mladjxeqsxgv.i.optimole.com\/cb:B3zE.b136\/w:1024\/h:768\/q:mauto\/f:best\/https:\/\/ctalker.org\/wp-content\/uploads\/2024\/11\/467812781_958846579613246_3404351910726462072_n.jpg 1024w, https:\/\/mladjxeqsxgv.i.optimole.com\/cb:B3zE.b136\/w:768\/h:576\/q:mauto\/f:best\/https:\/\/ctalker.org\/wp-content\/uploads\/2024\/11\/467812781_958846579613246_3404351910726462072_n.jpg 768w, https:\/\/mladjxeqsxgv.i.optimole.com\/cb:B3zE.b136\/w:1440\/h:1080\/q:mauto\/f:best\/https:\/\/ctalker.org\/wp-content\/uploads\/2024\/11\/467812781_958846579613246_3404351910726462072_n.jpg 1536w, https:\/\/mladjxeqsxgv.i.optimole.com\/cb:B3zE.b136\/w:1440\/h:1080\/q:mauto\/f:best\/dpr:2\/https:\/\/ctalker.org\/wp-content\/uploads\/2024\/11\/467812781_958846579613246_3404351910726462072_n.jpg 2x\" sizes=\"(max-width: 1000px) 100vw, 1000px\" \/><\/a><\/div><div class=\"obfx-grid-col-content\">\t\t\t<h2 class=\"entry-title obfx-grid-title\">\n\t\t\t\t\t\t\t<a href=\"https:\/\/ctalker.org\/en\/2024\/11\/19\/filmklubbositunk\/\" title=\"&#8220;Filmklubbos\u00edtunk&#8221;\">\n\t\t\t\t\t&#8220;Filmklubbos\u00edtunk&#8221;\t\t\t\t<\/a>\n\t\t\t\t\t\t\t<\/h2>\n\t\t\t\t\t\t\t<div class=\"entry-meta obfx-grid-meta\">\n\n\t\t\t\t\t\t\t\t\t\t\t\t\t<span class=\"obfx-grid-author\">\n\t\t\t\t\t\t\t\t\t<i class=\"fas fa-user\"><\/i>Kari\t\t\t\t\t\t\t\t<\/span>\n\t\t\t\t\t\t\t\t\t\t\t\t\t\t\t\t<span class=\"obfx-grid-date\">\n\t\t\t\t\t\t\t\t\t<i class=\"fas fa-calendar\"><\/i>19-11-2024\t\t\t\t\t\t\t\t<\/span>\n\t\t\t\t\t\t\t\t\n\t\t\t\t<\/div>\n\t\t\t\t\t\t\t<div class=\"entry-content obfx-grid-content\">\n\t\t\t\tNovemberben is filmklubos\u00edtunk! Ikonikus moziplak\u00e1tokkal, Bem Mozis plak\u00e1tki\u00e1ll\u00edt\u00e1ssal \u00e9s friss Filmvil\u00e1g lapsz\u00e1mokkal kalandozunk a filmt\u00f6rt\u00e9netben. Sz\u00e1munkra a f\u00e9ny\u00edr\u00f3k mes\u00e9i t\u00f6bbet jelentenek, mint puszta sz\u00f3rakoz\u00e1s \u2013 \u00e9lm\u00e9ny, kult\u00fara, tud\u00e1s \u00e9s szenved\u00e9ly.\t\t\t<\/div>\n\t\t\t<\/div><\/article><\/div><div class=\"obfx-grid-wrapper\"><article class=\"obfx-grid-col\"><div class=\"obfx-grid-col-image\" style=\"\"><a href=\"https:\/\/ctalker.org\/en\/2024\/11\/15\/kurbli-filmklub-arthur-penn-bonnie-es-clyde\/\" title=\"Kurbli Filmklub: Arthur Penn-Bonnie \u00e9s Clyde\"><img data-opt-id=1070331199  loading=\"lazy\" decoding=\"async\" width=\"1125\" height=\"812\" src=\"https:\/\/mladjxeqsxgv.i.optimole.com\/cb:B3zE.b136\/w:auto\/h:auto\/q:mauto\/f:best\/https:\/\/ctalker.org\/wp-content\/uploads\/2024\/11\/465108773_10236079967880869_2772904169617519646_n.jpg\" class=\"img-responsive no-lazy wp-post-image\" alt=\"465108773_10236079967880869_2772904169617519646_n\" srcset=\"https:\/\/mladjxeqsxgv.i.optimole.com\/cb:B3zE.b136\/w:1125\/h:812\/q:mauto\/f:best\/https:\/\/ctalker.org\/wp-content\/uploads\/2024\/11\/465108773_10236079967880869_2772904169617519646_n.jpg 1125w, https:\/\/mladjxeqsxgv.i.optimole.com\/cb:B3zE.b136\/w:300\/h:217\/q:mauto\/f:best\/https:\/\/ctalker.org\/wp-content\/uploads\/2024\/11\/465108773_10236079967880869_2772904169617519646_n.jpg 300w, https:\/\/mladjxeqsxgv.i.optimole.com\/cb:B3zE.b136\/w:1024\/h:739\/q:mauto\/f:best\/https:\/\/ctalker.org\/wp-content\/uploads\/2024\/11\/465108773_10236079967880869_2772904169617519646_n.jpg 1024w, https:\/\/mladjxeqsxgv.i.optimole.com\/cb:B3zE.b136\/w:768\/h:554\/q:mauto\/f:best\/https:\/\/ctalker.org\/wp-content\/uploads\/2024\/11\/465108773_10236079967880869_2772904169617519646_n.jpg 768w, https:\/\/mladjxeqsxgv.i.optimole.com\/cb:B3zE.b136\/w:1125\/h:812\/q:mauto\/f:best\/dpr:2\/https:\/\/ctalker.org\/wp-content\/uploads\/2024\/11\/465108773_10236079967880869_2772904169617519646_n.jpg 2x\" sizes=\"(max-width: 1000px) 100vw, 1000px\" \/><\/a><\/div><div class=\"obfx-grid-col-content\">\t\t\t<h2 class=\"entry-title obfx-grid-title\">\n\t\t\t\t\t\t\t<a href=\"https:\/\/ctalker.org\/en\/2024\/11\/15\/kurbli-filmklub-arthur-penn-bonnie-es-clyde\/\" title=\"Kurbli Filmklub: Arthur Penn-Bonnie \u00e9s Clyde\">\n\t\t\t\t\tKurbli Filmklub: Arthur Penn-Bonnie \u00e9s Clyde\t\t\t\t<\/a>\n\t\t\t\t\t\t\t<\/h2>\n\t\t\t\t\t\t\t<div class=\"entry-meta obfx-grid-meta\">\n\n\t\t\t\t\t\t\t\t\t\t\t\t\t<span class=\"obfx-grid-author\">\n\t\t\t\t\t\t\t\t\t<i class=\"fas fa-user\"><\/i>Kari\t\t\t\t\t\t\t\t<\/span>\n\t\t\t\t\t\t\t\t\t\t\t\t\t\t\t\t<span class=\"obfx-grid-date\">\n\t\t\t\t\t\t\t\t\t<i class=\"fas fa-calendar\"><\/i>15-11-2024\t\t\t\t\t\t\t\t<\/span>\n\t\t\t\t\t\t\t\t\n\t\t\t\t<\/div>\n\t\t\t\t\t\t\t<div class=\"entry-content obfx-grid-content\">\n\t\t\t\t2024.11.13.\/Szabadka Arthur Penn: Bonnie \u00e9s Clyde (Bonnie and Clyde), amerikai gengszterfilm, 1967 A vet\u00edt\u00e9st BESZ\u00c9LGET\u00c9S k\u00f6vette, P\u00e1pai Zsolt filmt\u00f6rt\u00e9n\u00e9sz kritikussal, az ELTE \u00e9s az erd\u00e9lyi Sapientia oktat\u00f3j\u00e1val! A vil\u00e1g egyik&hellip;\t\t\t<\/div>\n\t\t\t<\/div><\/article><\/div><div class=\"obfx-grid-wrapper\"><article class=\"obfx-grid-col\"><div class=\"obfx-grid-col-image\" style=\"\"><a href=\"https:\/\/ctalker.org\/en\/2024\/11\/14\/beszelgetes-papai-zsolt-filmtortenesz-kritikussal\/\" title=\"Besz\u00e9lget\u00e9s P\u00e1pai Zsolt filmt\u00f6rt\u00e9n\u00e9sz kritikussal\"><img data-opt-id=1339243745  loading=\"lazy\" decoding=\"async\" width=\"2560\" height=\"1920\" src=\"https:\/\/mladjxeqsxgv.i.optimole.com\/cb:B3zE.b136\/w:auto\/h:auto\/q:mauto\/f:best\/https:\/\/ctalker.org\/wp-content\/uploads\/2024\/11\/1732565294086-scaled.jpg\" class=\"img-responsive no-lazy wp-post-image\" alt=\"1732565294086\" srcset=\"https:\/\/mladjxeqsxgv.i.optimole.com\/cb:B3zE.b136\/w:1440\/h:1080\/q:mauto\/f:best\/https:\/\/ctalker.org\/wp-content\/uploads\/2024\/11\/1732565294086-scaled.jpg 2560w, https:\/\/mladjxeqsxgv.i.optimole.com\/cb:B3zE.b136\/w:300\/h:225\/q:mauto\/f:best\/https:\/\/ctalker.org\/wp-content\/uploads\/2024\/11\/1732565294086-scaled.jpg 300w, https:\/\/mladjxeqsxgv.i.optimole.com\/cb:B3zE.b136\/w:1024\/h:768\/q:mauto\/f:best\/https:\/\/ctalker.org\/wp-content\/uploads\/2024\/11\/1732565294086-scaled.jpg 1024w, https:\/\/mladjxeqsxgv.i.optimole.com\/cb:B3zE.b136\/w:768\/h:576\/q:mauto\/f:best\/https:\/\/ctalker.org\/wp-content\/uploads\/2024\/11\/1732565294086-scaled.jpg 768w, https:\/\/mladjxeqsxgv.i.optimole.com\/cb:B3zE.b136\/w:1440\/h:1080\/q:mauto\/f:best\/https:\/\/ctalker.org\/wp-content\/uploads\/2024\/11\/1732565294086-scaled.jpg 1536w, https:\/\/mladjxeqsxgv.i.optimole.com\/cb:B3zE.b136\/w:1440\/h:1080\/q:mauto\/f:best\/https:\/\/ctalker.org\/wp-content\/uploads\/2024\/11\/1732565294086-scaled.jpg 2048w, https:\/\/mladjxeqsxgv.i.optimole.com\/cb:B3zE.b136\/w:1440\/h:1080\/q:mauto\/f:best\/dpr:2\/https:\/\/ctalker.org\/wp-content\/uploads\/2024\/11\/1732565294086-scaled.jpg 2x\" sizes=\"(max-width: 1000px) 100vw, 1000px\" \/><\/a><\/div><div class=\"obfx-grid-col-content\">\t\t\t<h2 class=\"entry-title obfx-grid-title\">\n\t\t\t\t\t\t\t<a href=\"https:\/\/ctalker.org\/en\/2024\/11\/14\/beszelgetes-papai-zsolt-filmtortenesz-kritikussal\/\" title=\"Besz\u00e9lget\u00e9s P\u00e1pai Zsolt filmt\u00f6rt\u00e9n\u00e9sz kritikussal\">\n\t\t\t\t\tBesz\u00e9lget\u00e9s P\u00e1pai Zsolt filmt\u00f6rt\u00e9n\u00e9sz kritikussal\t\t\t\t<\/a>\n\t\t\t\t\t\t\t<\/h2>\n\t\t\t\t\t\t\t<div class=\"entry-meta obfx-grid-meta\">\n\n\t\t\t\t\t\t\t\t\t\t\t\t\t<span class=\"obfx-grid-author\">\n\t\t\t\t\t\t\t\t\t<i class=\"fas fa-user\"><\/i>Kari\t\t\t\t\t\t\t\t<\/span>\n\t\t\t\t\t\t\t\t\t\t\t\t\t\t\t\t<span class=\"obfx-grid-date\">\n\t\t\t\t\t\t\t\t\t<i class=\"fas fa-calendar\"><\/i>14-11-2024\t\t\t\t\t\t\t\t<\/span>\n\t\t\t\t\t\t\t\t\n\t\t\t\t<\/div>\n\t\t\t\t\t\t\t<div class=\"entry-content obfx-grid-content\">\n\t\t\t\t2024.11.13.\/Szabadka Lelkes besz\u00e9lget\u00e9sen vehettek r\u00e9szt a Kurbli Filmklub n\u00e9z\u0151i! P\u00e1pai Zsolt filmt\u00f6rt\u00e9neti tud\u00e1sa \u00e9s anekdot\u00e1i nyom\u00e1n megtudtuk, hogy Arthur Penn filmje, mi\u00e9rt emelhet\u0151 a kult\u00fart\u00f6rt\u00e9net legjelent\u0151sebb alkot\u00e1sai k\u00f6z\u00e9; a val\u00f3s\u00e1ghoz&hellip;\t\t\t<\/div>\n\t\t\t<\/div><\/article><\/div><div class=\"obfx-grid-wrapper\"><article class=\"obfx-grid-col\"><div class=\"obfx-grid-col-image\" style=\"\"><a href=\"https:\/\/ctalker.org\/en\/2024\/10\/30\/kurbli-filmklub-robert-altman-nashville\/\" title=\"Kurbli Filmklub: Robert Altman-Nashville\"><img data-opt-id=1870635074  loading=\"lazy\" decoding=\"async\" width=\"1638\" height=\"2048\" src=\"https:\/\/mladjxeqsxgv.i.optimole.com\/cb:B3zE.b136\/w:auto\/h:auto\/q:mauto\/f:best\/https:\/\/ctalker.org\/wp-content\/uploads\/2024\/10\/464149115_10235777229272593_3172276015448407496_n.jpg\" class=\"img-responsive no-lazy wp-post-image\" alt=\"464149115_10235777229272593_3172276015448407496_n\" srcset=\"https:\/\/mladjxeqsxgv.i.optimole.com\/cb:B3zE.b136\/w:863\/h:1080\/q:mauto\/f:best\/https:\/\/ctalker.org\/wp-content\/uploads\/2024\/10\/464149115_10235777229272593_3172276015448407496_n.jpg 1638w, https:\/\/mladjxeqsxgv.i.optimole.com\/cb:B3zE.b136\/w:240\/h:300\/q:mauto\/f:best\/https:\/\/ctalker.org\/wp-content\/uploads\/2024\/10\/464149115_10235777229272593_3172276015448407496_n.jpg 240w, https:\/\/mladjxeqsxgv.i.optimole.com\/cb:B3zE.b136\/w:819\/h:1024\/q:mauto\/f:best\/https:\/\/ctalker.org\/wp-content\/uploads\/2024\/10\/464149115_10235777229272593_3172276015448407496_n.jpg 819w, https:\/\/mladjxeqsxgv.i.optimole.com\/cb:B3zE.b136\/w:768\/h:960\/q:mauto\/f:best\/https:\/\/ctalker.org\/wp-content\/uploads\/2024\/10\/464149115_10235777229272593_3172276015448407496_n.jpg 768w, https:\/\/mladjxeqsxgv.i.optimole.com\/cb:B3zE.b136\/w:864\/h:1080\/q:mauto\/f:best\/https:\/\/ctalker.org\/wp-content\/uploads\/2024\/10\/464149115_10235777229272593_3172276015448407496_n.jpg 1229w, https:\/\/mladjxeqsxgv.i.optimole.com\/cb:B3zE.b136\/w:863\/h:1080\/q:mauto\/f:best\/dpr:2\/https:\/\/ctalker.org\/wp-content\/uploads\/2024\/10\/464149115_10235777229272593_3172276015448407496_n.jpg 2x\" sizes=\"(max-width: 1000px) 100vw, 1000px\" \/><\/a><\/div><div class=\"obfx-grid-col-content\">\t\t\t<h2 class=\"entry-title obfx-grid-title\">\n\t\t\t\t\t\t\t<a href=\"https:\/\/ctalker.org\/en\/2024\/10\/30\/kurbli-filmklub-robert-altman-nashville\/\" title=\"Kurbli Filmklub: Robert Altman-Nashville\">\n\t\t\t\t\tKurbli Filmklub: Robert Altman-Nashville\t\t\t\t<\/a>\n\t\t\t\t\t\t\t<\/h2>\n\t\t\t\t\t\t\t<div class=\"entry-meta obfx-grid-meta\">\n\n\t\t\t\t\t\t\t\t\t\t\t\t\t<span class=\"obfx-grid-author\">\n\t\t\t\t\t\t\t\t\t<i class=\"fas fa-user\"><\/i>Kari\t\t\t\t\t\t\t\t<\/span>\n\t\t\t\t\t\t\t\t\t\t\t\t\t\t\t\t<span class=\"obfx-grid-date\">\n\t\t\t\t\t\t\t\t\t<i class=\"fas fa-calendar\"><\/i>30-10-2024\t\t\t\t\t\t\t\t<\/span>\n\t\t\t\t\t\t\t\t\n\t\t\t\t<\/div>\n\t\t\t\t\t\t\t<div class=\"entry-content obfx-grid-content\">\n\t\t\t\tSzabadka\/2024.10.30. Robert Altman: Nashville, amerikai zen\u00e9s szat\u00edra, 1975 Amerika eln\u00f6kv\u00e1laszt\u00e1sra k\u00e9sz\u00fcl. A \u201970-es \u00e9vek k\u00f6zep\u00e9n j\u00e1runk, Nixon eln\u00f6k lemond\u00e1sa \u00e9s a Watergate-botr\u00e1ny idej\u00e9n, Tennessee \u00e1llam f\u0151v\u00e1ros\u00e1ban,&nbsp;Nashvilleben a country zene fellegv\u00e1r\u00e1ban.&nbsp;&hellip;\t\t\t<\/div>\n\t\t\t<\/div><\/article><\/div><div class=\"obfx-grid-wrapper\"><article class=\"obfx-grid-col\"><div class=\"obfx-grid-col-image\" style=\"\"><a href=\"https:\/\/ctalker.org\/en\/2024\/10\/21\/kurbli-filmklub-9\/\" title=\"Kurbli Filmklub-okt\u00f3beri m\u00e9diaszerepl\u00e9sek\"><img data-opt-id=1451822817  loading=\"lazy\" decoding=\"async\" width=\"526\" height=\"701\" src=\"https:\/\/mladjxeqsxgv.i.optimole.com\/cb:B3zE.b136\/w:auto\/h:auto\/q:mauto\/f:best\/https:\/\/ctalker.org\/wp-content\/uploads\/2024\/10\/463190227_10230251746030765_5443289974992682790_n-1.jpg\" class=\"img-responsive no-lazy wp-post-image\" alt=\"463190227_10230251746030765_5443289974992682790_n\" srcset=\"https:\/\/mladjxeqsxgv.i.optimole.com\/cb:B3zE.b136\/w:526\/h:701\/q:mauto\/f:best\/https:\/\/ctalker.org\/wp-content\/uploads\/2024\/10\/463190227_10230251746030765_5443289974992682790_n-1.jpg 526w, https:\/\/mladjxeqsxgv.i.optimole.com\/cb:B3zE.b136\/w:225\/h:300\/q:mauto\/f:best\/https:\/\/ctalker.org\/wp-content\/uploads\/2024\/10\/463190227_10230251746030765_5443289974992682790_n-1.jpg 225w, https:\/\/mladjxeqsxgv.i.optimole.com\/cb:B3zE.b136\/w:526\/h:701\/q:mauto\/f:best\/dpr:2\/https:\/\/ctalker.org\/wp-content\/uploads\/2024\/10\/463190227_10230251746030765_5443289974992682790_n-1.jpg 2x\" sizes=\"(max-width: 526px) 100vw, 526px\" \/><\/a><\/div><div class=\"obfx-grid-col-content\">\t\t\t<h2 class=\"entry-title obfx-grid-title\">\n\t\t\t\t\t\t\t<a href=\"https:\/\/ctalker.org\/en\/2024\/10\/21\/kurbli-filmklub-9\/\" title=\"Kurbli Filmklub-okt\u00f3beri m\u00e9diaszerepl\u00e9sek\">\n\t\t\t\t\tKurbli Filmklub-okt\u00f3beri m\u00e9diaszerepl\u00e9sek\t\t\t\t<\/a>\n\t\t\t\t\t\t\t<\/h2>\n\t\t\t\t\t\t\t<div class=\"entry-meta obfx-grid-meta\">\n\n\t\t\t\t\t\t\t\t\t\t\t\t\t<span class=\"obfx-grid-author\">\n\t\t\t\t\t\t\t\t\t<i class=\"fas fa-user\"><\/i>Kari\t\t\t\t\t\t\t\t<\/span>\n\t\t\t\t\t\t\t\t\t\t\t\t\t\t\t\t<span class=\"obfx-grid-date\">\n\t\t\t\t\t\t\t\t\t<i class=\"fas fa-calendar\"><\/i>21-10-2024\t\t\t\t\t\t\t\t<\/span>\n\t\t\t\t\t\t\t\t\n\t\t\t\t<\/div>\n\t\t\t\t\t\t\t<div class=\"entry-content obfx-grid-content\">\n\t\t\t\tA klub \u00e9let\u00e9ben, mindig az okt\u00f3ber a legintenz\u00edvebb, esem\u00e9nyd\u00fasabb h\u00f3nap az \u00e9vb\u0151l! Ilyenkor indulunk \u00fajra a ny\u00e1ri &#8220;le\u00e1ll\u00e1sb\u00f3l&#8221; (ami ugye, nem teljes sz\u00fcnetet jelent, hiszen a vajdas\u00e1gi fesztiv\u00e1lokon tartjuk a&hellip;\t\t\t<\/div>\n\t\t\t<\/div><\/article><\/div><div class=\"obfx-grid-wrapper\"><article class=\"obfx-grid-col\"><div class=\"obfx-grid-col-image\" style=\"\"><a href=\"https:\/\/ctalker.org\/en\/2024\/10\/16\/kurbli-filmklub-john-boorman-a-jateknak-vege\/\" title=\"Kurbli Filmklub: John Boorman-A j\u00e1t\u00e9knak v\u00e9ge\"><img data-opt-id=384138584  loading=\"lazy\" decoding=\"async\" width=\"1999\" height=\"1527\" src=\"https:\/\/mladjxeqsxgv.i.optimole.com\/cb:B3zE.b136\/w:auto\/h:auto\/q:mauto\/f:best\/https:\/\/ctalker.org\/wp-content\/uploads\/2024\/10\/463020417_10235576639257968_2566739772225282982_n.jpg\" class=\"img-responsive no-lazy wp-post-image\" alt=\"463020417_10235576639257968_2566739772225282982_n\" srcset=\"https:\/\/mladjxeqsxgv.i.optimole.com\/cb:B3zE.b136\/w:1413\/h:1080\/q:mauto\/f:best\/https:\/\/ctalker.org\/wp-content\/uploads\/2024\/10\/463020417_10235576639257968_2566739772225282982_n.jpg 1999w, https:\/\/mladjxeqsxgv.i.optimole.com\/cb:B3zE.b136\/w:300\/h:229\/q:mauto\/f:best\/https:\/\/ctalker.org\/wp-content\/uploads\/2024\/10\/463020417_10235576639257968_2566739772225282982_n.jpg 300w, https:\/\/mladjxeqsxgv.i.optimole.com\/cb:B3zE.b136\/w:1024\/h:782\/q:mauto\/f:best\/https:\/\/ctalker.org\/wp-content\/uploads\/2024\/10\/463020417_10235576639257968_2566739772225282982_n.jpg 1024w, https:\/\/mladjxeqsxgv.i.optimole.com\/cb:B3zE.b136\/w:768\/h:587\/q:mauto\/f:best\/https:\/\/ctalker.org\/wp-content\/uploads\/2024\/10\/463020417_10235576639257968_2566739772225282982_n.jpg 768w, https:\/\/mladjxeqsxgv.i.optimole.com\/cb:B3zE.b136\/w:1414\/h:1080\/q:mauto\/f:best\/https:\/\/ctalker.org\/wp-content\/uploads\/2024\/10\/463020417_10235576639257968_2566739772225282982_n.jpg 1536w, https:\/\/mladjxeqsxgv.i.optimole.com\/cb:B3zE.b136\/w:1413\/h:1080\/q:mauto\/f:best\/dpr:2\/https:\/\/ctalker.org\/wp-content\/uploads\/2024\/10\/463020417_10235576639257968_2566739772225282982_n.jpg 2x\" sizes=\"(max-width: 1000px) 100vw, 1000px\" \/><\/a><\/div><div class=\"obfx-grid-col-content\">\t\t\t<h2 class=\"entry-title obfx-grid-title\">\n\t\t\t\t\t\t\t<a href=\"https:\/\/ctalker.org\/en\/2024\/10\/16\/kurbli-filmklub-john-boorman-a-jateknak-vege\/\" title=\"Kurbli Filmklub: John Boorman-A j\u00e1t\u00e9knak v\u00e9ge\">\n\t\t\t\t\tKurbli Filmklub: John Boorman-A j\u00e1t\u00e9knak v\u00e9ge\t\t\t\t<\/a>\n\t\t\t\t\t\t\t<\/h2>\n\t\t\t\t\t\t\t<div class=\"entry-meta obfx-grid-meta\">\n\n\t\t\t\t\t\t\t\t\t\t\t\t\t<span class=\"obfx-grid-author\">\n\t\t\t\t\t\t\t\t\t<i class=\"fas fa-user\"><\/i>Kari\t\t\t\t\t\t\t\t<\/span>\n\t\t\t\t\t\t\t\t\t\t\t\t\t\t\t\t<span class=\"obfx-grid-date\">\n\t\t\t\t\t\t\t\t\t<i class=\"fas fa-calendar\"><\/i>16-10-2024\t\t\t\t\t\t\t\t<\/span>\n\t\t\t\t\t\t\t\t\n\t\t\t\t<\/div>\n\t\t\t\t\t\t\t<div class=\"entry-content obfx-grid-content\">\n\t\t\t\tSzabadka\/2024.10.16. John Boorman:&nbsp;Point Blank \/ A j\u00e1t\u00e9knak v\u00e9ge N\u00e9gy \u00e9vvel J. F. Kennedy lel\u00f6v\u00e9se ut\u00e1n \u00e9s a t\u00e9v\u00e9n el\u0151sz\u00f6r k\u00f6vethet\u0151, \u00e9pp eszkal\u00e1l\u00f3d\u00f3 vietnami h\u00e1bor\u00fa idej\u00e9n Amerik\u00e1ban zavaros mor\u00e1lis v\u00e1ls\u00e1g \u00e9s&hellip;\t\t\t<\/div>\n\t\t\t<\/div><\/article><\/div><div class=\"obfx-grid-wrapper\"><article class=\"obfx-grid-col\"><div class=\"obfx-grid-col-image\" style=\"\"><a href=\"https:\/\/ctalker.org\/en\/2024\/10\/03\/kurbli-filmklub-4-evesek-lettunk-guillermo-del-toro-a-faun-labirintusa\/\" title=\"Kurbli Filmklub: 4 \u00e9vesek lett\u00fcnk! Guillermo Del Toro-A Faun labirintusa\"><img data-opt-id=1455815631  loading=\"lazy\" decoding=\"async\" width=\"1125\" height=\"842\" src=\"https:\/\/mladjxeqsxgv.i.optimole.com\/cb:B3zE.b136\/w:auto\/h:auto\/q:mauto\/f:best\/https:\/\/ctalker.org\/wp-content\/uploads\/2024\/10\/462295386_1746419506131132_1801708108696636905_n.jpg\" class=\"img-responsive no-lazy wp-post-image\" alt=\"462295386_1746419506131132_1801708108696636905_n\" srcset=\"https:\/\/mladjxeqsxgv.i.optimole.com\/cb:B3zE.b136\/w:1125\/h:842\/q:mauto\/f:best\/https:\/\/ctalker.org\/wp-content\/uploads\/2024\/10\/462295386_1746419506131132_1801708108696636905_n.jpg 1125w, https:\/\/mladjxeqsxgv.i.optimole.com\/cb:B3zE.b136\/w:300\/h:225\/q:mauto\/f:best\/https:\/\/ctalker.org\/wp-content\/uploads\/2024\/10\/462295386_1746419506131132_1801708108696636905_n.jpg 300w, https:\/\/mladjxeqsxgv.i.optimole.com\/cb:B3zE.b136\/w:1024\/h:766\/q:mauto\/f:best\/https:\/\/ctalker.org\/wp-content\/uploads\/2024\/10\/462295386_1746419506131132_1801708108696636905_n.jpg 1024w, https:\/\/mladjxeqsxgv.i.optimole.com\/cb:B3zE.b136\/w:768\/h:575\/q:mauto\/f:best\/https:\/\/ctalker.org\/wp-content\/uploads\/2024\/10\/462295386_1746419506131132_1801708108696636905_n.jpg 768w, https:\/\/mladjxeqsxgv.i.optimole.com\/cb:B3zE.b136\/w:1125\/h:842\/q:mauto\/f:best\/dpr:2\/https:\/\/ctalker.org\/wp-content\/uploads\/2024\/10\/462295386_1746419506131132_1801708108696636905_n.jpg 2x\" sizes=\"(max-width: 1000px) 100vw, 1000px\" \/><\/a><\/div><div class=\"obfx-grid-col-content\">\t\t\t<h2 class=\"entry-title obfx-grid-title\">\n\t\t\t\t\t\t\t<a href=\"https:\/\/ctalker.org\/en\/2024\/10\/03\/kurbli-filmklub-4-evesek-lettunk-guillermo-del-toro-a-faun-labirintusa\/\" title=\"Kurbli Filmklub: 4 \u00e9vesek lett\u00fcnk! Guillermo Del Toro-A Faun labirintusa\">\n\t\t\t\t\tKurbli Filmklub: 4 \u00e9vesek lett\u00fcnk! Guillermo Del Toro-A Faun labirintusa\t\t\t\t<\/a>\n\t\t\t\t\t\t\t<\/h2>\n\t\t\t\t\t\t\t<div class=\"entry-meta obfx-grid-meta\">\n\n\t\t\t\t\t\t\t\t\t\t\t\t\t<span class=\"obfx-grid-author\">\n\t\t\t\t\t\t\t\t\t<i class=\"fas fa-user\"><\/i>Kari\t\t\t\t\t\t\t\t<\/span>\n\t\t\t\t\t\t\t\t\t\t\t\t\t\t\t\t<span class=\"obfx-grid-date\">\n\t\t\t\t\t\t\t\t\t<i class=\"fas fa-calendar\"><\/i>03-10-2024\t\t\t\t\t\t\t\t<\/span>\n\t\t\t\t\t\t\t\t\n\t\t\t\t<\/div>\n\t\t\t\t\t\t\t<div class=\"entry-content obfx-grid-content\">\n\t\t\t\tSzabadka\/2024.10.03. Guillermo Del Toro: A Faun labirintusa (Pan&#8217;s Labyrinth), spanyol-mexik\u00f3i t\u00f6rt\u00e9nelmi-h\u00e1bor\u00fas fantasy, 2006 Of\u00e9lia egy kisl\u00e1ny, akinek sz\u00f6rny\u0171 dolgokkal kell szemben\u00e9znie. \u00c9brenl\u00e9t \u00e9s \u00e1lom, tudatos \u00e9s tudattalan tartom\u00e1nyaink egym\u00e1sba cs\u00fasznak.&hellip;\t\t\t<\/div>\n\t\t\t<\/div><\/article><\/div><div class=\"obfx-grid-wrapper\"><article class=\"obfx-grid-col\"><div class=\"obfx-grid-col-image\" style=\"\"><a href=\"https:\/\/ctalker.org\/en\/2024\/06\/30\/kurbli-filmklub-dombos-fest-4\/\" title=\"Kurbli Filmklub-DOMBOS FEST\"><img data-opt-id=487161757  loading=\"lazy\" decoding=\"async\" width=\"2048\" height=\"1536\" src=\"https:\/\/mladjxeqsxgv.i.optimole.com\/cb:B3zE.b136\/w:auto\/h:auto\/q:mauto\/f:best\/https:\/\/ctalker.org\/wp-content\/uploads\/2024\/09\/450003972_863348529163052_8698667590921696926_n-1.jpg\" class=\"img-responsive no-lazy wp-post-image\" alt=\"450003972_863348529163052_8698667590921696926_n (1)\" srcset=\"https:\/\/mladjxeqsxgv.i.optimole.com\/cb:B3zE.b136\/w:1440\/h:1080\/q:mauto\/f:best\/https:\/\/ctalker.org\/wp-content\/uploads\/2024\/09\/450003972_863348529163052_8698667590921696926_n-1.jpg 2048w, https:\/\/mladjxeqsxgv.i.optimole.com\/cb:B3zE.b136\/w:300\/h:225\/q:mauto\/f:best\/https:\/\/ctalker.org\/wp-content\/uploads\/2024\/09\/450003972_863348529163052_8698667590921696926_n-1.jpg 300w, https:\/\/mladjxeqsxgv.i.optimole.com\/cb:B3zE.b136\/w:1024\/h:768\/q:mauto\/f:best\/https:\/\/ctalker.org\/wp-content\/uploads\/2024\/09\/450003972_863348529163052_8698667590921696926_n-1.jpg 1024w, https:\/\/mladjxeqsxgv.i.optimole.com\/cb:B3zE.b136\/w:768\/h:576\/q:mauto\/f:best\/https:\/\/ctalker.org\/wp-content\/uploads\/2024\/09\/450003972_863348529163052_8698667590921696926_n-1.jpg 768w, https:\/\/mladjxeqsxgv.i.optimole.com\/cb:B3zE.b136\/w:1440\/h:1080\/q:mauto\/f:best\/https:\/\/ctalker.org\/wp-content\/uploads\/2024\/09\/450003972_863348529163052_8698667590921696926_n-1.jpg 1536w, https:\/\/mladjxeqsxgv.i.optimole.com\/cb:B3zE.b136\/w:1440\/h:1080\/q:mauto\/f:best\/dpr:2\/https:\/\/ctalker.org\/wp-content\/uploads\/2024\/09\/450003972_863348529163052_8698667590921696926_n-1.jpg 2x\" sizes=\"(max-width: 1000px) 100vw, 1000px\" \/><\/a><\/div><div class=\"obfx-grid-col-content\">\t\t\t<h2 class=\"entry-title obfx-grid-title\">\n\t\t\t\t\t\t\t<a href=\"https:\/\/ctalker.org\/en\/2024\/06\/30\/kurbli-filmklub-dombos-fest-4\/\" title=\"Kurbli Filmklub-DOMBOS FEST\">\n\t\t\t\t\tKurbli Filmklub-DOMBOS FEST\t\t\t\t<\/a>\n\t\t\t\t\t\t\t<\/h2>\n\t\t\t\t\t\t\t<div class=\"entry-meta obfx-grid-meta\">\n\n\t\t\t\t\t\t\t\t\t\t\t\t\t<span class=\"obfx-grid-author\">\n\t\t\t\t\t\t\t\t\t<i class=\"fas fa-user\"><\/i>Kari\t\t\t\t\t\t\t\t<\/span>\n\t\t\t\t\t\t\t\t\t\t\t\t\t\t\t\t<span class=\"obfx-grid-date\">\n\t\t\t\t\t\t\t\t\t<i class=\"fas fa-calendar\"><\/i>30-06-2024\t\t\t\t\t\t\t\t<\/span>\n\t\t\t\t\t\t\t\t\n\t\t\t\t<\/div>\n\t\t\t\t\t\t\t<div class=\"entry-content obfx-grid-content\">\n\t\t\t\tK\u00e9pes \u00e9lm\u00e9nybesz\u00e1mol\u00f3\/fot\u00f3gal\u00e9ria A Kurbli Filmklub \u00e9jszakai mozg\u00f3k\u00e9pei k\u00f6z\u00f6tt szerepelt oktat\u00f3film, cseh sz\u00fcrrealista alkot\u00e1s, n\u00e9met avantg\u00e1rd, magyar f\u00fcggetlen film, rom\u00e1n \u00fajmozi vagy amerikai k\u00eds\u00e9rleti dokumentumfilm. Fot\u00f3: Nagy Karina, Nyers Lehel, Sz\u00e1sz&hellip;\t\t\t<\/div>\n\t\t\t<\/div><\/article><\/div><div class=\"obfx-grid-wrapper\"><article class=\"obfx-grid-col\"><div class=\"obfx-grid-col-image\" style=\"\"><a href=\"https:\/\/ctalker.org\/en\/2024\/06\/29\/kurbli-filmklub-dombos-fest-3\/\" title=\"Kurbli Filmklub-DOMBOS FEST\"><img data-opt-id=28858899  loading=\"lazy\" decoding=\"async\" width=\"2000\" height=\"1414\" src=\"https:\/\/mladjxeqsxgv.i.optimole.com\/cb:B3zE.b136\/w:auto\/h:auto\/q:mauto\/f:best\/https:\/\/ctalker.org\/wp-content\/uploads\/2024\/09\/4.jpg\" class=\"img-responsive no-lazy wp-post-image\" alt=\"4\" srcset=\"https:\/\/mladjxeqsxgv.i.optimole.com\/cb:B3zE.b136\/w:1527\/h:1080\/q:mauto\/f:best\/https:\/\/ctalker.org\/wp-content\/uploads\/2024\/09\/4.jpg 2000w, https:\/\/mladjxeqsxgv.i.optimole.com\/cb:B3zE.b136\/w:300\/h:212\/q:mauto\/f:best\/https:\/\/ctalker.org\/wp-content\/uploads\/2024\/09\/4.jpg 300w, https:\/\/mladjxeqsxgv.i.optimole.com\/cb:B3zE.b136\/w:1024\/h:724\/q:mauto\/f:best\/https:\/\/ctalker.org\/wp-content\/uploads\/2024\/09\/4.jpg 1024w, https:\/\/mladjxeqsxgv.i.optimole.com\/cb:B3zE.b136\/w:768\/h:543\/q:mauto\/f:best\/https:\/\/ctalker.org\/wp-content\/uploads\/2024\/09\/4.jpg 768w, https:\/\/mladjxeqsxgv.i.optimole.com\/cb:B3zE.b136\/w:1527\/h:1080\/q:mauto\/f:best\/https:\/\/ctalker.org\/wp-content\/uploads\/2024\/09\/4.jpg 1536w, https:\/\/mladjxeqsxgv.i.optimole.com\/cb:B3zE.b136\/w:1527\/h:1080\/q:mauto\/f:best\/dpr:2\/https:\/\/ctalker.org\/wp-content\/uploads\/2024\/09\/4.jpg 2x\" sizes=\"(max-width: 1000px) 100vw, 1000px\" \/><\/a><\/div><div class=\"obfx-grid-col-content\">\t\t\t<h2 class=\"entry-title obfx-grid-title\">\n\t\t\t\t\t\t\t<a href=\"https:\/\/ctalker.org\/en\/2024\/06\/29\/kurbli-filmklub-dombos-fest-3\/\" title=\"Kurbli Filmklub-DOMBOS FEST\">\n\t\t\t\t\tKurbli Filmklub-DOMBOS FEST\t\t\t\t<\/a>\n\t\t\t\t\t\t\t<\/h2>\n\t\t\t\t\t\t\t<div class=\"entry-meta obfx-grid-meta\">\n\n\t\t\t\t\t\t\t\t\t\t\t\t\t<span class=\"obfx-grid-author\">\n\t\t\t\t\t\t\t\t\t<i class=\"fas fa-user\"><\/i>Kari\t\t\t\t\t\t\t\t<\/span>\n\t\t\t\t\t\t\t\t\t\t\t\t\t\t\t\t<span class=\"obfx-grid-date\">\n\t\t\t\t\t\t\t\t\t<i class=\"fas fa-calendar\"><\/i>29-06-2024\t\t\t\t\t\t\t\t<\/span>\n\t\t\t\t\t\t\t\t\n\t\t\t\t<\/div>\n\t\t\t\t\t\t\t<div class=\"entry-content obfx-grid-content\">\n\t\t\t\tHarmadik nap\/2024. j\u00fanius 29. Szombat\/Kishegyes A KURBLI dombosi filmk\u00edn\u00e1lat\u00e1b\u00f3l:&nbsp; Radu Jude-Z\u0171r\u00f6s kettyint\u00e9s, avagy porn\u00f3 a dilih\u00e1zban Az ezredfordul\u00f3 \u00f3ta egyik legjelent\u0151sebb filmm\u0171v\u00e9szeti \u00e1ramlat, a realista&nbsp;ROM\u00c1N \u00daJHULL\u00c1M.&nbsp;Radu Judeszat\u00edr\u00e1ja&nbsp;a&nbsp;Z\u0171r\u00f6s kettyint\u00e9s \u2026&nbsp;m\u00e9g el\u0151deihez&hellip;\t\t\t<\/div>\n\t\t\t<\/div><\/article><\/div><div class=\"obfx-grid-wrapper\"><article class=\"obfx-grid-col\"><div class=\"obfx-grid-col-image\" style=\"\"><a href=\"https:\/\/ctalker.org\/en\/2024\/06\/28\/kurbli-filmklub-dombos-fest-2\/\" title=\"Kurbli Filmklub-DOMBOS FEST\"><img data-opt-id=925757224  loading=\"lazy\" decoding=\"async\" width=\"2000\" height=\"1414\" src=\"https:\/\/mladjxeqsxgv.i.optimole.com\/cb:B3zE.b136\/w:auto\/h:auto\/q:mauto\/f:best\/https:\/\/ctalker.org\/wp-content\/uploads\/2024\/09\/3.jpg\" class=\"img-responsive no-lazy wp-post-image\" alt=\"3\" srcset=\"https:\/\/mladjxeqsxgv.i.optimole.com\/cb:B3zE.b136\/w:1527\/h:1080\/q:mauto\/f:best\/https:\/\/ctalker.org\/wp-content\/uploads\/2024\/09\/3.jpg 2000w, https:\/\/mladjxeqsxgv.i.optimole.com\/cb:B3zE.b136\/w:300\/h:212\/q:mauto\/f:best\/https:\/\/ctalker.org\/wp-content\/uploads\/2024\/09\/3.jpg 300w, https:\/\/mladjxeqsxgv.i.optimole.com\/cb:B3zE.b136\/w:1024\/h:724\/q:mauto\/f:best\/https:\/\/ctalker.org\/wp-content\/uploads\/2024\/09\/3.jpg 1024w, https:\/\/mladjxeqsxgv.i.optimole.com\/cb:B3zE.b136\/w:768\/h:543\/q:mauto\/f:best\/https:\/\/ctalker.org\/wp-content\/uploads\/2024\/09\/3.jpg 768w, https:\/\/mladjxeqsxgv.i.optimole.com\/cb:B3zE.b136\/w:1527\/h:1080\/q:mauto\/f:best\/https:\/\/ctalker.org\/wp-content\/uploads\/2024\/09\/3.jpg 1536w, https:\/\/mladjxeqsxgv.i.optimole.com\/cb:B3zE.b136\/w:1527\/h:1080\/q:mauto\/f:best\/dpr:2\/https:\/\/ctalker.org\/wp-content\/uploads\/2024\/09\/3.jpg 2x\" sizes=\"(max-width: 1000px) 100vw, 1000px\" \/><\/a><\/div><div class=\"obfx-grid-col-content\">\t\t\t<h2 class=\"entry-title obfx-grid-title\">\n\t\t\t\t\t\t\t<a href=\"https:\/\/ctalker.org\/en\/2024\/06\/28\/kurbli-filmklub-dombos-fest-2\/\" title=\"Kurbli Filmklub-DOMBOS FEST\">\n\t\t\t\t\tKurbli Filmklub-DOMBOS FEST\t\t\t\t<\/a>\n\t\t\t\t\t\t\t<\/h2>\n\t\t\t\t\t\t\t<div class=\"entry-meta obfx-grid-meta\">\n\n\t\t\t\t\t\t\t\t\t\t\t\t\t<span class=\"obfx-grid-author\">\n\t\t\t\t\t\t\t\t\t<i class=\"fas fa-user\"><\/i>Kari\t\t\t\t\t\t\t\t<\/span>\n\t\t\t\t\t\t\t\t\t\t\t\t\t\t\t\t<span class=\"obfx-grid-date\">\n\t\t\t\t\t\t\t\t\t<i class=\"fas fa-calendar\"><\/i>28-06-2024\t\t\t\t\t\t\t\t<\/span>\n\t\t\t\t\t\t\t\t\n\t\t\t\t<\/div>\n\t\t\t\t\t\t\t<div class=\"entry-content obfx-grid-content\">\n\t\t\t\tM\u00e1sodik nap\/2024. j\u00fanius 28. p\u00e9ntek\/Kishegyes Ismertet\u0151 a m\u0171sor k\u00edn\u00e1lat\u00e1b\u00f3l: Jan \u0160vankmajer:&nbsp;A gy\u00f6ny\u00f6r \u00f6sszeesk\u00fcv\u0151i Konzumkult\u00far\u00e1ban \u00e9l\u0151, mag\u00e1nyos, individualiz\u00e1l\u00f3d\u00f3 cseh polg\u00e1rt\u00e1rsaink elfajzott szabads\u00e1gban tobz\u00f3d\u00f3nak \u00e9s az erk\u00f6lcs\u00f6t csup\u00e1n sz\u00ednlelik. A k\u00fclvil\u00e1g nyilv\u00e1noss\u00e1g\u00e1t&hellip;\t\t\t<\/div>\n\t\t\t<\/div><\/article><\/div><div class=\"obfx-grid-wrapper\"><article class=\"obfx-grid-col\"><div class=\"obfx-grid-col-image\" style=\"\"><a href=\"https:\/\/ctalker.org\/en\/2024\/05\/22\/kurbli-filmklub-cristian-mungiu-4-honap-3-het-2-nap\/\" title=\"Kurbli Filmklub: Cristian Mungiu-4 h\u00f3nap, 3 h\u00e9t, 2 nap\"><img data-opt-id=25014592  loading=\"lazy\" decoding=\"async\" width=\"430\" height=\"270\" src=\"https:\/\/mladjxeqsxgv.i.optimole.com\/cb:B3zE.b136\/w:auto\/h:auto\/q:mauto\/f:best\/https:\/\/ctalker.org\/wp-content\/uploads\/2024\/05\/441502913_10234162312740689_8891350864247732352_n.jpg\" class=\"img-responsive no-lazy wp-post-image\" alt=\"Anamaria Marinca as Otilia (left) and Laura Vasiliu as Gabita (right)\" srcset=\"https:\/\/mladjxeqsxgv.i.optimole.com\/cb:B3zE.b136\/w:430\/h:270\/q:mauto\/f:best\/https:\/\/ctalker.org\/wp-content\/uploads\/2024\/05\/441502913_10234162312740689_8891350864247732352_n.jpg 430w, https:\/\/mladjxeqsxgv.i.optimole.com\/cb:B3zE.b136\/w:300\/h:188\/q:mauto\/f:best\/https:\/\/ctalker.org\/wp-content\/uploads\/2024\/05\/441502913_10234162312740689_8891350864247732352_n.jpg 300w, https:\/\/mladjxeqsxgv.i.optimole.com\/cb:B3zE.b136\/w:430\/h:270\/q:mauto\/f:best\/dpr:2\/https:\/\/ctalker.org\/wp-content\/uploads\/2024\/05\/441502913_10234162312740689_8891350864247732352_n.jpg 2x\" sizes=\"(max-width: 430px) 100vw, 430px\" \/><\/a><\/div><div class=\"obfx-grid-col-content\">\t\t\t<h2 class=\"entry-title obfx-grid-title\">\n\t\t\t\t\t\t\t<a href=\"https:\/\/ctalker.org\/en\/2024\/05\/22\/kurbli-filmklub-cristian-mungiu-4-honap-3-het-2-nap\/\" title=\"Kurbli Filmklub: Cristian Mungiu-4 h\u00f3nap, 3 h\u00e9t, 2 nap\">\n\t\t\t\t\tKurbli Filmklub: Cristian Mungiu-4 h\u00f3nap, 3 h\u00e9t, 2 nap\t\t\t\t<\/a>\n\t\t\t\t\t\t\t<\/h2>\n\t\t\t\t\t\t\t<div class=\"entry-meta obfx-grid-meta\">\n\n\t\t\t\t\t\t\t\t\t\t\t\t\t<span class=\"obfx-grid-author\">\n\t\t\t\t\t\t\t\t\t<i class=\"fas fa-user\"><\/i>Kari\t\t\t\t\t\t\t\t<\/span>\n\t\t\t\t\t\t\t\t\t\t\t\t\t\t\t\t<span class=\"obfx-grid-date\">\n\t\t\t\t\t\t\t\t\t<i class=\"fas fa-calendar\"><\/i>22-05-2024\t\t\t\t\t\t\t\t<\/span>\n\t\t\t\t\t\t\t\t\n\t\t\t\t<\/div>\n\t\t\t\t\t\t\t<div class=\"entry-content obfx-grid-content\">\n\t\t\t\tSzabadka\/2024.05.21. Cristian Mungui: 4 h\u00f3nap, 3 h\u00e9t, 2 nap (4\u00a0luni,\u00a03\u00a0s\u0103pt\u0103m\u00e2ni \u015fi\u00a02\u00a0zile), 2007, rom\u00e1n filmdr\u00e1ma, 113 perc 2023 december\u00e9ben Cristian Mungiu\u00a0R.M.N.\u00a0c\u00edm\u0171 filmj\u00e9vel nyitott a Kurbli Filmklub tematikus v\u00e1logat\u00e1sa, most az utols\u00f3&hellip;\t\t\t<\/div>\n\t\t\t<\/div><\/article><\/div><div class=\"obfx-grid-wrapper\"><article class=\"obfx-grid-col\"><div class=\"obfx-grid-col-image\" style=\"\"><a href=\"https:\/\/ctalker.org\/en\/2024\/05\/08\/kurbli-filmklub-lars-von-trier-fofonok\/\" title=\"Kurbli Filmklub: Lars von Trier-F\u0151f\u0151n\u00f6k\"><img data-opt-id=1703111596  loading=\"lazy\" decoding=\"async\" width=\"688\" height=\"368\" src=\"https:\/\/mladjxeqsxgv.i.optimole.com\/cb:B3zE.b136\/w:auto\/h:auto\/q:mauto\/f:best\/https:\/\/ctalker.org\/wp-content\/uploads\/2024\/05\/440351743_10234080258129375_6078757962236701010_n.jpg\" class=\"img-responsive no-lazy wp-post-image\" alt=\"440351743_10234080258129375_6078757962236701010_n\" srcset=\"https:\/\/mladjxeqsxgv.i.optimole.com\/cb:B3zE.b136\/w:688\/h:368\/q:mauto\/f:best\/https:\/\/ctalker.org\/wp-content\/uploads\/2024\/05\/440351743_10234080258129375_6078757962236701010_n.jpg 688w, https:\/\/mladjxeqsxgv.i.optimole.com\/cb:B3zE.b136\/w:300\/h:160\/q:mauto\/f:best\/https:\/\/ctalker.org\/wp-content\/uploads\/2024\/05\/440351743_10234080258129375_6078757962236701010_n.jpg 300w, https:\/\/mladjxeqsxgv.i.optimole.com\/cb:B3zE.b136\/w:688\/h:368\/q:mauto\/f:best\/dpr:2\/https:\/\/ctalker.org\/wp-content\/uploads\/2024\/05\/440351743_10234080258129375_6078757962236701010_n.jpg 2x\" sizes=\"(max-width: 688px) 100vw, 688px\" \/><\/a><\/div><div class=\"obfx-grid-col-content\">\t\t\t<h2 class=\"entry-title obfx-grid-title\">\n\t\t\t\t\t\t\t<a href=\"https:\/\/ctalker.org\/en\/2024\/05\/08\/kurbli-filmklub-lars-von-trier-fofonok\/\" title=\"Kurbli Filmklub: Lars von Trier-F\u0151f\u0151n\u00f6k\">\n\t\t\t\t\tKurbli Filmklub: Lars von Trier-F\u0151f\u0151n\u00f6k\t\t\t\t<\/a>\n\t\t\t\t\t\t\t<\/h2>\n\t\t\t\t\t\t\t<div class=\"entry-meta obfx-grid-meta\">\n\n\t\t\t\t\t\t\t\t\t\t\t\t\t<span class=\"obfx-grid-author\">\n\t\t\t\t\t\t\t\t\t<i class=\"fas fa-user\"><\/i>Kari\t\t\t\t\t\t\t\t<\/span>\n\t\t\t\t\t\t\t\t\t\t\t\t\t\t\t\t<span class=\"obfx-grid-date\">\n\t\t\t\t\t\t\t\t\t<i class=\"fas fa-calendar\"><\/i>08-05-2024\t\t\t\t\t\t\t\t<\/span>\n\t\t\t\t\t\t\t\t\n\t\t\t\t<\/div>\n\t\t\t\t\t\t\t<div class=\"entry-content obfx-grid-content\">\n\t\t\t\tSzabadka\/2024.05.07. Lars von Trier: F\u0151f\u0151n\u00f6k (Direkt\u00f8ren for det hele), 2006, d\u00e1n v\u00edgj\u00e1t\u00e9k, 99 perc Lars von Trier nem szipork\u00e1z\u00f3 humor\u00e1r\u00f3l ismert, s\u0151t. Lars von Trier fekete humora, b\u00e1r sokszorosan felragyog&hellip;\t\t\t<\/div>\n\t\t\t<\/div><\/article><\/div><div class=\"obfx-grid-wrapper\"><article class=\"obfx-grid-col\"><div class=\"obfx-grid-col-image\" style=\"\"><a href=\"https:\/\/ctalker.org\/en\/2024\/05\/01\/majusi-kurbli-musor-2\/\" title=\"M\u00e1jusi Kurbli M\u0171sor\"><img data-opt-id=163858484  loading=\"lazy\" decoding=\"async\" width=\"1414\" height=\"2000\" src=\"https:\/\/mladjxeqsxgv.i.optimole.com\/cb:B3zE.b136\/w:auto\/h:auto\/q:mauto\/f:best\/https:\/\/ctalker.org\/wp-content\/uploads\/2024\/05\/KUrbli-plakatok-2022.-nov-2024.-maj.-7.jpg\" class=\"img-responsive no-lazy wp-post-image\" alt=\"KUrbli plak\u00e1tok 2022. nov-2024. m\u00e1j. (7)\" srcset=\"https:\/\/mladjxeqsxgv.i.optimole.com\/cb:B3zE.b136\/w:763\/h:1080\/q:mauto\/f:best\/https:\/\/ctalker.org\/wp-content\/uploads\/2024\/05\/KUrbli-plakatok-2022.-nov-2024.-maj.-7.jpg 1414w, https:\/\/mladjxeqsxgv.i.optimole.com\/cb:B3zE.b136\/w:212\/h:300\/q:mauto\/f:best\/https:\/\/ctalker.org\/wp-content\/uploads\/2024\/05\/KUrbli-plakatok-2022.-nov-2024.-maj.-7.jpg 212w, https:\/\/mladjxeqsxgv.i.optimole.com\/cb:B3zE.b136\/w:724\/h:1024\/q:mauto\/f:best\/https:\/\/ctalker.org\/wp-content\/uploads\/2024\/05\/KUrbli-plakatok-2022.-nov-2024.-maj.-7.jpg 724w, https:\/\/mladjxeqsxgv.i.optimole.com\/cb:B3zE.b136\/w:763\/h:1080\/q:mauto\/f:best\/https:\/\/ctalker.org\/wp-content\/uploads\/2024\/05\/KUrbli-plakatok-2022.-nov-2024.-maj.-7.jpg 768w, https:\/\/mladjxeqsxgv.i.optimole.com\/cb:B3zE.b136\/w:763\/h:1080\/q:mauto\/f:best\/https:\/\/ctalker.org\/wp-content\/uploads\/2024\/05\/KUrbli-plakatok-2022.-nov-2024.-maj.-7.jpg 1086w, https:\/\/mladjxeqsxgv.i.optimole.com\/cb:B3zE.b136\/w:763\/h:1080\/q:mauto\/f:best\/dpr:2\/https:\/\/ctalker.org\/wp-content\/uploads\/2024\/05\/KUrbli-plakatok-2022.-nov-2024.-maj.-7.jpg 2x\" sizes=\"(max-width: 1000px) 100vw, 1000px\" \/><\/a><\/div><div class=\"obfx-grid-col-content\">\t\t\t<h2 class=\"entry-title obfx-grid-title\">\n\t\t\t\t\t\t\t<a href=\"https:\/\/ctalker.org\/en\/2024\/05\/01\/majusi-kurbli-musor-2\/\" title=\"M\u00e1jusi Kurbli M\u0171sor\">\n\t\t\t\t\tM\u00e1jusi Kurbli M\u0171sor\t\t\t\t<\/a>\n\t\t\t\t\t\t\t<\/h2>\n\t\t\t\t\t\t\t<div class=\"entry-meta obfx-grid-meta\">\n\n\t\t\t\t\t\t\t\t\t\t\t\t\t<span class=\"obfx-grid-author\">\n\t\t\t\t\t\t\t\t\t<i class=\"fas fa-user\"><\/i>Kari\t\t\t\t\t\t\t\t<\/span>\n\t\t\t\t\t\t\t\t\t\t\t\t\t\t\t\t<span class=\"obfx-grid-date\">\n\t\t\t\t\t\t\t\t\t<i class=\"fas fa-calendar\"><\/i>01-05-2024\t\t\t\t\t\t\t\t<\/span>\n\t\t\t\t\t\t\t\t\n\t\t\t\t<\/div>\n\t\t\t\t\t\t\t<div class=\"entry-content obfx-grid-content\">\n\t\t\t\tUtols\u00f3 z\u00e1rt teres h\u00f3napunk k\u00f6vetkezik, ny\u00e1ron ism\u00e9t fesztiv\u00e1lokon tal\u00e1lkozhattok vet\u00edt\u00e9seinkkel! Gyertek m\u00e1jusban is Szabadk\u00e1ra a Bose Mili\u0107evi\u0107 1 sz\u00e1m al\u00e1 Kurblizni, \u00e9s csatlakozzatok csoportunkhoz aktualit\u00e1sok\u00e9rt! A programot t\u00e1mogatta:\t\t\t<\/div>\n\t\t\t<\/div><\/article><\/div><div class=\"obfx-grid-wrapper\"><article class=\"obfx-grid-col\"><div class=\"obfx-grid-col-image\" style=\"\"><a href=\"https:\/\/ctalker.org\/en\/2024\/04\/30\/kurbli-filmklub-fliegauf-benedek-rengeteg-mindenhol-latlak\/\" title=\"Kurbli Filmklub: Fliegauf Benedek-Rengeteg, mindenhol l\u00e1tlak\"><img data-opt-id=81511612  loading=\"lazy\" decoding=\"async\" width=\"1920\" height=\"1080\" src=\"https:\/\/mladjxeqsxgv.i.optimole.com\/cb:B3zE.b136\/w:auto\/h:auto\/q:mauto\/f:best\/https:\/\/ctalker.org\/wp-content\/uploads\/2024\/05\/822.jpg\" class=\"img-responsive no-lazy wp-post-image\" alt=\"822\" srcset=\"https:\/\/mladjxeqsxgv.i.optimole.com\/cb:B3zE.b136\/w:1920\/h:1080\/q:mauto\/f:best\/https:\/\/ctalker.org\/wp-content\/uploads\/2024\/05\/822.jpg 1920w, https:\/\/mladjxeqsxgv.i.optimole.com\/cb:B3zE.b136\/w:300\/h:169\/q:mauto\/f:best\/https:\/\/ctalker.org\/wp-content\/uploads\/2024\/05\/822.jpg 300w, https:\/\/mladjxeqsxgv.i.optimole.com\/cb:B3zE.b136\/w:1024\/h:576\/q:mauto\/f:best\/https:\/\/ctalker.org\/wp-content\/uploads\/2024\/05\/822.jpg 1024w, https:\/\/mladjxeqsxgv.i.optimole.com\/cb:B3zE.b136\/w:768\/h:432\/q:mauto\/f:best\/https:\/\/ctalker.org\/wp-content\/uploads\/2024\/05\/822.jpg 768w, https:\/\/mladjxeqsxgv.i.optimole.com\/cb:B3zE.b136\/w:1536\/h:864\/q:mauto\/f:best\/https:\/\/ctalker.org\/wp-content\/uploads\/2024\/05\/822.jpg 1536w, https:\/\/mladjxeqsxgv.i.optimole.com\/cb:B3zE.b136\/w:1920\/h:1080\/q:mauto\/f:best\/dpr:2\/https:\/\/ctalker.org\/wp-content\/uploads\/2024\/05\/822.jpg 2x\" sizes=\"(max-width: 1000px) 100vw, 1000px\" \/><\/a><\/div><div class=\"obfx-grid-col-content\">\t\t\t<h2 class=\"entry-title obfx-grid-title\">\n\t\t\t\t\t\t\t<a href=\"https:\/\/ctalker.org\/en\/2024\/04\/30\/kurbli-filmklub-fliegauf-benedek-rengeteg-mindenhol-latlak\/\" title=\"Kurbli Filmklub: Fliegauf Benedek-Rengeteg, mindenhol l\u00e1tlak\">\n\t\t\t\t\tKurbli Filmklub: Fliegauf Benedek-Rengeteg, mindenhol l\u00e1tlak\t\t\t\t<\/a>\n\t\t\t\t\t\t\t<\/h2>\n\t\t\t\t\t\t\t<div class=\"entry-meta obfx-grid-meta\">\n\n\t\t\t\t\t\t\t\t\t\t\t\t\t<span class=\"obfx-grid-author\">\n\t\t\t\t\t\t\t\t\t<i class=\"fas fa-user\"><\/i>Kari\t\t\t\t\t\t\t\t<\/span>\n\t\t\t\t\t\t\t\t\t\t\t\t\t\t\t\t<span class=\"obfx-grid-date\">\n\t\t\t\t\t\t\t\t\t<i class=\"fas fa-calendar\"><\/i>30-04-2024\t\t\t\t\t\t\t\t<\/span>\n\t\t\t\t\t\t\t\t\n\t\t\t\t<\/div>\n\t\t\t\t\t\t\t<div class=\"entry-content obfx-grid-content\">\n\t\t\t\tSzabadka\/2024.04.30. Fliegauf Benedek-Rengeteg, mindenhol l\u00e1tlak, 2021, magyar filmdr\u00e1ma 112 perc Fliegauf Benedek a magyar filmm\u0171v\u00e9szet m\u00e1sodik&nbsp;aranykor\u00e1nak&nbsp;egyik legfontosabb alakja.A 2000-es \u00e9vek elej\u00e9n indult T\u00f6r\u00f6k, P\u00e1lfi, Hajdu, Mundrucz\u00f3 \u00e9s Kocsis \u00c1gnes f\u00e9mjelezte&hellip;\t\t\t<\/div>\n\t\t\t<\/div><\/article><\/div><div class=\"obfx-grid-wrapper\"><article class=\"obfx-grid-col\"><div class=\"obfx-grid-col-image\" style=\"\"><a href=\"https:\/\/ctalker.org\/en\/2024\/04\/23\/kurbli-filmlub-cristian-nemescu-california-dreamin\/\" title=\"Kurbli Filmklub: Cristian Nemescu-California Dreamin&#8217;\"><img data-opt-id=1918795966  loading=\"lazy\" decoding=\"async\" width=\"580\" height=\"348\" src=\"https:\/\/mladjxeqsxgv.i.optimole.com\/cb:B3zE.b136\/w:auto\/h:auto\/q:mauto\/f:best\/https:\/\/ctalker.org\/wp-content\/uploads\/2024\/04\/437529812_10234003172722288_4743736858689553456_n.jpg\" class=\"img-responsive no-lazy wp-post-image\" alt=\"437529812_10234003172722288_4743736858689553456_n\" srcset=\"https:\/\/mladjxeqsxgv.i.optimole.com\/cb:B3zE.b136\/w:580\/h:348\/q:mauto\/f:best\/https:\/\/ctalker.org\/wp-content\/uploads\/2024\/04\/437529812_10234003172722288_4743736858689553456_n.jpg 580w, https:\/\/mladjxeqsxgv.i.optimole.com\/cb:B3zE.b136\/w:300\/h:180\/q:mauto\/f:best\/https:\/\/ctalker.org\/wp-content\/uploads\/2024\/04\/437529812_10234003172722288_4743736858689553456_n.jpg 300w, https:\/\/mladjxeqsxgv.i.optimole.com\/cb:B3zE.b136\/w:580\/h:348\/q:mauto\/f:best\/dpr:2\/https:\/\/ctalker.org\/wp-content\/uploads\/2024\/04\/437529812_10234003172722288_4743736858689553456_n.jpg 2x\" sizes=\"(max-width: 580px) 100vw, 580px\" \/><\/a><\/div><div class=\"obfx-grid-col-content\">\t\t\t<h2 class=\"entry-title obfx-grid-title\">\n\t\t\t\t\t\t\t<a href=\"https:\/\/ctalker.org\/en\/2024\/04\/23\/kurbli-filmlub-cristian-nemescu-california-dreamin\/\" title=\"Kurbli Filmklub: Cristian Nemescu-California Dreamin&#8217;\">\n\t\t\t\t\tKurbli Filmklub: Cristian Nemescu-California Dreamin&#8217;\t\t\t\t<\/a>\n\t\t\t\t\t\t\t<\/h2>\n\t\t\t\t\t\t\t<div class=\"entry-meta obfx-grid-meta\">\n\n\t\t\t\t\t\t\t\t\t\t\t\t\t<span class=\"obfx-grid-author\">\n\t\t\t\t\t\t\t\t\t<i class=\"fas fa-user\"><\/i>Kari\t\t\t\t\t\t\t\t<\/span>\n\t\t\t\t\t\t\t\t\t\t\t\t\t\t\t\t<span class=\"obfx-grid-date\">\n\t\t\t\t\t\t\t\t\t<i class=\"fas fa-calendar\"><\/i>23-04-2024\t\t\t\t\t\t\t\t<\/span>\n\t\t\t\t\t\t\t\t\n\t\t\t\t<\/div>\n\t\t\t\t\t\t\t<div class=\"entry-content obfx-grid-content\">\n\t\t\t\tSzabadka\/2024.04.23. Cristian Nemescu: California Dreamin&#8217; (Nesf\u00e2r\u0219it), 2007, h\u00e1bor\u00fas szat\u00edra, 149 perc A rom\u00e1n film felemelked\u00e9s\u00e9nek legfontosabb id\u0151szak\u00e1ban k\u00e9sz\u00fclt&nbsp;California Dreamin&#8217;, k\u00e9zikamer\u00e1s k\u00e9palkot\u00f3 st\u00edlussal oper\u00e1l\u00f3 abszurd humort \u00e9s kisrealizmust vegy\u00edt\u0151 h\u00e1bor\u00fas tragikom\u00e9dia.&hellip;\t\t\t<\/div>\n\t\t\t<\/div><\/article><\/div><div class=\"obfx-grid-wrapper\"><article class=\"obfx-grid-col\"><div class=\"obfx-grid-col-image\" style=\"\"><a href=\"https:\/\/ctalker.org\/en\/2024\/04\/16\/kurbli-filmklub-werner-herzog-a-grizzlyember\/\" title=\"Kurbli Filmklub: Werner Herzog-A grizzlyember\"><img data-opt-id=1915489695  loading=\"lazy\" decoding=\"async\" width=\"1920\" height=\"1080\" src=\"https:\/\/mladjxeqsxgv.i.optimole.com\/cb:B3zE.b136\/w:auto\/h:auto\/q:mauto\/f:best\/https:\/\/ctalker.org\/wp-content\/uploads\/2024\/04\/438119876_10233962843434081_338451677407662285_n.jpg\" class=\"img-responsive no-lazy wp-post-image\" alt=\"438119876_10233962843434081_338451677407662285_n\" srcset=\"https:\/\/mladjxeqsxgv.i.optimole.com\/cb:B3zE.b136\/w:1920\/h:1080\/q:mauto\/f:best\/https:\/\/ctalker.org\/wp-content\/uploads\/2024\/04\/438119876_10233962843434081_338451677407662285_n.jpg 1920w, https:\/\/mladjxeqsxgv.i.optimole.com\/cb:B3zE.b136\/w:300\/h:169\/q:mauto\/f:best\/https:\/\/ctalker.org\/wp-content\/uploads\/2024\/04\/438119876_10233962843434081_338451677407662285_n.jpg 300w, https:\/\/mladjxeqsxgv.i.optimole.com\/cb:B3zE.b136\/w:1024\/h:576\/q:mauto\/f:best\/https:\/\/ctalker.org\/wp-content\/uploads\/2024\/04\/438119876_10233962843434081_338451677407662285_n.jpg 1024w, https:\/\/mladjxeqsxgv.i.optimole.com\/cb:B3zE.b136\/w:768\/h:432\/q:mauto\/f:best\/https:\/\/ctalker.org\/wp-content\/uploads\/2024\/04\/438119876_10233962843434081_338451677407662285_n.jpg 768w, https:\/\/mladjxeqsxgv.i.optimole.com\/cb:B3zE.b136\/w:1536\/h:864\/q:mauto\/f:best\/https:\/\/ctalker.org\/wp-content\/uploads\/2024\/04\/438119876_10233962843434081_338451677407662285_n.jpg 1536w, https:\/\/mladjxeqsxgv.i.optimole.com\/cb:B3zE.b136\/w:1920\/h:1080\/q:mauto\/f:best\/dpr:2\/https:\/\/ctalker.org\/wp-content\/uploads\/2024\/04\/438119876_10233962843434081_338451677407662285_n.jpg 2x\" sizes=\"(max-width: 1000px) 100vw, 1000px\" \/><\/a><\/div><div class=\"obfx-grid-col-content\">\t\t\t<h2 class=\"entry-title obfx-grid-title\">\n\t\t\t\t\t\t\t<a href=\"https:\/\/ctalker.org\/en\/2024\/04\/16\/kurbli-filmklub-werner-herzog-a-grizzlyember\/\" title=\"Kurbli Filmklub: Werner Herzog-A grizzlyember\">\n\t\t\t\t\tKurbli Filmklub: Werner Herzog-A grizzlyember\t\t\t\t<\/a>\n\t\t\t\t\t\t\t<\/h2>\n\t\t\t\t\t\t\t<div class=\"entry-meta obfx-grid-meta\">\n\n\t\t\t\t\t\t\t\t\t\t\t\t\t<span class=\"obfx-grid-author\">\n\t\t\t\t\t\t\t\t\t<i class=\"fas fa-user\"><\/i>Kari\t\t\t\t\t\t\t\t<\/span>\n\t\t\t\t\t\t\t\t\t\t\t\t\t\t\t\t<span class=\"obfx-grid-date\">\n\t\t\t\t\t\t\t\t\t<i class=\"fas fa-calendar\"><\/i>16-04-2024\t\t\t\t\t\t\t\t<\/span>\n\t\t\t\t\t\t\t\t\n\t\t\t\t<\/div>\n\t\t\t\t\t\t\t<div class=\"entry-content obfx-grid-content\">\n\t\t\t\tSzabadka\/2024.04.16. Werner Herzog: A grizzlyember (Grizzly Man), 2005, amerikai dokumentumfilm, 100 perc Vannak izgalmas alkot\u00f3k, filmjeikr\u0151l lepereg a k\u00f6z\u00f6mb\u00f6ss\u00e9g. Vannak kiv\u00e9telesen elm\u00e9sen borzongat\u00f3 rendez\u0151k, mint pl. David Lynch, \u00e9s van&hellip;\t\t\t<\/div>\n\t\t\t<\/div><\/article><\/div><div class=\"obfx-grid-wrapper\"><article class=\"obfx-grid-col\"><div class=\"obfx-grid-col-image\" style=\"\"><a href=\"https:\/\/ctalker.org\/en\/2024\/04\/09\/kurbli-filmklub-luis-bunuel-a-nap-szepe\/\" title=\"Kurbli Filmklub: Luis Bu\u00f1uel-A nap sz\u00e9pe\"><img data-opt-id=222756407  loading=\"lazy\" decoding=\"async\" width=\"1600\" height=\"900\" src=\"https:\/\/mladjxeqsxgv.i.optimole.com\/cb:B3zE.b136\/w:auto\/h:auto\/q:mauto\/f:best\/https:\/\/ctalker.org\/wp-content\/uploads\/2024\/04\/425773300_10233914820793545_8804324335778454702_n.jpg\" class=\"img-responsive no-lazy wp-post-image\" alt=\"425773300_10233914820793545_8804324335778454702_n\" srcset=\"https:\/\/mladjxeqsxgv.i.optimole.com\/cb:B3zE.b136\/w:1600\/h:900\/q:mauto\/f:best\/https:\/\/ctalker.org\/wp-content\/uploads\/2024\/04\/425773300_10233914820793545_8804324335778454702_n.jpg 1600w, https:\/\/mladjxeqsxgv.i.optimole.com\/cb:B3zE.b136\/w:300\/h:169\/q:mauto\/f:best\/https:\/\/ctalker.org\/wp-content\/uploads\/2024\/04\/425773300_10233914820793545_8804324335778454702_n.jpg 300w, https:\/\/mladjxeqsxgv.i.optimole.com\/cb:B3zE.b136\/w:1024\/h:576\/q:mauto\/f:best\/https:\/\/ctalker.org\/wp-content\/uploads\/2024\/04\/425773300_10233914820793545_8804324335778454702_n.jpg 1024w, https:\/\/mladjxeqsxgv.i.optimole.com\/cb:B3zE.b136\/w:768\/h:432\/q:mauto\/f:best\/https:\/\/ctalker.org\/wp-content\/uploads\/2024\/04\/425773300_10233914820793545_8804324335778454702_n.jpg 768w, https:\/\/mladjxeqsxgv.i.optimole.com\/cb:B3zE.b136\/w:1536\/h:864\/q:mauto\/f:best\/https:\/\/ctalker.org\/wp-content\/uploads\/2024\/04\/425773300_10233914820793545_8804324335778454702_n.jpg 1536w, https:\/\/mladjxeqsxgv.i.optimole.com\/cb:B3zE.b136\/w:1600\/h:900\/q:mauto\/f:best\/dpr:2\/https:\/\/ctalker.org\/wp-content\/uploads\/2024\/04\/425773300_10233914820793545_8804324335778454702_n.jpg 2x\" sizes=\"(max-width: 1000px) 100vw, 1000px\" \/><\/a><\/div><div class=\"obfx-grid-col-content\">\t\t\t<h2 class=\"entry-title obfx-grid-title\">\n\t\t\t\t\t\t\t<a href=\"https:\/\/ctalker.org\/en\/2024\/04\/09\/kurbli-filmklub-luis-bunuel-a-nap-szepe\/\" title=\"Kurbli Filmklub: Luis Bu\u00f1uel-A nap sz\u00e9pe\">\n\t\t\t\t\tKurbli Filmklub: Luis Bu\u00f1uel-A nap sz\u00e9pe\t\t\t\t<\/a>\n\t\t\t\t\t\t\t<\/h2>\n\t\t\t\t\t\t\t<div class=\"entry-meta obfx-grid-meta\">\n\n\t\t\t\t\t\t\t\t\t\t\t\t\t<span class=\"obfx-grid-author\">\n\t\t\t\t\t\t\t\t\t<i class=\"fas fa-user\"><\/i>Kari\t\t\t\t\t\t\t\t<\/span>\n\t\t\t\t\t\t\t\t\t\t\t\t\t\t\t\t<span class=\"obfx-grid-date\">\n\t\t\t\t\t\t\t\t\t<i class=\"fas fa-calendar\"><\/i>09-04-2024\t\t\t\t\t\t\t\t<\/span>\n\t\t\t\t\t\t\t\t\n\t\t\t\t<\/div>\n\t\t\t\t\t\t\t<div class=\"entry-content obfx-grid-content\">\n\t\t\t\tSzabadka\/2024.04.09. Luis Bu\u00f1uel: A nap sz\u00e9pe (Belle de jour), 1967, spanyol-francia sz\u00fcrrealista dr\u00e1ma, 100 perc Bu\u00f1uel azon kev\u00e9s filmrendez\u0151k egyike, akinek mindk\u00e9t filmm\u0171v\u00e9szeti forradalomban fontos szerep jutott. A sz\u00fcrrealizmus nagymestere,&hellip;\t\t\t<\/div>\n\t\t\t<\/div><\/article><\/div><div class=\"obfx-grid-wrapper\"><article class=\"obfx-grid-col\"><div class=\"obfx-grid-col-image\" style=\"\"><a href=\"https:\/\/ctalker.org\/en\/2024\/04\/02\/kurbli-filmklub-anders-thomas-jensen-adam-almai\/\" title=\"Kurbli Filmklub: Anders Thomas Jensen-\u00c1d\u00e1m alm\u00e1i\"><img data-opt-id=654765565  loading=\"lazy\" decoding=\"async\" width=\"1200\" height=\"780\" src=\"https:\/\/mladjxeqsxgv.i.optimole.com\/cb:B3zE.b136\/w:auto\/h:auto\/q:mauto\/f:best\/https:\/\/ctalker.org\/wp-content\/uploads\/2024\/04\/435129996_10233880575217427_4836333381081311889_n.jpg\" class=\"img-responsive no-lazy wp-post-image\" alt=\"435129996_10233880575217427_4836333381081311889_n\" srcset=\"https:\/\/mladjxeqsxgv.i.optimole.com\/cb:B3zE.b136\/w:1200\/h:780\/q:mauto\/f:best\/https:\/\/ctalker.org\/wp-content\/uploads\/2024\/04\/435129996_10233880575217427_4836333381081311889_n.jpg 1200w, https:\/\/mladjxeqsxgv.i.optimole.com\/cb:B3zE.b136\/w:300\/h:195\/q:mauto\/f:best\/https:\/\/ctalker.org\/wp-content\/uploads\/2024\/04\/435129996_10233880575217427_4836333381081311889_n.jpg 300w, https:\/\/mladjxeqsxgv.i.optimole.com\/cb:B3zE.b136\/w:1024\/h:666\/q:mauto\/f:best\/https:\/\/ctalker.org\/wp-content\/uploads\/2024\/04\/435129996_10233880575217427_4836333381081311889_n.jpg 1024w, https:\/\/mladjxeqsxgv.i.optimole.com\/cb:B3zE.b136\/w:768\/h:499\/q:mauto\/f:best\/https:\/\/ctalker.org\/wp-content\/uploads\/2024\/04\/435129996_10233880575217427_4836333381081311889_n.jpg 768w, https:\/\/mladjxeqsxgv.i.optimole.com\/cb:B3zE.b136\/w:1200\/h:780\/q:mauto\/f:best\/dpr:2\/https:\/\/ctalker.org\/wp-content\/uploads\/2024\/04\/435129996_10233880575217427_4836333381081311889_n.jpg 2x\" sizes=\"(max-width: 1000px) 100vw, 1000px\" \/><\/a><\/div><div class=\"obfx-grid-col-content\">\t\t\t<h2 class=\"entry-title obfx-grid-title\">\n\t\t\t\t\t\t\t<a href=\"https:\/\/ctalker.org\/en\/2024\/04\/02\/kurbli-filmklub-anders-thomas-jensen-adam-almai\/\" title=\"Kurbli Filmklub: Anders Thomas Jensen-\u00c1d\u00e1m alm\u00e1i\">\n\t\t\t\t\tKurbli Filmklub: Anders Thomas Jensen-\u00c1d\u00e1m alm\u00e1i\t\t\t\t<\/a>\n\t\t\t\t\t\t\t<\/h2>\n\t\t\t\t\t\t\t<div class=\"entry-meta obfx-grid-meta\">\n\n\t\t\t\t\t\t\t\t\t\t\t\t\t<span class=\"obfx-grid-author\">\n\t\t\t\t\t\t\t\t\t<i class=\"fas fa-user\"><\/i>Kari\t\t\t\t\t\t\t\t<\/span>\n\t\t\t\t\t\t\t\t\t\t\t\t\t\t\t\t<span class=\"obfx-grid-date\">\n\t\t\t\t\t\t\t\t\t<i class=\"fas fa-calendar\"><\/i>02-04-2024\t\t\t\t\t\t\t\t<\/span>\n\t\t\t\t\t\t\t\t\n\t\t\t\t<\/div>\n\t\t\t\t\t\t\t<div class=\"entry-content obfx-grid-content\">\n\t\t\t\tSzabadka\/2024.04.02. Anders Thomas Jensen: \u00c1d\u00e1m alm\u00e1i (Adams \u00e6bler), d\u00e1n t\u00e1rsadalmi szat\u00edra, 94 perc, 2005. Az&nbsp;\u00c1d\u00e1m alm\u00e1i&nbsp;a vall\u00e1s t\u00e9m\u00e1j\u00e1t k\u00f6r\u00fclj\u00e1r\u00f3 leg\u00fajabb mesterm\u0171vek egyike. Aktualit\u00e1sa egyre csak n\u0151. Hum\u00e1nus \u00fczenete: minden j\u00f3ra&hellip;\t\t\t<\/div>\n\t\t\t<\/div><\/article><\/div><div class=\"obfx-grid-wrapper\"><article class=\"obfx-grid-col\"><div class=\"obfx-grid-col-image\" style=\"\"><a href=\"https:\/\/ctalker.org\/en\/2024\/04\/01\/aprlisi-kurbli-musor\/\" title=\"\u00c1PRLISI KURBLI M\u0170SOR\"><img data-opt-id=1632029104  loading=\"lazy\" decoding=\"async\" width=\"1414\" height=\"2000\" src=\"https:\/\/mladjxeqsxgv.i.optimole.com\/cb:B3zE.b136\/w:auto\/h:auto\/q:mauto\/f:best\/https:\/\/ctalker.org\/wp-content\/uploads\/2024\/04\/KUrbli-plakatok-2022.-nov-2024.-maj.-6.jpg\" class=\"img-responsive no-lazy wp-post-image\" alt=\"KUrbli plak\u00e1tok 2022. nov-2024. m\u00e1j. (6)\" srcset=\"https:\/\/mladjxeqsxgv.i.optimole.com\/cb:B3zE.b136\/w:763\/h:1080\/q:mauto\/f:best\/https:\/\/ctalker.org\/wp-content\/uploads\/2024\/04\/KUrbli-plakatok-2022.-nov-2024.-maj.-6.jpg 1414w, https:\/\/mladjxeqsxgv.i.optimole.com\/cb:B3zE.b136\/w:212\/h:300\/q:mauto\/f:best\/https:\/\/ctalker.org\/wp-content\/uploads\/2024\/04\/KUrbli-plakatok-2022.-nov-2024.-maj.-6.jpg 212w, https:\/\/mladjxeqsxgv.i.optimole.com\/cb:B3zE.b136\/w:724\/h:1024\/q:mauto\/f:best\/https:\/\/ctalker.org\/wp-content\/uploads\/2024\/04\/KUrbli-plakatok-2022.-nov-2024.-maj.-6.jpg 724w, https:\/\/mladjxeqsxgv.i.optimole.com\/cb:B3zE.b136\/w:763\/h:1080\/q:mauto\/f:best\/https:\/\/ctalker.org\/wp-content\/uploads\/2024\/04\/KUrbli-plakatok-2022.-nov-2024.-maj.-6.jpg 768w, https:\/\/mladjxeqsxgv.i.optimole.com\/cb:B3zE.b136\/w:763\/h:1080\/q:mauto\/f:best\/https:\/\/ctalker.org\/wp-content\/uploads\/2024\/04\/KUrbli-plakatok-2022.-nov-2024.-maj.-6.jpg 1086w, https:\/\/mladjxeqsxgv.i.optimole.com\/cb:B3zE.b136\/w:763\/h:1080\/q:mauto\/f:best\/dpr:2\/https:\/\/ctalker.org\/wp-content\/uploads\/2024\/04\/KUrbli-plakatok-2022.-nov-2024.-maj.-6.jpg 2x\" sizes=\"(max-width: 1000px) 100vw, 1000px\" \/><\/a><\/div><div class=\"obfx-grid-col-content\">\t\t\t<h2 class=\"entry-title obfx-grid-title\">\n\t\t\t\t\t\t\t<a href=\"https:\/\/ctalker.org\/en\/2024\/04\/01\/aprlisi-kurbli-musor\/\" title=\"\u00c1PRLISI KURBLI M\u0170SOR\">\n\t\t\t\t\t\u00c1PRLISI KURBLI M\u0170SOR\t\t\t\t<\/a>\n\t\t\t\t\t\t\t<\/h2>\n\t\t\t\t\t\t\t<div class=\"entry-meta obfx-grid-meta\">\n\n\t\t\t\t\t\t\t\t\t\t\t\t\t<span class=\"obfx-grid-author\">\n\t\t\t\t\t\t\t\t\t<i class=\"fas fa-user\"><\/i>Kari\t\t\t\t\t\t\t\t<\/span>\n\t\t\t\t\t\t\t\t\t\t\t\t\t\t\t\t<span class=\"obfx-grid-date\">\n\t\t\t\t\t\t\t\t\t<i class=\"fas fa-calendar\"><\/i>01-04-2024\t\t\t\t\t\t\t\t<\/span>\n\t\t\t\t\t\t\t\t\n\t\t\t\t<\/div>\n\t\t\t\t\t\t\t<div class=\"entry-content obfx-grid-content\">\n\t\t\t\tMinden kedden, 19 \u00f3r\u00e1t\u00f3l, Szabadk\u00e1n a Bose Mili\u0107evi\u0107 1 sz\u00e1m alatt! \u00c9l\u0151 online besz\u00e9lget\u00e9s Fliegauf Benedekkel, a h\u00f3nap utols\u00f3 keddj\u00e9n, 30-\u00e1n! A programot t\u00e1mogatta:\t\t\t<\/div>\n\t\t\t<\/div><\/article><\/div><div class=\"obfx-grid-wrapper\"><article class=\"obfx-grid-col\"><div class=\"obfx-grid-col-image\" style=\"\"><a href=\"https:\/\/ctalker.org\/en\/2024\/03\/31\/beszamolo-a-kurblirol\/\" title=\"BESZ\u00c1MOL\u00d3 a Kurblir\u00f3l\"><img data-opt-id=176180352  loading=\"lazy\" decoding=\"async\" width=\"2000\" height=\"1126\" src=\"https:\/\/mladjxeqsxgv.i.optimole.com\/cb:B3zE.b136\/w:auto\/h:auto\/q:mauto\/f:best\/https:\/\/ctalker.org\/wp-content\/uploads\/2024\/04\/434203484_3693252167670393_5846961321937830054_n.jpg\" class=\"img-responsive no-lazy wp-post-image\" alt=\"434203484_3693252167670393_5846961321937830054_n\" srcset=\"https:\/\/mladjxeqsxgv.i.optimole.com\/cb:B3zE.b136\/w:1918\/h:1080\/q:mauto\/f:best\/https:\/\/ctalker.org\/wp-content\/uploads\/2024\/04\/434203484_3693252167670393_5846961321937830054_n.jpg 2000w, https:\/\/mladjxeqsxgv.i.optimole.com\/cb:B3zE.b136\/w:300\/h:169\/q:mauto\/f:best\/https:\/\/ctalker.org\/wp-content\/uploads\/2024\/04\/434203484_3693252167670393_5846961321937830054_n.jpg 300w, https:\/\/mladjxeqsxgv.i.optimole.com\/cb:B3zE.b136\/w:1024\/h:577\/q:mauto\/f:best\/https:\/\/ctalker.org\/wp-content\/uploads\/2024\/04\/434203484_3693252167670393_5846961321937830054_n.jpg 1024w, https:\/\/mladjxeqsxgv.i.optimole.com\/cb:B3zE.b136\/w:768\/h:432\/q:mauto\/f:best\/https:\/\/ctalker.org\/wp-content\/uploads\/2024\/04\/434203484_3693252167670393_5846961321937830054_n.jpg 768w, https:\/\/mladjxeqsxgv.i.optimole.com\/cb:B3zE.b136\/w:1536\/h:865\/q:mauto\/f:best\/https:\/\/ctalker.org\/wp-content\/uploads\/2024\/04\/434203484_3693252167670393_5846961321937830054_n.jpg 1536w, https:\/\/mladjxeqsxgv.i.optimole.com\/cb:B3zE.b136\/w:1918\/h:1080\/q:mauto\/f:best\/dpr:2\/https:\/\/ctalker.org\/wp-content\/uploads\/2024\/04\/434203484_3693252167670393_5846961321937830054_n.jpg 2x\" sizes=\"(max-width: 1000px) 100vw, 1000px\" \/><\/a><\/div><div class=\"obfx-grid-col-content\">\t\t\t<h2 class=\"entry-title obfx-grid-title\">\n\t\t\t\t\t\t\t<a href=\"https:\/\/ctalker.org\/en\/2024\/03\/31\/beszamolo-a-kurblirol\/\" title=\"BESZ\u00c1MOL\u00d3 a Kurblir\u00f3l\">\n\t\t\t\t\tBESZ\u00c1MOL\u00d3 a Kurblir\u00f3l\t\t\t\t<\/a>\n\t\t\t\t\t\t\t<\/h2>\n\t\t\t\t\t\t\t<div class=\"entry-meta obfx-grid-meta\">\n\n\t\t\t\t\t\t\t\t\t\t\t\t\t<span class=\"obfx-grid-author\">\n\t\t\t\t\t\t\t\t\t<i class=\"fas fa-user\"><\/i>Kari\t\t\t\t\t\t\t\t<\/span>\n\t\t\t\t\t\t\t\t\t\t\t\t\t\t\t\t<span class=\"obfx-grid-date\">\n\t\t\t\t\t\t\t\t\t<i class=\"fas fa-calendar\"><\/i>31-03-2024\t\t\t\t\t\t\t\t<\/span>\n\t\t\t\t\t\t\t\t\n\t\t\t\t<\/div>\n\t\t\t\t\t\t\t<div class=\"entry-content obfx-grid-content\">\n\t\t\t\t\u00dajra besz\u00e1molt Filmklubunkr\u00f3l a H\u00e9t Nap, vajdas\u00e1gi magazin! Magyar Hull\u00e1m sorozatunkban minden h\u00f3nap utols\u00f3 keddj\u00e9t, mindig magyar kort\u00e1rs filmmel z\u00e1rjuk, megh\u00edvott vend\u00e9g t\u00e1rsas\u00e1g\u00e1ban. M\u00e1rcius 26-\u00e1n, Hajdu Szabolccsal volt lehet\u0151s\u00e9g\u00fcnk online&hellip;\t\t\t<\/div>\n\t\t\t<\/div><\/article><\/div><div class=\"obfx-grid-wrapper\"><article class=\"obfx-grid-col\"><div class=\"obfx-grid-col-image\" style=\"\"><a href=\"https:\/\/ctalker.org\/en\/2024\/03\/27\/rogzitett-beszelgetes-hajdu-szabolcs-filmrendezovel\/\" title=\"R\u00f6gz\u00edtett besz\u00e9lget\u00e9s: Hajdu Szabolcs filmrendez\u0151vel\"><img data-opt-id=176180352  loading=\"lazy\" decoding=\"async\" width=\"2000\" height=\"1126\" src=\"https:\/\/mladjxeqsxgv.i.optimole.com\/cb:B3zE.b136\/w:auto\/h:auto\/q:mauto\/f:best\/https:\/\/ctalker.org\/wp-content\/uploads\/2024\/04\/434203484_3693252167670393_5846961321937830054_n.jpg\" class=\"img-responsive no-lazy wp-post-image\" alt=\"434203484_3693252167670393_5846961321937830054_n\" srcset=\"https:\/\/mladjxeqsxgv.i.optimole.com\/cb:B3zE.b136\/w:1918\/h:1080\/q:mauto\/f:best\/https:\/\/ctalker.org\/wp-content\/uploads\/2024\/04\/434203484_3693252167670393_5846961321937830054_n.jpg 2000w, https:\/\/mladjxeqsxgv.i.optimole.com\/cb:B3zE.b136\/w:300\/h:169\/q:mauto\/f:best\/https:\/\/ctalker.org\/wp-content\/uploads\/2024\/04\/434203484_3693252167670393_5846961321937830054_n.jpg 300w, https:\/\/mladjxeqsxgv.i.optimole.com\/cb:B3zE.b136\/w:1024\/h:577\/q:mauto\/f:best\/https:\/\/ctalker.org\/wp-content\/uploads\/2024\/04\/434203484_3693252167670393_5846961321937830054_n.jpg 1024w, https:\/\/mladjxeqsxgv.i.optimole.com\/cb:B3zE.b136\/w:768\/h:432\/q:mauto\/f:best\/https:\/\/ctalker.org\/wp-content\/uploads\/2024\/04\/434203484_3693252167670393_5846961321937830054_n.jpg 768w, https:\/\/mladjxeqsxgv.i.optimole.com\/cb:B3zE.b136\/w:1536\/h:865\/q:mauto\/f:best\/https:\/\/ctalker.org\/wp-content\/uploads\/2024\/04\/434203484_3693252167670393_5846961321937830054_n.jpg 1536w, https:\/\/mladjxeqsxgv.i.optimole.com\/cb:B3zE.b136\/w:1918\/h:1080\/q:mauto\/f:best\/dpr:2\/https:\/\/ctalker.org\/wp-content\/uploads\/2024\/04\/434203484_3693252167670393_5846961321937830054_n.jpg 2x\" sizes=\"(max-width: 1000px) 100vw, 1000px\" \/><\/a><\/div><div class=\"obfx-grid-col-content\">\t\t\t<h2 class=\"entry-title obfx-grid-title\">\n\t\t\t\t\t\t\t<a href=\"https:\/\/ctalker.org\/en\/2024\/03\/27\/rogzitett-beszelgetes-hajdu-szabolcs-filmrendezovel\/\" title=\"R\u00f6gz\u00edtett besz\u00e9lget\u00e9s: Hajdu Szabolcs filmrendez\u0151vel\">\n\t\t\t\t\tR\u00f6gz\u00edtett besz\u00e9lget\u00e9s: Hajdu Szabolcs filmrendez\u0151vel\t\t\t\t<\/a>\n\t\t\t\t\t\t\t<\/h2>\n\t\t\t\t\t\t\t<div class=\"entry-meta obfx-grid-meta\">\n\n\t\t\t\t\t\t\t\t\t\t\t\t\t<span class=\"obfx-grid-author\">\n\t\t\t\t\t\t\t\t\t<i class=\"fas fa-user\"><\/i>Kari\t\t\t\t\t\t\t\t<\/span>\n\t\t\t\t\t\t\t\t\t\t\t\t\t\t\t\t<span class=\"obfx-grid-date\">\n\t\t\t\t\t\t\t\t\t<i class=\"fas fa-calendar\"><\/i>27-03-2024\t\t\t\t\t\t\t\t<\/span>\n\t\t\t\t\t\t\t\t\n\t\t\t\t<\/div>\n\t\t\t\t\t\t\t<div class=\"entry-content obfx-grid-content\">\n\t\t\t\tSzabadka\/2024.03.26. Minden h\u00f3nap utols\u00f3 keddj\u00e9t \u00e9l\u0151 besz\u00e9lget\u00e9ssel z\u00e1rjuk a megtekintett film valamely alkot\u00f3j\u00e1val. A B\u00e9keid\u0151 ut\u00e1n, Hajdu Szabolcsot k\u00e9rdezte Sz\u00e1sz Csongor. A besz\u00e9lget\u00e9st itt tudj\u00e1tok megn\u00e9zni: https:\/\/www.facebook.com\/ctalkercsoport\/videos\/400188532833762 A programot t\u00e1mogatta:\t\t\t<\/div>\n\t\t\t<\/div><\/article><\/div><div class=\"obfx-grid-wrapper\"><article class=\"obfx-grid-col\"><div class=\"obfx-grid-col-image\" style=\"\"><a href=\"https:\/\/ctalker.org\/en\/2024\/03\/26\/kurbli-filmklub-hajdu-szabolcs-bekeido-filmvetites-es-beszelgetes-a-rendezovel\/\" title=\"Kurbli Filmklub: Hajdu Szabolcs-B\u00e9keid\u0151\/filmvet\u00edt\u00e9s \u00e9s besz\u00e9lget\u00e9s a rendez\u0151vel\"><img data-opt-id=2119134058  loading=\"lazy\" decoding=\"async\" width=\"720\" height=\"422\" src=\"https:\/\/mladjxeqsxgv.i.optimole.com\/cb:B3zE.b136\/w:auto\/h:auto\/q:mauto\/f:best\/https:\/\/ctalker.org\/wp-content\/uploads\/2024\/04\/433922484_10233842421303603_3790503034889134415_n.jpg\" class=\"img-responsive no-lazy wp-post-image\" alt=\"433922484_10233842421303603_3790503034889134415_n\" srcset=\"https:\/\/mladjxeqsxgv.i.optimole.com\/cb:B3zE.b136\/w:720\/h:422\/q:mauto\/f:best\/https:\/\/ctalker.org\/wp-content\/uploads\/2024\/04\/433922484_10233842421303603_3790503034889134415_n.jpg 720w, https:\/\/mladjxeqsxgv.i.optimole.com\/cb:B3zE.b136\/w:300\/h:176\/q:mauto\/f:best\/https:\/\/ctalker.org\/wp-content\/uploads\/2024\/04\/433922484_10233842421303603_3790503034889134415_n.jpg 300w, https:\/\/mladjxeqsxgv.i.optimole.com\/cb:B3zE.b136\/w:720\/h:422\/q:mauto\/f:best\/dpr:2\/https:\/\/ctalker.org\/wp-content\/uploads\/2024\/04\/433922484_10233842421303603_3790503034889134415_n.jpg 2x\" sizes=\"(max-width: 720px) 100vw, 720px\" \/><\/a><\/div><div class=\"obfx-grid-col-content\">\t\t\t<h2 class=\"entry-title obfx-grid-title\">\n\t\t\t\t\t\t\t<a href=\"https:\/\/ctalker.org\/en\/2024\/03\/26\/kurbli-filmklub-hajdu-szabolcs-bekeido-filmvetites-es-beszelgetes-a-rendezovel\/\" title=\"Kurbli Filmklub: Hajdu Szabolcs-B\u00e9keid\u0151\/filmvet\u00edt\u00e9s \u00e9s besz\u00e9lget\u00e9s a rendez\u0151vel\">\n\t\t\t\t\tKurbli Filmklub: Hajdu Szabolcs-B\u00e9keid\u0151\/filmvet\u00edt\u00e9s \u00e9s besz\u00e9lget\u00e9s a rendez\u0151vel\t\t\t\t<\/a>\n\t\t\t\t\t\t\t<\/h2>\n\t\t\t\t\t\t\t<div class=\"entry-meta obfx-grid-meta\">\n\n\t\t\t\t\t\t\t\t\t\t\t\t\t<span class=\"obfx-grid-author\">\n\t\t\t\t\t\t\t\t\t<i class=\"fas fa-user\"><\/i>Kari\t\t\t\t\t\t\t\t<\/span>\n\t\t\t\t\t\t\t\t\t\t\t\t\t\t\t\t<span class=\"obfx-grid-date\">\n\t\t\t\t\t\t\t\t\t<i class=\"fas fa-calendar\"><\/i>26-03-2024\t\t\t\t\t\t\t\t<\/span>\n\t\t\t\t\t\t\t\t\n\t\t\t\t<\/div>\n\t\t\t\t\t\t\t<div class=\"entry-content obfx-grid-content\">\n\t\t\t\tSzabadka\/2024.03.26. Hajdu Szabolcs: B\u00e9keid\u0151, 2020, magyar j\u00e1t\u00e9kfilm, 92 perc Sz\u00f3rakoztat\u00f3 kort\u00e1rs mozaik, legink\u00e1bb v\u00e1rosi k\u00f6z\u00e9pkor\u00fa k\u00f6z\u00e9poszt\u00e1lybeliekr\u0151l. K\u00f6z\u00e9let \u00e9s mag\u00e1n\u00e9let keveredik ebben az \u0151szinte hangv\u00e9tel\u0171, de szerz\u0151i csavarokkal teli szatirikus t\u00e1rsadalmi&hellip;\t\t\t<\/div>\n\t\t\t<\/div><\/article><\/div><div class=\"obfx-grid-wrapper\"><article class=\"obfx-grid-col\"><div class=\"obfx-grid-col-image\" style=\"\"><a href=\"https:\/\/ctalker.org\/en\/2024\/03\/20\/rogzitett-beszelgetes-gyenge-zsolt-filmeszteta\/\" title=\"R\u00f6gz\u00edtett besz\u00e9lget\u00e9s: Gyenge Zsolt, filmeszt\u00e9ta\"><img data-opt-id=765104193  loading=\"lazy\" decoding=\"async\" width=\"1080\" height=\"608\" src=\"https:\/\/mladjxeqsxgv.i.optimole.com\/cb:B3zE.b136\/w:auto\/h:auto\/q:mauto\/f:best\/https:\/\/ctalker.org\/wp-content\/uploads\/2024\/04\/436267269_10228712402428137_7839965981923658183_n.jpg\" class=\"img-responsive no-lazy wp-post-image\" alt=\"436267269_10228712402428137_7839965981923658183_n\" srcset=\"https:\/\/mladjxeqsxgv.i.optimole.com\/cb:B3zE.b136\/w:1080\/h:608\/q:mauto\/f:best\/https:\/\/ctalker.org\/wp-content\/uploads\/2024\/04\/436267269_10228712402428137_7839965981923658183_n.jpg 1080w, https:\/\/mladjxeqsxgv.i.optimole.com\/cb:B3zE.b136\/w:300\/h:169\/q:mauto\/f:best\/https:\/\/ctalker.org\/wp-content\/uploads\/2024\/04\/436267269_10228712402428137_7839965981923658183_n.jpg 300w, https:\/\/mladjxeqsxgv.i.optimole.com\/cb:B3zE.b136\/w:1024\/h:576\/q:mauto\/f:best\/https:\/\/ctalker.org\/wp-content\/uploads\/2024\/04\/436267269_10228712402428137_7839965981923658183_n.jpg 1024w, https:\/\/mladjxeqsxgv.i.optimole.com\/cb:B3zE.b136\/w:768\/h:432\/q:mauto\/f:best\/https:\/\/ctalker.org\/wp-content\/uploads\/2024\/04\/436267269_10228712402428137_7839965981923658183_n.jpg 768w, https:\/\/mladjxeqsxgv.i.optimole.com\/cb:B3zE.b136\/w:1080\/h:608\/q:mauto\/f:best\/dpr:2\/https:\/\/ctalker.org\/wp-content\/uploads\/2024\/04\/436267269_10228712402428137_7839965981923658183_n.jpg 2x\" sizes=\"(max-width: 1000px) 100vw, 1000px\" \/><\/a><\/div><div class=\"obfx-grid-col-content\">\t\t\t<h2 class=\"entry-title obfx-grid-title\">\n\t\t\t\t\t\t\t<a href=\"https:\/\/ctalker.org\/en\/2024\/03\/20\/rogzitett-beszelgetes-gyenge-zsolt-filmeszteta\/\" title=\"R\u00f6gz\u00edtett besz\u00e9lget\u00e9s: Gyenge Zsolt, filmeszt\u00e9ta\">\n\t\t\t\t\tR\u00f6gz\u00edtett besz\u00e9lget\u00e9s: Gyenge Zsolt, filmeszt\u00e9ta\t\t\t\t<\/a>\n\t\t\t\t\t\t\t<\/h2>\n\t\t\t\t\t\t\t<div class=\"entry-meta obfx-grid-meta\">\n\n\t\t\t\t\t\t\t\t\t\t\t\t\t<span class=\"obfx-grid-author\">\n\t\t\t\t\t\t\t\t\t<i class=\"fas fa-user\"><\/i>Kari\t\t\t\t\t\t\t\t<\/span>\n\t\t\t\t\t\t\t\t\t\t\t\t\t\t\t\t<span class=\"obfx-grid-date\">\n\t\t\t\t\t\t\t\t\t<i class=\"fas fa-calendar\"><\/i>20-03-2024\t\t\t\t\t\t\t\t<\/span>\n\t\t\t\t\t\t\t\t\n\t\t\t\t<\/div>\n\t\t\t\t\t\t\t<div class=\"entry-content obfx-grid-content\">\n\t\t\t\tAz erd\u00e9lyi sz\u00e1rmaz\u00e1s\u00fa Gyenge Zsolt filmeszt\u00e9t\u00e1val besz\u00e9lget\u00fcnk a rom\u00e1n \u00faj hull\u00e1mr\u00f3l, Corneliu Porumboiu: Volt-e vagy sem? (Forradalm\u00e1rok) c\u00edm\u0171, 2006-os szat\u00edr\u00e1j\u00e1nak vet\u00edt\u00e9se ut\u00e1n. A besz\u00e9lget\u00e9st itt tudj\u00e1tok megn\u00e9zni! https:\/\/fb.watch\/rGkvY2WPfO A programot&hellip;\t\t\t<\/div>\n\t\t\t<\/div><\/article><\/div><div class=\"obfx-grid-wrapper\"><article class=\"obfx-grid-col\"><div class=\"obfx-grid-col-image\" style=\"\"><a href=\"https:\/\/ctalker.org\/en\/2024\/03\/19\/kurbli-filmkub-corneliu-porumboiu-volt-e-vagy-sem-forradalmarok\/\" title=\"Kurbli Filmklub: Corneliu Porumboiu-\u00a0Volt-e vagy sem? (Forradalm\u00e1rok)\"><img data-opt-id=2017776038  loading=\"lazy\" decoding=\"async\" width=\"399\" height=\"310\" src=\"https:\/\/mladjxeqsxgv.i.optimole.com\/cb:B3zE.b136\/w:auto\/h:auto\/q:mauto\/f:best\/https:\/\/ctalker.org\/wp-content\/uploads\/2024\/04\/433201332_10233804123066171_3101891439045729478_n.jpg\" class=\"img-responsive no-lazy wp-post-image\" alt=\"433201332_10233804123066171_3101891439045729478_n\" srcset=\"https:\/\/mladjxeqsxgv.i.optimole.com\/cb:B3zE.b136\/w:399\/h:310\/q:mauto\/f:best\/https:\/\/ctalker.org\/wp-content\/uploads\/2024\/04\/433201332_10233804123066171_3101891439045729478_n.jpg 399w, https:\/\/mladjxeqsxgv.i.optimole.com\/cb:B3zE.b136\/w:300\/h:233\/q:mauto\/f:best\/https:\/\/ctalker.org\/wp-content\/uploads\/2024\/04\/433201332_10233804123066171_3101891439045729478_n.jpg 300w, https:\/\/mladjxeqsxgv.i.optimole.com\/cb:B3zE.b136\/w:399\/h:310\/q:mauto\/f:best\/dpr:2\/https:\/\/ctalker.org\/wp-content\/uploads\/2024\/04\/433201332_10233804123066171_3101891439045729478_n.jpg 2x\" sizes=\"(max-width: 399px) 100vw, 399px\" \/><\/a><\/div><div class=\"obfx-grid-col-content\">\t\t\t<h2 class=\"entry-title obfx-grid-title\">\n\t\t\t\t\t\t\t<a href=\"https:\/\/ctalker.org\/en\/2024\/03\/19\/kurbli-filmkub-corneliu-porumboiu-volt-e-vagy-sem-forradalmarok\/\" title=\"Kurbli Filmklub: Corneliu Porumboiu-\u00a0Volt-e vagy sem? (Forradalm\u00e1rok)\">\n\t\t\t\t\tKurbli Filmklub: Corneliu Porumboiu-\u00a0Volt-e vagy sem? (Forradalm\u00e1rok)\t\t\t\t<\/a>\n\t\t\t\t\t\t\t<\/h2>\n\t\t\t\t\t\t\t<div class=\"entry-meta obfx-grid-meta\">\n\n\t\t\t\t\t\t\t\t\t\t\t\t\t<span class=\"obfx-grid-author\">\n\t\t\t\t\t\t\t\t\t<i class=\"fas fa-user\"><\/i>Kari\t\t\t\t\t\t\t\t<\/span>\n\t\t\t\t\t\t\t\t\t\t\t\t\t\t\t\t<span class=\"obfx-grid-date\">\n\t\t\t\t\t\t\t\t\t<i class=\"fas fa-calendar\"><\/i>19-03-2024\t\t\t\t\t\t\t\t<\/span>\n\t\t\t\t\t\t\t\t\n\t\t\t\t<\/div>\n\t\t\t\t\t\t\t<div class=\"entry-content obfx-grid-content\">\n\t\t\t\tSzabadka\/2024.03.19. Corneliu Porumboiu-&nbsp;Volt-e vagy sem\/Forradalm\u00e1rok (A fost sau n-a fost?), rom\u00e1n v\u00edgj\u00e1t\u00e9k, 89 perc, 2006 K\u00e9t nappal szent kar\u00e1csony el\u0151tt j\u00e1runk. Moldvai kisv\u00e1rosi h\u0151seink, Pisconi \u00far \u00e9s k\u00e9t t\u00e1rsa, 16&hellip;\t\t\t<\/div>\n\t\t\t<\/div><\/article><\/div><div class=\"obfx-grid-wrapper\"><article class=\"obfx-grid-col\"><div class=\"obfx-grid-col-image\" style=\"\"><a href=\"https:\/\/ctalker.org\/en\/2024\/03\/12\/kurbli-filmkub-jean-luc-godard-eli-az-eletet\/\" title=\"Kurbli Filmkub: Jean-Luc Godard-\u00c9li az \u00e9let\u00e9t\"><img data-opt-id=1499158258  loading=\"lazy\" decoding=\"async\" width=\"1280\" height=\"720\" src=\"https:\/\/mladjxeqsxgv.i.optimole.com\/cb:B3zE.b136\/w:auto\/h:auto\/q:mauto\/f:best\/https:\/\/ctalker.org\/wp-content\/uploads\/2024\/03\/430847356_10233768566017267_4848978305392859552_n.jpg\" class=\"img-responsive no-lazy wp-post-image\" alt=\"430847356_10233768566017267_4848978305392859552_n\" srcset=\"https:\/\/mladjxeqsxgv.i.optimole.com\/cb:B3zE.b136\/w:1280\/h:720\/q:mauto\/f:best\/https:\/\/ctalker.org\/wp-content\/uploads\/2024\/03\/430847356_10233768566017267_4848978305392859552_n.jpg 1280w, https:\/\/mladjxeqsxgv.i.optimole.com\/cb:B3zE.b136\/w:300\/h:169\/q:mauto\/f:best\/https:\/\/ctalker.org\/wp-content\/uploads\/2024\/03\/430847356_10233768566017267_4848978305392859552_n.jpg 300w, https:\/\/mladjxeqsxgv.i.optimole.com\/cb:B3zE.b136\/w:1024\/h:576\/q:mauto\/f:best\/https:\/\/ctalker.org\/wp-content\/uploads\/2024\/03\/430847356_10233768566017267_4848978305392859552_n.jpg 1024w, https:\/\/mladjxeqsxgv.i.optimole.com\/cb:B3zE.b136\/w:768\/h:432\/q:mauto\/f:best\/https:\/\/ctalker.org\/wp-content\/uploads\/2024\/03\/430847356_10233768566017267_4848978305392859552_n.jpg 768w, https:\/\/mladjxeqsxgv.i.optimole.com\/cb:B3zE.b136\/w:1280\/h:720\/q:mauto\/f:best\/dpr:2\/https:\/\/ctalker.org\/wp-content\/uploads\/2024\/03\/430847356_10233768566017267_4848978305392859552_n.jpg 2x\" sizes=\"(max-width: 1000px) 100vw, 1000px\" \/><\/a><\/div><div class=\"obfx-grid-col-content\">\t\t\t<h2 class=\"entry-title obfx-grid-title\">\n\t\t\t\t\t\t\t<a href=\"https:\/\/ctalker.org\/en\/2024\/03\/12\/kurbli-filmkub-jean-luc-godard-eli-az-eletet\/\" title=\"Kurbli Filmkub: Jean-Luc Godard-\u00c9li az \u00e9let\u00e9t\">\n\t\t\t\t\tKurbli Filmkub: Jean-Luc Godard-\u00c9li az \u00e9let\u00e9t\t\t\t\t<\/a>\n\t\t\t\t\t\t\t<\/h2>\n\t\t\t\t\t\t\t<div class=\"entry-meta obfx-grid-meta\">\n\n\t\t\t\t\t\t\t\t\t\t\t\t\t<span class=\"obfx-grid-author\">\n\t\t\t\t\t\t\t\t\t<i class=\"fas fa-user\"><\/i>Kari\t\t\t\t\t\t\t\t<\/span>\n\t\t\t\t\t\t\t\t\t\t\t\t\t\t\t\t<span class=\"obfx-grid-date\">\n\t\t\t\t\t\t\t\t\t<i class=\"fas fa-calendar\"><\/i>12-03-2024\t\t\t\t\t\t\t\t<\/span>\n\t\t\t\t\t\t\t\t\n\t\t\t\t<\/div>\n\t\t\t\t\t\t\t<div class=\"entry-content obfx-grid-content\">\n\t\t\t\tSzabadka\/2024.03.12. Jean-Luc Godard:&nbsp;\u00c9li az \u00e9let\u00e9t (Vivre sa vie), 1962, francia essz\u00e9film sorsdr\u00e1ma, 85 perc \u201e \u2013&nbsp;J\u00f3 amit olvasol? \u2013&nbsp;A t\u00f6rt\u00e9net ostoba, de j\u00f3l meg van \u00edrva.\u201d (A prostitu\u00e1lt Nana \/Anna&hellip;\t\t\t<\/div>\n\t\t\t<\/div><\/article><\/div><div class=\"obfx-grid-wrapper\"><article class=\"obfx-grid-col\"><div class=\"obfx-grid-col-image\" style=\"\"><a href=\"https:\/\/ctalker.org\/en\/2024\/03\/05\/kurbli-filmklub-tony-gatlif-szamuzetes\/\" title=\"Kurbli Filmklub: Tony Gatlif-Sz\u00e1m\u0171zet\u00e9s\"><img data-opt-id=1789895996  loading=\"lazy\" decoding=\"async\" width=\"420\" height=\"597\" src=\"https:\/\/mladjxeqsxgv.i.optimole.com\/cb:B3zE.b136\/w:auto\/h:auto\/q:mauto\/f:best\/https:\/\/ctalker.org\/wp-content\/uploads\/2024\/03\/429821646_10233727309185872_5570779767764155926_n.jpg\" class=\"img-responsive no-lazy wp-post-image\" alt=\"429821646_10233727309185872_5570779767764155926_n\" srcset=\"https:\/\/mladjxeqsxgv.i.optimole.com\/cb:B3zE.b136\/w:420\/h:597\/q:mauto\/f:best\/https:\/\/ctalker.org\/wp-content\/uploads\/2024\/03\/429821646_10233727309185872_5570779767764155926_n.jpg 420w, https:\/\/mladjxeqsxgv.i.optimole.com\/cb:B3zE.b136\/w:211\/h:300\/q:mauto\/f:best\/https:\/\/ctalker.org\/wp-content\/uploads\/2024\/03\/429821646_10233727309185872_5570779767764155926_n.jpg 211w, https:\/\/mladjxeqsxgv.i.optimole.com\/cb:B3zE.b136\/w:420\/h:597\/q:mauto\/f:best\/dpr:2\/https:\/\/ctalker.org\/wp-content\/uploads\/2024\/03\/429821646_10233727309185872_5570779767764155926_n.jpg 2x\" sizes=\"(max-width: 420px) 100vw, 420px\" \/><\/a><\/div><div class=\"obfx-grid-col-content\">\t\t\t<h2 class=\"entry-title obfx-grid-title\">\n\t\t\t\t\t\t\t<a href=\"https:\/\/ctalker.org\/en\/2024\/03\/05\/kurbli-filmklub-tony-gatlif-szamuzetes\/\" title=\"Kurbli Filmklub: Tony Gatlif-Sz\u00e1m\u0171zet\u00e9s\">\n\t\t\t\t\tKurbli Filmklub: Tony Gatlif-Sz\u00e1m\u0171zet\u00e9s\t\t\t\t<\/a>\n\t\t\t\t\t\t\t<\/h2>\n\t\t\t\t\t\t\t<div class=\"entry-meta obfx-grid-meta\">\n\n\t\t\t\t\t\t\t\t\t\t\t\t\t<span class=\"obfx-grid-author\">\n\t\t\t\t\t\t\t\t\t<i class=\"fas fa-user\"><\/i>Kari\t\t\t\t\t\t\t\t<\/span>\n\t\t\t\t\t\t\t\t\t\t\t\t\t\t\t\t<span class=\"obfx-grid-date\">\n\t\t\t\t\t\t\t\t\t<i class=\"fas fa-calendar\"><\/i>05-03-2024\t\t\t\t\t\t\t\t<\/span>\n\t\t\t\t\t\t\t\t\n\t\t\t\t<\/div>\n\t\t\t\t\t\t\t<div class=\"entry-content obfx-grid-content\">\n\t\t\t\tSzabadka\/2024.03.05. Tony Gatlif:&nbsp;Sz\u00e1m\u0171zet\u00e9s (Exils), 2004, francia kalandfilm, 104 perc Zano \u00e9s Naima fiatal szerelmesek. Franciaorsz\u00e1gban \u00e9lnek, de Alg\u00e9ri\u00e1ban sz\u00fclettek. Az \u0151 \u00fatjukat k\u00eds\u00e9rj\u00fck P\u00e1rizst\u00f3l Alg\u00edrig (Kiemel\u00e9sek \u00e9s id\u00e9zetek, kiz\u00e1r\u00f3lag a&nbsp;Filmvil\u00e1g&nbsp;has\u00e1bjair\u00f3l&hellip;\t\t\t<\/div>\n\t\t\t<\/div><\/article><\/div><div class=\"obfx-grid-wrapper\"><article class=\"obfx-grid-col\"><div class=\"obfx-grid-col-image\" style=\"\"><a href=\"https:\/\/ctalker.org\/en\/2024\/03\/02\/filmvilag-sarok-a-kurbliban\/\" title=\"FILMVIL\u00c1G sarok a Kurbliban!\"><img data-opt-id=553307747  loading=\"lazy\" decoding=\"async\" width=\"2560\" height=\"547\" src=\"https:\/\/mladjxeqsxgv.i.optimole.com\/cb:B3zE.b136\/w:auto\/h:auto\/q:mauto\/f:best\/https:\/\/ctalker.org\/wp-content\/uploads\/2024\/03\/428497950_10233715142081702_1671185071133742987_n-scaled.jpg\" class=\"img-responsive no-lazy wp-post-image\" alt=\"428497950_10233715142081702_1671185071133742987_n\" srcset=\"https:\/\/mladjxeqsxgv.i.optimole.com\/cb:B3zE.b136\/w:1920\/h:410\/q:mauto\/f:best\/https:\/\/ctalker.org\/wp-content\/uploads\/2024\/03\/428497950_10233715142081702_1671185071133742987_n-scaled.jpg 2560w, https:\/\/mladjxeqsxgv.i.optimole.com\/cb:B3zE.b136\/w:300\/h:64\/q:mauto\/f:best\/https:\/\/ctalker.org\/wp-content\/uploads\/2024\/03\/428497950_10233715142081702_1671185071133742987_n-scaled.jpg 300w, https:\/\/mladjxeqsxgv.i.optimole.com\/cb:B3zE.b136\/w:1024\/h:219\/q:mauto\/f:best\/https:\/\/ctalker.org\/wp-content\/uploads\/2024\/03\/428497950_10233715142081702_1671185071133742987_n-scaled.jpg 1024w, https:\/\/mladjxeqsxgv.i.optimole.com\/cb:B3zE.b136\/w:768\/h:164\/q:mauto\/f:best\/https:\/\/ctalker.org\/wp-content\/uploads\/2024\/03\/428497950_10233715142081702_1671185071133742987_n-scaled.jpg 768w, https:\/\/mladjxeqsxgv.i.optimole.com\/cb:B3zE.b136\/w:1536\/h:328\/q:mauto\/f:best\/https:\/\/ctalker.org\/wp-content\/uploads\/2024\/03\/428497950_10233715142081702_1671185071133742987_n-scaled.jpg 1536w, https:\/\/mladjxeqsxgv.i.optimole.com\/cb:B3zE.b136\/w:1920\/h:410\/q:mauto\/f:best\/https:\/\/ctalker.org\/wp-content\/uploads\/2024\/03\/428497950_10233715142081702_1671185071133742987_n-scaled.jpg 2048w, https:\/\/mladjxeqsxgv.i.optimole.com\/cb:B3zE.b136\/w:1920\/h:410\/q:mauto\/f:best\/dpr:2\/https:\/\/ctalker.org\/wp-content\/uploads\/2024\/03\/428497950_10233715142081702_1671185071133742987_n-scaled.jpg 2x\" sizes=\"(max-width: 1000px) 100vw, 1000px\" \/><\/a><\/div><div class=\"obfx-grid-col-content\">\t\t\t<h2 class=\"entry-title obfx-grid-title\">\n\t\t\t\t\t\t\t<a href=\"https:\/\/ctalker.org\/en\/2024\/03\/02\/filmvilag-sarok-a-kurbliban\/\" title=\"FILMVIL\u00c1G sarok a Kurbliban!\">\n\t\t\t\t\tFILMVIL\u00c1G sarok a Kurbliban!\t\t\t\t<\/a>\n\t\t\t\t\t\t\t<\/h2>\n\t\t\t\t\t\t\t<div class=\"entry-meta obfx-grid-meta\">\n\n\t\t\t\t\t\t\t\t\t\t\t\t\t<span class=\"obfx-grid-author\">\n\t\t\t\t\t\t\t\t\t<i class=\"fas fa-user\"><\/i>Kari\t\t\t\t\t\t\t\t<\/span>\n\t\t\t\t\t\t\t\t\t\t\t\t\t\t\t\t<span class=\"obfx-grid-date\">\n\t\t\t\t\t\t\t\t\t<i class=\"fas fa-calendar\"><\/i>02-03-2024\t\t\t\t\t\t\t\t<\/span>\n\t\t\t\t\t\t\t\t\n\t\t\t\t<\/div>\n\t\t\t\t\t\t\t<div class=\"entry-content obfx-grid-content\">\n\t\t\t\tMegj\u00f6ttek a friss Filmvil\u00e1gok. Magyarorsz\u00e1g els\u0151 sz\u00e1m\u00fa Filmm\u0171v\u00e9szeti Foly\u00f3irata a Kurbli Filmklubban olvashat\u00f3, k\u00f6lcs\u00f6n\u00f6zhet\u0151 K\u00f6sz\u00f6net ez\u00e9rt \u00e9s a munk\u00e1d\u00e9rt Schubert Guszt\u00e1v f\u0151szerkeszt\u0151! https:\/\/www.facebook.com\/filmvilagfolyoirat Filmvil\u00e1g F\u00f3rum Filmvil\u00e1g Podcast\t\t\t<\/div>\n\t\t\t<\/div><\/article><\/div><div class=\"obfx-grid-wrapper\"><article class=\"obfx-grid-col\"><div class=\"obfx-grid-col-image\" style=\"\"><a href=\"https:\/\/ctalker.org\/en\/2024\/03\/01\/marciusi-kurbli-musor-2\/\" title=\"M\u00e1rciusi Kurbli M\u0171sor\"><img data-opt-id=2067272867  loading=\"lazy\" decoding=\"async\" width=\"1414\" height=\"2000\" src=\"https:\/\/mladjxeqsxgv.i.optimole.com\/cb:B3zE.b136\/w:auto\/h:auto\/q:mauto\/f:best\/https:\/\/ctalker.org\/wp-content\/uploads\/2024\/03\/KUrbli-plakatok-2022.-nov-2024.-maj.-5.jpg\" class=\"img-responsive no-lazy wp-post-image\" alt=\"KUrbli plak\u00e1tok 2022. nov-2024. m\u00e1j. (5)\" srcset=\"https:\/\/mladjxeqsxgv.i.optimole.com\/cb:B3zE.b136\/w:763\/h:1080\/q:mauto\/f:best\/https:\/\/ctalker.org\/wp-content\/uploads\/2024\/03\/KUrbli-plakatok-2022.-nov-2024.-maj.-5.jpg 1414w, https:\/\/mladjxeqsxgv.i.optimole.com\/cb:B3zE.b136\/w:212\/h:300\/q:mauto\/f:best\/https:\/\/ctalker.org\/wp-content\/uploads\/2024\/03\/KUrbli-plakatok-2022.-nov-2024.-maj.-5.jpg 212w, https:\/\/mladjxeqsxgv.i.optimole.com\/cb:B3zE.b136\/w:724\/h:1024\/q:mauto\/f:best\/https:\/\/ctalker.org\/wp-content\/uploads\/2024\/03\/KUrbli-plakatok-2022.-nov-2024.-maj.-5.jpg 724w, https:\/\/mladjxeqsxgv.i.optimole.com\/cb:B3zE.b136\/w:763\/h:1080\/q:mauto\/f:best\/https:\/\/ctalker.org\/wp-content\/uploads\/2024\/03\/KUrbli-plakatok-2022.-nov-2024.-maj.-5.jpg 768w, https:\/\/mladjxeqsxgv.i.optimole.com\/cb:B3zE.b136\/w:763\/h:1080\/q:mauto\/f:best\/https:\/\/ctalker.org\/wp-content\/uploads\/2024\/03\/KUrbli-plakatok-2022.-nov-2024.-maj.-5.jpg 1086w, https:\/\/mladjxeqsxgv.i.optimole.com\/cb:B3zE.b136\/w:763\/h:1080\/q:mauto\/f:best\/dpr:2\/https:\/\/ctalker.org\/wp-content\/uploads\/2024\/03\/KUrbli-plakatok-2022.-nov-2024.-maj.-5.jpg 2x\" sizes=\"(max-width: 1000px) 100vw, 1000px\" \/><\/a><\/div><div class=\"obfx-grid-col-content\">\t\t\t<h2 class=\"entry-title obfx-grid-title\">\n\t\t\t\t\t\t\t<a href=\"https:\/\/ctalker.org\/en\/2024\/03\/01\/marciusi-kurbli-musor-2\/\" title=\"M\u00e1rciusi Kurbli M\u0171sor\">\n\t\t\t\t\tM\u00e1rciusi Kurbli M\u0171sor\t\t\t\t<\/a>\n\t\t\t\t\t\t\t<\/h2>\n\t\t\t\t\t\t\t<div class=\"entry-meta obfx-grid-meta\">\n\n\t\t\t\t\t\t\t\t\t\t\t\t\t<span class=\"obfx-grid-author\">\n\t\t\t\t\t\t\t\t\t<i class=\"fas fa-user\"><\/i>Kari\t\t\t\t\t\t\t\t<\/span>\n\t\t\t\t\t\t\t\t\t\t\t\t\t\t\t\t<span class=\"obfx-grid-date\">\n\t\t\t\t\t\t\t\t\t<i class=\"fas fa-calendar\"><\/i>01-03-2024\t\t\t\t\t\t\t\t<\/span>\n\t\t\t\t\t\t\t\t\n\t\t\t\t<\/div>\n\t\t\t\t\t\t\t<div class=\"entry-content obfx-grid-content\">\n\t\t\t\tVet\u00edt\u00e9sek minden kedden 19 \u00f3r\u00e1t\u00f3l, Szabadk\u00e1n a Bose Mili\u0107evi\u0107 1 sz\u00e1m alatt! A programot t\u00e1mogatta:\t\t\t<\/div>\n\t\t\t<\/div><\/article><\/div><div class=\"obfx-grid-wrapper\"><article class=\"obfx-grid-col\"><div class=\"obfx-grid-col-image\" style=\"\"><a href=\"https:\/\/ctalker.org\/en\/2024\/02\/27\/kurbli-filmklub-palfi-gyorgy-mindorokke\/\" title=\"Kurbli Filmklub: P\u00e1lfi Gy\u00f6rgy-Mind\u00f6r\u00f6kk\u00e9\"><img data-opt-id=876876700  loading=\"lazy\" decoding=\"async\" width=\"1920\" height=\"1080\" src=\"https:\/\/mladjxeqsxgv.i.optimole.com\/cb:B3zE.b136\/w:auto\/h:auto\/q:mauto\/f:best\/https:\/\/ctalker.org\/wp-content\/uploads\/2024\/03\/429682880_10233690157937114_4663811826647809504_n.jpg\" class=\"img-responsive no-lazy wp-post-image\" alt=\"429682880_10233690157937114_4663811826647809504_n\" srcset=\"https:\/\/mladjxeqsxgv.i.optimole.com\/cb:B3zE.b136\/w:1920\/h:1080\/q:mauto\/f:best\/https:\/\/ctalker.org\/wp-content\/uploads\/2024\/03\/429682880_10233690157937114_4663811826647809504_n.jpg 1920w, https:\/\/mladjxeqsxgv.i.optimole.com\/cb:B3zE.b136\/w:300\/h:169\/q:mauto\/f:best\/https:\/\/ctalker.org\/wp-content\/uploads\/2024\/03\/429682880_10233690157937114_4663811826647809504_n.jpg 300w, https:\/\/mladjxeqsxgv.i.optimole.com\/cb:B3zE.b136\/w:1024\/h:576\/q:mauto\/f:best\/https:\/\/ctalker.org\/wp-content\/uploads\/2024\/03\/429682880_10233690157937114_4663811826647809504_n.jpg 1024w, https:\/\/mladjxeqsxgv.i.optimole.com\/cb:B3zE.b136\/w:768\/h:432\/q:mauto\/f:best\/https:\/\/ctalker.org\/wp-content\/uploads\/2024\/03\/429682880_10233690157937114_4663811826647809504_n.jpg 768w, https:\/\/mladjxeqsxgv.i.optimole.com\/cb:B3zE.b136\/w:1536\/h:864\/q:mauto\/f:best\/https:\/\/ctalker.org\/wp-content\/uploads\/2024\/03\/429682880_10233690157937114_4663811826647809504_n.jpg 1536w, https:\/\/mladjxeqsxgv.i.optimole.com\/cb:B3zE.b136\/w:1920\/h:1080\/q:mauto\/f:best\/dpr:2\/https:\/\/ctalker.org\/wp-content\/uploads\/2024\/03\/429682880_10233690157937114_4663811826647809504_n.jpg 2x\" sizes=\"(max-width: 1000px) 100vw, 1000px\" \/><\/a><\/div><div class=\"obfx-grid-col-content\">\t\t\t<h2 class=\"entry-title obfx-grid-title\">\n\t\t\t\t\t\t\t<a href=\"https:\/\/ctalker.org\/en\/2024\/02\/27\/kurbli-filmklub-palfi-gyorgy-mindorokke\/\" title=\"Kurbli Filmklub: P\u00e1lfi Gy\u00f6rgy-Mind\u00f6r\u00f6kk\u00e9\">\n\t\t\t\t\tKurbli Filmklub: P\u00e1lfi Gy\u00f6rgy-Mind\u00f6r\u00f6kk\u00e9\t\t\t\t<\/a>\n\t\t\t\t\t\t\t<\/h2>\n\t\t\t\t\t\t\t<div class=\"entry-meta obfx-grid-meta\">\n\n\t\t\t\t\t\t\t\t\t\t\t\t\t<span class=\"obfx-grid-author\">\n\t\t\t\t\t\t\t\t\t<i class=\"fas fa-user\"><\/i>Kari\t\t\t\t\t\t\t\t<\/span>\n\t\t\t\t\t\t\t\t\t\t\t\t\t\t\t\t<span class=\"obfx-grid-date\">\n\t\t\t\t\t\t\t\t\t<i class=\"fas fa-calendar\"><\/i>27-02-2024\t\t\t\t\t\t\t\t<\/span>\n\t\t\t\t\t\t\t\t\n\t\t\t\t<\/div>\n\t\t\t\t\t\t\t<div class=\"entry-content obfx-grid-content\">\n\t\t\t\tSzabadka\/2024. 02. 27. P\u00e1lfi Gy\u00f6rgy: Mind\u00f6r\u00f6kk\u00e9, magyar h\u00e1bor\u00fas sci-fi, 77 perc, 2021. A 2021-ben bemutatott, 7 \u00e9vig k\u00e9sz\u00fclt, 77 perces f\u00fcggetlen h\u00e1bor\u00fas sci-fi filmje, a l\u00e1tv\u00e1nytervez\u00e9s\u00e9rt \u00e9s a v\u00e1g\u00e1s\u00e9rt rangos&hellip;\t\t\t<\/div>\n\t\t\t<\/div><\/article><\/div><div class=\"obfx-grid-wrapper\"><article class=\"obfx-grid-col\"><div class=\"obfx-grid-col-image\" style=\"\"><a href=\"https:\/\/ctalker.org\/en\/2024\/02\/20\/kurbli-filmklub-cristi-puiu-lazarescu-ur-halala\/\" title=\"Kurbli Filmklub: Cristi Puiu-Lazarescu \u00far hal\u00e1la\"><img data-opt-id=1125635152  loading=\"lazy\" decoding=\"async\" width=\"1661\" height=\"947\" src=\"https:\/\/mladjxeqsxgv.i.optimole.com\/cb:B3zE.b136\/w:auto\/h:auto\/q:mauto\/f:best\/https:\/\/ctalker.org\/wp-content\/uploads\/2024\/03\/428648240_10233651827338873_1103282615134645030_n.jpg\" class=\"img-responsive no-lazy wp-post-image\" alt=\"428648240_10233651827338873_1103282615134645030_n\" srcset=\"https:\/\/mladjxeqsxgv.i.optimole.com\/cb:B3zE.b136\/w:1661\/h:947\/q:mauto\/f:best\/https:\/\/ctalker.org\/wp-content\/uploads\/2024\/03\/428648240_10233651827338873_1103282615134645030_n.jpg 1661w, https:\/\/mladjxeqsxgv.i.optimole.com\/cb:B3zE.b136\/w:300\/h:171\/q:mauto\/f:best\/https:\/\/ctalker.org\/wp-content\/uploads\/2024\/03\/428648240_10233651827338873_1103282615134645030_n.jpg 300w, https:\/\/mladjxeqsxgv.i.optimole.com\/cb:B3zE.b136\/w:1024\/h:584\/q:mauto\/f:best\/https:\/\/ctalker.org\/wp-content\/uploads\/2024\/03\/428648240_10233651827338873_1103282615134645030_n.jpg 1024w, https:\/\/mladjxeqsxgv.i.optimole.com\/cb:B3zE.b136\/w:768\/h:438\/q:mauto\/f:best\/https:\/\/ctalker.org\/wp-content\/uploads\/2024\/03\/428648240_10233651827338873_1103282615134645030_n.jpg 768w, https:\/\/mladjxeqsxgv.i.optimole.com\/cb:B3zE.b136\/w:1536\/h:876\/q:mauto\/f:best\/https:\/\/ctalker.org\/wp-content\/uploads\/2024\/03\/428648240_10233651827338873_1103282615134645030_n.jpg 1536w, https:\/\/mladjxeqsxgv.i.optimole.com\/cb:B3zE.b136\/w:1661\/h:947\/q:mauto\/f:best\/dpr:2\/https:\/\/ctalker.org\/wp-content\/uploads\/2024\/03\/428648240_10233651827338873_1103282615134645030_n.jpg 2x\" sizes=\"(max-width: 1000px) 100vw, 1000px\" \/><\/a><\/div><div class=\"obfx-grid-col-content\">\t\t\t<h2 class=\"entry-title obfx-grid-title\">\n\t\t\t\t\t\t\t<a href=\"https:\/\/ctalker.org\/en\/2024\/02\/20\/kurbli-filmklub-cristi-puiu-lazarescu-ur-halala\/\" title=\"Kurbli Filmklub: Cristi Puiu-Lazarescu \u00far hal\u00e1la\">\n\t\t\t\t\tKurbli Filmklub: Cristi Puiu-Lazarescu \u00far hal\u00e1la\t\t\t\t<\/a>\n\t\t\t\t\t\t\t<\/h2>\n\t\t\t\t\t\t\t<div class=\"entry-meta obfx-grid-meta\">\n\n\t\t\t\t\t\t\t\t\t\t\t\t\t<span class=\"obfx-grid-author\">\n\t\t\t\t\t\t\t\t\t<i class=\"fas fa-user\"><\/i>Kari\t\t\t\t\t\t\t\t<\/span>\n\t\t\t\t\t\t\t\t\t\t\t\t\t\t\t\t<span class=\"obfx-grid-date\">\n\t\t\t\t\t\t\t\t\t<i class=\"fas fa-calendar\"><\/i>20-02-2024\t\t\t\t\t\t\t\t<\/span>\n\t\t\t\t\t\t\t\t\n\t\t\t\t<\/div>\n\t\t\t\t\t\t\t<div class=\"entry-content obfx-grid-content\">\n\t\t\t\tSzabadka\/2024.02.20. Cristi Puiu:&nbsp;Lazarescu \u00far hal\u00e1la (Moartea domnului Lazarescu), rom\u00e1n filmdr\u00e1ma, 2005, 155 perc Lazarescu \u00far hal\u00e1l\u00e1val, felt\u00e1mad a rom\u00e1n film! Remus 63 \u00e9ves nyugd\u00edjas, panellak\u00e1sban \u00e9l macsk\u00e1ival. Esti nyugtalan\u00edt\u00f3 rosszull\u00e9te&hellip;\t\t\t<\/div>\n\t\t\t<\/div><\/article><\/div><div class=\"obfx-grid-wrapper\"><article class=\"obfx-grid-col\"><div class=\"obfx-grid-col-image\" style=\"\"><a href=\"https:\/\/ctalker.org\/en\/2024\/02\/15\/cristi-puiu-lazarescu-ur-halala\/\" title=\"Cristi Puiu: Lazarescu \u00far hal\u00e1la\"><img data-opt-id=604033473  loading=\"lazy\" decoding=\"async\" width=\"800\" height=\"600\" src=\"https:\/\/mladjxeqsxgv.i.optimole.com\/cb:B3zE.b136\/w:auto\/h:auto\/q:mauto\/f:best\/https:\/\/ctalker.org\/wp-content\/uploads\/2024\/02\/426507259_776459807851925_1725662830391982799_n.jpg\" class=\"img-responsive no-lazy wp-post-image\" alt=\"426507259_776459807851925_1725662830391982799_n\" srcset=\"https:\/\/mladjxeqsxgv.i.optimole.com\/cb:B3zE.b136\/w:800\/h:600\/q:mauto\/f:best\/https:\/\/ctalker.org\/wp-content\/uploads\/2024\/02\/426507259_776459807851925_1725662830391982799_n.jpg 800w, https:\/\/mladjxeqsxgv.i.optimole.com\/cb:B3zE.b136\/w:300\/h:225\/q:mauto\/f:best\/https:\/\/ctalker.org\/wp-content\/uploads\/2024\/02\/426507259_776459807851925_1725662830391982799_n.jpg 300w, https:\/\/mladjxeqsxgv.i.optimole.com\/cb:B3zE.b136\/w:768\/h:576\/q:mauto\/f:best\/https:\/\/ctalker.org\/wp-content\/uploads\/2024\/02\/426507259_776459807851925_1725662830391982799_n.jpg 768w, https:\/\/mladjxeqsxgv.i.optimole.com\/cb:B3zE.b136\/w:800\/h:600\/q:mauto\/f:best\/dpr:2\/https:\/\/ctalker.org\/wp-content\/uploads\/2024\/02\/426507259_776459807851925_1725662830391982799_n.jpg 2x\" sizes=\"(max-width: 800px) 100vw, 800px\" \/><\/a><\/div><div class=\"obfx-grid-col-content\">\t\t\t<h2 class=\"entry-title obfx-grid-title\">\n\t\t\t\t\t\t\t<a href=\"https:\/\/ctalker.org\/en\/2024\/02\/15\/cristi-puiu-lazarescu-ur-halala\/\" title=\"Cristi Puiu: Lazarescu \u00far hal\u00e1la\">\n\t\t\t\t\tCristi Puiu: Lazarescu \u00far hal\u00e1la\t\t\t\t<\/a>\n\t\t\t\t\t\t\t<\/h2>\n\t\t\t\t\t\t\t<div class=\"entry-meta obfx-grid-meta\">\n\n\t\t\t\t\t\t\t\t\t\t\t\t\t<span class=\"obfx-grid-author\">\n\t\t\t\t\t\t\t\t\t<i class=\"fas fa-user\"><\/i>kriszti\u0430n\t\t\t\t\t\t\t\t<\/span>\n\t\t\t\t\t\t\t\t\t\t\t\t\t\t\t\t<span class=\"obfx-grid-date\">\n\t\t\t\t\t\t\t\t\t<i class=\"fas fa-calendar\"><\/i>15-02-2024\t\t\t\t\t\t\t\t<\/span>\n\t\t\t\t\t\t\t\t\n\t\t\t\t<\/div>\n\t\t\t\t\t\t\t<div class=\"entry-content obfx-grid-content\">\n\t\t\t\tCristi Puiu az ezredfordul\u00f3n indul\u00f3 rom\u00e1n filmes hull\u00e1m els\u0151 rendez\u0151gener\u00e1ci\u00f3j\u00e1nak f\u0151alakja. 2005-\u00f6s m\u00e1sodik j\u00e1t\u00e9kfilmje, a realista ir\u00e1nyzat m\u00e1ig egyik leger\u0151teljesebb alkot\u00e1sa.Lazarescu \u00far hal\u00e1l\u00e1val, felt\u00e1mad a rom\u00e1n film! Remus 63 \u00e9ves&hellip;\t\t\t<\/div>\n\t\t\t<\/div><\/article><\/div><div class=\"obfx-grid-wrapper\"><article class=\"obfx-grid-col\"><div class=\"obfx-grid-col-image\" style=\"\"><a href=\"https:\/\/ctalker.org\/en\/2024\/02\/13\/kurbli-filmlub-ingmar-bergman-a-nap-vege\/\" title=\"Kurbli Filmlub: Ingmar Bergman-A nap v\u00e9ge\"><img data-opt-id=1942945078  loading=\"lazy\" decoding=\"async\" width=\"945\" height=\"531\" src=\"https:\/\/mladjxeqsxgv.i.optimole.com\/cb:B3zE.b136\/w:auto\/h:auto\/q:mauto\/f:best\/https:\/\/ctalker.org\/wp-content\/uploads\/2024\/03\/424619357_10233612276270121_2723604383452478357_n.jpg\" class=\"img-responsive no-lazy wp-post-image\" alt=\"424619357_10233612276270121_2723604383452478357_n\" srcset=\"https:\/\/mladjxeqsxgv.i.optimole.com\/cb:B3zE.b136\/w:945\/h:531\/q:mauto\/f:best\/https:\/\/ctalker.org\/wp-content\/uploads\/2024\/03\/424619357_10233612276270121_2723604383452478357_n.jpg 945w, https:\/\/mladjxeqsxgv.i.optimole.com\/cb:B3zE.b136\/w:300\/h:169\/q:mauto\/f:best\/https:\/\/ctalker.org\/wp-content\/uploads\/2024\/03\/424619357_10233612276270121_2723604383452478357_n.jpg 300w, https:\/\/mladjxeqsxgv.i.optimole.com\/cb:B3zE.b136\/w:768\/h:432\/q:mauto\/f:best\/https:\/\/ctalker.org\/wp-content\/uploads\/2024\/03\/424619357_10233612276270121_2723604383452478357_n.jpg 768w, https:\/\/mladjxeqsxgv.i.optimole.com\/cb:B3zE.b136\/w:945\/h:531\/q:mauto\/f:best\/dpr:2\/https:\/\/ctalker.org\/wp-content\/uploads\/2024\/03\/424619357_10233612276270121_2723604383452478357_n.jpg 2x\" sizes=\"(max-width: 945px) 100vw, 945px\" \/><\/a><\/div><div class=\"obfx-grid-col-content\">\t\t\t<h2 class=\"entry-title obfx-grid-title\">\n\t\t\t\t\t\t\t<a href=\"https:\/\/ctalker.org\/en\/2024\/02\/13\/kurbli-filmlub-ingmar-bergman-a-nap-vege\/\" title=\"Kurbli Filmlub: Ingmar Bergman-A nap v\u00e9ge\">\n\t\t\t\t\tKurbli Filmlub: Ingmar Bergman-A nap v\u00e9ge\t\t\t\t<\/a>\n\t\t\t\t\t\t\t<\/h2>\n\t\t\t\t\t\t\t<div class=\"entry-meta obfx-grid-meta\">\n\n\t\t\t\t\t\t\t\t\t\t\t\t\t<span class=\"obfx-grid-author\">\n\t\t\t\t\t\t\t\t\t<i class=\"fas fa-user\"><\/i>Kari\t\t\t\t\t\t\t\t<\/span>\n\t\t\t\t\t\t\t\t\t\t\t\t\t\t\t\t<span class=\"obfx-grid-date\">\n\t\t\t\t\t\t\t\t\t<i class=\"fas fa-calendar\"><\/i>13-02-2024\t\t\t\t\t\t\t\t<\/span>\n\t\t\t\t\t\t\t\t\n\t\t\t\t<\/div>\n\t\t\t\t\t\t\t<div class=\"entry-content obfx-grid-content\">\n\t\t\t\tSzabadka\/2024.02.13. Ingmar Bergman:&nbsp;A nap v\u00e9ge (Smultronst\u00e4llet), sv\u00e9d dr\u00e1ma, 1957, 87 perc A premodern&nbsp;A nap v\u00e9ge&nbsp;sz\u00edvvel \u00e9s l\u00e9lekkel tel\u00edtett, sokak szerint az \u00e9letp\u00e1lya legfelemel\u0151bb filmje. Bergman 18. alkot\u00e1sa, amely&nbsp;A hetedik pecs\u00e9ttel&hellip;\t\t\t<\/div>\n\t\t\t<\/div><\/article><\/div><div class=\"obfx-grid-wrapper\"><article class=\"obfx-grid-col\"><div class=\"obfx-grid-col-image\" style=\"\"><a href=\"https:\/\/ctalker.org\/en\/2024\/02\/11\/ingmar-bergman-a-nap-vege-smultronstallet1957\/\" title=\"\u00daj sorozat indul: Film Aranykor\"><img data-opt-id=862685254  loading=\"lazy\" decoding=\"async\" width=\"945\" height=\"666\" src=\"https:\/\/mladjxeqsxgv.i.optimole.com\/cb:B3zE.b136\/w:auto\/h:auto\/q:mauto\/f:best\/https:\/\/ctalker.org\/wp-content\/uploads\/2024\/02\/424879673_773093284855244_5186890729591284099_n.jpg\" class=\"img-responsive no-lazy wp-post-image\" alt=\"424879673_773093284855244_5186890729591284099_n\" srcset=\"https:\/\/mladjxeqsxgv.i.optimole.com\/cb:B3zE.b136\/w:945\/h:666\/q:mauto\/f:best\/https:\/\/ctalker.org\/wp-content\/uploads\/2024\/02\/424879673_773093284855244_5186890729591284099_n.jpg 945w, https:\/\/mladjxeqsxgv.i.optimole.com\/cb:B3zE.b136\/w:300\/h:211\/q:mauto\/f:best\/https:\/\/ctalker.org\/wp-content\/uploads\/2024\/02\/424879673_773093284855244_5186890729591284099_n.jpg 300w, https:\/\/mladjxeqsxgv.i.optimole.com\/cb:B3zE.b136\/w:768\/h:541\/q:mauto\/f:best\/https:\/\/ctalker.org\/wp-content\/uploads\/2024\/02\/424879673_773093284855244_5186890729591284099_n.jpg 768w, https:\/\/mladjxeqsxgv.i.optimole.com\/cb:B3zE.b136\/w:945\/h:666\/q:mauto\/f:best\/dpr:2\/https:\/\/ctalker.org\/wp-content\/uploads\/2024\/02\/424879673_773093284855244_5186890729591284099_n.jpg 2x\" sizes=\"(max-width: 945px) 100vw, 945px\" \/><\/a><\/div><div class=\"obfx-grid-col-content\">\t\t\t<h2 class=\"entry-title obfx-grid-title\">\n\t\t\t\t\t\t\t<a href=\"https:\/\/ctalker.org\/en\/2024\/02\/11\/ingmar-bergman-a-nap-vege-smultronstallet1957\/\" title=\"\u00daj sorozat indul: Film Aranykor\">\n\t\t\t\t\t\u00daj sorozat indul: Film Aranykor\t\t\t\t<\/a>\n\t\t\t\t\t\t\t<\/h2>\n\t\t\t\t\t\t\t<div class=\"entry-meta obfx-grid-meta\">\n\n\t\t\t\t\t\t\t\t\t\t\t\t\t<span class=\"obfx-grid-author\">\n\t\t\t\t\t\t\t\t\t<i class=\"fas fa-user\"><\/i>kriszti\u0430n\t\t\t\t\t\t\t\t<\/span>\n\t\t\t\t\t\t\t\t\t\t\t\t\t\t\t\t<span class=\"obfx-grid-date\">\n\t\t\t\t\t\t\t\t\t<i class=\"fas fa-calendar\"><\/i>11-02-2024\t\t\t\t\t\t\t\t<\/span>\n\t\t\t\t\t\t\t\t\n\t\t\t\t<\/div>\n\t\t\t\t\t\t\t<div class=\"entry-content obfx-grid-content\">\n\t\t\t\tFILM ARANYKOR c\u00edmen 4 vet\u00edt\u00e9st tartunk a &#8220;modern film&#8221; sz\u00fclet\u00e9s\u00e9t\u0151l, minden h\u00f3nap m\u00e1sodik keddj\u00e9n!Els\u0151 vet\u00edt\u00e9s: Ingmar Bergman-A nap v\u00e9ge (Smultronst\u00e4llet, 1957), sv\u00e9d dr\u00e1ma, 87 perc \u00c1lom, l\u00e1tom\u00e1s \u00e9s eml\u00e9kek k\u00f6z\u00f6tt&hellip;\t\t\t<\/div>\n\t\t\t<\/div><\/article><\/div><div class=\"obfx-grid-wrapper\"><article class=\"obfx-grid-col\"><div class=\"obfx-grid-col-image\" style=\"\"><a href=\"https:\/\/ctalker.org\/en\/2024\/02\/06\/kurbli-filmklub-andrey-zvyagintsev-a-visszateres\/\" title=\"Kurbli Filmklub: Andrey Zvyagintsev-A visszat\u00e9r\u00e9s\"><img data-opt-id=122302676  loading=\"lazy\" decoding=\"async\" width=\"550\" height=\"299\" src=\"https:\/\/mladjxeqsxgv.i.optimole.com\/cb:B3zE.b136\/w:auto\/h:auto\/q:mauto\/f:best\/https:\/\/ctalker.org\/wp-content\/uploads\/2024\/03\/425739896_10233572451794534_4211080360179426475_n.jpg\" class=\"img-responsive no-lazy wp-post-image\" alt=\"425739896_10233572451794534_4211080360179426475_n\" srcset=\"https:\/\/mladjxeqsxgv.i.optimole.com\/cb:B3zE.b136\/w:550\/h:299\/q:mauto\/f:best\/https:\/\/ctalker.org\/wp-content\/uploads\/2024\/03\/425739896_10233572451794534_4211080360179426475_n.jpg 550w, https:\/\/mladjxeqsxgv.i.optimole.com\/cb:B3zE.b136\/w:300\/h:163\/q:mauto\/f:best\/https:\/\/ctalker.org\/wp-content\/uploads\/2024\/03\/425739896_10233572451794534_4211080360179426475_n.jpg 300w, https:\/\/mladjxeqsxgv.i.optimole.com\/cb:B3zE.b136\/w:550\/h:299\/q:mauto\/f:best\/dpr:2\/https:\/\/ctalker.org\/wp-content\/uploads\/2024\/03\/425739896_10233572451794534_4211080360179426475_n.jpg 2x\" sizes=\"(max-width: 550px) 100vw, 550px\" \/><\/a><\/div><div class=\"obfx-grid-col-content\">\t\t\t<h2 class=\"entry-title obfx-grid-title\">\n\t\t\t\t\t\t\t<a href=\"https:\/\/ctalker.org\/en\/2024\/02\/06\/kurbli-filmklub-andrey-zvyagintsev-a-visszateres\/\" title=\"Kurbli Filmklub: Andrey Zvyagintsev-A visszat\u00e9r\u00e9s\">\n\t\t\t\t\tKurbli Filmklub: Andrey Zvyagintsev-A visszat\u00e9r\u00e9s\t\t\t\t<\/a>\n\t\t\t\t\t\t\t<\/h2>\n\t\t\t\t\t\t\t<div class=\"entry-meta obfx-grid-meta\">\n\n\t\t\t\t\t\t\t\t\t\t\t\t\t<span class=\"obfx-grid-author\">\n\t\t\t\t\t\t\t\t\t<i class=\"fas fa-user\"><\/i>Kari\t\t\t\t\t\t\t\t<\/span>\n\t\t\t\t\t\t\t\t\t\t\t\t\t\t\t\t<span class=\"obfx-grid-date\">\n\t\t\t\t\t\t\t\t\t<i class=\"fas fa-calendar\"><\/i>06-02-2024\t\t\t\t\t\t\t\t<\/span>\n\t\t\t\t\t\t\t\t\n\t\t\t\t<\/div>\n\t\t\t\t\t\t\t<div class=\"entry-content obfx-grid-content\">\n\t\t\t\tSzabadka\/2024.02.06. Andrey Zvyagintsev&nbsp;A visszat\u00e9r\u00e9s (\u0412\u043e\u0437\u0432\u0440\u0430\u0449\u0435\u043d\u0438\u0435), orosz csal\u00e1di dr\u00e1ma, 2003, 106 perc A&nbsp;Kurbliban sokszor v\u00e1lasztunk olyan alkot\u00e1st, ami a rendez\u0151 deb\u00fct\u00e1l\u00f3 m\u0171ve, amolyan&nbsp;\u00edgy j\u00f6ttem&nbsp;mozi. Jelen esetben is err\u0151l van sz\u00f3: Zvyagintsev&hellip;\t\t\t<\/div>\n\t\t\t<\/div><\/article><\/div><div class=\"obfx-grid-wrapper\"><article class=\"obfx-grid-col\"><div class=\"obfx-grid-col-image\" style=\"\"><a href=\"https:\/\/ctalker.org\/en\/2024\/02\/03\/f-e-b-r-u-a-r-i%f0%9f%8e%a5-programajanlo\/\" title=\"F E B R U \u00c1 R i  programaj\u00e1nl\u00f3\"><img data-opt-id=1024801398  loading=\"lazy\" decoding=\"async\" width=\"1414\" height=\"2000\" src=\"https:\/\/mladjxeqsxgv.i.optimole.com\/cb:B3zE.b136\/w:auto\/h:auto\/q:mauto\/f:best\/https:\/\/ctalker.org\/wp-content\/uploads\/2024\/02\/KUrbli-plakatok-2022.-nov-2024.-maj.-3.jpg\" class=\"img-responsive no-lazy wp-post-image\" alt=\"KUrbli plak\u00e1tok 2022. nov-2024. m\u00e1j. (3)\" srcset=\"https:\/\/mladjxeqsxgv.i.optimole.com\/cb:B3zE.b136\/w:763\/h:1080\/q:mauto\/f:best\/https:\/\/ctalker.org\/wp-content\/uploads\/2024\/02\/KUrbli-plakatok-2022.-nov-2024.-maj.-3.jpg 1414w, https:\/\/mladjxeqsxgv.i.optimole.com\/cb:B3zE.b136\/w:212\/h:300\/q:mauto\/f:best\/https:\/\/ctalker.org\/wp-content\/uploads\/2024\/02\/KUrbli-plakatok-2022.-nov-2024.-maj.-3.jpg 212w, https:\/\/mladjxeqsxgv.i.optimole.com\/cb:B3zE.b136\/w:724\/h:1024\/q:mauto\/f:best\/https:\/\/ctalker.org\/wp-content\/uploads\/2024\/02\/KUrbli-plakatok-2022.-nov-2024.-maj.-3.jpg 724w, https:\/\/mladjxeqsxgv.i.optimole.com\/cb:B3zE.b136\/w:763\/h:1080\/q:mauto\/f:best\/https:\/\/ctalker.org\/wp-content\/uploads\/2024\/02\/KUrbli-plakatok-2022.-nov-2024.-maj.-3.jpg 768w, https:\/\/mladjxeqsxgv.i.optimole.com\/cb:B3zE.b136\/w:763\/h:1080\/q:mauto\/f:best\/https:\/\/ctalker.org\/wp-content\/uploads\/2024\/02\/KUrbli-plakatok-2022.-nov-2024.-maj.-3.jpg 1086w, https:\/\/mladjxeqsxgv.i.optimole.com\/cb:B3zE.b136\/w:763\/h:1080\/q:mauto\/f:best\/dpr:2\/https:\/\/ctalker.org\/wp-content\/uploads\/2024\/02\/KUrbli-plakatok-2022.-nov-2024.-maj.-3.jpg 2x\" sizes=\"(max-width: 1000px) 100vw, 1000px\" \/><\/a><\/div><div class=\"obfx-grid-col-content\">\t\t\t<h2 class=\"entry-title obfx-grid-title\">\n\t\t\t\t\t\t\t<a href=\"https:\/\/ctalker.org\/en\/2024\/02\/03\/f-e-b-r-u-a-r-i%f0%9f%8e%a5-programajanlo\/\" title=\"F E B R U \u00c1 R i  programaj\u00e1nl\u00f3\">\n\t\t\t\t\tF E B R U \u00c1 R i  programaj\u00e1nl\u00f3\t\t\t\t<\/a>\n\t\t\t\t\t\t\t<\/h2>\n\t\t\t\t\t\t\t<div class=\"entry-meta obfx-grid-meta\">\n\n\t\t\t\t\t\t\t\t\t\t\t\t\t<span class=\"obfx-grid-author\">\n\t\t\t\t\t\t\t\t\t<i class=\"fas fa-user\"><\/i>kriszti\u0430n\t\t\t\t\t\t\t\t<\/span>\n\t\t\t\t\t\t\t\t\t\t\t\t\t\t\t\t<span class=\"obfx-grid-date\">\n\t\t\t\t\t\t\t\t\t<i class=\"fas fa-calendar\"><\/i>03-02-2024\t\t\t\t\t\t\t\t<\/span>\n\t\t\t\t\t\t\t\t\n\t\t\t\t<\/div>\n\t\t\t\t\t\t\t<div class=\"entry-content obfx-grid-content\">\n\t\t\t\tItt a friss F E B R U \u00c1 R i programaj\u00e1nl\u00f3! Csemeg\u00e9zzetek a Kurbli Filmklub m\u0171sor\u00e1b\u00f3l! Minden KEDDEN, :-t\u00f3l! V\u00e1runk szeretettel a Bose Mili\u0107evi\u0107 1 sz\u00e1m al\u00e1, a vas\u00fatp\u00e0lyaudvarral&hellip;\t\t\t<\/div>\n\t\t\t<\/div><\/article><\/div><div class=\"obfx-grid-wrapper\"><article class=\"obfx-grid-col\"><div class=\"obfx-grid-col-image\" style=\"\"><a href=\"https:\/\/ctalker.org\/en\/2024\/01\/27\/torok-ferenc-1945-beszelgetes-torok-ferenc-rendezovel\/\" title=\"Kurbli Filmklub: T\u00f6r\u00f6k Ferenc-1945 + Besz\u00e9lget\u00e9s T\u00f6r\u00f6k Ferenc rendez\u0151vel!\"><img data-opt-id=1442757436  loading=\"lazy\" decoding=\"async\" width=\"1600\" height=\"1172\" src=\"https:\/\/mladjxeqsxgv.i.optimole.com\/cb:B3zE.b136\/w:auto\/h:auto\/q:mauto\/f:best\/https:\/\/ctalker.org\/wp-content\/uploads\/2024\/01\/421900882_10233535361987312_6245563291640662195_n.jpg\" class=\"img-responsive no-lazy wp-post-image\" alt=\"421900882_10233535361987312_6245563291640662195_n\" srcset=\"https:\/\/mladjxeqsxgv.i.optimole.com\/cb:B3zE.b136\/w:1474\/h:1080\/q:mauto\/f:best\/https:\/\/ctalker.org\/wp-content\/uploads\/2024\/01\/421900882_10233535361987312_6245563291640662195_n.jpg 1600w, https:\/\/mladjxeqsxgv.i.optimole.com\/cb:B3zE.b136\/w:300\/h:220\/q:mauto\/f:best\/https:\/\/ctalker.org\/wp-content\/uploads\/2024\/01\/421900882_10233535361987312_6245563291640662195_n.jpg 300w, https:\/\/mladjxeqsxgv.i.optimole.com\/cb:B3zE.b136\/w:1024\/h:750\/q:mauto\/f:best\/https:\/\/ctalker.org\/wp-content\/uploads\/2024\/01\/421900882_10233535361987312_6245563291640662195_n.jpg 1024w, https:\/\/mladjxeqsxgv.i.optimole.com\/cb:B3zE.b136\/w:768\/h:563\/q:mauto\/f:best\/https:\/\/ctalker.org\/wp-content\/uploads\/2024\/01\/421900882_10233535361987312_6245563291640662195_n.jpg 768w, https:\/\/mladjxeqsxgv.i.optimole.com\/cb:B3zE.b136\/w:1474\/h:1080\/q:mauto\/f:best\/https:\/\/ctalker.org\/wp-content\/uploads\/2024\/01\/421900882_10233535361987312_6245563291640662195_n.jpg 1536w, https:\/\/mladjxeqsxgv.i.optimole.com\/cb:B3zE.b136\/w:1474\/h:1080\/q:mauto\/f:best\/dpr:2\/https:\/\/ctalker.org\/wp-content\/uploads\/2024\/01\/421900882_10233535361987312_6245563291640662195_n.jpg 2x\" sizes=\"(max-width: 1000px) 100vw, 1000px\" \/><\/a><\/div><div class=\"obfx-grid-col-content\">\t\t\t<h2 class=\"entry-title obfx-grid-title\">\n\t\t\t\t\t\t\t<a href=\"https:\/\/ctalker.org\/en\/2024\/01\/27\/torok-ferenc-1945-beszelgetes-torok-ferenc-rendezovel\/\" title=\"Kurbli Filmklub: T\u00f6r\u00f6k Ferenc-1945 + Besz\u00e9lget\u00e9s T\u00f6r\u00f6k Ferenc rendez\u0151vel!\">\n\t\t\t\t\tKurbli Filmklub: T\u00f6r\u00f6k Ferenc-1945 + Besz\u00e9lget\u00e9s T\u00f6r\u00f6k Ferenc rendez\u0151vel!\t\t\t\t<\/a>\n\t\t\t\t\t\t\t<\/h2>\n\t\t\t\t\t\t\t<div class=\"entry-meta obfx-grid-meta\">\n\n\t\t\t\t\t\t\t\t\t\t\t\t\t<span class=\"obfx-grid-author\">\n\t\t\t\t\t\t\t\t\t<i class=\"fas fa-user\"><\/i>kriszti\u0430n\t\t\t\t\t\t\t\t<\/span>\n\t\t\t\t\t\t\t\t\t\t\t\t\t\t\t\t<span class=\"obfx-grid-date\">\n\t\t\t\t\t\t\t\t\t<i class=\"fas fa-calendar\"><\/i>27-01-2024\t\t\t\t\t\t\t\t<\/span>\n\t\t\t\t\t\t\t\t\n\t\t\t\t<\/div>\n\t\t\t\t\t\t\t<div class=\"entry-content obfx-grid-content\">\n\t\t\t\tSzabadka\/2024.01.30. T\u00f6r\u00f6k Ferenc:&nbsp;1945, magyar t\u00f6rt\u00e9nelmi dr\u00e1ma, 1997, 91 perc T\u00f6r\u00f6k m\u00faltfelt\u00e1r\u00f3 alkot\u00e1sa egyetemes, \u00e9get\u0151 k\u00e9rd\u00e9seket feszeget. A holokauszt ut\u00e1ni \u00e1tmeneti id\u0151szakban j\u00e1tsz\u00f3d\u00f3 filmet az teszi kiv\u00e9teless\u00e9, hogy a f\u00f3kusz\u00e1ba \u00e1ll\u00edtott&hellip;\t\t\t<\/div>\n\t\t\t<\/div><\/article><\/div><div class=\"obfx-grid-wrapper\"><article class=\"obfx-grid-col\"><div class=\"obfx-grid-col-image\" style=\"\"><a href=\"https:\/\/ctalker.org\/en\/2024\/01\/22\/kedden-a-kurbliban-zuros-kettyintes-avagy-porno-a-dilihazban\/\" title=\"Kurbli Filmklub:\u00a0Radu Jude-Z\u0171r\u00f6s kettyint\u00e9s, avagy porn\u00f3 a dilih\u00e1zban\"><img data-opt-id=802680248  loading=\"lazy\" decoding=\"async\" width=\"1000\" height=\"593\" src=\"https:\/\/mladjxeqsxgv.i.optimole.com\/cb:B3zE.b136\/w:auto\/h:auto\/q:mauto\/f:best\/https:\/\/ctalker.org\/wp-content\/uploads\/2024\/01\/421215321_10233499390088037_28298926904330305_n.jpg\" class=\"img-responsive no-lazy wp-post-image\" alt=\"421215321_10233499390088037_28298926904330305_n\" srcset=\"https:\/\/mladjxeqsxgv.i.optimole.com\/cb:B3zE.b136\/w:1000\/h:593\/q:mauto\/f:best\/https:\/\/ctalker.org\/wp-content\/uploads\/2024\/01\/421215321_10233499390088037_28298926904330305_n.jpg 1000w, https:\/\/mladjxeqsxgv.i.optimole.com\/cb:B3zE.b136\/w:300\/h:178\/q:mauto\/f:best\/https:\/\/ctalker.org\/wp-content\/uploads\/2024\/01\/421215321_10233499390088037_28298926904330305_n.jpg 300w, https:\/\/mladjxeqsxgv.i.optimole.com\/cb:B3zE.b136\/w:768\/h:455\/q:mauto\/f:best\/https:\/\/ctalker.org\/wp-content\/uploads\/2024\/01\/421215321_10233499390088037_28298926904330305_n.jpg 768w, https:\/\/mladjxeqsxgv.i.optimole.com\/cb:B3zE.b136\/w:1000\/h:593\/q:mauto\/f:best\/dpr:2\/https:\/\/ctalker.org\/wp-content\/uploads\/2024\/01\/421215321_10233499390088037_28298926904330305_n.jpg 2x\" sizes=\"(max-width: 1000px) 100vw, 1000px\" \/><\/a><\/div><div class=\"obfx-grid-col-content\">\t\t\t<h2 class=\"entry-title obfx-grid-title\">\n\t\t\t\t\t\t\t<a href=\"https:\/\/ctalker.org\/en\/2024\/01\/22\/kedden-a-kurbliban-zuros-kettyintes-avagy-porno-a-dilihazban\/\" title=\"Kurbli Filmklub:\u00a0Radu Jude-Z\u0171r\u00f6s kettyint\u00e9s, avagy porn\u00f3 a dilih\u00e1zban\">\n\t\t\t\t\tKurbli Filmklub:\u00a0Radu Jude-Z\u0171r\u00f6s kettyint\u00e9s, avagy porn\u00f3 a dilih\u00e1zban\t\t\t\t<\/a>\n\t\t\t\t\t\t\t<\/h2>\n\t\t\t\t\t\t\t<div class=\"entry-meta obfx-grid-meta\">\n\n\t\t\t\t\t\t\t\t\t\t\t\t\t<span class=\"obfx-grid-author\">\n\t\t\t\t\t\t\t\t\t<i class=\"fas fa-user\"><\/i>kriszti\u0430n\t\t\t\t\t\t\t\t<\/span>\n\t\t\t\t\t\t\t\t\t\t\t\t\t\t\t\t<span class=\"obfx-grid-date\">\n\t\t\t\t\t\t\t\t\t<i class=\"fas fa-calendar\"><\/i>22-01-2024\t\t\t\t\t\t\t\t<\/span>\n\t\t\t\t\t\t\t\t\n\t\t\t\t<\/div>\n\t\t\t\t\t\t\t<div class=\"entry-content obfx-grid-content\">\n\t\t\t\tSzabadka\/2024.01.23 Radu Jude-Z\u0171r\u00f6s kettyint\u00e9s, avagy porn\u00f3 a dilih\u00e1zban (Babardeal\u0103 cu bucluc sau p balamuc), rom\u00e1n szat\u00edra, 2021, 120 perc A janu\u00e1r 23-\u00e1n bemutat\u00e1sra ker\u00fcl\u0151 rom\u00e1n film az ezredfordul\u00f3 \u00f3ta tal\u00e1n&hellip;\t\t\t<\/div>\n\t\t\t<\/div><\/article><\/div><div class=\"obfx-grid-wrapper\"><article class=\"obfx-grid-col\"><div class=\"obfx-grid-col-image\" style=\"\"><a href=\"https:\/\/ctalker.org\/en\/2024\/01\/18\/izgalmas-evet-hagytunk-magunk-mogott\/\" title=\"Izgalmas \u00e9vet hagytunk magunk m\u00f6g\u00f6tt!\"><img data-opt-id=1263729093  loading=\"lazy\" decoding=\"async\" width=\"2000\" height=\"1125\" src=\"https:\/\/mladjxeqsxgv.i.optimole.com\/cb:B3zE.b136\/w:auto\/h:auto\/q:mauto\/f:best\/https:\/\/ctalker.org\/wp-content\/uploads\/2024\/01\/420030142_10233477034529162_3559035304834904463_n.jpg\" class=\"img-responsive no-lazy wp-post-image\" alt=\"420030142_10233477034529162_3559035304834904463_n\" srcset=\"https:\/\/mladjxeqsxgv.i.optimole.com\/cb:B3zE.b136\/w:1920\/h:1080\/q:mauto\/f:best\/https:\/\/ctalker.org\/wp-content\/uploads\/2024\/01\/420030142_10233477034529162_3559035304834904463_n.jpg 2000w, https:\/\/mladjxeqsxgv.i.optimole.com\/cb:B3zE.b136\/w:300\/h:169\/q:mauto\/f:best\/https:\/\/ctalker.org\/wp-content\/uploads\/2024\/01\/420030142_10233477034529162_3559035304834904463_n.jpg 300w, https:\/\/mladjxeqsxgv.i.optimole.com\/cb:B3zE.b136\/w:1024\/h:576\/q:mauto\/f:best\/https:\/\/ctalker.org\/wp-content\/uploads\/2024\/01\/420030142_10233477034529162_3559035304834904463_n.jpg 1024w, https:\/\/mladjxeqsxgv.i.optimole.com\/cb:B3zE.b136\/w:768\/h:432\/q:mauto\/f:best\/https:\/\/ctalker.org\/wp-content\/uploads\/2024\/01\/420030142_10233477034529162_3559035304834904463_n.jpg 768w, https:\/\/mladjxeqsxgv.i.optimole.com\/cb:B3zE.b136\/w:1536\/h:864\/q:mauto\/f:best\/https:\/\/ctalker.org\/wp-content\/uploads\/2024\/01\/420030142_10233477034529162_3559035304834904463_n.jpg 1536w, https:\/\/mladjxeqsxgv.i.optimole.com\/cb:B3zE.b136\/w:1920\/h:1080\/q:mauto\/f:best\/dpr:2\/https:\/\/ctalker.org\/wp-content\/uploads\/2024\/01\/420030142_10233477034529162_3559035304834904463_n.jpg 2x\" sizes=\"(max-width: 1000px) 100vw, 1000px\" \/><\/a><\/div><div class=\"obfx-grid-col-content\">\t\t\t<h2 class=\"entry-title obfx-grid-title\">\n\t\t\t\t\t\t\t<a href=\"https:\/\/ctalker.org\/en\/2024\/01\/18\/izgalmas-evet-hagytunk-magunk-mogott\/\" title=\"Izgalmas \u00e9vet hagytunk magunk m\u00f6g\u00f6tt!\">\n\t\t\t\t\tIzgalmas \u00e9vet hagytunk magunk m\u00f6g\u00f6tt!\t\t\t\t<\/a>\n\t\t\t\t\t\t\t<\/h2>\n\t\t\t\t\t\t\t<div class=\"entry-meta obfx-grid-meta\">\n\n\t\t\t\t\t\t\t\t\t\t\t\t\t<span class=\"obfx-grid-author\">\n\t\t\t\t\t\t\t\t\t<i class=\"fas fa-user\"><\/i>kriszti\u0430n\t\t\t\t\t\t\t\t<\/span>\n\t\t\t\t\t\t\t\t\t\t\t\t\t\t\t\t<span class=\"obfx-grid-date\">\n\t\t\t\t\t\t\t\t\t<i class=\"fas fa-calendar\"><\/i>18-01-2024\t\t\t\t\t\t\t\t<\/span>\n\t\t\t\t\t\t\t\t\n\t\t\t\t<\/div>\n\t\t\t\t\t\t\t<div class=\"entry-content obfx-grid-content\">\n\t\t\t\tIzgalmas filmklubokon vehett\u00fcnk r\u00e9szt 2023 \u0151szi id\u0151szak\u00e1ban. Vend\u00e9geink voltak, t\u00f6bbek k\u00f6z\u00f6tt: a KDTG tan\u00e1ra Bar\u00e1th Attila, B\u00e1lint N\u00e9met Bence di\u00e1kfilmes \u00e9s csal\u00e1dja, Tolnai Szabolcs filmrendez\u0151 \u00e9s csal\u00e1dja, Dr. Vincze Ter\u00e9z&hellip;\t\t\t<\/div>\n\t\t\t<\/div><\/article><\/div><div class=\"obfx-grid-wrapper\"><article class=\"obfx-grid-col\"><div class=\"obfx-grid-col-image\" style=\"\"><a href=\"https:\/\/ctalker.org\/en\/2024\/01\/12\/indul-az-ev\/\" title=\"Indul az \u00e9v!\"><img data-opt-id=425699261  loading=\"lazy\" decoding=\"async\" width=\"1414\" height=\"2000\" src=\"https:\/\/mladjxeqsxgv.i.optimole.com\/cb:B3zE.b136\/w:auto\/h:auto\/q:mauto\/f:best\/https:\/\/ctalker.org\/wp-content\/uploads\/2024\/01\/KUrbli-plakatok-2022.-nov-2024.-maj.-2.jpg\" class=\"img-responsive no-lazy wp-post-image\" alt=\"KUrbli plak\u00e1tok 2022. nov-2024. m\u00e1j. (2)\" srcset=\"https:\/\/mladjxeqsxgv.i.optimole.com\/cb:B3zE.b136\/w:763\/h:1080\/q:mauto\/f:best\/https:\/\/ctalker.org\/wp-content\/uploads\/2024\/01\/KUrbli-plakatok-2022.-nov-2024.-maj.-2.jpg 1414w, https:\/\/mladjxeqsxgv.i.optimole.com\/cb:B3zE.b136\/w:212\/h:300\/q:mauto\/f:best\/https:\/\/ctalker.org\/wp-content\/uploads\/2024\/01\/KUrbli-plakatok-2022.-nov-2024.-maj.-2.jpg 212w, https:\/\/mladjxeqsxgv.i.optimole.com\/cb:B3zE.b136\/w:724\/h:1024\/q:mauto\/f:best\/https:\/\/ctalker.org\/wp-content\/uploads\/2024\/01\/KUrbli-plakatok-2022.-nov-2024.-maj.-2.jpg 724w, https:\/\/mladjxeqsxgv.i.optimole.com\/cb:B3zE.b136\/w:763\/h:1080\/q:mauto\/f:best\/https:\/\/ctalker.org\/wp-content\/uploads\/2024\/01\/KUrbli-plakatok-2022.-nov-2024.-maj.-2.jpg 768w, https:\/\/mladjxeqsxgv.i.optimole.com\/cb:B3zE.b136\/w:763\/h:1080\/q:mauto\/f:best\/https:\/\/ctalker.org\/wp-content\/uploads\/2024\/01\/KUrbli-plakatok-2022.-nov-2024.-maj.-2.jpg 1086w, https:\/\/mladjxeqsxgv.i.optimole.com\/cb:B3zE.b136\/w:763\/h:1080\/q:mauto\/f:best\/dpr:2\/https:\/\/ctalker.org\/wp-content\/uploads\/2024\/01\/KUrbli-plakatok-2022.-nov-2024.-maj.-2.jpg 2x\" sizes=\"(max-width: 1000px) 100vw, 1000px\" \/><\/a><\/div><div class=\"obfx-grid-col-content\">\t\t\t<h2 class=\"entry-title obfx-grid-title\">\n\t\t\t\t\t\t\t<a href=\"https:\/\/ctalker.org\/en\/2024\/01\/12\/indul-az-ev\/\" title=\"Indul az \u00e9v!\">\n\t\t\t\t\tIndul az \u00e9v!\t\t\t\t<\/a>\n\t\t\t\t\t\t\t<\/h2>\n\t\t\t\t\t\t\t<div class=\"entry-meta obfx-grid-meta\">\n\n\t\t\t\t\t\t\t\t\t\t\t\t\t<span class=\"obfx-grid-author\">\n\t\t\t\t\t\t\t\t\t<i class=\"fas fa-user\"><\/i>kriszti\u0430n\t\t\t\t\t\t\t\t<\/span>\n\t\t\t\t\t\t\t\t\t\t\t\t\t\t\t\t<span class=\"obfx-grid-date\">\n\t\t\t\t\t\t\t\t\t<i class=\"fas fa-calendar\"><\/i>12-01-2024\t\t\t\t\t\t\t\t<\/span>\n\t\t\t\t\t\t\t\t\n\t\t\t\t<\/div>\n\t\t\t\t\t\t\t<div class=\"entry-content obfx-grid-content\">\n\t\t\t\tV\u00e1runk Benneteket! A programot t\u00e1mogatta:\t\t\t<\/div>\n\t\t\t<\/div><\/article><\/div><div class=\"obfx-grid-wrapper\"><article class=\"obfx-grid-col\"><div class=\"obfx-grid-col-image\" style=\"\"><a href=\"https:\/\/ctalker.org\/en\/2024\/01\/09\/uj-moziideny-kezdodik\/\" title=\"\u00daj moziid\u00e9ny kezd\u0151dik!\"><img data-opt-id=1356886926  loading=\"lazy\" decoding=\"async\" width=\"1414\" height=\"2000\" src=\"https:\/\/mladjxeqsxgv.i.optimole.com\/cb:B3zE.b136\/w:auto\/h:auto\/q:mauto\/f:best\/https:\/\/ctalker.org\/wp-content\/uploads\/2024\/01\/KUrbli-plakatok-2022.-nov-2024.-maj.-1.jpg\" class=\"img-responsive no-lazy wp-post-image\" alt=\"KUrbli plak\u00e1tok 2022. nov-2024. m\u00e1j. (1)\" srcset=\"https:\/\/mladjxeqsxgv.i.optimole.com\/cb:B3zE.b136\/w:763\/h:1080\/q:mauto\/f:best\/https:\/\/ctalker.org\/wp-content\/uploads\/2024\/01\/KUrbli-plakatok-2022.-nov-2024.-maj.-1.jpg 1414w, https:\/\/mladjxeqsxgv.i.optimole.com\/cb:B3zE.b136\/w:212\/h:300\/q:mauto\/f:best\/https:\/\/ctalker.org\/wp-content\/uploads\/2024\/01\/KUrbli-plakatok-2022.-nov-2024.-maj.-1.jpg 212w, https:\/\/mladjxeqsxgv.i.optimole.com\/cb:B3zE.b136\/w:724\/h:1024\/q:mauto\/f:best\/https:\/\/ctalker.org\/wp-content\/uploads\/2024\/01\/KUrbli-plakatok-2022.-nov-2024.-maj.-1.jpg 724w, https:\/\/mladjxeqsxgv.i.optimole.com\/cb:B3zE.b136\/w:763\/h:1080\/q:mauto\/f:best\/https:\/\/ctalker.org\/wp-content\/uploads\/2024\/01\/KUrbli-plakatok-2022.-nov-2024.-maj.-1.jpg 768w, https:\/\/mladjxeqsxgv.i.optimole.com\/cb:B3zE.b136\/w:763\/h:1080\/q:mauto\/f:best\/https:\/\/ctalker.org\/wp-content\/uploads\/2024\/01\/KUrbli-plakatok-2022.-nov-2024.-maj.-1.jpg 1086w, https:\/\/mladjxeqsxgv.i.optimole.com\/cb:B3zE.b136\/w:763\/h:1080\/q:mauto\/f:best\/dpr:2\/https:\/\/ctalker.org\/wp-content\/uploads\/2024\/01\/KUrbli-plakatok-2022.-nov-2024.-maj.-1.jpg 2x\" sizes=\"(max-width: 1000px) 100vw, 1000px\" \/><\/a><\/div><div class=\"obfx-grid-col-content\">\t\t\t<h2 class=\"entry-title obfx-grid-title\">\n\t\t\t\t\t\t\t<a href=\"https:\/\/ctalker.org\/en\/2024\/01\/09\/uj-moziideny-kezdodik\/\" title=\"\u00daj moziid\u00e9ny kezd\u0151dik!\">\n\t\t\t\t\t\u00daj moziid\u00e9ny kezd\u0151dik!\t\t\t\t<\/a>\n\t\t\t\t\t\t\t<\/h2>\n\t\t\t\t\t\t\t<div class=\"entry-meta obfx-grid-meta\">\n\n\t\t\t\t\t\t\t\t\t\t\t\t\t<span class=\"obfx-grid-author\">\n\t\t\t\t\t\t\t\t\t<i class=\"fas fa-user\"><\/i>kriszti\u0430n\t\t\t\t\t\t\t\t<\/span>\n\t\t\t\t\t\t\t\t\t\t\t\t\t\t\t\t<span class=\"obfx-grid-date\">\n\t\t\t\t\t\t\t\t\t<i class=\"fas fa-calendar\"><\/i>09-01-2024\t\t\t\t\t\t\t\t<\/span>\n\t\t\t\t\t\t\t\t\n\t\t\t\t<\/div>\n\t\t\t\t\t\t\t<div class=\"entry-content obfx-grid-content\">\n\t\t\t\tKedves K\u00f6z\u00f6ns\u00e9g! \u00daj moziid\u00e9ny kezd\u0151dik, hetente meg\u00fajul\u00f3 v\u00e1logat\u00e1sokkal. Ehhez most itt van egy filmes t\u00e9rk\u00e9p, ami 2024. janu\u00e1r \u00e9s j\u00fanius k\u00f6z\u00f6tt fel\u00e1ll\u00edtott tematikus sorozatokban seg\u00edti az eligazod\u00e1st \u00e9s a programok&hellip;\t\t\t<\/div>\n\t\t\t<\/div><\/article><\/div><div class=\"obfx-grid-wrapper\"><article class=\"obfx-grid-col\"><div class=\"obfx-grid-col-image\" style=\"\"><a href=\"https:\/\/ctalker.org\/en\/2023\/12\/24\/aldott-unnepet-kivanunk\/\" title=\"\u00c1ldott \u00dcnnepet K\u00edv\u00e1nunk!\"><img data-opt-id=2043272626  loading=\"lazy\" decoding=\"async\" width=\"1748\" height=\"1240\" src=\"https:\/\/mladjxeqsxgv.i.optimole.com\/cb:B3zE.b136\/w:auto\/h:auto\/q:mauto\/f:best\/https:\/\/ctalker.org\/wp-content\/uploads\/2023\/12\/Zold-Fak-es-Ho-Karacsony-Muveszet-Kepeslap.jpg\" class=\"img-responsive no-lazy wp-post-image\" alt=\"Zold-Fak-es-Ho-Karacsony-Muveszet-Kepeslap\" srcset=\"https:\/\/mladjxeqsxgv.i.optimole.com\/cb:B3zE.b136\/w:1522\/h:1080\/q:mauto\/f:best\/https:\/\/ctalker.org\/wp-content\/uploads\/2023\/12\/Zold-Fak-es-Ho-Karacsony-Muveszet-Kepeslap.jpg 1748w, https:\/\/mladjxeqsxgv.i.optimole.com\/cb:B3zE.b136\/w:300\/h:213\/q:mauto\/f:best\/https:\/\/ctalker.org\/wp-content\/uploads\/2023\/12\/Zold-Fak-es-Ho-Karacsony-Muveszet-Kepeslap.jpg 300w, https:\/\/mladjxeqsxgv.i.optimole.com\/cb:B3zE.b136\/w:1024\/h:726\/q:mauto\/f:best\/https:\/\/ctalker.org\/wp-content\/uploads\/2023\/12\/Zold-Fak-es-Ho-Karacsony-Muveszet-Kepeslap.jpg 1024w, https:\/\/mladjxeqsxgv.i.optimole.com\/cb:B3zE.b136\/w:768\/h:545\/q:mauto\/f:best\/https:\/\/ctalker.org\/wp-content\/uploads\/2023\/12\/Zold-Fak-es-Ho-Karacsony-Muveszet-Kepeslap.jpg 768w, https:\/\/mladjxeqsxgv.i.optimole.com\/cb:B3zE.b136\/w:1521\/h:1080\/q:mauto\/f:best\/https:\/\/ctalker.org\/wp-content\/uploads\/2023\/12\/Zold-Fak-es-Ho-Karacsony-Muveszet-Kepeslap.jpg 1536w, https:\/\/mladjxeqsxgv.i.optimole.com\/cb:B3zE.b136\/w:1522\/h:1080\/q:mauto\/f:best\/dpr:2\/https:\/\/ctalker.org\/wp-content\/uploads\/2023\/12\/Zold-Fak-es-Ho-Karacsony-Muveszet-Kepeslap.jpg 2x\" sizes=\"(max-width: 1000px) 100vw, 1000px\" \/><\/a><\/div><div class=\"obfx-grid-col-content\">\t\t\t<h2 class=\"entry-title obfx-grid-title\">\n\t\t\t\t\t\t\t<a href=\"https:\/\/ctalker.org\/en\/2023\/12\/24\/aldott-unnepet-kivanunk\/\" title=\"\u00c1ldott \u00dcnnepet K\u00edv\u00e1nunk!\">\n\t\t\t\t\t\u00c1ldott \u00dcnnepet K\u00edv\u00e1nunk!\t\t\t\t<\/a>\n\t\t\t\t\t\t\t<\/h2>\n\t\t\t\t\t\t\t<div class=\"entry-meta obfx-grid-meta\">\n\n\t\t\t\t\t\t\t\t\t\t\t\t\t<span class=\"obfx-grid-author\">\n\t\t\t\t\t\t\t\t\t<i class=\"fas fa-user\"><\/i>Kari\t\t\t\t\t\t\t\t<\/span>\n\t\t\t\t\t\t\t\t\t\t\t\t\t\t\t\t<span class=\"obfx-grid-date\">\n\t\t\t\t\t\t\t\t\t<i class=\"fas fa-calendar\"><\/i>24-12-2023\t\t\t\t\t\t\t\t<\/span>\n\t\t\t\t\t\t\t\t\n\t\t\t\t<\/div>\n\t\t\t\t\t\t\t<div class=\"entry-content obfx-grid-content\">\n\t\t\t\t\t\t\t<\/div>\n\t\t\t<\/div><\/article><\/div><div class=\"obfx-grid-wrapper\"><article class=\"obfx-grid-col\"><div class=\"obfx-grid-col-image\" style=\"\"><a href=\"https:\/\/ctalker.org\/en\/2023\/12\/14\/cristian-mungiu-r-m-n-moldovan-orsolya-beszelgetunk\/\" title=\"Kurbli Filmklub: besz\u00e9lget\u00e9s Moldov\u00e1n Orsolya, erd\u00e9lyi sz\u00edn\u00e9szn\u0151vel, Cristian Mungiu R.M.N. c\u00edm\u0171 filmj\u00e9r\u0151l\"><img data-opt-id=1970180238  loading=\"lazy\" decoding=\"async\" width=\"2011\" height=\"1000\" src=\"https:\/\/mladjxeqsxgv.i.optimole.com\/cb:B3zE.b136\/w:auto\/h:auto\/q:mauto\/f:best\/https:\/\/ctalker.org\/wp-content\/uploads\/2023\/12\/r.m.n.-cristian-mungiu-trailer.jpg\" class=\"img-responsive no-lazy wp-post-image\" alt=\"r.m.n.-cristian-mungiu-trailer\" srcset=\"https:\/\/mladjxeqsxgv.i.optimole.com\/cb:B3zE.b136\/w:1920\/h:954\/q:mauto\/f:best\/https:\/\/ctalker.org\/wp-content\/uploads\/2023\/12\/r.m.n.-cristian-mungiu-trailer.jpg 2011w, https:\/\/mladjxeqsxgv.i.optimole.com\/cb:B3zE.b136\/w:300\/h:149\/q:mauto\/f:best\/https:\/\/ctalker.org\/wp-content\/uploads\/2023\/12\/r.m.n.-cristian-mungiu-trailer.jpg 300w, https:\/\/mladjxeqsxgv.i.optimole.com\/cb:B3zE.b136\/w:1024\/h:509\/q:mauto\/f:best\/https:\/\/ctalker.org\/wp-content\/uploads\/2023\/12\/r.m.n.-cristian-mungiu-trailer.jpg 1024w, https:\/\/mladjxeqsxgv.i.optimole.com\/cb:B3zE.b136\/w:768\/h:382\/q:mauto\/f:best\/https:\/\/ctalker.org\/wp-content\/uploads\/2023\/12\/r.m.n.-cristian-mungiu-trailer.jpg 768w, https:\/\/mladjxeqsxgv.i.optimole.com\/cb:B3zE.b136\/w:1536\/h:764\/q:mauto\/f:best\/https:\/\/ctalker.org\/wp-content\/uploads\/2023\/12\/r.m.n.-cristian-mungiu-trailer.jpg 1536w, https:\/\/mladjxeqsxgv.i.optimole.com\/cb:B3zE.b136\/w:1920\/h:954\/q:mauto\/f:best\/dpr:2\/https:\/\/ctalker.org\/wp-content\/uploads\/2023\/12\/r.m.n.-cristian-mungiu-trailer.jpg 2x\" sizes=\"(max-width: 1000px) 100vw, 1000px\" \/><\/a><\/div><div class=\"obfx-grid-col-content\">\t\t\t<h2 class=\"entry-title obfx-grid-title\">\n\t\t\t\t\t\t\t<a href=\"https:\/\/ctalker.org\/en\/2023\/12\/14\/cristian-mungiu-r-m-n-moldovan-orsolya-beszelgetunk\/\" title=\"Kurbli Filmklub: besz\u00e9lget\u00e9s Moldov\u00e1n Orsolya, erd\u00e9lyi sz\u00edn\u00e9szn\u0151vel, Cristian Mungiu R.M.N. c\u00edm\u0171 filmj\u00e9r\u0151l\">\n\t\t\t\t\tKurbli Filmklub: besz\u00e9lget\u00e9s Moldov\u00e1n Orsolya, erd\u00e9lyi sz\u00edn\u00e9szn\u0151vel, Cristian Mungiu R.M.N. c\u00edm\u0171 filmj\u00e9r\u0151l\t\t\t\t<\/a>\n\t\t\t\t\t\t\t<\/h2>\n\t\t\t\t\t\t\t<div class=\"entry-meta obfx-grid-meta\">\n\n\t\t\t\t\t\t\t\t\t\t\t\t\t<span class=\"obfx-grid-author\">\n\t\t\t\t\t\t\t\t\t<i class=\"fas fa-user\"><\/i>kriszti\u0430n\t\t\t\t\t\t\t\t<\/span>\n\t\t\t\t\t\t\t\t\t\t\t\t\t\t\t\t<span class=\"obfx-grid-date\">\n\t\t\t\t\t\t\t\t\t<i class=\"fas fa-calendar\"><\/i>14-12-2023\t\t\t\t\t\t\t\t<\/span>\n\t\t\t\t\t\t\t\t\n\t\t\t\t<\/div>\n\t\t\t\t\t\t\t<div class=\"entry-content obfx-grid-content\">\n\t\t\t\tDecember 12-\u00e9n, rendhagy\u00f3 Kurbli vet\u00edt\u00e9st tartottunk. Megn\u00e9zt\u00fck a rom\u00e1n \u00faj hull\u00e1m egyik legfontosabb alkot\u00f3j\u00e1nak, Cristian Mungiunak R.M.N. c\u00edm\u0171 filmdr\u00e1m\u00e1j\u00e1t. A filmr\u0151l b\u0151vebben itt olvashattok: https:\/\/ctalker.org\/?p=3112 Az R.M.N. szerepl\u0151i k\u00f6z\u00f6tt a&hellip;\t\t\t<\/div>\n\t\t\t<\/div><\/article><\/div><div class=\"obfx-grid-wrapper\"><article class=\"obfx-grid-col\"><div class=\"obfx-grid-col-image\" style=\"\"><a href=\"https:\/\/ctalker.org\/en\/2023\/12\/11\/cristian-mungiu-r-m-n-vetites-beszelgetes-moldovan-orsolya-erdelyi-szinmuvesszel\/\" title=\"Kurbli Filmklub: Cristian Mungiu-R.M.N\/vet\u00edt\u00e9s+ besz\u00e9lget\u00e9s Moldov\u00e1n Orsolya erd\u00e9lyi sz\u00ednm\u0171v\u00e9sszel\"><img data-opt-id=1903319861  loading=\"lazy\" decoding=\"async\" width=\"663\" height=\"461\" src=\"https:\/\/mladjxeqsxgv.i.optimole.com\/cb:B3zE.b136\/w:auto\/h:auto\/q:mauto\/f:best\/https:\/\/ctalker.org\/wp-content\/uploads\/2023\/12\/406643196_729773502520556_4647015527369510173_n.jpg\" class=\"img-responsive no-lazy wp-post-image\" alt=\"406643196_729773502520556_4647015527369510173_n\" srcset=\"https:\/\/mladjxeqsxgv.i.optimole.com\/cb:B3zE.b136\/w:663\/h:461\/q:mauto\/f:best\/https:\/\/ctalker.org\/wp-content\/uploads\/2023\/12\/406643196_729773502520556_4647015527369510173_n.jpg 663w, https:\/\/mladjxeqsxgv.i.optimole.com\/cb:B3zE.b136\/w:300\/h:209\/q:mauto\/f:best\/https:\/\/ctalker.org\/wp-content\/uploads\/2023\/12\/406643196_729773502520556_4647015527369510173_n.jpg 300w, https:\/\/mladjxeqsxgv.i.optimole.com\/cb:B3zE.b136\/w:663\/h:461\/q:mauto\/f:best\/dpr:2\/https:\/\/ctalker.org\/wp-content\/uploads\/2023\/12\/406643196_729773502520556_4647015527369510173_n.jpg 2x\" sizes=\"(max-width: 663px) 100vw, 663px\" \/><\/a><\/div><div class=\"obfx-grid-col-content\">\t\t\t<h2 class=\"entry-title obfx-grid-title\">\n\t\t\t\t\t\t\t<a href=\"https:\/\/ctalker.org\/en\/2023\/12\/11\/cristian-mungiu-r-m-n-vetites-beszelgetes-moldovan-orsolya-erdelyi-szinmuvesszel\/\" title=\"Kurbli Filmklub: Cristian Mungiu-R.M.N\/vet\u00edt\u00e9s+ besz\u00e9lget\u00e9s Moldov\u00e1n Orsolya erd\u00e9lyi sz\u00ednm\u0171v\u00e9sszel\">\n\t\t\t\t\tKurbli Filmklub: Cristian Mungiu-R.M.N\/vet\u00edt\u00e9s+ besz\u00e9lget\u00e9s Moldov\u00e1n Orsolya erd\u00e9lyi sz\u00ednm\u0171v\u00e9sszel\t\t\t\t<\/a>\n\t\t\t\t\t\t\t<\/h2>\n\t\t\t\t\t\t\t<div class=\"entry-meta obfx-grid-meta\">\n\n\t\t\t\t\t\t\t\t\t\t\t\t\t<span class=\"obfx-grid-author\">\n\t\t\t\t\t\t\t\t\t<i class=\"fas fa-user\"><\/i>kriszti\u0430n\t\t\t\t\t\t\t\t<\/span>\n\t\t\t\t\t\t\t\t\t\t\t\t\t\t\t\t<span class=\"obfx-grid-date\">\n\t\t\t\t\t\t\t\t\t<i class=\"fas fa-calendar\"><\/i>11-12-2023\t\t\t\t\t\t\t\t<\/span>\n\t\t\t\t\t\t\t\t\n\t\t\t\t<\/div>\n\t\t\t\t\t\t\t<div class=\"entry-content obfx-grid-content\">\n\t\t\t\tSzabadka\/2023. 12. 11. Cristian Mungiu: R.M.N, rom\u00e1n (magyar) filmdr\u00e1ma, 125 perc, 2022 Mungiu minden id\u0151k tal\u00e1n legfontosabb rom\u00e1n filmrendez\u0151je. Leg\u00fajabb, t\u00f6bbr\u00e9teg\u0171 alkot\u00e1s\u00e1nak bemutat\u00e1s\u00e1val,\u00a0a Kurbliban elkezd\u0151dik\u00a0a k\u00f6z\u00f6s gondolkod\u00e1s a m\u00e1ra vil\u00e1gh\u00edr\u0171v\u00e9&hellip;\t\t\t<\/div>\n\t\t\t<\/div><\/article><\/div><div class=\"obfx-grid-wrapper\"><article class=\"obfx-grid-col\"><div class=\"obfx-grid-col-image\" style=\"\"><a href=\"https:\/\/ctalker.org\/en\/2023\/12\/05\/kurbli-filmklub-takeshi-kitano-babok\/\" title=\"Kurbli Filmklub: Takeshi Kitano-B\u00e1bok\"><img data-opt-id=1047642318  loading=\"lazy\" decoding=\"async\" width=\"420\" height=\"251\" src=\"https:\/\/mladjxeqsxgv.i.optimole.com\/cb:B3zE.b136\/w:auto\/h:auto\/q:mauto\/f:best\/https:\/\/ctalker.org\/wp-content\/uploads\/2023\/12\/406918733_10233255206903610_2481889149941763065_n.jpg\" class=\"img-responsive no-lazy wp-post-image\" alt=\"406918733_10233255206903610_2481889149941763065_n\" srcset=\"https:\/\/mladjxeqsxgv.i.optimole.com\/cb:B3zE.b136\/w:420\/h:251\/q:mauto\/f:best\/https:\/\/ctalker.org\/wp-content\/uploads\/2023\/12\/406918733_10233255206903610_2481889149941763065_n.jpg 420w, https:\/\/mladjxeqsxgv.i.optimole.com\/cb:B3zE.b136\/w:300\/h:179\/q:mauto\/f:best\/https:\/\/ctalker.org\/wp-content\/uploads\/2023\/12\/406918733_10233255206903610_2481889149941763065_n.jpg 300w, https:\/\/mladjxeqsxgv.i.optimole.com\/cb:B3zE.b136\/w:420\/h:251\/q:mauto\/f:best\/dpr:2\/https:\/\/ctalker.org\/wp-content\/uploads\/2023\/12\/406918733_10233255206903610_2481889149941763065_n.jpg 2x\" sizes=\"(max-width: 420px) 100vw, 420px\" \/><\/a><\/div><div class=\"obfx-grid-col-content\">\t\t\t<h2 class=\"entry-title obfx-grid-title\">\n\t\t\t\t\t\t\t<a href=\"https:\/\/ctalker.org\/en\/2023\/12\/05\/kurbli-filmklub-takeshi-kitano-babok\/\" title=\"Kurbli Filmklub: Takeshi Kitano-B\u00e1bok\">\n\t\t\t\t\tKurbli Filmklub: Takeshi Kitano-B\u00e1bok\t\t\t\t<\/a>\n\t\t\t\t\t\t\t<\/h2>\n\t\t\t\t\t\t\t<div class=\"entry-meta obfx-grid-meta\">\n\n\t\t\t\t\t\t\t\t\t\t\t\t\t<span class=\"obfx-grid-author\">\n\t\t\t\t\t\t\t\t\t<i class=\"fas fa-user\"><\/i>Kari\t\t\t\t\t\t\t\t<\/span>\n\t\t\t\t\t\t\t\t\t\t\t\t\t\t\t\t<span class=\"obfx-grid-date\">\n\t\t\t\t\t\t\t\t\t<i class=\"fas fa-calendar\"><\/i>05-12-2023\t\t\t\t\t\t\t\t<\/span>\n\t\t\t\t\t\t\t\t\n\t\t\t\t<\/div>\n\t\t\t\t\t\t\t<div class=\"entry-content obfx-grid-content\">\n\t\t\t\tSzabadka\/2023.12.05. Takeshi Kitano: B\u00e1bok, 2002, jap\u00e1n romantikus dr\u00e1ma, 114 p. A\u00a0B\u00e1bok, hasonl\u00f3an Wong Kar-wai\u00a0Szerelemre hangolva\u00a0c\u00edm\u0171 romantikus mesterm\u0171v\u00e9hez, Kitano p\u00e1ly\u00e1j\u00e1nak rendhagy\u00f3 rendez\u00e9se, egy v\u00e9gletesen lecsupasz\u00edtott \u00e9s stiliz\u00e1lt melodr\u00e1ma Ezen filmek szerz\u0151inek&hellip;\t\t\t<\/div>\n\t\t\t<\/div><\/article><\/div><div class=\"obfx-grid-wrapper\"><article class=\"obfx-grid-col\"><div class=\"obfx-grid-col-image\" style=\"\"><a href=\"https:\/\/ctalker.org\/en\/2023\/12\/01\/decemberi-kurbli-musor-2\/\" title=\"Decemberi Kurbli M\u0171sor\"><img data-opt-id=1356020648  loading=\"lazy\" decoding=\"async\" width=\"1414\" height=\"2000\" src=\"https:\/\/mladjxeqsxgv.i.optimole.com\/cb:B3zE.b136\/w:auto\/h:auto\/q:mauto\/f:best\/https:\/\/ctalker.org\/wp-content\/uploads\/2023\/12\/KUrbli-plakatok-2022.-nov-2024.-maj.-1.jpg\" class=\"img-responsive no-lazy wp-post-image\" alt=\"KUrbli-plakatok-2022.-nov-2024.-maj.-1\" srcset=\"https:\/\/mladjxeqsxgv.i.optimole.com\/cb:B3zE.b136\/w:763\/h:1080\/q:mauto\/f:best\/https:\/\/ctalker.org\/wp-content\/uploads\/2023\/12\/KUrbli-plakatok-2022.-nov-2024.-maj.-1.jpg 1414w, https:\/\/mladjxeqsxgv.i.optimole.com\/cb:B3zE.b136\/w:212\/h:300\/q:mauto\/f:best\/https:\/\/ctalker.org\/wp-content\/uploads\/2023\/12\/KUrbli-plakatok-2022.-nov-2024.-maj.-1.jpg 212w, https:\/\/mladjxeqsxgv.i.optimole.com\/cb:B3zE.b136\/w:724\/h:1024\/q:mauto\/f:best\/https:\/\/ctalker.org\/wp-content\/uploads\/2023\/12\/KUrbli-plakatok-2022.-nov-2024.-maj.-1.jpg 724w, https:\/\/mladjxeqsxgv.i.optimole.com\/cb:B3zE.b136\/w:763\/h:1080\/q:mauto\/f:best\/https:\/\/ctalker.org\/wp-content\/uploads\/2023\/12\/KUrbli-plakatok-2022.-nov-2024.-maj.-1.jpg 768w, https:\/\/mladjxeqsxgv.i.optimole.com\/cb:B3zE.b136\/w:763\/h:1080\/q:mauto\/f:best\/https:\/\/ctalker.org\/wp-content\/uploads\/2023\/12\/KUrbli-plakatok-2022.-nov-2024.-maj.-1.jpg 1086w, https:\/\/mladjxeqsxgv.i.optimole.com\/cb:B3zE.b136\/w:763\/h:1080\/q:mauto\/f:best\/dpr:2\/https:\/\/ctalker.org\/wp-content\/uploads\/2023\/12\/KUrbli-plakatok-2022.-nov-2024.-maj.-1.jpg 2x\" sizes=\"(max-width: 1000px) 100vw, 1000px\" \/><\/a><\/div><div class=\"obfx-grid-col-content\">\t\t\t<h2 class=\"entry-title obfx-grid-title\">\n\t\t\t\t\t\t\t<a href=\"https:\/\/ctalker.org\/en\/2023\/12\/01\/decemberi-kurbli-musor-2\/\" title=\"Decemberi Kurbli M\u0171sor\">\n\t\t\t\t\tDecemberi Kurbli M\u0171sor\t\t\t\t<\/a>\n\t\t\t\t\t\t\t<\/h2>\n\t\t\t\t\t\t\t<div class=\"entry-meta obfx-grid-meta\">\n\n\t\t\t\t\t\t\t\t\t\t\t\t\t<span class=\"obfx-grid-author\">\n\t\t\t\t\t\t\t\t\t<i class=\"fas fa-user\"><\/i>Kari\t\t\t\t\t\t\t\t<\/span>\n\t\t\t\t\t\t\t\t\t\t\t\t\t\t\t\t<span class=\"obfx-grid-date\">\n\t\t\t\t\t\t\t\t\t<i class=\"fas fa-calendar\"><\/i>01-12-2023\t\t\t\t\t\t\t\t<\/span>\n\t\t\t\t\t\t\t\t\n\t\t\t\t<\/div>\n\t\t\t\t\t\t\t<div class=\"entry-content obfx-grid-content\">\n\t\t\t\tIzgalmas, v\u00e1ltozatos \u00e9s meglepet\u00e9sekkel teli h\u00f3nap v\u00e1r r\u00e1nk a filmklubban!\t\t\t<\/div>\n\t\t\t<\/div><\/article><\/div><div class=\"obfx-grid-wrapper\"><article class=\"obfx-grid-col\"><div class=\"obfx-grid-col-image\" style=\"\"><a href=\"https:\/\/ctalker.org\/en\/2023\/11\/28\/kurbli-filmklub-bernath-szilard-larry\/\" title=\"Kurbli Filmklub: Bern\u00e1th Szil\u00e1rd-Larry\"><img data-opt-id=2093790641  loading=\"lazy\" decoding=\"async\" width=\"1199\" height=\"630\" src=\"https:\/\/mladjxeqsxgv.i.optimole.com\/cb:B3zE.b136\/w:auto\/h:auto\/q:mauto\/f:best\/https:\/\/ctalker.org\/wp-content\/uploads\/2023\/12\/405955816_10233221707346142_6883953059277124739_n.jpg\" class=\"img-responsive no-lazy wp-post-image\" alt=\"405955816_10233221707346142_6883953059277124739_n\" srcset=\"https:\/\/mladjxeqsxgv.i.optimole.com\/cb:B3zE.b136\/w:1199\/h:630\/q:mauto\/f:best\/https:\/\/ctalker.org\/wp-content\/uploads\/2023\/12\/405955816_10233221707346142_6883953059277124739_n.jpg 1199w, https:\/\/mladjxeqsxgv.i.optimole.com\/cb:B3zE.b136\/w:300\/h:158\/q:mauto\/f:best\/https:\/\/ctalker.org\/wp-content\/uploads\/2023\/12\/405955816_10233221707346142_6883953059277124739_n.jpg 300w, https:\/\/mladjxeqsxgv.i.optimole.com\/cb:B3zE.b136\/w:1024\/h:538\/q:mauto\/f:best\/https:\/\/ctalker.org\/wp-content\/uploads\/2023\/12\/405955816_10233221707346142_6883953059277124739_n.jpg 1024w, https:\/\/mladjxeqsxgv.i.optimole.com\/cb:B3zE.b136\/w:768\/h:404\/q:mauto\/f:best\/https:\/\/ctalker.org\/wp-content\/uploads\/2023\/12\/405955816_10233221707346142_6883953059277124739_n.jpg 768w, https:\/\/mladjxeqsxgv.i.optimole.com\/cb:B3zE.b136\/w:1199\/h:630\/q:mauto\/f:best\/dpr:2\/https:\/\/ctalker.org\/wp-content\/uploads\/2023\/12\/405955816_10233221707346142_6883953059277124739_n.jpg 2x\" sizes=\"(max-width: 1000px) 100vw, 1000px\" \/><\/a><\/div><div class=\"obfx-grid-col-content\">\t\t\t<h2 class=\"entry-title obfx-grid-title\">\n\t\t\t\t\t\t\t<a href=\"https:\/\/ctalker.org\/en\/2023\/11\/28\/kurbli-filmklub-bernath-szilard-larry\/\" title=\"Kurbli Filmklub: Bern\u00e1th Szil\u00e1rd-Larry\">\n\t\t\t\t\tKurbli Filmklub: Bern\u00e1th Szil\u00e1rd-Larry\t\t\t\t<\/a>\n\t\t\t\t\t\t\t<\/h2>\n\t\t\t\t\t\t\t<div class=\"entry-meta obfx-grid-meta\">\n\n\t\t\t\t\t\t\t\t\t\t\t\t\t<span class=\"obfx-grid-author\">\n\t\t\t\t\t\t\t\t\t<i class=\"fas fa-user\"><\/i>Kari\t\t\t\t\t\t\t\t<\/span>\n\t\t\t\t\t\t\t\t\t\t\t\t\t\t\t\t<span class=\"obfx-grid-date\">\n\t\t\t\t\t\t\t\t\t<i class=\"fas fa-calendar\"><\/i>28-11-2023\t\t\t\t\t\t\t\t<\/span>\n\t\t\t\t\t\t\t\t\n\t\t\t\t<\/div>\n\t\t\t\t\t\t\t<div class=\"entry-content obfx-grid-content\">\n\t\t\t\tSzabadka\/2023.11.28. Bern\u00e1th Szil\u00e1rd: Larry, 2022, magyar filmdr\u00e1ma, 108 p. \u00c1d\u00e1m, a 21 \u00e9ves als\u00f3-borsodi p\u00e1sztor, apj\u00e1val \u00e9l.\u00a0A helyzete term\u00e9szetesen halmozottan h\u00e1tr\u00e1nyos, ahogy az egy igazi\u00a0felemelked\u00e9s-t\u00f6rt\u00e9nett\u0151l elv\u00e1rhat\u00f3 \u2013 nem el\u00e9g a&hellip;\t\t\t<\/div>\n\t\t\t<\/div><\/article><\/div><div class=\"obfx-grid-wrapper\"><article class=\"obfx-grid-col\"><div class=\"obfx-grid-col-image\" style=\"\"><a href=\"https:\/\/ctalker.org\/en\/2023\/11\/21\/kurbli-filmklub-guillermo-del-toro-ordoggerinc\/\" title=\"Kurbli Filmklub: Guillermo Del Toro-\u00d6rd\u00f6ggerinc\"><img data-opt-id=1345840483  loading=\"lazy\" decoding=\"async\" width=\"1920\" height=\"1080\" src=\"https:\/\/mladjxeqsxgv.i.optimole.com\/cb:B3zE.b136\/w:auto\/h:auto\/q:mauto\/f:best\/https:\/\/ctalker.org\/wp-content\/uploads\/2023\/12\/403137744_10233183511111260_2992613877981810934_n.jpg\" class=\"img-responsive no-lazy wp-post-image\" alt=\"403137744_10233183511111260_2992613877981810934_n\" srcset=\"https:\/\/mladjxeqsxgv.i.optimole.com\/cb:B3zE.b136\/w:1920\/h:1080\/q:mauto\/f:best\/https:\/\/ctalker.org\/wp-content\/uploads\/2023\/12\/403137744_10233183511111260_2992613877981810934_n.jpg 1920w, https:\/\/mladjxeqsxgv.i.optimole.com\/cb:B3zE.b136\/w:300\/h:169\/q:mauto\/f:best\/https:\/\/ctalker.org\/wp-content\/uploads\/2023\/12\/403137744_10233183511111260_2992613877981810934_n.jpg 300w, https:\/\/mladjxeqsxgv.i.optimole.com\/cb:B3zE.b136\/w:1024\/h:576\/q:mauto\/f:best\/https:\/\/ctalker.org\/wp-content\/uploads\/2023\/12\/403137744_10233183511111260_2992613877981810934_n.jpg 1024w, https:\/\/mladjxeqsxgv.i.optimole.com\/cb:B3zE.b136\/w:768\/h:432\/q:mauto\/f:best\/https:\/\/ctalker.org\/wp-content\/uploads\/2023\/12\/403137744_10233183511111260_2992613877981810934_n.jpg 768w, https:\/\/mladjxeqsxgv.i.optimole.com\/cb:B3zE.b136\/w:1536\/h:864\/q:mauto\/f:best\/https:\/\/ctalker.org\/wp-content\/uploads\/2023\/12\/403137744_10233183511111260_2992613877981810934_n.jpg 1536w, https:\/\/mladjxeqsxgv.i.optimole.com\/cb:B3zE.b136\/w:1920\/h:1080\/q:mauto\/f:best\/dpr:2\/https:\/\/ctalker.org\/wp-content\/uploads\/2023\/12\/403137744_10233183511111260_2992613877981810934_n.jpg 2x\" sizes=\"(max-width: 1000px) 100vw, 1000px\" \/><\/a><\/div><div class=\"obfx-grid-col-content\">\t\t\t<h2 class=\"entry-title obfx-grid-title\">\n\t\t\t\t\t\t\t<a href=\"https:\/\/ctalker.org\/en\/2023\/11\/21\/kurbli-filmklub-guillermo-del-toro-ordoggerinc\/\" title=\"Kurbli Filmklub: Guillermo Del Toro-\u00d6rd\u00f6ggerinc\">\n\t\t\t\t\tKurbli Filmklub: Guillermo Del Toro-\u00d6rd\u00f6ggerinc\t\t\t\t<\/a>\n\t\t\t\t\t\t\t<\/h2>\n\t\t\t\t\t\t\t<div class=\"entry-meta obfx-grid-meta\">\n\n\t\t\t\t\t\t\t\t\t\t\t\t\t<span class=\"obfx-grid-author\">\n\t\t\t\t\t\t\t\t\t<i class=\"fas fa-user\"><\/i>Kari\t\t\t\t\t\t\t\t<\/span>\n\t\t\t\t\t\t\t\t\t\t\t\t\t\t\t\t<span class=\"obfx-grid-date\">\n\t\t\t\t\t\t\t\t\t<i class=\"fas fa-calendar\"><\/i>21-11-2023\t\t\t\t\t\t\t\t<\/span>\n\t\t\t\t\t\t\t\t\n\t\t\t\t<\/div>\n\t\t\t\t\t\t\t<div class=\"entry-content obfx-grid-content\">\n\t\t\t\tSzabadka\/2023.11.21. Guillermo Del Toro: \u00d6rd\u00f6ggerinc, 2001, spanyol-mexik\u00f3i h\u00e1bor\u00fas horror dr\u00e1ma, 106 p. A popul\u00e1ris amerikai zs\u00e1nerfilmeket k\u00e9sz\u00edt\u0151 mexik\u00f3i rendez\u0151t, spanyol polg\u00e1rh\u00e1bor\u00fas keretbe helyezett, er\u0151teljes szerz\u0151is\u00e9get \u00e1raszt\u00f3 r\u00e9m-dr\u00e1m\u00e1i teszik naggy\u00e1. F\u0151bb&hellip;\t\t\t<\/div>\n\t\t\t<\/div><\/article><\/div><div class=\"obfx-grid-wrapper\"><article class=\"obfx-grid-col\"><div class=\"obfx-grid-col-image\" style=\"\"><a href=\"https:\/\/ctalker.org\/en\/2023\/11\/14\/kurbli-filmklub-ulrich-seidl-kanikula\/\" title=\"Kurbli Filmklub: Ulrich Seidl-K\u00e1nikula\"><img data-opt-id=1746084609  loading=\"lazy\" decoding=\"async\" width=\"300\" height=\"168\" src=\"https:\/\/mladjxeqsxgv.i.optimole.com\/cb:B3zE.b136\/w:auto\/h:auto\/q:mauto\/f:best\/https:\/\/ctalker.org\/wp-content\/uploads\/2023\/12\/400545001_10233157174572863_8496283079209069379_n.jpg\" class=\"img-responsive no-lazy wp-post-image\" alt=\"400545001_10233157174572863_8496283079209069379_n\" srcset=\"https:\/\/mladjxeqsxgv.i.optimole.com\/cb:B3zE.b136\/w:300\/h:168\/q:mauto\/f:best\/https:\/\/ctalker.org\/wp-content\/uploads\/2023\/12\/400545001_10233157174572863_8496283079209069379_n.jpg 300w, https:\/\/mladjxeqsxgv.i.optimole.com\/cb:B3zE.b136\/w:300\/h:168\/q:mauto\/f:best\/dpr:2\/https:\/\/ctalker.org\/wp-content\/uploads\/2023\/12\/400545001_10233157174572863_8496283079209069379_n.jpg 2x\" sizes=\"(max-width: 300px) 100vw, 300px\" \/><\/a><\/div><div class=\"obfx-grid-col-content\">\t\t\t<h2 class=\"entry-title obfx-grid-title\">\n\t\t\t\t\t\t\t<a href=\"https:\/\/ctalker.org\/en\/2023\/11\/14\/kurbli-filmklub-ulrich-seidl-kanikula\/\" title=\"Kurbli Filmklub: Ulrich Seidl-K\u00e1nikula\">\n\t\t\t\t\tKurbli Filmklub: Ulrich Seidl-K\u00e1nikula\t\t\t\t<\/a>\n\t\t\t\t\t\t\t<\/h2>\n\t\t\t\t\t\t\t<div class=\"entry-meta obfx-grid-meta\">\n\n\t\t\t\t\t\t\t\t\t\t\t\t\t<span class=\"obfx-grid-author\">\n\t\t\t\t\t\t\t\t\t<i class=\"fas fa-user\"><\/i>Kari\t\t\t\t\t\t\t\t<\/span>\n\t\t\t\t\t\t\t\t\t\t\t\t\t\t\t\t<span class=\"obfx-grid-date\">\n\t\t\t\t\t\t\t\t\t<i class=\"fas fa-calendar\"><\/i>14-11-2023\t\t\t\t\t\t\t\t<\/span>\n\t\t\t\t\t\t\t\t\n\t\t\t\t<\/div>\n\t\t\t\t\t\t\t<div class=\"entry-content obfx-grid-content\">\n\t\t\t\tSzabadka\/2023.11.14. Ulrich Seidl: K\u00e1nikula, 2001, osztr\u00e1k filmdr\u00e1ma, 121 p. Az olykor n\u00e9z\u0151t k\u00ednoz\u00f3 Michael (Funny Games) Haneke rendez\u0151n\u00e9l 10 \u00e9vvel fiatalabb\u00a0Seidl az osztr\u00e1k t\u00e1rsadalom devi\u00e1ns jelens\u00e9geit \u00e9s torz figur\u00e1it mutatja&hellip;\t\t\t<\/div>\n\t\t\t<\/div><\/article><\/div><div class=\"obfx-grid-wrapper\"><article class=\"obfx-grid-col\"><div class=\"obfx-grid-col-image\" style=\"\"><a href=\"https:\/\/ctalker.org\/en\/2023\/11\/07\/kurbli-filmklub-wong-kar-wai-szerelemre-hangolva\/\" title=\"Kurbli Filmklub: Wong Kar-wai-Szerelemre hangolva\"><img data-opt-id=964024922  loading=\"lazy\" decoding=\"async\" width=\"800\" height=\"450\" src=\"https:\/\/mladjxeqsxgv.i.optimole.com\/cb:B3zE.b136\/w:auto\/h:auto\/q:mauto\/f:best\/https:\/\/ctalker.org\/wp-content\/uploads\/2023\/11\/399276833_10233125104571133_5522563998168025105_n.jpg\" class=\"img-responsive no-lazy wp-post-image\" alt=\"399276833_10233125104571133_5522563998168025105_n\" srcset=\"https:\/\/mladjxeqsxgv.i.optimole.com\/cb:B3zE.b136\/w:800\/h:450\/q:mauto\/f:best\/https:\/\/ctalker.org\/wp-content\/uploads\/2023\/11\/399276833_10233125104571133_5522563998168025105_n.jpg 800w, https:\/\/mladjxeqsxgv.i.optimole.com\/cb:B3zE.b136\/w:300\/h:169\/q:mauto\/f:best\/https:\/\/ctalker.org\/wp-content\/uploads\/2023\/11\/399276833_10233125104571133_5522563998168025105_n.jpg 300w, https:\/\/mladjxeqsxgv.i.optimole.com\/cb:B3zE.b136\/w:768\/h:432\/q:mauto\/f:best\/https:\/\/ctalker.org\/wp-content\/uploads\/2023\/11\/399276833_10233125104571133_5522563998168025105_n.jpg 768w, https:\/\/mladjxeqsxgv.i.optimole.com\/cb:B3zE.b136\/w:800\/h:450\/q:mauto\/f:best\/dpr:2\/https:\/\/ctalker.org\/wp-content\/uploads\/2023\/11\/399276833_10233125104571133_5522563998168025105_n.jpg 2x\" sizes=\"(max-width: 800px) 100vw, 800px\" \/><\/a><\/div><div class=\"obfx-grid-col-content\">\t\t\t<h2 class=\"entry-title obfx-grid-title\">\n\t\t\t\t\t\t\t<a href=\"https:\/\/ctalker.org\/en\/2023\/11\/07\/kurbli-filmklub-wong-kar-wai-szerelemre-hangolva\/\" title=\"Kurbli Filmklub: Wong Kar-wai-Szerelemre hangolva\">\n\t\t\t\t\tKurbli Filmklub: Wong Kar-wai-Szerelemre hangolva\t\t\t\t<\/a>\n\t\t\t\t\t\t\t<\/h2>\n\t\t\t\t\t\t\t<div class=\"entry-meta obfx-grid-meta\">\n\n\t\t\t\t\t\t\t\t\t\t\t\t\t<span class=\"obfx-grid-author\">\n\t\t\t\t\t\t\t\t\t<i class=\"fas fa-user\"><\/i>Kari\t\t\t\t\t\t\t\t<\/span>\n\t\t\t\t\t\t\t\t\t\t\t\t\t\t\t\t<span class=\"obfx-grid-date\">\n\t\t\t\t\t\t\t\t\t<i class=\"fas fa-calendar\"><\/i>07-11-2023\t\t\t\t\t\t\t\t<\/span>\n\t\t\t\t\t\t\t\t\n\t\t\t\t<\/div>\n\t\t\t\t\t\t\t<div class=\"entry-content obfx-grid-content\">\n\t\t\t\tSzabadka\/2023.11.01. A legt\u00f6k\u00e9letesebb melodr\u00e1m\u00e1k egyike \u00e9s a 2000-es \u00e9vek legfurcs\u00e1bb erotikus filmje. A k\u00e9preg\u00e9nyszer\u0171 mozi, val\u00f3s\u00e1gon t\u00fali ment\u00e1lis realit\u00e1st hoz l\u00e9tre, melyben a t\u00e9r-id\u0151 \u00e9szlel\u00e9se szabad form\u00e1kat \u00f6lt. Egyre csak&hellip;\t\t\t<\/div>\n\t\t\t<\/div><\/article><\/div><div class=\"obfx-grid-wrapper\"><article class=\"obfx-grid-col\"><div class=\"obfx-grid-col-image\" style=\"\"><a href=\"https:\/\/ctalker.org\/en\/2023\/11\/01\/novemberi-kurbli-musor-2\/\" title=\"Novemberi Kurbli m\u0171sor\"><img data-opt-id=1331248035  loading=\"lazy\" decoding=\"async\" width=\"1414\" height=\"2000\" src=\"https:\/\/mladjxeqsxgv.i.optimole.com\/cb:B3zE.b136\/w:auto\/h:auto\/q:mauto\/f:best\/https:\/\/ctalker.org\/wp-content\/uploads\/2023\/11\/397938780_714461257385114_7285789539457924873_n.jpg\" class=\"img-responsive no-lazy wp-post-image\" alt=\"397938780_714461257385114_7285789539457924873_n\" srcset=\"https:\/\/mladjxeqsxgv.i.optimole.com\/cb:B3zE.b136\/w:763\/h:1080\/q:mauto\/f:best\/https:\/\/ctalker.org\/wp-content\/uploads\/2023\/11\/397938780_714461257385114_7285789539457924873_n.jpg 1414w, https:\/\/mladjxeqsxgv.i.optimole.com\/cb:B3zE.b136\/w:212\/h:300\/q:mauto\/f:best\/https:\/\/ctalker.org\/wp-content\/uploads\/2023\/11\/397938780_714461257385114_7285789539457924873_n.jpg 212w, https:\/\/mladjxeqsxgv.i.optimole.com\/cb:B3zE.b136\/w:724\/h:1024\/q:mauto\/f:best\/https:\/\/ctalker.org\/wp-content\/uploads\/2023\/11\/397938780_714461257385114_7285789539457924873_n.jpg 724w, https:\/\/mladjxeqsxgv.i.optimole.com\/cb:B3zE.b136\/w:763\/h:1080\/q:mauto\/f:best\/https:\/\/ctalker.org\/wp-content\/uploads\/2023\/11\/397938780_714461257385114_7285789539457924873_n.jpg 768w, https:\/\/mladjxeqsxgv.i.optimole.com\/cb:B3zE.b136\/w:763\/h:1080\/q:mauto\/f:best\/https:\/\/ctalker.org\/wp-content\/uploads\/2023\/11\/397938780_714461257385114_7285789539457924873_n.jpg 1086w, https:\/\/mladjxeqsxgv.i.optimole.com\/cb:B3zE.b136\/w:763\/h:1080\/q:mauto\/f:best\/dpr:2\/https:\/\/ctalker.org\/wp-content\/uploads\/2023\/11\/397938780_714461257385114_7285789539457924873_n.jpg 2x\" sizes=\"(max-width: 1000px) 100vw, 1000px\" \/><\/a><\/div><div class=\"obfx-grid-col-content\">\t\t\t<h2 class=\"entry-title obfx-grid-title\">\n\t\t\t\t\t\t\t<a href=\"https:\/\/ctalker.org\/en\/2023\/11\/01\/novemberi-kurbli-musor-2\/\" title=\"Novemberi Kurbli m\u0171sor\">\n\t\t\t\t\tNovemberi Kurbli m\u0171sor\t\t\t\t<\/a>\n\t\t\t\t\t\t\t<\/h2>\n\t\t\t\t\t\t\t<div class=\"entry-meta obfx-grid-meta\">\n\n\t\t\t\t\t\t\t\t\t\t\t\t\t<span class=\"obfx-grid-author\">\n\t\t\t\t\t\t\t\t\t<i class=\"fas fa-user\"><\/i>Kari\t\t\t\t\t\t\t\t<\/span>\n\t\t\t\t\t\t\t\t\t\t\t\t\t\t\t\t<span class=\"obfx-grid-date\">\n\t\t\t\t\t\t\t\t\t<i class=\"fas fa-calendar\"><\/i>01-11-2023\t\t\t\t\t\t\t\t<\/span>\n\t\t\t\t\t\t\t\t\n\t\t\t\t<\/div>\n\t\t\t\t\t\t\t<div class=\"entry-content obfx-grid-content\">\n\t\t\t\t&#8230;kedvenc bekuck\u00f3zos id\u0151szakunk&#8230;\t\t\t<\/div>\n\t\t\t<\/div><\/article><\/div><div class=\"obfx-grid-wrapper\"><article class=\"obfx-grid-col\"><div class=\"obfx-grid-col-image\" style=\"\"><a href=\"https:\/\/ctalker.org\/en\/2023\/10\/31\/kurbli-filmklub-csaszi-adam-haromezer-szamozott-darab\/\" title=\"Kurbli Filmklub: Cs\u00e1szi \u00c1d\u00e1m-H\u00e1romezer sz\u00e1mozott darab\"><img data-opt-id=1645318285  loading=\"lazy\" decoding=\"async\" width=\"800\" height=\"550\" src=\"https:\/\/mladjxeqsxgv.i.optimole.com\/cb:B3zE.b136\/w:auto\/h:auto\/q:mauto\/f:best\/https:\/\/ctalker.org\/wp-content\/uploads\/2023\/11\/3000-szamozott-1.jpg\" class=\"img-responsive no-lazy wp-post-image\" alt=\"3000-szamozott (1)\" srcset=\"https:\/\/mladjxeqsxgv.i.optimole.com\/cb:B3zE.b136\/w:800\/h:550\/q:mauto\/f:best\/https:\/\/ctalker.org\/wp-content\/uploads\/2023\/11\/3000-szamozott-1.jpg 800w, https:\/\/mladjxeqsxgv.i.optimole.com\/cb:B3zE.b136\/w:300\/h:206\/q:mauto\/f:best\/https:\/\/ctalker.org\/wp-content\/uploads\/2023\/11\/3000-szamozott-1.jpg 300w, https:\/\/mladjxeqsxgv.i.optimole.com\/cb:B3zE.b136\/w:768\/h:528\/q:mauto\/f:best\/https:\/\/ctalker.org\/wp-content\/uploads\/2023\/11\/3000-szamozott-1.jpg 768w, https:\/\/mladjxeqsxgv.i.optimole.com\/cb:B3zE.b136\/w:800\/h:550\/q:mauto\/f:best\/dpr:2\/https:\/\/ctalker.org\/wp-content\/uploads\/2023\/11\/3000-szamozott-1.jpg 2x\" sizes=\"(max-width: 800px) 100vw, 800px\" \/><\/a><\/div><div class=\"obfx-grid-col-content\">\t\t\t<h2 class=\"entry-title obfx-grid-title\">\n\t\t\t\t\t\t\t<a href=\"https:\/\/ctalker.org\/en\/2023\/10\/31\/kurbli-filmklub-csaszi-adam-haromezer-szamozott-darab\/\" title=\"Kurbli Filmklub: Cs\u00e1szi \u00c1d\u00e1m-H\u00e1romezer sz\u00e1mozott darab\">\n\t\t\t\t\tKurbli Filmklub: Cs\u00e1szi \u00c1d\u00e1m-H\u00e1romezer sz\u00e1mozott darab\t\t\t\t<\/a>\n\t\t\t\t\t\t\t<\/h2>\n\t\t\t\t\t\t\t<div class=\"entry-meta obfx-grid-meta\">\n\n\t\t\t\t\t\t\t\t\t\t\t\t\t<span class=\"obfx-grid-author\">\n\t\t\t\t\t\t\t\t\t<i class=\"fas fa-user\"><\/i>Kari\t\t\t\t\t\t\t\t<\/span>\n\t\t\t\t\t\t\t\t\t\t\t\t\t\t\t\t<span class=\"obfx-grid-date\">\n\t\t\t\t\t\t\t\t\t<i class=\"fas fa-calendar\"><\/i>31-10-2023\t\t\t\t\t\t\t\t<\/span>\n\t\t\t\t\t\t\t\t\n\t\t\t\t<\/div>\n\t\t\t\t\t\t\t<div class=\"entry-content obfx-grid-content\">\n\t\t\t\tSzabadka\/2023.10.31. A filmben egy sz\u00ednh\u00e1zi rendez\u0151 \u00f6t roma fiatal \u00e9let\u00e9r\u0151l k\u00e9sz\u00edt el\u0151ad\u00e1st. A sz\u00edndarab kend\u0151zetlen\u00fcl mes\u00e9li el \u00e9let\u00fck t\u00f6rt\u00e9net\u00e9t, vagyis a nyomorukkal kereskedik. A t\u00e1rsulat sz\u00fcrre\u00e1lis utaz\u00e1sa sor\u00e1n elmos\u00f3dik a&hellip;\t\t\t<\/div>\n\t\t\t<\/div><\/article><\/div><div class=\"obfx-grid-wrapper\"><article class=\"obfx-grid-col\"><div class=\"obfx-grid-col-image\" style=\"\"><a href=\"https:\/\/ctalker.org\/en\/2023\/10\/20\/kim-ki-duk-a-sziget-dr-vincze-terezzel-beszelgetunk\/\" title=\"Kim Ki-duk: A sziget, Dr. Vincze Ter\u00e9zzel besz\u00e9lget\u00fcnk\"><img data-opt-id=809441130  loading=\"lazy\" decoding=\"async\" width=\"704\" height=\"384\" src=\"https:\/\/mladjxeqsxgv.i.optimole.com\/cb:B3zE.b136\/w:auto\/h:auto\/q:mauto\/f:best\/https:\/\/ctalker.org\/wp-content\/uploads\/2023\/12\/8a46aea95668e8dc39923b21e99a77aa.jpg\" class=\"img-responsive no-lazy wp-post-image\" alt=\"8a46aea95668e8dc39923b21e99a77aa\" srcset=\"https:\/\/mladjxeqsxgv.i.optimole.com\/cb:B3zE.b136\/w:704\/h:384\/q:mauto\/f:best\/https:\/\/ctalker.org\/wp-content\/uploads\/2023\/12\/8a46aea95668e8dc39923b21e99a77aa.jpg 704w, https:\/\/mladjxeqsxgv.i.optimole.com\/cb:B3zE.b136\/w:300\/h:164\/q:mauto\/f:best\/https:\/\/ctalker.org\/wp-content\/uploads\/2023\/12\/8a46aea95668e8dc39923b21e99a77aa.jpg 300w, https:\/\/mladjxeqsxgv.i.optimole.com\/cb:B3zE.b136\/w:704\/h:384\/q:mauto\/f:best\/dpr:2\/https:\/\/ctalker.org\/wp-content\/uploads\/2023\/12\/8a46aea95668e8dc39923b21e99a77aa.jpg 2x\" sizes=\"(max-width: 704px) 100vw, 704px\" \/><\/a><\/div><div class=\"obfx-grid-col-content\">\t\t\t<h2 class=\"entry-title obfx-grid-title\">\n\t\t\t\t\t\t\t<a href=\"https:\/\/ctalker.org\/en\/2023\/10\/20\/kim-ki-duk-a-sziget-dr-vincze-terezzel-beszelgetunk\/\" title=\"Kim Ki-duk: A sziget, Dr. Vincze Ter\u00e9zzel besz\u00e9lget\u00fcnk\">\n\t\t\t\t\tKim Ki-duk: A sziget, Dr. Vincze Ter\u00e9zzel besz\u00e9lget\u00fcnk\t\t\t\t<\/a>\n\t\t\t\t\t\t\t<\/h2>\n\t\t\t\t\t\t\t<div class=\"entry-meta obfx-grid-meta\">\n\n\t\t\t\t\t\t\t\t\t\t\t\t\t<span class=\"obfx-grid-author\">\n\t\t\t\t\t\t\t\t\t<i class=\"fas fa-user\"><\/i>kriszti\u0430n\t\t\t\t\t\t\t\t<\/span>\n\t\t\t\t\t\t\t\t\t\t\t\t\t\t\t\t<span class=\"obfx-grid-date\">\n\t\t\t\t\t\t\t\t\t<i class=\"fas fa-calendar\"><\/i>20-10-2023\t\t\t\t\t\t\t\t<\/span>\n\t\t\t\t\t\t\t\t\n\t\t\t\t<\/div>\n\t\t\t\t\t\t\t<div class=\"entry-content obfx-grid-content\">\n\t\t\t\tA Kurbli Filmklub T\u00c1VOLI VIZEK sorozat\u00e1ban 2023. okt\u00f3ber 17-\u00e9n vet\u00edtett\u00fck a m\u00e1ra a botr\u00e1nyai miatt reneg\u00e1tt\u00e1 v\u00e1lt Kim Ki-duk: A sziget c\u00edm\u0171 2000-esd\u00e9l-k\u00f3reai filmdr\u00e1ma-thriller\u00e9t. A filmr\u0151l b\u0151vebben itt olvashattok: https:\/\/ctalker.org\/?p=2965&hellip;\t\t\t<\/div>\n\t\t\t<\/div><\/article><\/div><div class=\"obfx-grid-wrapper\"><article class=\"obfx-grid-col\"><div class=\"obfx-grid-col-image\" style=\"\"><a href=\"https:\/\/ctalker.org\/en\/2023\/10\/17\/kurbli-filmklub-kim-ki-duk-a-sziget\/\" title=\"Kurbli Filmklub: Kim Ki-duk-A sziget\"><img data-opt-id=251210131  loading=\"lazy\" decoding=\"async\" width=\"600\" height=\"404\" src=\"https:\/\/mladjxeqsxgv.i.optimole.com\/cb:B3zE.b136\/w:auto\/h:auto\/q:mauto\/f:best\/https:\/\/ctalker.org\/wp-content\/uploads\/2023\/11\/393605031_10233017386118239_7456932974996017022_n.jpg\" class=\"img-responsive no-lazy wp-post-image\" alt=\"393605031_10233017386118239_7456932974996017022_n\" srcset=\"https:\/\/mladjxeqsxgv.i.optimole.com\/cb:B3zE.b136\/w:600\/h:404\/q:mauto\/f:best\/https:\/\/ctalker.org\/wp-content\/uploads\/2023\/11\/393605031_10233017386118239_7456932974996017022_n.jpg 600w, https:\/\/mladjxeqsxgv.i.optimole.com\/cb:B3zE.b136\/w:300\/h:202\/q:mauto\/f:best\/https:\/\/ctalker.org\/wp-content\/uploads\/2023\/11\/393605031_10233017386118239_7456932974996017022_n.jpg 300w, https:\/\/mladjxeqsxgv.i.optimole.com\/cb:B3zE.b136\/w:600\/h:404\/q:mauto\/f:best\/dpr:2\/https:\/\/ctalker.org\/wp-content\/uploads\/2023\/11\/393605031_10233017386118239_7456932974996017022_n.jpg 2x\" sizes=\"(max-width: 600px) 100vw, 600px\" \/><\/a><\/div><div class=\"obfx-grid-col-content\">\t\t\t<h2 class=\"entry-title obfx-grid-title\">\n\t\t\t\t\t\t\t<a href=\"https:\/\/ctalker.org\/en\/2023\/10\/17\/kurbli-filmklub-kim-ki-duk-a-sziget\/\" title=\"Kurbli Filmklub: Kim Ki-duk-A sziget\">\n\t\t\t\t\tKurbli Filmklub: Kim Ki-duk-A sziget\t\t\t\t<\/a>\n\t\t\t\t\t\t\t<\/h2>\n\t\t\t\t\t\t\t<div class=\"entry-meta obfx-grid-meta\">\n\n\t\t\t\t\t\t\t\t\t\t\t\t\t<span class=\"obfx-grid-author\">\n\t\t\t\t\t\t\t\t\t<i class=\"fas fa-user\"><\/i>Kari\t\t\t\t\t\t\t\t<\/span>\n\t\t\t\t\t\t\t\t\t\t\t\t\t\t\t\t<span class=\"obfx-grid-date\">\n\t\t\t\t\t\t\t\t\t<i class=\"fas fa-calendar\"><\/i>17-10-2023\t\t\t\t\t\t\t\t<\/span>\n\t\t\t\t\t\t\t\t\n\t\t\t\t<\/div>\n\t\t\t\t\t\t\t<div class=\"entry-content obfx-grid-content\">\n\t\t\t\tSzabadka\/2023.10.17. \u2013\u00a0koreai \u00fajabb-hull\u00e1m \u2013 A\u00a0Tavasz, ny\u00e1r, \u0151sz, t\u00e9l\u2026 \u00e9s tavasz\u00a0rendez\u0151j\u00e9nek csod\u00e1latos buddhista tant\u00f6rt\u00e9nete helyett, most egy Ki-dukra sokkal jellemz\u0151bb, megoszt\u00f3 alkot\u00e1st mutatunk be. \u201eKim Ki-duk a 90-es \u00e9vek egyik legh\u00edrhedtebb&hellip;\t\t\t<\/div>\n\t\t\t<\/div><\/article><\/div><div class=\"obfx-grid-wrapper\"><article class=\"obfx-grid-col\"><div class=\"obfx-grid-col-image\" style=\"\"><a href=\"https:\/\/ctalker.org\/en\/2023\/10\/14\/kurbli-filmklub-jafar-panahi-a-kor\/\" title=\"Kurbli Filmklub: Jafar Panahi-A k\u00f6r\"><img data-opt-id=1232404204  loading=\"lazy\" decoding=\"async\" width=\"2048\" height=\"1152\" src=\"https:\/\/mladjxeqsxgv.i.optimole.com\/cb:B3zE.b136\/w:auto\/h:auto\/q:mauto\/f:best\/https:\/\/ctalker.org\/wp-content\/uploads\/2023\/11\/394625101_10233050828034266_5349649282911115340_n.jpg\" class=\"img-responsive no-lazy wp-post-image\" alt=\"394625101_10233050828034266_5349649282911115340_n\" srcset=\"https:\/\/mladjxeqsxgv.i.optimole.com\/cb:B3zE.b136\/w:1920\/h:1080\/q:mauto\/f:best\/https:\/\/ctalker.org\/wp-content\/uploads\/2023\/11\/394625101_10233050828034266_5349649282911115340_n.jpg 2048w, https:\/\/mladjxeqsxgv.i.optimole.com\/cb:B3zE.b136\/w:300\/h:169\/q:mauto\/f:best\/https:\/\/ctalker.org\/wp-content\/uploads\/2023\/11\/394625101_10233050828034266_5349649282911115340_n.jpg 300w, https:\/\/mladjxeqsxgv.i.optimole.com\/cb:B3zE.b136\/w:1024\/h:576\/q:mauto\/f:best\/https:\/\/ctalker.org\/wp-content\/uploads\/2023\/11\/394625101_10233050828034266_5349649282911115340_n.jpg 1024w, https:\/\/mladjxeqsxgv.i.optimole.com\/cb:B3zE.b136\/w:768\/h:432\/q:mauto\/f:best\/https:\/\/ctalker.org\/wp-content\/uploads\/2023\/11\/394625101_10233050828034266_5349649282911115340_n.jpg 768w, https:\/\/mladjxeqsxgv.i.optimole.com\/cb:B3zE.b136\/w:1536\/h:864\/q:mauto\/f:best\/https:\/\/ctalker.org\/wp-content\/uploads\/2023\/11\/394625101_10233050828034266_5349649282911115340_n.jpg 1536w, https:\/\/mladjxeqsxgv.i.optimole.com\/cb:B3zE.b136\/w:1920\/h:1080\/q:mauto\/f:best\/dpr:2\/https:\/\/ctalker.org\/wp-content\/uploads\/2023\/11\/394625101_10233050828034266_5349649282911115340_n.jpg 2x\" sizes=\"(max-width: 1000px) 100vw, 1000px\" \/><\/a><\/div><div class=\"obfx-grid-col-content\">\t\t\t<h2 class=\"entry-title obfx-grid-title\">\n\t\t\t\t\t\t\t<a href=\"https:\/\/ctalker.org\/en\/2023\/10\/14\/kurbli-filmklub-jafar-panahi-a-kor\/\" title=\"Kurbli Filmklub: Jafar Panahi-A k\u00f6r\">\n\t\t\t\t\tKurbli Filmklub: Jafar Panahi-A k\u00f6r\t\t\t\t<\/a>\n\t\t\t\t\t\t\t<\/h2>\n\t\t\t\t\t\t\t<div class=\"entry-meta obfx-grid-meta\">\n\n\t\t\t\t\t\t\t\t\t\t\t\t\t<span class=\"obfx-grid-author\">\n\t\t\t\t\t\t\t\t\t<i class=\"fas fa-user\"><\/i>Kari\t\t\t\t\t\t\t\t<\/span>\n\t\t\t\t\t\t\t\t\t\t\t\t\t\t\t\t<span class=\"obfx-grid-date\">\n\t\t\t\t\t\t\t\t\t<i class=\"fas fa-calendar\"><\/i>14-10-2023\t\t\t\t\t\t\t\t<\/span>\n\t\t\t\t\t\t\t\t\n\t\t\t\t<\/div>\n\t\t\t\t\t\t\t<div class=\"entry-content obfx-grid-content\">\n\t\t\t\tSzabadka\/2013.10.24. \u2013\u00a0Ir\u00e1ni \u00fajabb hull\u00e1m \u00dajabb rendszerkritikus \u00e1zsiai fesztiv\u00e1l-kedvenc filmk\u00e9sz\u00edt\u0151, vesz\u00e9lyesnek b\u00e9lyegezett m\u0171v\u00e9sz (Panahit 2010-ben tart\u00f3ztatj\u00e1k le \u2026), aki haz\u00e1j\u00e1ban nem k\u00e9sz\u00edthet filmet Jafar Panahi az ir\u00e1ni iszl\u00e1m forradalom ut\u00e1ni id\u0151szak&hellip;\t\t\t<\/div>\n\t\t\t<\/div><\/article><\/div><div class=\"obfx-grid-wrapper\"><article class=\"obfx-grid-col\"><div class=\"obfx-grid-col-image\" style=\"\"><a href=\"https:\/\/ctalker.org\/en\/2023\/10\/13\/kurbli-filmklub-vajdasagi-magyar-mozgokep-napja\/\" title=\"Kurbli Filmklub-Vajdas\u00e1gi Magyar Mozg\u00f3k\u00e9p Napja\"><img data-opt-id=172093112  loading=\"lazy\" decoding=\"async\" width=\"640\" height=\"480\" src=\"https:\/\/mladjxeqsxgv.i.optimole.com\/cb:B3zE.b136\/w:auto\/h:auto\/q:mauto\/f:best\/https:\/\/ctalker.org\/wp-content\/uploads\/2023\/11\/387058152_10232978622589175_4867487126313493894_n.jpg\" class=\"img-responsive no-lazy wp-post-image\" alt=\"387058152_10232978622589175_4867487126313493894_n\" srcset=\"https:\/\/mladjxeqsxgv.i.optimole.com\/cb:B3zE.b136\/w:640\/h:480\/q:mauto\/f:best\/https:\/\/ctalker.org\/wp-content\/uploads\/2023\/11\/387058152_10232978622589175_4867487126313493894_n.jpg 640w, https:\/\/mladjxeqsxgv.i.optimole.com\/cb:B3zE.b136\/w:300\/h:225\/q:mauto\/f:best\/https:\/\/ctalker.org\/wp-content\/uploads\/2023\/11\/387058152_10232978622589175_4867487126313493894_n.jpg 300w, https:\/\/mladjxeqsxgv.i.optimole.com\/cb:B3zE.b136\/w:640\/h:480\/q:mauto\/f:best\/dpr:2\/https:\/\/ctalker.org\/wp-content\/uploads\/2023\/11\/387058152_10232978622589175_4867487126313493894_n.jpg 2x\" sizes=\"(max-width: 640px) 100vw, 640px\" \/><\/a><\/div><div class=\"obfx-grid-col-content\">\t\t\t<h2 class=\"entry-title obfx-grid-title\">\n\t\t\t\t\t\t\t<a href=\"https:\/\/ctalker.org\/en\/2023\/10\/13\/kurbli-filmklub-vajdasagi-magyar-mozgokep-napja\/\" title=\"Kurbli Filmklub-Vajdas\u00e1gi Magyar Mozg\u00f3k\u00e9p Napja\">\n\t\t\t\t\tKurbli Filmklub-Vajdas\u00e1gi Magyar Mozg\u00f3k\u00e9p Napja\t\t\t\t<\/a>\n\t\t\t\t\t\t\t<\/h2>\n\t\t\t\t\t\t\t<div class=\"entry-meta obfx-grid-meta\">\n\n\t\t\t\t\t\t\t\t\t\t\t\t\t<span class=\"obfx-grid-author\">\n\t\t\t\t\t\t\t\t\t<i class=\"fas fa-user\"><\/i>Kari\t\t\t\t\t\t\t\t<\/span>\n\t\t\t\t\t\t\t\t\t\t\t\t\t\t\t\t<span class=\"obfx-grid-date\">\n\t\t\t\t\t\t\t\t\t<i class=\"fas fa-calendar\"><\/i>13-10-2023\t\t\t\t\t\t\t\t<\/span>\n\t\t\t\t\t\t\t\t\n\t\t\t\t<\/div>\n\t\t\t\t\t\t\t<div class=\"entry-content obfx-grid-content\">\n\t\t\t\tKMV di\u00e1kfilmek\/Tolnai Szabolcs: Ny\u00e1ri mozi\/Veit Helmer: Tuvalu, az \u00e1lomsziget Szabadka\/2023.10.13. A Vajdas\u00e1g Magyar Mozg\u00f3k\u00e9p napja alkalm\u00e1b\u00f3l, h\u00e1rom blokkban vet\u00edtett filmek mell\u00e9, megh\u00edvott vend\u00e9geink is voltak. T\u00f6bbek k\u00f6z\u00f6tt a vajdas\u00e1gi di\u00e1kfilmek&hellip;\t\t\t<\/div>\n\t\t\t<\/div><\/article><\/div><div class=\"obfx-grid-wrapper\"><article class=\"obfx-grid-col\"><div class=\"obfx-grid-col-image\" style=\"\"><a href=\"https:\/\/ctalker.org\/en\/2023\/10\/04\/kurbli-filmklub-3-szuletesnap-es-vetites-thomas-vinterberg-szuletesnap\/\" title=\"Kurbli Filmklub 3. sz\u00fclet\u00e9snap \u00e9s vet\u00edt\u00e9s: Thomas Vinterberg-Sz\u00fclet\u00e9snap\"><img data-opt-id=862962197  loading=\"lazy\" decoding=\"async\" width=\"940\" height=\"788\" src=\"https:\/\/mladjxeqsxgv.i.optimole.com\/cb:B3zE.b136\/w:auto\/h:auto\/q:mauto\/f:best\/https:\/\/ctalker.org\/wp-content\/uploads\/2023\/10\/Boldog-Szulinapot.png\" class=\"img-responsive no-lazy wp-post-image\" alt=\"Boldog Sz\u00fclinapot\" srcset=\"https:\/\/mladjxeqsxgv.i.optimole.com\/cb:B3zE.b136\/w:940\/h:788\/q:mauto\/f:best\/https:\/\/ctalker.org\/wp-content\/uploads\/2023\/10\/Boldog-Szulinapot.png 940w, https:\/\/mladjxeqsxgv.i.optimole.com\/cb:B3zE.b136\/w:300\/h:251\/q:mauto\/f:best\/https:\/\/ctalker.org\/wp-content\/uploads\/2023\/10\/Boldog-Szulinapot.png 300w, https:\/\/mladjxeqsxgv.i.optimole.com\/cb:B3zE.b136\/w:768\/h:644\/q:mauto\/f:best\/https:\/\/ctalker.org\/wp-content\/uploads\/2023\/10\/Boldog-Szulinapot.png 768w, https:\/\/mladjxeqsxgv.i.optimole.com\/cb:B3zE.b136\/w:940\/h:788\/q:mauto\/f:best\/dpr:2\/https:\/\/ctalker.org\/wp-content\/uploads\/2023\/10\/Boldog-Szulinapot.png 2x\" sizes=\"(max-width: 940px) 100vw, 940px\" \/><\/a><\/div><div class=\"obfx-grid-col-content\">\t\t\t<h2 class=\"entry-title obfx-grid-title\">\n\t\t\t\t\t\t\t<a href=\"https:\/\/ctalker.org\/en\/2023\/10\/04\/kurbli-filmklub-3-szuletesnap-es-vetites-thomas-vinterberg-szuletesnap\/\" title=\"Kurbli Filmklub 3. sz\u00fclet\u00e9snap \u00e9s vet\u00edt\u00e9s: Thomas Vinterberg-Sz\u00fclet\u00e9snap\">\n\t\t\t\t\tKurbli Filmklub 3. sz\u00fclet\u00e9snap \u00e9s vet\u00edt\u00e9s: Thomas Vinterberg-Sz\u00fclet\u00e9snap\t\t\t\t<\/a>\n\t\t\t\t\t\t\t<\/h2>\n\t\t\t\t\t\t\t<div class=\"entry-meta obfx-grid-meta\">\n\n\t\t\t\t\t\t\t\t\t\t\t\t\t<span class=\"obfx-grid-author\">\n\t\t\t\t\t\t\t\t\t<i class=\"fas fa-user\"><\/i>Kari\t\t\t\t\t\t\t\t<\/span>\n\t\t\t\t\t\t\t\t\t\t\t\t\t\t\t\t<span class=\"obfx-grid-date\">\n\t\t\t\t\t\t\t\t\t<i class=\"fas fa-calendar\"><\/i>04-10-2023\t\t\t\t\t\t\t\t<\/span>\n\t\t\t\t\t\t\t\t\n\t\t\t\t<\/div>\n\t\t\t\t\t\t\t<div class=\"entry-content obfx-grid-content\">\n\t\t\t\tSzabadka\/2023.10.03. &#8211;Kezdj\u00fck el, azt\u00e1n megl\u00e1tjuk, hogy mi lesz!-Besz\u00e9lt\u00fck meg 2020 ny\u00e1r v\u00e9g\u00e9n, azt\u00e1n h\u00e1rmat pislogtunk, \u00e9s eltelt h\u00e1rom \u00e9v, de am\u00edg van &#8220;n\u00e9z\u0151sereg&#8221;, addig mi is kitartunk :)&#8230; Az \u00fcnnepi&hellip;\t\t\t<\/div>\n\t\t\t<\/div><\/article><\/div><div class=\"obfx-grid-wrapper\"><article class=\"obfx-grid-col\"><div class=\"obfx-grid-col-image\" style=\"\"><a href=\"https:\/\/ctalker.org\/en\/2023\/10\/02\/kurbli-filmklub-pannon-presszo\/\" title=\"Kurbli Filmklub: Pannon Pressz\u00f3\"><img data-opt-id=1869697516  loading=\"lazy\" decoding=\"async\" width=\"2048\" height=\"1538\" src=\"https:\/\/mladjxeqsxgv.i.optimole.com\/cb:B3zE.b136\/w:auto\/h:auto\/q:mauto\/f:best\/https:\/\/ctalker.org\/wp-content\/uploads\/2023\/10\/385303708_922627979249509_2998530580177792413_n.jpg\" class=\"img-responsive no-lazy wp-post-image\" alt=\"385303708_922627979249509_2998530580177792413_n\" srcset=\"https:\/\/mladjxeqsxgv.i.optimole.com\/cb:B3zE.b136\/w:1438\/h:1080\/q:mauto\/f:best\/https:\/\/ctalker.org\/wp-content\/uploads\/2023\/10\/385303708_922627979249509_2998530580177792413_n.jpg 2048w, https:\/\/mladjxeqsxgv.i.optimole.com\/cb:B3zE.b136\/w:300\/h:225\/q:mauto\/f:best\/https:\/\/ctalker.org\/wp-content\/uploads\/2023\/10\/385303708_922627979249509_2998530580177792413_n.jpg 300w, https:\/\/mladjxeqsxgv.i.optimole.com\/cb:B3zE.b136\/w:1024\/h:769\/q:mauto\/f:best\/https:\/\/ctalker.org\/wp-content\/uploads\/2023\/10\/385303708_922627979249509_2998530580177792413_n.jpg 1024w, https:\/\/mladjxeqsxgv.i.optimole.com\/cb:B3zE.b136\/w:768\/h:577\/q:mauto\/f:best\/https:\/\/ctalker.org\/wp-content\/uploads\/2023\/10\/385303708_922627979249509_2998530580177792413_n.jpg 768w, https:\/\/mladjxeqsxgv.i.optimole.com\/cb:B3zE.b136\/w:1437\/h:1080\/q:mauto\/f:best\/https:\/\/ctalker.org\/wp-content\/uploads\/2023\/10\/385303708_922627979249509_2998530580177792413_n.jpg 1536w, https:\/\/mladjxeqsxgv.i.optimole.com\/cb:B3zE.b136\/w:1438\/h:1080\/q:mauto\/f:best\/dpr:2\/https:\/\/ctalker.org\/wp-content\/uploads\/2023\/10\/385303708_922627979249509_2998530580177792413_n.jpg 2x\" sizes=\"(max-width: 1000px) 100vw, 1000px\" \/><\/a><\/div><div class=\"obfx-grid-col-content\">\t\t\t<h2 class=\"entry-title obfx-grid-title\">\n\t\t\t\t\t\t\t<a href=\"https:\/\/ctalker.org\/en\/2023\/10\/02\/kurbli-filmklub-pannon-presszo\/\" title=\"Kurbli Filmklub: Pannon Pressz\u00f3\">\n\t\t\t\t\tKurbli Filmklub: Pannon Pressz\u00f3\t\t\t\t<\/a>\n\t\t\t\t\t\t\t<\/h2>\n\t\t\t\t\t\t\t<div class=\"entry-meta obfx-grid-meta\">\n\n\t\t\t\t\t\t\t\t\t\t\t\t\t<span class=\"obfx-grid-author\">\n\t\t\t\t\t\t\t\t\t<i class=\"fas fa-user\"><\/i>Kari\t\t\t\t\t\t\t\t<\/span>\n\t\t\t\t\t\t\t\t\t\t\t\t\t\t\t\t<span class=\"obfx-grid-date\">\n\t\t\t\t\t\t\t\t\t<i class=\"fas fa-calendar\"><\/i>02-10-2023\t\t\t\t\t\t\t\t<\/span>\n\t\t\t\t\t\t\t\t\n\t\t\t\t<\/div>\n\t\t\t\t\t\t\t<div class=\"entry-content obfx-grid-content\">\n\t\t\t\tA Pannon RTV r\u00e1di\u00f3m\u0171sor\u00e1ban, S\u00e1nta Zolt\u00e1nnal besz\u00e9lgett\u00fcnk sz\u00fclet\u00e9snapr\u00f3l, tervekr\u0151l, mindenr\u0151l ami Kurbli! Itt tudj\u00e1tok visszahallgatni: Pannon Pressz\u00f3 okt.2.\t\t\t<\/div>\n\t\t\t<\/div><\/article><\/div>\t\t\t\t<div class=\"obfx-grid-pagination\">\n\t\t\t\t\t\t\t\t\t\t<nav class=\"pagination\">\n\t\t\t\t\t\t<span aria-current=\"page\" class=\"page-numbers current\">1<\/span>\n<a class=\"page-numbers\" href=\"https:\/\/ctalker.org\/en\/wp-json\/wp\/v2\/pages\/1517\/page\/2\/\">2<\/a>\n<a class=\"page-numbers\" href=\"https:\/\/ctalker.org\/en\/wp-json\/wp\/v2\/pages\/1517\/page\/3\/\">3<\/a>\n<a class=\"next page-numbers\" href=\"https:\/\/ctalker.org\/en\/wp-json\/wp\/v2\/pages\/1517\/page\/2\/\">Next<\/a>\t\t\t\t\t<\/nav>\n\t\t\t\t<\/div>\n\t\t\t\t<\/div><!-- .obfx-grid-container --><\/div><!-- .obfx-grid -->\t\t\t\t<\/div>\n\t\t\t\t<\/div>\n\t\t\t\t\t<\/div>\n\t\t<\/div>\n\t\t\t\t\t<\/div>\n\t\t<\/section>\n\t\t\t\t<section class=\"elementor-section elementor-top-section elementor-element elementor-element-066b579 elementor-section-boxed elementor-section-height-default elementor-section-height-default\" data-id=\"066b579\" data-element_type=\"section\" data-e-type=\"section\">\n\t\t\t\t\t\t<div class=\"elementor-container elementor-column-gap-default\">\n\t\t\t\t\t<div class=\"elementor-column elementor-col-100 elementor-top-column elementor-element elementor-element-a775c43\" data-id=\"a775c43\" data-element_type=\"column\" data-e-type=\"column\">\n\t\t\t<div class=\"elementor-widget-wrap elementor-element-populated\">\n\t\t\t\t\t\t<div class=\"elementor-element elementor-element-cdb11eb elementor-widget elementor-widget-spacer\" data-id=\"cdb11eb\" data-element_type=\"widget\" data-e-type=\"widget\" data-widget_type=\"spacer.default\">\n\t\t\t\t\t\t\t<div class=\"elementor-spacer\">\n\t\t\t<div class=\"elementor-spacer-inner\"><\/div>\n\t\t<\/div>\n\t\t\t\t\t\t<\/div>\n\t\t\t\t\t<\/div>\n\t\t<\/div>\n\t\t\t\t\t<\/div>\n\t\t<\/section>\n\t\t\t\t<section class=\"elementor-section elementor-top-section elementor-element elementor-element-44aa08b elementor-section-boxed elementor-section-height-default elementor-section-height-default\" data-id=\"44aa08b\" data-element_type=\"section\" data-e-type=\"section\">\n\t\t\t\t\t\t<div class=\"elementor-container elementor-column-gap-default\">\n\t\t\t\t\t<div class=\"elementor-column elementor-col-100 elementor-top-column elementor-element elementor-element-d4b794a\" data-id=\"d4b794a\" data-element_type=\"column\" data-e-type=\"column\">\n\t\t\t<div class=\"elementor-widget-wrap elementor-element-populated\">\n\t\t\t\t\t\t<div class=\"elementor-element elementor-element-6422097 elementor-shape-rounded elementor-grid-0 e-grid-align-center elementor-widget elementor-widget-social-icons\" data-id=\"6422097\" data-element_type=\"widget\" data-e-type=\"widget\" data-widget_type=\"social-icons.default\">\n\t\t\t\t\t\t\t<div class=\"elementor-social-icons-wrapper elementor-grid\" role=\"list\">\n\t\t\t\t\t\t\t<span class=\"elementor-grid-item\" role=\"listitem\">\n\t\t\t\t\t<a class=\"elementor-icon elementor-social-icon elementor-social-icon-facebook elementor-animation-pulse elementor-repeater-item-3c7b94c\" href=\"https:\/\/www.facebook.com\/ctalkercsoport\" target=\"_blank\">\n\t\t\t\t\t\t<span class=\"elementor-screen-only\">Facebook<\/span>\n\t\t\t\t\t\t<svg aria-hidden=\"true\" class=\"e-font-icon-svg e-fab-facebook\" viewBox=\"0 0 512 512\" xmlns=\"http:\/\/www.w3.org\/2000\/svg\"><path d=\"M504 256C504 119 393 8 256 8S8 119 8 256c0 123.78 90.69 226.38 209.25 245V327.69h-63V256h63v-54.64c0-62.15 37-96.48 93.67-96.48 27.14 0 55.52 4.84 55.52 4.84v61h-31.28c-30.8 0-40.41 19.12-40.41 38.73V256h68.78l-11 71.69h-57.78V501C413.31 482.38 504 379.78 504 256z\"><\/path><\/svg>\t\t\t\t\t<\/a>\n\t\t\t\t<\/span>\n\t\t\t\t\t\t\t<span class=\"elementor-grid-item\" role=\"listitem\">\n\t\t\t\t\t<a class=\"elementor-icon elementor-social-icon elementor-social-icon-youtube elementor-animation-pulse elementor-repeater-item-83137ce\" target=\"_blank\">\n\t\t\t\t\t\t<span class=\"elementor-screen-only\">Youtube<\/span>\n\t\t\t\t\t\t<svg aria-hidden=\"true\" class=\"e-font-icon-svg e-fab-youtube\" viewBox=\"0 0 576 512\" xmlns=\"http:\/\/www.w3.org\/2000\/svg\"><path d=\"M549.655 124.083c-6.281-23.65-24.787-42.276-48.284-48.597C458.781 64 288 64 288 64S117.22 64 74.629 75.486c-23.497 6.322-42.003 24.947-48.284 48.597-11.412 42.867-11.412 132.305-11.412 132.305s0 89.438 11.412 132.305c6.281 23.65 24.787 41.5 48.284 47.821C117.22 448 288 448 288 448s170.78 0 213.371-11.486c23.497-6.321 42.003-24.171 48.284-47.821 11.412-42.867 11.412-132.305 11.412-132.305s0-89.438-11.412-132.305zm-317.51 213.508V175.185l142.739 81.205-142.739 81.201z\"><\/path><\/svg>\t\t\t\t\t<\/a>\n\t\t\t\t<\/span>\n\t\t\t\t\t\t\t<span class=\"elementor-grid-item\" role=\"listitem\">\n\t\t\t\t\t<a class=\"elementor-icon elementor-social-icon elementor-social-icon-envelope elementor-animation-pulse elementor-repeater-item-ea61459\" href=\"mailto:ctalkercsoport@gmail.com\" target=\"_blank\">\n\t\t\t\t\t\t<span class=\"elementor-screen-only\">Envelope<\/span>\n\t\t\t\t\t\t<svg aria-hidden=\"true\" class=\"e-font-icon-svg e-fas-envelope\" viewBox=\"0 0 512 512\" xmlns=\"http:\/\/www.w3.org\/2000\/svg\"><path d=\"M502.3 190.8c3.9-3.1 9.7-.2 9.7 4.7V400c0 26.5-21.5 48-48 48H48c-26.5 0-48-21.5-48-48V195.6c0-5 5.7-7.8 9.7-4.7 22.4 17.4 52.1 39.5 154.1 113.6 21.1 15.4 56.7 47.8 92.2 47.6 35.7.3 72-32.8 92.3-47.6 102-74.1 131.6-96.3 154-113.7zM256 320c23.2.4 56.6-29.2 73.4-41.4 132.7-96.3 142.8-104.7 173.4-128.7 5.8-4.5 9.2-11.5 9.2-18.9v-19c0-26.5-21.5-48-48-48H48C21.5 64 0 85.5 0 112v19c0 7.4 3.4 14.3 9.2 18.9 30.6 23.9 40.7 32.4 173.4 128.7 16.8 12.2 50.2 41.8 73.4 41.4z\"><\/path><\/svg>\t\t\t\t\t<\/a>\n\t\t\t\t<\/span>\n\t\t\t\t\t<\/div>\n\t\t\t\t\t\t<\/div>\n\t\t\t\t\t<\/div>\n\t\t<\/div>\n\t\t\t\t\t<\/div>\n\t\t<\/section>\n\t\t\t\t<\/div>\n\t\t","protected":false},"excerpt":{"rendered":"<p>Kurbli Filmklub: Yasujir\u014d Ozu-Toki\u00f3i t\u00f6rt\u00e9net krs 2021-10-20 Ozu, az egyetemes filmm\u0171v\u00e9szet ar\u00e1nylag k\u00e9s\u0151n felfedezett, m\u00e1ra nagy kritikai elismerts\u00e9gnek \u00f6rvend\u0151 klasszikusa. A II. vil\u00e1gh\u00e1bor\u00fa ut\u00e1ni Jap\u00e1n hum\u00e1num p\u00e1ratlan kr\u00f3nik\u00e1sa. A jap\u00e1n filoz\u00f3fia \u00e9s m\u0171v\u00e9szet hagyom\u00e1nyait&#46;&#46;&#46;<\/p>\n","protected":false},"author":1,"featured_media":0,"parent":0,"menu_order":0,"comment_status":"closed","ping_status":"closed","template":"","meta":{"rop_custom_images_group":[],"rop_custom_messages_group":[],"rop_publish_now":"initial","rop_publish_now_accounts":[],"rop_publish_now_history":[],"rop_publish_now_status":"pending","_themeisle_gutenberg_block_has_review":false,"footnotes":""},"class_list":["post-1517","page","type-page","status-publish","hentry"],"featured_image_src":null,"featured_image_src_square":null,"_links":{"self":[{"href":"https:\/\/ctalker.org\/en\/wp-json\/wp\/v2\/pages\/1517","targetHints":{"allow":["GET"]}}],"collection":[{"href":"https:\/\/ctalker.org\/en\/wp-json\/wp\/v2\/pages"}],"about":[{"href":"https:\/\/ctalker.org\/en\/wp-json\/wp\/v2\/types\/page"}],"author":[{"embeddable":true,"href":"https:\/\/ctalker.org\/en\/wp-json\/wp\/v2\/users\/1"}],"replies":[{"embeddable":true,"href":"https:\/\/ctalker.org\/en\/wp-json\/wp\/v2\/comments?post=1517"}],"version-history":[{"count":20,"href":"https:\/\/ctalker.org\/en\/wp-json\/wp\/v2\/pages\/1517\/revisions"}],"predecessor-version":[{"id":1615,"href":"https:\/\/ctalker.org\/en\/wp-json\/wp\/v2\/pages\/1517\/revisions\/1615"}],"wp:attachment":[{"href":"https:\/\/ctalker.org\/en\/wp-json\/wp\/v2\/media?parent=1517"}],"curies":[{"name":"wp","href":"https:\/\/api.w.org\/{rel}","templated":true}]}}